{"id":19575,"date":"2024-06-06T15:23:38","date_gmt":"2024-06-06T18:23:38","guid":{"rendered":"https:\/\/www.mpc.pr.gov.br\/?page_id=19575"},"modified":"2026-04-07T14:37:39","modified_gmt":"2026-04-07T17:37:39","slug":"recomendacoes-administrativa","status":"publish","type":"page","link":"https:\/\/www.mpc.pr.gov.br\/index.php\/recomendacoes-administrativa\/","title":{"rendered":"Recomenda\u00e7\u00f5es Administrativas"},"content":{"rendered":"\t\t<div data-elementor-type=\"wp-page\" data-elementor-id=\"19575\" class=\"elementor elementor-19575\">\n\t\t\t\t\t\t<section class=\"elementor-section elementor-top-section elementor-element elementor-element-2fd91bb9 elementor-section-height-min-height elementor-section-boxed elementor-section-height-default elementor-section-items-middle\" data-id=\"2fd91bb9\" data-element_type=\"section\" data-e-type=\"section\" data-settings=\"{&quot;shape_divider_top&quot;:&quot;opacity-tilt&quot;}\">\n\t\t\t\t\t<div class=\"elementor-shape elementor-shape-top\" aria-hidden=\"true\" data-negative=\"false\">\n\t\t\t<svg xmlns=\"http:\/\/www.w3.org\/2000\/svg\" viewBox=\"0 0 2600 131.1\" preserveAspectRatio=\"none\">\n\t<path class=\"elementor-shape-fill\" d=\"M0 0L2600 0 2600 69.1 0 0z\"\/>\n\t<path class=\"elementor-shape-fill\" style=\"opacity:0.5\" d=\"M0 0L2600 0 2600 69.1 0 69.1z\"\/>\n\t<path class=\"elementor-shape-fill\" style=\"opacity:0.25\" d=\"M2600 0L0 0 0 130.1 2600 69.1z\"\/>\n<\/svg>\t\t<\/div>\n\t\t\t\t\t<div class=\"elementor-container elementor-column-gap-default\">\n\t\t\t\t\t\t<\/div>\n\t\t<\/section>\n\t\t\t\t<section class=\"elementor-section elementor-inner-section elementor-element elementor-element-20aa8ccc elementor-section-boxed elementor-section-height-default elementor-section-height-default\" data-id=\"20aa8ccc\" data-element_type=\"section\" data-e-type=\"section\">\n\t\t\t\t\t\t<div class=\"elementor-container elementor-column-gap-wide\">\n\t\t\t\t\t<div class=\"elementor-column elementor-col-50 elementor-inner-column elementor-element elementor-element-27e41879\" data-id=\"27e41879\" data-element_type=\"column\" data-e-type=\"column\" data-settings=\"{&quot;background_background&quot;:&quot;classic&quot;}\">\n\t\t\t<div class=\"elementor-widget-wrap elementor-element-populated\">\n\t\t\t\t\t\t<div class=\"elementor-element elementor-element-72efc025 elementor-widget elementor-widget-heading\" data-id=\"72efc025\" data-element_type=\"widget\" data-e-type=\"widget\" data-widget_type=\"heading.default\">\n\t\t\t\t<div class=\"elementor-widget-container\">\n\t\t\t\t\t<h2 class=\"elementor-heading-title elementor-size-default\">Atua\u00e7\u00e3o Ministerial<\/h2>\t\t\t\t<\/div>\n\t\t\t\t<\/div>\n\t\t\t\t<div class=\"elementor-element elementor-element-265eb0f4 elementor-align-justify elementor-widget elementor-widget-button\" data-id=\"265eb0f4\" data-element_type=\"widget\" data-e-type=\"widget\" data-widget_type=\"button.default\">\n\t\t\t\t<div class=\"elementor-widget-container\">\n\t\t\t\t\t\t\t\t\t<div class=\"elementor-button-wrapper\">\n\t\t\t\t\t<a class=\"elementor-button elementor-button-link elementor-size-sm\" href=\"http:\/\/www.mpc.pr.gov.br\/index.php\/representacoes\/\">\n\t\t\t\t\t\t<span class=\"elementor-button-content-wrapper\">\n\t\t\t\t\t\t\t\t\t<span class=\"elementor-button-text\">Representa\u00e7\u00f5es<\/span>\n\t\t\t\t\t<\/span>\n\t\t\t\t\t<\/a>\n\t\t\t\t<\/div>\n\t\t\t\t\t\t\t\t<\/div>\n\t\t\t\t<\/div>\n\t\t\t\t<div class=\"elementor-element elementor-element-4fee8445 elementor-align-justify elementor-widget elementor-widget-button\" data-id=\"4fee8445\" data-element_type=\"widget\" data-e-type=\"widget\" data-widget_type=\"button.default\">\n\t\t\t\t<div class=\"elementor-widget-container\">\n\t\t\t\t\t\t\t\t\t<div class=\"elementor-button-wrapper\">\n\t\t\t\t\t<a class=\"elementor-button elementor-button-link elementor-size-sm\" href=\"https:\/\/www.mpc.pr.gov.br\/index.php\/recomendacoes-administrativa\/\">\n\t\t\t\t\t\t<span class=\"elementor-button-content-wrapper\">\n\t\t\t\t\t\t\t\t\t<span class=\"elementor-button-text\">Recomenda\u00e7\u00f5es Administrativas<\/span>\n\t\t\t\t\t<\/span>\n\t\t\t\t\t<\/a>\n\t\t\t\t<\/div>\n\t\t\t\t\t\t\t\t<\/div>\n\t\t\t\t<\/div>\n\t\t\t\t<div class=\"elementor-element elementor-element-6fff20b0 elementor-align-justify elementor-widget elementor-widget-button\" data-id=\"6fff20b0\" data-element_type=\"widget\" data-e-type=\"widget\" data-widget_type=\"button.default\">\n\t\t\t\t<div class=\"elementor-widget-container\">\n\t\t\t\t\t\t\t\t\t<div class=\"elementor-button-wrapper\">\n\t\t\t\t\t<a class=\"elementor-button elementor-button-link elementor-size-sm\" href=\"http:\/\/www.mpc.pr.gov.br\/index.php\/pareceres-em-processos-vinculantes\/\">\n\t\t\t\t\t\t<span class=\"elementor-button-content-wrapper\">\n\t\t\t\t\t\t\t\t\t<span class=\"elementor-button-text\">Pareceres em Processos Vinculantes<\/span>\n\t\t\t\t\t<\/span>\n\t\t\t\t\t<\/a>\n\t\t\t\t<\/div>\n\t\t\t\t\t\t\t\t<\/div>\n\t\t\t\t<\/div>\n\t\t\t\t<div class=\"elementor-element elementor-element-4c5fe44b elementor-align-justify elementor-widget elementor-widget-button\" data-id=\"4c5fe44b\" data-element_type=\"widget\" data-e-type=\"widget\" data-widget_type=\"button.default\">\n\t\t\t\t<div class=\"elementor-widget-container\">\n\t\t\t\t\t\t\t\t\t<div class=\"elementor-button-wrapper\">\n\t\t\t\t\t<a class=\"elementor-button elementor-button-link elementor-size-sm\" href=\"http:\/\/www.mpc.pr.gov.br\/index.php\/pareceres-selecionados\/\">\n\t\t\t\t\t\t<span class=\"elementor-button-content-wrapper\">\n\t\t\t\t\t\t\t\t\t<span class=\"elementor-button-text\">Pareceres Selecionados<\/span>\n\t\t\t\t\t<\/span>\n\t\t\t\t\t<\/a>\n\t\t\t\t<\/div>\n\t\t\t\t\t\t\t\t<\/div>\n\t\t\t\t<\/div>\n\t\t\t\t<div class=\"elementor-element elementor-element-6fbd65f elementor-align-justify elementor-widget elementor-widget-button\" data-id=\"6fbd65f\" data-element_type=\"widget\" data-e-type=\"widget\" data-widget_type=\"button.default\">\n\t\t\t\t<div class=\"elementor-widget-container\">\n\t\t\t\t\t\t\t\t\t<div class=\"elementor-button-wrapper\">\n\t\t\t\t\t<a class=\"elementor-button elementor-button-link elementor-size-sm\" href=\"http:\/\/www.mpc.pr.gov.br\/index.php\/procedimento-de-apuracao-preliminar-arquivamentos\/\">\n\t\t\t\t\t\t<span class=\"elementor-button-content-wrapper\">\n\t\t\t\t\t\t\t\t\t<span class=\"elementor-button-text\">Procedimento de Apura\u00e7\u00e3o Preliminar - Arquivamentos\u200b<\/span>\n\t\t\t\t\t<\/span>\n\t\t\t\t\t<\/a>\n\t\t\t\t<\/div>\n\t\t\t\t\t\t\t\t<\/div>\n\t\t\t\t<\/div>\n\t\t\t\t\t<\/div>\n\t\t<\/div>\n\t\t\t\t<div class=\"elementor-column elementor-col-50 elementor-inner-column elementor-element elementor-element-58eaa601\" data-id=\"58eaa601\" data-element_type=\"column\" data-e-type=\"column\">\n\t\t\t<div class=\"elementor-widget-wrap elementor-element-populated\">\n\t\t\t\t\t\t<div class=\"elementor-element elementor-element-7203b543 elementor-widget elementor-widget-heading\" data-id=\"7203b543\" data-element_type=\"widget\" data-e-type=\"widget\" data-widget_type=\"heading.default\">\n\t\t\t\t<div class=\"elementor-widget-container\">\n\t\t\t\t\t<h2 class=\"elementor-heading-title elementor-size-default\">Recomenda\u00e7\u00f5es Administrativas<\/h2>\t\t\t\t<\/div>\n\t\t\t\t<\/div>\n\t\t\t\t<div class=\"elementor-element elementor-element-3a190a3b elementor-widget elementor-widget-text-editor\" data-id=\"3a190a3b\" data-element_type=\"widget\" data-e-type=\"widget\" data-widget_type=\"text-editor.default\">\n\t\t\t\t<div class=\"elementor-widget-container\">\n\t\t\t\t\t\t\t\t\t<p>A Recomenda\u00e7\u00e3o Administrativa do Minist\u00e9rio P\u00fablico de Contas \u00e9 um instrumento de atua\u00e7\u00e3o dirigida aos jurisdicionados, por meio da qual busca-se orientar os destinat\u00e1rios a tomar provid\u00eancias para melhorar os servi\u00e7os p\u00fablicos e\/ou prevenir ilegalidades \u00e0 ordem jur\u00eddica.<\/p>\t\t\t\t\t\t\t\t<\/div>\n\t\t\t\t<\/div>\n\t\t\t\t<div class=\"elementor-element elementor-element-729dfc3 elementor-widget elementor-widget-heading\" data-id=\"729dfc3\" data-element_type=\"widget\" data-e-type=\"widget\" data-widget_type=\"heading.default\">\n\t\t\t\t<div class=\"elementor-widget-container\">\n\t\t\t\t\t<h2 class=\"elementor-heading-title elementor-size-default\"><h2 data-elementor-setting-key=\"title\" data-pen-placeholder=\"Digite aqui...\"><font color=\"#820007\">Recomenda\u00e7\u00f5es Administrativas do ano de 2026<\/font><span style=\"font-family: Roboto, sans-serif;font-size: 20px;font-weight: 600\"><\/span><\/h2><\/h2>\t\t\t\t<\/div>\n\t\t\t\t<\/div>\n\t\t\t\t<div class=\"elementor-element elementor-element-e924425 elementor-widget elementor-widget-eael-advanced-data-table\" data-id=\"e924425\" data-element_type=\"widget\" data-e-type=\"widget\" data-widget_type=\"eael-advanced-data-table.default\">\n\t\t\t\t<div class=\"elementor-widget-container\">\n\t\t\t\t\t<div class=\"ea-advanced-data-table-wrap\" data-id=\"e924425\"><div class=\"ea-advanced-data-table-search-wrap ea-advanced-data-table-search-right\"><input type=\"search\" placeholder=\"Pesquisar\" class=\"ea-advanced-data-table-search\"><\/div><div class=\"ea-advanced-data-table-wrap-inner\">\n                <table class=\"ea-advanced-data-table ea-advanced-data-table-static ea-advanced-data-table-e924425 ea-advanced-data-table-sortable ea-advanced-data-table-paginated ea-advanced-data-table-searchable\" data-id=\"e924425\" data-items-per-page=\"10\"><thead><tr><th style=\"width: 81px\"><p>N\u00famero  <\/p><\/th><th style=\"width: 135px\"><p>GABINETE<\/p><\/th><th style=\"width: 113px\"><p>DATA DE PUBLICA\u00c7\u00c3O<\/p><\/th><th style=\"width: 719px\"><p>ASSUNTO<\/p><\/th><th><p>VISUALIZAR<\/p><\/th><\/tr><\/thead><tbody><tr><td><p>2.2026<\/p><\/td><td><p>1\u00aa Procuradoria de Contas<\/p><\/td><td><p>26.3.2026<\/p><\/td><td><p>Recomenda-se ao Munic\u00edpio de Mau\u00e1 da Serra\/PR, a contar da ci\u00eancia dos termos desta Recomenda\u00e7\u00e3o Administrativa, que adote as provid\u00eancias expostas na recomenda\u00e7\u00e3o, com vistas ao ajuste e ao aperfei\u00e7oamento da conduta administrativa.<\/p><\/td><td><p><a href=\"https:\/\/www.mpc.pr.gov.br\/wp-content\/uploads\/2026\/03\/RA-02-26-01PC-1.pdf\" target=\"_blank\">Visualizar<\/a><\/p><\/td><\/tr><tr><td><p>1.2026<\/p><\/td><td><p>1\u00aa Procuradoria de Contas<\/p><\/td><td><p>12.3.2026<\/p><\/td><td><p>Recomenda-se \u00e0 Funda\u00e7\u00e3o Estatal de Aten\u00e7\u00e3o \u00e0 Sa\u00fade, a contar da notifica\u00e7\u00e3o dos termos deste documento, que adote as medidas expostas na recomenda\u00e7\u00e3o, de modo ajustar a conduta administrativa.<\/p><\/td><td><p><a href=\"https:\/\/www.mpc.pr.gov.br\/wp-content\/uploads\/2026\/03\/RA-01-26-01PC-PAP-31-2025.pdf\" target=\"_blank\">Visualizar<\/a><\/p><\/td><\/tr><tr><td><p>2.2026<\/p><\/td><td><p>Procuradoria-Geral<\/p><\/td><td><p>5.3.2026<\/p><\/td><td><p>Recomenda-se aos Prefeitos Municipais e aos demais gestores respons\u00e1veis pela \u00e1rea de prote\u00e7\u00e3o e defesa civil dos Munic\u00edpios do Estado do Paran\u00e1 que aprimorarem o registro de ocorr\u00eancias de desastres nos sistemas oficiais do Estado e da Uni\u00e3o, dentre eles o Sistema Informatizado da Defesa Civil do Paran\u00e1 (SISDC) e o Sistema Integrado de Informa\u00e7\u00f5es sobre Desastres (S2iD), bem como observem os demais itens propostos na recomenda\u00e7\u00e3o.<\/p><\/td><td><p><a href=\"https:\/\/www.mpc.pr.gov.br\/wp-content\/uploads\/2026\/03\/RECOMENDACAO-ADMINISTRATIVA-2-2026.pdf\" target=\"_blank\">Visualizar<\/a><\/p><\/td><\/tr><tr><td><p>1.2026<\/p><\/td><td><p>Procuradoria-Geral de Contas<\/p><\/td><td><p>29.1.2026<\/p><\/td><td><p>Recomenda ao Munic\u00edpio de Ivat\u00e9 que: I \u2013 Institua formalmente o Conselho de Pol\u00edtica de Administra\u00e7\u00e3o e Remunera\u00e7\u00e3o de Pessoal, nos termos do art. 39 da Constitui\u00e7\u00e3o Federal, observando a participa\u00e7\u00e3o de servidores designados pelos Poderes Executivo e Legislativo, bem como assegurando condi\u00e7\u00f5es de funcionamento adequadas ao desempenho de suas atribui\u00e7\u00f5es constitucionais; II \u2013 Que, uma vez institu\u00eddo, o Munic\u00edpio proceda \u00e0 revis\u00e3o t\u00e9cnica da pol\u00edtica remunerat\u00f3ria das carreiras de n\u00edvel superior, elaborando estudos formais que examinem, \u00e0 luz dos crit\u00e9rios do art. 39, \u00a71\u00ba, incisos I a III, da Constitui\u00e7\u00e3o Federal, a natureza, complexidade, responsabilidades e requisitos de investidura das carreiras existentes, de modo a identificar e corrigir eventuais distor\u00e7\u00f5es remunerat\u00f3rias internas; III \u2013 Que o Munic\u00edpio apresente a este Minist\u00e9rio P\u00fablico de Contas, no prazo de 120 (cento e vinte) dias, documenta\u00e7\u00e3o comprobat\u00f3ria das provid\u00eancias adotadas, incluindo: (I) c\u00f3pia do projeto de lei de institui\u00e7\u00e3o do conselho; (II) ato normativo regulamentador; (III) designa\u00e7\u00e3o dos membros; (IV) relat\u00f3rio inicial contendo as medidas adotadas e os estudos preliminares relativos \u00e0 revis\u00e3o remunerat\u00f3ria.&nbsp;<\/p><\/td><td><p><a href=\"https:\/\/www.mpc.pr.gov.br\/wp-content\/uploads\/2026\/03\/Recomendacao-Administrativa-01-2026.pdf\" target=\"_blank\">Visualizar<\/a><\/p><\/td><\/tr><\/tbody><\/table>\n            <\/div><div class=\"ea-advanced-data-table-pagination ea-advanced-data-table-pagination-button clearfix\"><\/div><\/div>\t\t\t\t<\/div>\n\t\t\t\t<\/div>\n\t\t\t\t<div class=\"elementor-element elementor-element-5a01d6c elementor-widget elementor-widget-heading\" data-id=\"5a01d6c\" data-element_type=\"widget\" data-e-type=\"widget\" data-widget_type=\"heading.default\">\n\t\t\t\t<div class=\"elementor-widget-container\">\n\t\t\t\t\t<h2 class=\"elementor-heading-title elementor-size-default\">Recomenda\u00e7\u00f5es Administrativas dos anos de 2025 \u00e0 2014<\/h2>\t\t\t\t<\/div>\n\t\t\t\t<\/div>\n\t\t\t\t<div class=\"elementor-element elementor-element-22ccada5 elementor-widget elementor-widget-eael-advanced-data-table\" data-id=\"22ccada5\" data-element_type=\"widget\" data-e-type=\"widget\" data-widget_type=\"eael-advanced-data-table.default\">\n\t\t\t\t<div class=\"elementor-widget-container\">\n\t\t\t\t\t<div class=\"ea-advanced-data-table-wrap\" data-id=\"22ccada5\"><div class=\"ea-advanced-data-table-search-wrap ea-advanced-data-table-search-right\"><input type=\"search\" placeholder=\"Search\" class=\"ea-advanced-data-table-search\"><\/div><div class=\"ea-advanced-data-table-wrap-inner\">\n                <table class=\"ea-advanced-data-table ea-advanced-data-table-static ea-advanced-data-table-22ccada5 ea-advanced-data-table-sortable ea-advanced-data-table-paginated ea-advanced-data-table-searchable\" data-id=\"22ccada5\" data-items-per-page=\"10\"><thead><tr><th style=\"width: 88px\"><p><u>n\u00famero<\/u><\/p><\/th><th><p>gabinete<\/p><\/th><th style=\"width: 75px\"><p>data de publica\u00e7\u00e3o<\/p><\/th><th style=\"width: 710px\"><p>assunto<\/p><\/th><th><p>visualizar<\/p><\/th><\/tr><\/thead><tbody><tr><td><p>4.2025<\/p><\/td><td><p>Procuradoria-Geral de Contas<\/p><\/td><td><p>17.12.2025<\/p><\/td><td><p>Recomenda-se ao Presidente da C\u00e2mara e ao Vereadores do Munic\u00edpio de Sarandi que, no exerc\u00edcio de suas atribui\u00e7\u00f5es constitucionais de controle externo e fiscaliza\u00e7\u00e3o, observem rigorosamente as normas constitucionais e infraconstitucionais aplic\u00e1veis ao or\u00e7amento p\u00fablico, especialmente os princ\u00edpios da responsabilidade fiscal e do equil\u00edbrio das contas p\u00fablicas, e, em especial ao exposto na Recomenda\u00e7\u00e3o.<\/p><\/td><td><p><a href=\"https:\/\/www.mpc.pr.gov.br\/wp-content\/uploads\/2025\/12\/Recomendacao-Administrativa-n.-04-2025-GPGMPC.pdf\" target=\"_blank\">Visualizar<\/a><\/p><\/td><\/tr><tr><td><p>3.2025<\/p><\/td><td><p>Procuradoria-Geral de Contas<\/p><\/td><td><p>10.12.2025<\/p><\/td><td><p>Recomenda-se aos Prefeitos Municipais, Procuradores-Gerais, Controladores Internos e demais gestores p\u00fablicos dos Munic\u00edpios do Estado do Paran\u00e1, bem como aos Presidentes das C\u00e2maras Municipais \u2013 cabendo a estes retransmitirem a presente recomenda\u00e7\u00e3o aos respectivos parlamentos \u2013, que adotem as provid\u00eancias necess\u00e1rias para a institui\u00e7\u00e3o, regulamenta\u00e7\u00e3o e efetiva operacionaliza\u00e7\u00e3o do Fundo Municipal de Calamidade P\u00fablica, observados os preceitos constitucionais e legais aplic\u00e1veis, especialmente os arts. 23, II, III, VI e VIII; 37, caput; 70; e 225 da Constitui\u00e7\u00e3o Federal; a Lei Federal n\u00ba 12.608\/2012 (Pol\u00edtica Nacional de Prote\u00e7\u00e3o e Defesa Civil \u2013 PNPDEC); a Lei n\u00ba 4.320\/1964; bem como a Resolu\u00e7\u00e3o Conjunta CNJ\/CNMP n\u00ba 10\/2024, considerando os par\u00e2metros expostos na Recomenda\u00e7\u00e3o.<\/p><\/td><td><p><a href=\"https:\/\/www.mpc.pr.gov.br\/wp-content\/uploads\/2025\/12\/Recomendacao-Administrativa-n.-03-2025-GPGMPC-PR.pdf\" target=\"_blank\">Visualizar<\/a><\/p><\/td><\/tr><tr><td><p>2.2025<\/p><\/td><td><p>Procuradoria-Geral de Contas<\/p><\/td><td><p>11.11.2025<\/p><\/td><td><p>Recomenda-se aos gestores p\u00fablicos municipais e \u00e0s autoridades respons\u00e1veis pela gest\u00e3o dos precat\u00f3rios no \u00e2mbito dos Munic\u00edpios do Estado do Paran\u00e1, bem como aos integrantes dos parlamentos municipais respons\u00e1veis pela aprova\u00e7\u00e3o das leis or\u00e7ament\u00e1rias, em especial da LDO\/2026 e LOA\/2026, que observem rigorosamente as normas constitucionais, infraconstitucionais e regulamentares aplic\u00e1veis ao regime de precat\u00f3rios, adotando todas as medidas necess\u00e1rias para assegurar o cumprimento integral das decis\u00f5es judiciais, a regularidade nos pagamentos e a preserva\u00e7\u00e3o da ordem cronol\u00f3gica, em respeito aos princ\u00edpios da moralidade, efici\u00eancia e transpar\u00eancia na administra\u00e7\u00e3o p\u00fablica, al\u00e9m dos aspectos expostos na Recomenda\u00e7\u00e3o.&nbsp;<\/p><\/td><td><p><a href=\"https:\/\/www.mpc.pr.gov.br\/wp-content\/uploads\/2025\/11\/RA-no-002.2025-GPGMPC.pdf\" target=\"_blank\">Visualizar<\/a><\/p><\/td><\/tr><tr><td><p>3.2025<\/p><\/td><td><p>7\u00aa Procuradoria de Contas<\/p><\/td><td><p>30.9.2025<\/p><\/td><td><p>Recomenda-se \u00e0 Prefeita Municipal de S\u00e3o Jos\u00e9 dos Pinhais, em cumprimento \u00e0s disposi\u00e7\u00f5es de ordem constitucional e infraconstitucional acima referidas, que, no prazo de 60 (sessenta) dias corridos da ci\u00eancia deste ato, com a participa\u00e7\u00e3o do Conselho Municipal de Transpar\u00eancia e Controle Social, implemente medidas corretivas no site oficial do Ente, aportando e sistematizando dados referentes a incentivos, ren\u00fancias, benef\u00edcios ou imunidades de natureza tribut\u00e1ria concedidos pelo Poder P\u00fablico em benef\u00edcio de pessoas jur\u00eddicas, conferindo publicidade, no m\u00ednimo, \u00e0s informa\u00e7\u00f5es consignadas nos subitens \u20182.1\u2019 a \u2018\u20193.6\u2019 da Nota Recomendat\u00f3ria da Atricon (de n.\u00ba 01\/2023)1 , acrescidas da divulga\u00e7\u00e3o ordenada do inteiro teor de todos os documentos, leis e procedimentos instaurados com base na legisla\u00e7\u00e3o municipal de reg\u00eancia, dados esses a serem franqueados em local de f\u00e1cil acesso nos portais da Municipalidade, observados, ainda, os requisitos indicados nos subitens \u20183.1 a \u20183.6\u2019 do referido documento<\/p><\/td><td><p><a href=\"https:\/\/www.mpc.pr.gov.br\/wp-content\/uploads\/2025\/10\/RA-3-2025-7PC-30-09-2025.pdf\" target=\"_blank\">Visualizar<\/a><\/p><\/td><\/tr><tr><td><p>1.2025<\/p><\/td><td><p>Procuradoria-Geral de Contas<\/p><\/td><td><p>24.7.2025<\/p><\/td><td><p>Recomenda-se aos Prefeitos, Procuradores-Gerais e Controladores Internos dos Munic\u00edpios do Estado do Paran\u00e1, bem como aos Presidentes das C\u00e2maras Municipais, \u2013 cabendo a estes retransmitir a presente recomenda\u00e7\u00e3o ao respectivo parlamento \u2013, avaliarem a atual estrutura de cargos e sal\u00e1rios existentes no Munic\u00edpio, em especial os relativos \u00e0 estrutura de pessoal da administra\u00e7\u00e3o tribut\u00e1ria municipal, observados os preceitos constitucionais de reg\u00eancia, em especial os artigos 37, incisos I, II, III, IV, VIII, X, XI, XIII, XV, XVIII e XXII, 39, caput e \u00a7\u00a7 1\u00ba, 7\u00ba e 8\u00ba, da Constitui\u00e7\u00e3o Federal, al\u00e9m dos aspectos expostos na Recomenda\u00e7\u00e3o.&nbsp;<\/p><\/td><td><p><a href=\"https:\/\/www.mpc.pr.gov.br\/wp-content\/uploads\/2025\/07\/Recomendacao-Administrativa-01.2025-Fiscos-municipais-VF.pdf\" target=\"_blank\">Visualizar<\/a><\/p><\/td><\/tr><tr><td><p>1.2025<\/p><\/td><td><p>2\u00aa Procuradoria de Contas<\/p><\/td><td><p>9.5.2025<\/p><\/td><td><p>Recomenda-se ao Munic\u00edpio de Uniflor que: i. observe, neste e em futuros casos, o comando constitucional de que cargos em comiss\u00e3o sejam criados exclusivamente para o exerc\u00edcio de fun\u00e7\u00f5es de dire\u00e7\u00e3o, chefia e assessoramento; ii. assegure que as atribui\u00e7\u00f5es do cargo de ProcuradorGeral permane\u00e7am compat\u00edveis com os limites legais e com a legisla\u00e7\u00e3o municipal vigente.<\/p><p><br><\/p><\/td><td><p><a href=\"https:\/\/www.mpc.pr.gov.br\/wp-content\/uploads\/2025\/10\/RA-01-2025-2PC-09-05-2025.pdf\" target=\"_blank\">Visualizar<\/a><\/p><\/td><\/tr><tr><td><p>1.2025<\/p><\/td><td><p>1\u00aa Procuradoria de Contas<\/p><\/td><td><p>1.4.2025<\/p><\/td><td><p>Recomenda-se ao Munic\u00edpio de Guaporema, a contar da notifica\u00e7\u00e3o dos termos desta recomenda\u00e7\u00e3o, em conformidade com as normas basilares da Constitui\u00e7\u00e3o Federal e notadamente com o posicionamento deste Tribunal de Contas do Estado do Paran\u00e1, que se abstenha de realizar contratos de presta\u00e7\u00e3o de servi\u00e7o de transporte intermunicipal de passageiros, configurando servi\u00e7os especiais de transporte, sob pena de configurar usurpa\u00e7\u00e3o de compet\u00eancia estadual.&nbsp;<\/p><\/td><td><p><a href=\"https:\/\/www.mpc.pr.gov.br\/wp-content\/uploads\/2025\/10\/RA-01-2025-1PC-01-04-2025.pdf\" target=\"_blank\">Visualizar<\/a><\/p><\/td><\/tr><tr><td><p>6.2024<\/p><\/td><td><p>2\u00aa Procuradoria de Contas<\/p><\/td><td><p>13.11.2024<\/p><\/td><td><p>Recomenda-se \u00e0 Prefeita do Munic\u00edpio de Prado Ferreira, que i. Adote as provid\u00eancias administrativas necess\u00e1rias para que nas futuras terceiriza\u00e7\u00f5es de atividades acess\u00f3rias, realizadas por meio de credenciamento ou por outra modalidade, seja observada a correspond\u00eancia com o plano de cargos e sal\u00e1rios do Munic\u00edpio, se abstendo de contratar mais terceirizados do que servidores efetivos. A Sra. Prefeita deve ser cientificada que, em o fazendo, estar\u00e1 sujeita a instaura\u00e7\u00e3o de expediente de Representa\u00e7\u00e3o perante o Tribunal de Contas, bem como \u00e0s san\u00e7\u00f5es previstas na LOTCE;&nbsp;ii. N\u00e3o pratique novos atos administrativos que resultem em viola\u00e7\u00e3o \u00e0s disposi\u00e7\u00f5es do C\u00f3digo Brasileiro de Tr\u00e2nsito (art. 138, caput, I e V), especialmente, mas n\u00e3o s\u00f3, permitindo que motoristas sem aprova\u00e7\u00e3o em curso especializado atuem como motorista do<\/p><p>transporte escolar do Munic\u00edpio.&nbsp;<\/p><\/td><td><p><a href=\"https:\/\/www.mpc.pr.gov.br\/wp-content\/uploads\/2025\/10\/RA-06-2024-2PC-13-11-2024.pdf\" target=\"_blank\">Visualizar<\/a><\/p><\/td><\/tr><tr><td><p>5.2024<\/p><\/td><td><p>2\u00aa Procuradoria de Contas<\/p><\/td><td><p>8.11.2024<\/p><\/td><td><p>Recomenda-se ao Prefeito do Munic\u00edpio Santo Ant\u00f4nio do Sudoeste, para que n\u00e3o pratique qualquer ato administrativo que desrespeite as condi\u00e7\u00f5es impostas pela SESA para o recebimento do Incentivo Financeiro de Investimento, devendo ser cientificado que, em o fazendo, estar\u00e1 sujeito a instaura\u00e7\u00e3o de expediente de Representa\u00e7\u00e3o perante o Tribunal de Contas, bem como \u00e0s san\u00e7\u00f5es previstas na LOTCE.<\/p><\/td><td><p><a href=\"https:\/\/www.mpc.pr.gov.br\/wp-content\/uploads\/2025\/10\/RA-05-2024-2PC-8-11-2024.pdf\" target=\"_blank\">Visualizar<\/a><\/p><\/td><\/tr><tr><td><p>1.2024<\/p><\/td><td><p>Procuradoria-Geral de Contas<\/p><\/td><td><p>23.10.2024<\/p><\/td><td><p>Recomenda-se aos gestores p\u00fablicos municipais e \u00e0s autoridades respons\u00e1veis pela gest\u00e3o dos precat\u00f3rios no \u00e2mbito dos Munic\u00edpios do Estado do Paran\u00e1, bem como aos integrantes dos parlamentos municipais respons\u00e1veis pela aprova\u00e7\u00e3o das leis or\u00e7ament\u00e1rias, em especial da LDO\/2025 e LOA 2025, que observem rigorosamente as normas constitucionais, infraconstitucionais e regulamentares aplic\u00e1veis ao regime de precat\u00f3rios, adotando todas as medidas necess\u00e1rias para assegurar o cumprimento integral das decis\u00f5es judiciais, a regularidade nos pagamentos e a preserva\u00e7\u00e3o da ordem cronol\u00f3gica, em respeito aos princ\u00edpios da moralidade, efici\u00eancia e transpar\u00eancia na administra\u00e7\u00e3o p\u00fablica, e em especial, &nbsp;os termos expostos na Recomenda\u00e7\u00e3o.<\/p><\/td><td><p><a href=\"https:\/\/www.mpc.pr.gov.br\/wp-content\/uploads\/2024\/10\/Recomendacao-Administrativa-n-01-2024-GPGMPC.pdf\" target=\"_blank\">Visualizar<\/a><\/p><\/td><\/tr><tr><td><p>1.2024<\/p><\/td><td><p>1\u00aa Procuradoria de Contas<\/p><\/td><td><p>27.9.2024<\/p><\/td><td><p>Recomenda-se ao Munic\u00edpio de <strong>Tibagi<\/strong>, a contar da notifica\u00e7\u00e3o dos termos deste documento, que adote as seguintes medidas, em conformidade com a Lei Municipal n\u00b0 2.767\/19, de modo ajustar a conduta administrativa, observando o que na Recomenda\u00e7\u00e3o. Fixa-se o prazo de 30 (trinta) dias \u00fateis para que o gestor municipal comprove a implementa\u00e7\u00e3o das medidas tendentes \u00e0 observ\u00e2ncia da legisla\u00e7\u00e3o, nos termos aqui expostos.<\/p><\/td><td><p><a href=\"https:\/\/www.mpc.pr.gov.br\/wp-content\/uploads\/2024\/10\/Recomendacao-Administrativa-01-24-1PC.pdf\" target=\"_blank\">Visualizar<\/a><\/p><\/td><\/tr><tr><td><p>2.2024<\/p><\/td><td><p>3\u00aa Procuradoria de Contas<\/p><\/td><td><p>7.8.2024<\/p><\/td><td><p>Recomenda ao Munic\u00edpio de <strong>Tijucas do Sul<\/strong>, neste ato representado pelo atual Prefeito, que adote as medidas necess\u00e1rias, a contar da notifica\u00e7\u00e3o dos termos deste documento, para providenciar o registro da servidora Eliane Polkowski junto ao CRO-PR.&nbsp;<\/p><\/td><td><p><a href=\"https:\/\/www.mpc.pr.gov.br\/wp-content\/uploads\/2024\/09\/Recomendacao-Administrativa-2-2024-3PC.pdf\" target=\"_blank\">Visualizar<\/a><\/p><\/td><\/tr><tr><td><p>4.2024<\/p><\/td><td><p>2\u00aa Procuradoria de Contas<\/p><\/td><td><p>13.6.2024<\/p><\/td><td><p>Recomenda ao Prefeito do Munic\u00edpio de<strong> Reserva<\/strong>, Sr. Lucas Machado Ribeiro, para que: i. n\u00e3o pratique qualquer ato administrativo que resulte em viola\u00e7\u00e3o \u00e0 legisla\u00e7\u00e3o municipal relativa \u00e0s horas extraordin\u00e1rias, atentando-se especialmente ao limite imposto no Decreto n\u00ba 2.910\/2019. O Sr. Prefeito deve ser cientificado que, em o fazendo, estar\u00e1 sujeito a instaura\u00e7\u00e3o de expediente de Representa\u00e7\u00e3o perante o Tribunal de Contas, bem como \u00e0s san\u00e7\u00f5es previstas na LOTCE; ii. adote as provid\u00eancias administrativas necess\u00e1rias para que o controle de jornada seja realizado de forma efetiva, nos termos da legisla\u00e7\u00e3o municipal, evitando-se o pagamento de horas extraordin\u00e1rias que n\u00e3o possuam justificativa e pr\u00e9via autoriza\u00e7\u00e3o, bem como para que n\u00e3o ocorram novas situa\u00e7\u00f5es de extrapola\u00e7\u00e3o do limite mensal. E para que demonstre, em at\u00e9 30 (trinta) dias, neste expediente, a ado\u00e7\u00e3o de medidas efetivas visando a regulariza\u00e7\u00e3o da situa\u00e7\u00e3o, bem como a cientifica\u00e7\u00e3o \u00e0s secretarias municipais, para aprimora\u00e7\u00e3o do controle interno; iii. apresente neste expediente, em at\u00e9 30 (trinta) dias, c\u00f3pia da autoriza\u00e7\u00e3o expressa do Prefeito, nos termos do Decreto n\u00ba 2.910\/2019, para a realiza\u00e7\u00e3o das horas extraordin\u00e1rias identificadas neste procedimento dos servidores Ana Rita Grondziak, Antonio Marcos da Cruz, Fernando Francisco Martins, Jose Aldair Marcal e Josenilda Aparecida da Silva; iv. instaure procedimento administrativo para apurar a impropriedade aqui constatada, averiguando eventuais falhas na autoriza\u00e7\u00e3o da execu\u00e7\u00e3o das horas extraordin\u00e1rias e ou na presta\u00e7\u00e3o do servi\u00e7o. E para que adote, se necess\u00e1rio, as medidas para apura\u00e7\u00e3o de responsabilidade e eventual ressarcimento ao er\u00e1rio p\u00fablico municipal; v. apresente neste expediente, em at\u00e9 30 (trinta) dias, esclarecimentos sobre os problemas identificados no Portal da Transpar\u00eancia da municipalidade.<\/p><\/td><td><p><a href=\"https:\/\/www.mpc.pr.gov.br\/wp-content\/uploads\/2024\/09\/Recomendacao-Administrativa-4-2024-2PC.pdf\" target=\"_blank\">Visualizar<\/a><\/p><\/td><\/tr><tr><td><p>3.2024<\/p><\/td><td><p>2\u00aa Procuradoria de Contas<\/p><\/td><td><p>13.6.2024<\/p><\/td><td><p>Recomenda ao Prefeito de <strong>Bocai\u00fava do Sul<\/strong>, Sr. Otavio Maurilio Alberti Goetten de Oliveira, cientificando-o da situa\u00e7\u00e3o irregular, conforme fundamenta\u00e7\u00e3o supra, e para que demonstre, em at\u00e9 60 (sessenta) dias, neste expediente, a ado\u00e7\u00e3o de medidas efetivas visando a regulariza\u00e7\u00e3o do quadro de pessoal da municipalidade, especialmente no que se refere aos cargos comissionados e fun\u00e7\u00f5es de confian\u00e7a.<\/p><\/td><td><p><a href=\"https:\/\/www.mpc.pr.gov.br\/wp-content\/uploads\/2024\/08\/Recomendacao-Administrativa-03.2024-2PC.pdf\" target=\"_blank\">Visualizar<\/a><\/p><\/td><\/tr><tr><td><p>2.2024<\/p><\/td><td><p>2\u00aa Procuradoria de Contas<\/p><\/td><td><p>12.6.2024<\/p><\/td><td><p>Recomenda ao Presidente da C\u00e2mara Municipal de <strong>Fazenda Rio Grande<\/strong>, Sr. Alesandro Bordignon Weiss (\u201cSandro do Prote\u00e7\u00e3o\u201d), para que: i. adote as provid\u00eancias administrativas necess\u00e1rias para que nas futuras admiss\u00f5es de pessoal seja exigido declara\u00e7\u00e3o de n\u00e3o ac\u00famulo de cargos p\u00fablicos. E para que demonstre, em at\u00e9 60 (sessenta) dias, neste expediente, a ado\u00e7\u00e3o de medidas efetivas visando a regulariza\u00e7\u00e3o desta quest\u00e3o de gest\u00e3o de pessoas; ii. realize a atualiza\u00e7\u00e3o cadastral dos servidores da C\u00e2mara Municipal de Fazenda Rio Grande, efetivos e comissionados, para que se identifique, com a declara\u00e7\u00e3o de n\u00e3o ac\u00famulo de cargos, eventuais outros casos irregulares na entidade. E para que demonstre, em at\u00e9 60 (sessenta) dias, neste expediente, a ado\u00e7\u00e3o desta provid\u00eancia; iii. n\u00e3o pratique qualquer ato administrativo que resulte em viola\u00e7\u00e3o ao art. 37, XV da Constitui\u00e7\u00e3o Federal. O Sr. Presidente deve ser cientificado que, em o fazendo, estar\u00e1 sujeito a instaura\u00e7\u00e3o de expediente de Representa\u00e7\u00e3o perante o Tribunal de Contas, bem como \u00e0s san\u00e7\u00f5es previstas na LOTCE.<\/p><\/td><td><p><a href=\"https:\/\/www.mpc.pr.gov.br\/wp-content\/uploads\/2024\/08\/Recomendacao-Administrativa-02.2024-2PC.pdf\" target=\"_blank\">Visualizar<\/a><\/p><\/td><\/tr><tr><td><p>1.2024<\/p><\/td><td><p>2\u00aa Procuradoria de Contas<\/p><\/td><td><p>12.6.2024<\/p><\/td><td><p>Recomenda ao Prefeito de<strong> Bocai\u00fava do Sul<\/strong>, para que determine que, em licita\u00e7\u00f5es vindouras, apenas os servidores efetivos elaborem pareceres jur\u00eddicos em procedimentos licitat\u00f3rios. O Sr. Prefeito deve ser cientificado que, em n\u00e3o o fazendo, estar\u00e1 sujeito a instaura\u00e7\u00e3o de expediente de Representa\u00e7\u00e3o perante o Tribunal de Contas, bem como \u00e0s san\u00e7\u00f5es previstas na LOTCE. Ainda, no prazo de at\u00e9 30 (trinta) dias, dever\u00e1 o Sr. Prefeito apresentar esclarecimentos em rela\u00e7\u00e3o a fonte do recurso da obra. Em se confirmando se tratar de cess\u00e3o onerosa do Pr\u00e9-sal, dever\u00e1 o Sr. Prefeito promover a corre\u00e7\u00e3o da informa\u00e7\u00e3o, em todos os meios em que disponibilizada de forma equivocada.<\/p><\/td><td><p><a href=\"https:\/\/www.mpc.pr.gov.br\/wp-content\/uploads\/2024\/08\/Recomendacao-Administrativa-01.2024-2PC.pdf\" target=\"_blank\">Visualizar<\/a><\/p><\/td><\/tr><tr><td><p>1.2024<\/p><\/td><td><p>3\u00aa Procuradoria de Contas<\/p><\/td><td><p>26.1.2024<\/p><\/td><td><p>Recomenda \u00e0 <strong>C\u00e2mara de Corn\u00e9lio Proc\u00f3pio<\/strong>, neste ato representado pelo atual Presidente, que adote as provid\u00eancias necess\u00e1rias, a contar da notifica\u00e7\u00e3o dos termos deste documento, para dar atendimento integral ao Prejulgado n\u00ba. 06-TCE\/PR, em especial, abster-se de terceirizar servi\u00e7os<\/p><\/td><td><p><a href=\"https:\/\/www.mpc.pr.gov.br\/wp-content\/uploads\/2024\/06\/Recomendacao-Administrativa-01-24-3PC-Processo-10294-23.pdf\" target=\"_blank\">Visualizar<\/a><\/p><\/td><\/tr><tr><td><p>4.2023<\/p><\/td><td><p>4\u00aa Procuradoria de Contas<\/p><\/td><td><p>12.12.2023<\/p><\/td><td><p>Recomenda&nbsp;\u00e0 <strong>C\u00e2mara de Arauc\u00e1ria<\/strong>, na pessoa de seu atual representante legal, que nos pr\u00f3ximos exerc\u00edcios, em observ\u00e2ncia ao disposto no art. 48, \u00a7 1\u00ba, inciso I, da Lei Complementar n\u00b0 101\/2000, passe a assegurar a transpar\u00eancia e a promover a participa\u00e7\u00e3o popular, de modo efetivo, tamb\u00e9m na fase de discuss\u00e3o das leis or\u00e7ament\u00e1rias, sob pena de eventual responsabiliza\u00e7\u00e3o do gestor do Legislativo Municipal.<\/p><\/td><td><p><a href=\"https:\/\/www.mpc.pr.gov.br\/wp-content\/uploads\/2024\/06\/Recomendacao-Administrativa-4-23-4PC-Processo-790591-23.pdf\" target=\"_blank\">Visualizar<\/a><\/p><\/td><\/tr><tr><td><p>3.2023<\/p><\/td><td><p>6\u00aa Procuradoria de Contas<\/p><\/td><td><p>1.12.2023<\/p><\/td><td><p>Recomenda ao Munic\u00edpio de <strong>Santa Izabel do Oeste<\/strong> para que abstenha de realizar reiteradas contrata\u00e7\u00f5es de m\u00e9dicos como forma de terceiriza\u00e7\u00e3o de servi\u00e7o p\u00fablico, e que promova, em caso excepcional da mencionada contrata\u00e7\u00e3o, o lan\u00e7amento adequado das despesas, al\u00e9m de inclu\u00ed-las no c\u00e1lculo da despesa total de pessoal para apura\u00e7\u00e3o dos \u00edndices da Lei de Responsabilidade Fiscal. Fixa-se o prazo de 30 (trinta) dias \u00fateis para que o gestor municipal comprove a implementa\u00e7\u00e3o das medidas tendentes \u00e0 observ\u00e2ncia da legisla\u00e7\u00e3o, nos termos aqui expostos.&nbsp;<\/p><\/td><td><p><a href=\"https:\/\/www.mpc.pr.gov.br\/wp-content\/uploads\/2024\/06\/Recomendacao-Administrativa-03-23-6PC-Processo-594610-23.pdf\" target=\"_blank\">Visualizar<\/a><\/p><\/td><\/tr><tr><td><p>2.2023<\/p><\/td><td><p>6\u00aa Procuradoria de Contas<\/p><\/td><td><p>1.12.2023<\/p><\/td><td><p>Recomenda ao Munic\u00edpio de <strong>Quer\u00eancia do Norte<\/strong> que promova a adequa\u00e7\u00e3o no tocante \u00e0s diretrizes fixadas no Prejulgado n\u00ba 6 do Tribunal de Contas do Estado do Paran\u00e1, e que abstenha de utilizar a terceiriza\u00e7\u00e3o para o desempenho de atos de assessoramento cont\u00e1bil. Fixa-se o prazo de 30 (trinta) dias \u00fateis para que o gestor comprove a ado\u00e7\u00e3o das medidas tendentes \u00e0 observ\u00e2ncia desta Recomenda\u00e7\u00e3o.<\/p><\/td><td><p><a href=\"https:\/\/www.mpc.pr.gov.br\/wp-content\/uploads\/2024\/06\/Recomendacao-Administrativa-02-23-6PC-Processo-647837-22.pdf\" target=\"_blank\">Visualizar<\/a><\/p><\/td><\/tr><tr><td><p>3.2023<\/p><\/td><td><p>4\u00aa Procuradoria de Contas<\/p><\/td><td><p>14.8.2023<\/p><\/td><td><p>Recomenda ao atual Prefeito de <strong>Dois Vizinhos<\/strong>, Sr. Lu\u00eds Carlos Turatto, com cientifica\u00e7\u00e3o da Controladora Interna, Sra. Adriana Nicaretta Nune, para que nos futuros processos de sele\u00e7\u00e3o de pessoal deflagrados pelo Poder Executivo de Dois Vizinhos, conste expressamente a exig\u00eancia da comprova\u00e7\u00e3o de resid\u00eancia m\u00e9dica credenciada pelo CNRM ou o Registro de Qualifica\u00e7\u00e3o de Especialista RQE junto ao Conselho Regional de Medicina local, como requisito de investidura aos cargos de m\u00e9dicos especialistas previstos no quadro de pessoal da municipalidade; bem como se avalie a conveni\u00eancia e oportunidade de incluir tal requisito na legisla\u00e7\u00e3o de reg\u00eancia dos respectivos cargos m\u00e9dicos.<\/p><\/td><td><p><a href=\"https:\/\/www.mpc.pr.gov.br\/wp-content\/uploads\/2024\/06\/Recomendacao-Administrativa-3-23-4PC-Processo-518778-23.pdf\" target=\"_blank\">Visualizar<\/a><\/p><\/td><\/tr><tr><td><p>4.2023<\/p><\/td><td><p>2\u00aa Procuradoria de Contas<\/p><\/td><td><p>11.8.2023<\/p><\/td><td><p>Recomenda ao Prefeito de <strong>Altamira do Paran\u00e1<\/strong> para que determine que, em licita\u00e7\u00f5es vindouras, apenas os servidores efetivos elaborem pareceres jur\u00eddicos em procedimentos licitat\u00f3rios. Ainda, que ciente da inconstitucionalidade existente na legisla\u00e7\u00e3o municipal, encaminhe \u00e0 C\u00e2mara Municipal projeto de lei visando o saneamento da quest\u00e3o. Para tanto, dever\u00e1 comprovar, neste expediente, a ado\u00e7\u00e3o de medidas no prazo de at\u00e9 30 (trinta) dias.&nbsp;<\/p><\/td><td><p><a href=\"https:\/\/www.mpc.pr.gov.br\/wp-content\/uploads\/2024\/06\/Recomendacao-Administrativa-4-23-2PC-Processo-720720-22.pdf\" target=\"_blank\">Visualizar<\/a><\/p><\/td><\/tr><tr><td><p>3.2023<\/p><\/td><td><p>2\u00aa Procuradoria de Contas<\/p><\/td><td><p>8.8.2023<\/p><\/td><td><p>Recomenda ao Presidente da <strong>C\u00e2mara Municipal de Bela Vista da Caroba<\/strong>, Sr. Jos\u00e9 Valdir Rodrigues, para que adote provid\u00eancias espec\u00edficas para corre\u00e7\u00e3o da viola\u00e7\u00e3o ao art. 37, XII da CF, conforme fundamenta\u00e7\u00e3o supra, e para que demonstre, em at\u00e9 90 (noventa) dias, neste expediente, a ado\u00e7\u00e3o de medidas efetivas visando a regulariza\u00e7\u00e3o do quadro de pessoal do Poder Legislativo.<\/p><\/td><td><p><a href=\"https:\/\/www.mpc.pr.gov.br\/wp-content\/uploads\/2024\/05\/Recomendacao-Administrativa-3-23-2PC-Processo-523712-22.pdf\" target=\"_blank\">Visualizar<\/a><\/p><\/td><\/tr><tr><td><p>2.2023<\/p><\/td><td><p>2\u00aa Procuradoria de Contas<\/p><\/td><td><p>8.8.2023<\/p><\/td><td><p>Recomenda ao Prefeito de <strong>Santa Izabel do Oeste<\/strong>, Sr. Jean Pierr Catto, cientificando-o da situa\u00e7\u00e3o irregular, conforme fundamenta\u00e7\u00e3o supra, e para que demonstre, em at\u00e9 90 (noventa) dias, neste expediente, a ado\u00e7\u00e3o de medidas efetivas visando a regulariza\u00e7\u00e3o do quadro de pessoal da municipalidade, especialmente no que se refere aos cargos comissionados.<\/p><\/td><td><p><a href=\"https:\/\/www.mpc.pr.gov.br\/wp-content\/uploads\/2024\/05\/Recomendacao-Administrativa-2-23-2PC-Processo-174009-23.pdf\" target=\"_blank\">Visualizar<\/a><\/p><\/td><\/tr><tr><td><p>1.2023<\/p><\/td><td><p>2\u00aa Procuradoria de Contas<\/p><\/td><td><p>31.7.2023<\/p><\/td><td><p>Recomenda ao Prefeito de <strong>Centen\u00e1rio do Sul<\/strong>, Sr. Melquiades Tavian Junior, para que n\u00e3o pratique qualquer ato administrativo que resulte em viola\u00e7\u00e3o \u00e0s disposi\u00e7\u00f5es da Lei de Responsabilidade Fiscal. O Sr. Prefeito deve ser cientificado que, em o fazendo, estar\u00e1 sujeito a instaura\u00e7\u00e3o de expediente de Representa\u00e7\u00e3o perante o Tribunal de Contas, bem como \u00e0s san\u00e7\u00f5es previstas na LOTCE.<\/p><\/td><td><p><a href=\"https:\/\/www.mpc.pr.gov.br\/wp-content\/uploads\/2024\/05\/Recomendacao-Administrativa-1-23-2PC-Processo-465895-23.pdf\" target=\"_blank\">Visualizar<\/a><\/p><\/td><\/tr><tr><td><p>1.2023<\/p><\/td><td><p>3\u00aa Procuradoria de Contas<\/p><\/td><td><p>27.6.2023<\/p><\/td><td><p>Recomenda ao Munic\u00edpio de <strong>Wenceslau Braz<\/strong>, neste ato representado pelo Atahyde Ferreira dos Santos Jr., que adote as provid\u00eancias necess\u00e1rias, a contar da notifica\u00e7\u00e3o dos termos deste documento, para dar atendimento integral ao Prejulgado n\u00ba. 06-TCE\/PR, em especial, no provimento dos cargos efetivos de Procurador.<\/p><\/td><td><p><a href=\"https:\/\/www.mpc.pr.gov.br\/wp-content\/uploads\/2024\/06\/Recomendacao-Administrativa-01-23-3PC-Processo-327255-23.pdf\" target=\"_blank\">Visualizar<\/a><\/p><\/td><\/tr><tr><td><p>1.2023<\/p><\/td><td><p>6\u00aa Procuradoria de Contas<\/p><\/td><td><p>23.6.2023<\/p><\/td><td><p>Recomenda ao Prefeito do Munic\u00edpio de <strong>Palmas<\/strong> que adeque a quest\u00e3o relativa aos honor\u00e1rios de sucumb\u00eancia devidos aos Procuradores do Munic\u00edpio de Palmas que, por for\u00e7a da Lei n\u00b0 2523\/2017 e do Decreto n\u00b0 4032\/2022, devem, necessariamente, ingressar nos cofres p\u00fablicos previamente ao rateio entre os servidores, devendo o pagamento ocorrer por interm\u00e9dio da folha de pagamento ou por empenho, assegurando, ainda, a regular contabiliza\u00e7\u00e3o como despesas com pessoal. Fixa-se o prazo de 30 (trinta) dias \u00fateis para que o gestor municipal comprove a implementa\u00e7\u00e3o das medidas tendentes \u00e0 observ\u00e2ncia da legisla\u00e7\u00e3o, nos termos aqui expostos.&nbsp;<\/p><\/td><td><p><a href=\"https:\/\/www.mpc.pr.gov.br\/wp-content\/uploads\/2024\/06\/Recomendacao-Administrativa-01-23-6PC-Processo-164267-23.pdf\" target=\"_blank\">Visualizar<\/a><\/p><\/td><\/tr><tr><td><p>2.2023<\/p><\/td><td><p>4\u00aa Procuradoria de Contas<\/p><\/td><td><p>5.6.2023<\/p><\/td><td><p>Recomenda ao atual Prefeito de <strong>Paranava\u00ed<\/strong>, Sr. Carlos Henrique Rossato Gomes, com cientifica\u00e7\u00e3o do Procurador-Geral, Sr. Benjamim Mar\u00e7al Costa, e do Controlador Interno, Sr. Carlos Alberto Vieira; recomendando-lhe que se abstenha de efetuar o pagamento de 13\u00ba sal\u00e1rio relativo \u00e0 m\u00e9dia da Verba Honor\u00e1ria de Atividade Jur\u00eddica, prevista no art. 2\u00ba da Lei Municipal n\u00ba 4.507\/2016, aos servidores elencados no art. 3\u00ba, incisos I a III, do mesmo diploma legal, com recursos p\u00fablicos do or\u00e7amento municipal, pois: (I) n\u00e3o h\u00e1 previs\u00e3o na legisla\u00e7\u00e3o municipal que autorize tal pagamento, da Verba Honor\u00e1ria de Atividade Jur\u00eddica a t\u00edtulo de 13\u00ba sal\u00e1rio, de modo que sua continuidade dar-se-\u00e1 em manifesta viola\u00e7\u00e3o ao princ\u00edpio da legalidade; (II) conforme dic\u00e7\u00e3o do art. 2\u00ba da Lei Municipal n\u00ba 4.507\/2016 a Verba Honor\u00e1ria de Atividade Jur\u00eddica adv\u00e9m dos honor\u00e1rios advocat\u00edcios a que forem condenadas as partes que litigarem judicialmente contra o Munic\u00edpio de Paranava\u00ed, de sorte que, caso houvesse previs\u00e3o legal autorizadora, o pagamento de 13\u00ba sal\u00e1rio relativo \u00e0 mencionada verba deveria ser suportado exclusivamente com os valores provenientes dos honor\u00e1rios advocat\u00edcios, e n\u00e3o com recursos do or\u00e7amento municipal; e (III) que o gestor municipal adote medidas visando a recomposi\u00e7\u00e3o do er\u00e1rio, instaurando-se os devidos procedimentos administrativos para que sejam ressarcidos, pelos procuradores beneficiados, ao Munic\u00edpio de Paranava\u00ed, a integralidade dos valores empenhados a t\u00edtulo de m\u00e9dia 13\u00ba sal\u00e1rio da Verba Honor\u00e1ria de Atividade Jur\u00eddica, pagos nos \u00faltimos 5 exerc\u00edcios.<\/p><\/td><td><p><a href=\"https:\/\/www.mpc.pr.gov.br\/wp-content\/uploads\/2024\/06\/Recomendacao-Administrativa-2-23-4PC-Processo-334103-23.pdf\" target=\"_blank\">Visualizar<\/a><\/p><\/td><\/tr><tr><td><p>4.2023<\/p><\/td><td><p>5\u00aa Procuradoria de Contas<\/p><\/td><td><p>7.3.2023<\/p><\/td><td><p>Recomenda \u00e0 C\u00e2mara Municipal de <strong>Nova Cantu<\/strong>, na pessoa do Presidente Tiago Elicker Raymundo, que no prazo de 30 dias adote medidas corretivas a fim de ajustar a conduta administrativa \u00e0s diretrizes fixadas nos Prejulgados n\u00ba 06 e n\u00ba 25 do TCE-PR, notadamente: 1. Imediata exonera\u00e7\u00e3o do ocupante do cargo de Procurador Jur\u00eddico, em virtude da nulidade do ato de provimento de cargo efetivo sem pr\u00e9vio concurso p\u00fablico; 2. Imediata exonera\u00e7\u00e3o do ocupante do cargo comissionado de Assessor T\u00e9cnico das Comiss\u00f5es, por nulidade do ato de provimento de cargo extinto; 3. Ado\u00e7\u00e3o das provid\u00eancias necess\u00e1rias para a realiza\u00e7\u00e3o de concurso p\u00fablico para provimento de cargo jur\u00eddico efetivo, considerando a impossibilidade de atribui\u00e7\u00e3o de atividades de assessoria jur\u00eddica de Poder a servidores comissionados, consoante entendimento firmado no Prejulgado n\u00ba 6 \u2013 TCE\/PR; 4. Ado\u00e7\u00e3o das provid\u00eancias necess\u00e1rias para a adequa\u00e7\u00e3o da legisla\u00e7\u00e3o local aos crit\u00e9rios dispostos no Prejulgado n\u00ba 25 \u2013 TCE\/PR, especialmente para que seja estabelecido o percentual m\u00ednimo de cargos comissionados destinado a servidores efetivos, assim como os requisitos de investidura dos cargos comissionados.<\/p><\/td><td><p><a href=\"https:\/\/www.mpc.pr.gov.br\/wp-content\/uploads\/2024\/06\/Recomendacao-Administrativa-04-23-5PC-Processo-121550-23.pdf\" target=\"_blank\">Visualizar<\/a><\/p><\/td><\/tr><tr><td><p>1.2023<\/p><\/td><td><p>7\u00aa Procuradoria de Contas<\/p><\/td><td><p>3.3.2023<\/p><\/td><td><p>Recomenda ao Excelent\u00edssimo Senhor Pedro Taborda Desplanches, Prefeito do Munic\u00edpio de<strong> Rio Branco do Iva\u00ed<\/strong>, em cumprimento \u00e0s disposi\u00e7\u00f5es de ordem constitucional acima referidas, que se abstenha de conceder gratifica\u00e7\u00f5es de fun\u00e7\u00e3o ou de nomear para cargos em comiss\u00e3o servidores efetivos que acumulem o exerc\u00edcio de mandatos de Vereador na Edilidade daquele Munic\u00edpio.&nbsp;<\/p><\/td><td><p><a href=\"https:\/\/www.mpc.pr.gov.br\/wp-content\/uploads\/2024\/06\/Recomendacao-Administrativa-01-23-7PC-Processo-283380-22.pdf\" target=\"_blank\">Visualizar<\/a><\/p><\/td><\/tr><tr><td><p>3.2023<\/p><\/td><td><p>5\u00aa Procuradoria de Contas<\/p><\/td><td><p>17.2.2023<\/p><\/td><td><p>Recomenda ao Munic\u00edpio de <strong>Mandaguari<\/strong>, na pessoa da Prefeita Ivoneia de Andrade Aparecido Furtado, a ado\u00e7\u00e3o, no prazo de 90 dias, das provid\u00eancias que se fizerem necess\u00e1rias para ajustar a conduta administrativa ao disposto nos arts. 124 e 125 da Lei Complementar Municipal n\u00ba 2254\/2013, notadamente: i) A institui\u00e7\u00e3o da comiss\u00e3o prevista no art. 125, \u00a71\u00ba, LCM n\u00ba 2254\/2013, e submiss\u00e3o dos futuros requerimentos de isen\u00e7\u00e3o de IPTU \u00e0 sua aprecia\u00e7\u00e3o, nos termos da lei. ii) Que o valor de mercado do im\u00f3vel seja atestado por Comiss\u00e3o Municipal de Avalia\u00e7\u00e3o Imobili\u00e1ria, para fins de an\u00e1lise do preenchimento dos requisitos para a concess\u00e3o de isen\u00e7\u00e3o de IPTU, nos termos da lei.<\/p><\/td><td><p><a href=\"https:\/\/www.mpc.pr.gov.br\/wp-content\/uploads\/2024\/06\/Recomendacao-Administrativa-03-23-5PC-Processo-597228-22.pdf\" target=\"_blank\">Visualizar<\/a><\/p><\/td><\/tr><tr><td><p>2.2023<\/p><\/td><td><p>5\u00aa Procuradoria de Contas<\/p><\/td><td><p>15.2.2023<\/p><\/td><td><p>Recomenda ao Munic\u00edpio de <strong>Matinhos<\/strong>, na pessoa do Prefeito Jos\u00e9 Carlos do Esp\u00edrito Santo, a ado\u00e7\u00e3o, no prazo de 45 dias, das provid\u00eancias que se fizerem necess\u00e1rias para ajustar a conduta administrativa ao disposto no art. 11, \u00a73\u00ba da Lei Municipal n\u00ba 1165\/2008, a fim de que seja observado o percentual m\u00ednimo de cargos em comiss\u00e3o a ser preenchido por servidores p\u00fablicos efetivos.<\/p><\/td><td><p><a href=\"https:\/\/www.mpc.pr.gov.br\/wp-content\/uploads\/2024\/06\/Recomendacao-Administrativa-02-23-5PC-Processo-24040-22.pdf\" target=\"_blank\">Visualizar<\/a><\/p><\/td><\/tr><tr><td><p>1.2023<\/p><\/td><td><p>4\u00aa Procuradoria de Contas<\/p><\/td><td><p>10.2.2023<\/p><\/td><td><p>Recomenda ao atual Prefeito Marciano Vottri, ao Procurador Geral Cristhian Denardi de Britto e ao Assessor Jur\u00eddico Eduardo Ernesto Obrzut Neto, todos do Munic\u00edpio de <strong>Vitorino<\/strong>, que os pareceres jur\u00eddicos emitidos pela Assessoria Jur\u00eddica no \u00e2mbito das atribui\u00e7\u00f5es previstas no art. 29, caput, da Lei Municipal n\u00ba 959\/2007, sejam previamente submetidos \u00e0 ci\u00eancia e convalida\u00e7\u00e3o do titular da Procuradoria-Geral.<\/p><\/td><td><p><a href=\"https:\/\/www.mpc.pr.gov.br\/wp-content\/uploads\/2024\/06\/Recomendacao-Administrativa-1-23-4PC-Processo-14915-23.pdf\" target=\"_blank\">Visualizar<\/a><\/p><\/td><\/tr><tr><td><p>1.2023<\/p><\/td><td><p>5\u00aa Procuradoria de Contas<\/p><\/td><td><p>3.2.2023<\/p><\/td><td><p>Recomenda ao Munic\u00edpio de <strong>Guarapuava<\/strong>, na pessoa do Prefeito Celso Fernando G\u00f3es, a ado\u00e7\u00e3o das provid\u00eancias que se fizerem necess\u00e1rias para ajustar a conduta administrativa \u00e0s diretrizes fixadas nos Prejulgados n\u00ba 06 e n\u00ba 25 do TCE-PR, fazendo cessar a designa\u00e7\u00e3o de servidores comissionados para o desempenho de atos de assessoramento jur\u00eddico permanente do Poder Executivo Municipal, notadamente a emiss\u00e3o de pareceres jur\u00eddicos em procedimentos licitat\u00f3rios. Fixa-se o prazo de 30 (trinta) dias \u00fateis para que o gestor comprove a ado\u00e7\u00e3o das medidas tendentes \u00e0 observ\u00e2ncia da legisla\u00e7\u00e3o, nos termos aqui expostos.<\/p><\/td><td><p><a href=\"https:\/\/www.mpc.pr.gov.br\/wp-content\/uploads\/2024\/06\/Recomendacao-Administrativa-01-23-5PC-Processo-23965-23.pdf\" target=\"_blank\">Visualizar<\/a><\/p><\/td><\/tr><tr><td><p>1.2022<\/p><\/td><td><p>4\u00aa Procuradoria de Contas<\/p><\/td><td><p>7.11.2022<\/p><\/td><td><p>Recomenda ao atual Presidente da <strong>Funda\u00e7\u00e3o PROTEGER \u2013 Prote\u00e7\u00e3o Especial da Juventude e Inf\u00e2ncia de Guarapuava,<\/strong> visando \u00e0 adequa\u00e7\u00e3o do exerc\u00edcio do cargo comissionado de Coordenador Jur\u00eddico e do cargo efetivo de Procurador aos ditames da Lei Municipal n\u00ba 2.771\/2017 e altera\u00e7\u00f5es posteriores, nos termos em Anexo.<\/p><\/td><td><p><a href=\"https:\/\/www.mpc.pr.gov.br\/wp-content\/uploads\/2024\/06\/Recomendacao-Administrativa-1-22-4PC-Processo-567124-22.pdf\" target=\"_blank\">Visualizar<\/a><\/p><\/td><\/tr><tr><td><p>2.2022<\/p><\/td><td><p>6\u00aa Procuradoria de Contas<\/p><\/td><td><p>5.5.2022<\/p><\/td><td><p>Recomenda ao Prefeito do Munic\u00edpio de <strong>Santa Izabel do Oeste<\/strong> que cesse a veicula\u00e7\u00e3o do programa de r\u00e1dio e as postagens em redes sociais com o objetivo de promover a sua imagem pessoal, limitando-se \u00e0 divulga\u00e7\u00e3o de not\u00edcias afetas \u00e0s pol\u00edticas p\u00fablicas da gest\u00e3o municipal e ao interesse coletivo da popula\u00e7\u00e3o local. Fixa-se o prazo de 30 (trinta) dias \u00fateis para que o gestor municipal comprove a implementa\u00e7\u00e3o das medidas tendentes \u00e0 observ\u00e2ncia da legisla\u00e7\u00e3o, nos termos aqui expostos.&nbsp;<\/p><\/td><td><p><a href=\"https:\/\/www.mpc.pr.gov.br\/wp-content\/uploads\/2024\/06\/Recomendacao-Administrativa-02-22-6PC-Processo-29262-22.pdf\" target=\"_blank\">Visualizar<\/a><\/p><\/td><\/tr><tr><td><p>1.2022<\/p><\/td><td><p>6\u00aa Procuradoria de Contas<\/p><\/td><td><p>5.5.2022<\/p><\/td><td><p>Recomenda ao Munic\u00edpio de <strong>Santa Helena<\/strong> promova a adequa\u00e7\u00e3o quanto \u00e0 nomea\u00e7\u00e3o dos servidores comissionados em conformidade com as diretrizes fixadas nos Prejulgados n\u00ba 06 e n\u00ba 25 do TCE-PR, e que e abstenha de utilizar servidores comissionados para o desempenho de atos de assessoramento jur\u00eddico permanente do Poder Executivo Municipal.<\/p><\/td><td><p><a href=\"https:\/\/www.mpc.pr.gov.br\/wp-content\/uploads\/2024\/06\/Recomendacao-Administrativa-01-22-6PC-Processo-606073-21.pdf\" target=\"_blank\">Visualizar<\/a><\/p><\/td><\/tr><tr><td><p>1.2022<\/p><\/td><td><p>3\u00aa Procuradoria de Contas<\/p><\/td><td><p>17.1.2022<\/p><\/td><td><p class=\"ql-align-justify\">Recomenda ao Munic\u00edpio de <strong>Matinhos<\/strong>, que adote as provid\u00eancias necess\u00e1rias, a contar da notifica\u00e7\u00e3o dos termos deste documento, para dar atendimento integral ao Prejulgado n\u00ba. 25-TCE\/PR, em especial, no quadro de pessoal Secretaria de Turismo e Desenvolvimento Econ\u00f4mico.<\/p><p><br><\/p><\/td><td><p><a href=\"http:\/\/www.mpc.pr.gov.br\/wp-content\/uploads\/2022\/03\/Recomendacao-Administrativa-01-2022.pdf\" target=\"_blank\">Visualizar<\/a><\/p><\/td><\/tr><tr><td><p>1.2021<\/p><\/td><td><p>7\u00aa Procuradoria de Contas<\/p><\/td><td><p>7.12.2021<\/p><\/td><td><p>Recomenda \u00e0 Excelent\u00edssima Senhora Maria do Carmo Paiano Nihei, Presidente do <strong>Instituto de Previd\u00eancia, Pens\u00f5es e Aposentadorias dos Servidores de Arapongas<\/strong>, em cumprimento \u00e0s disposi\u00e7\u00f5es de ordem constitucional e legal acima referidas, que providencie a adequa\u00e7\u00e3o do Regimento Interno do Comit\u00ea de Investimentos da entidade, fazendo nele constar expressamente os requisitos exigidos pelo art. 8\u00ba-B, II, da Lei n.\u00ba 9.717\/98 e pela Portaria n.\u00ba 9.907\/20 do Minist\u00e9rio da Economia - Secretaria Especial de Previd\u00eancia e Trabalho para a designa\u00e7\u00e3o de membros para o respectivo comit\u00ea. Fixa-se o prazo de 30 (trinta) dias, a contar da data da juntada aos autos do aviso de recebimento do of\u00edcio encaminhado, para que a gestora atenda e comprove a ado\u00e7\u00e3o das medidas tendentes \u00e0 observ\u00e2ncia da legisla\u00e7\u00e3o, nos termos aqui descritos.&nbsp;<\/p><\/td><td><p><a href=\"https:\/\/www.mpc.pr.gov.br\/wp-content\/uploads\/2024\/06\/Recomendacao-Administrativa-01-21-7PC-Processo-564729-21.pdf\" target=\"_blank\">Visualizar<\/a><\/p><\/td><\/tr><tr><td><p>1.2021<\/p><\/td><td><p>6\u00aa Procuradoria de Contas<\/p><\/td><td><p>16.9.2021<\/p><\/td><td><p>Recomenda ao Munic\u00edpio de <strong>Assis Chateaubriand<\/strong> que proceda a efetiva integra\u00e7\u00e3o do m\u00f3dulo tribut\u00e1rio com o sistema de a\u00e7\u00f5es judiciais, bem como a ado\u00e7\u00e3o de medidas internas para o controle da rela\u00e7\u00e3o de cr\u00e9ditos tribut\u00e1rios prescritos. Fixa-se o prazo de 90 (noventa) dias \u00fateis para que o gestor municipal comprove a implementa\u00e7\u00e3o das medidas tendentes \u00e0 observ\u00e2ncia da legisla\u00e7\u00e3o, nos termos aqui expostos.&nbsp;<\/p><\/td><td><p><a href=\"https:\/\/www.mpc.pr.gov.br\/wp-content\/uploads\/2024\/06\/Recomendacao-Administrativa-01-21-6PC-Processo-458031-21.pdf\" target=\"_blank\">Visualizar<\/a><\/p><\/td><\/tr><tr><td><p>8.2021<\/p><\/td><td><p>Procuradoria-Geral de Contas<\/p><\/td><td><p>2.9.2021<\/p><\/td><td><p>Recomenda ao Munic\u00edpio\u202fde <strong>Almirante Tamandar\u00e9<\/strong> que,&nbsp;em atendimento aos inafast\u00e1veis princ\u00edpios da publicidade e transpar\u00eancia,&nbsp;publique os&nbsp;Decretos&nbsp;Executivos Or\u00e7ament\u00e1rios&nbsp;em tempo oportuno e razo\u00e1vel,&nbsp;procedendo a sua execu\u00e7\u00e3o&nbsp;somente&nbsp;ap\u00f3s a sua plena efic\u00e1cia.<\/p><\/td><td><p><a href=\"http:\/\/www.mpc.pr.gov.br\/wp-content\/uploads\/2021\/09\/Recomendacao-Administrativa-no-08-2021-1.pdf\" target=\"_blank\">Visualizar<\/a><\/p><\/td><\/tr><tr><td><p>7.2021<\/p><\/td><td><p>Procuradoria-Geral de Contas<\/p><\/td><td><p>20.8.2021<\/p><\/td><td><p>Recomenda ao Munic\u00edpio de <strong>General Carneiro<\/strong> a ado\u00e7\u00e3o das provid\u00eancias que se fizerem necess\u00e1rias, a contar da notifica\u00e7\u00e3o dos termos deste documento, para dar cumprimento \u00e0s disposi\u00e7\u00f5es legais e jurisprud\u00eancias&nbsp;mencionadas, de modo ajustar a conduta administrativa, observando o que segue na recomenda\u00e7\u00e3o.<\/p><\/td><td><p><a href=\"http:\/\/www.mpc.pr.gov.br\/wp-content\/uploads\/2021\/08\/Recomendacao-Administrativa-n\u00b0-07-2021.pdf\" target=\"_blank\">Visualizar<\/a><\/p><\/td><\/tr><tr><td><p>6.2021<\/p><\/td><td><p>Procuradoria-Geral de Contas<\/p><\/td><td><p>28.5.2021<\/p><\/td><td><p>Recomenda ao Munic\u00edpio\u202fde <strong>Uni\u00e3o da Vit\u00f3ria<\/strong>, para que revogue a cess\u00e3o de estagi\u00e1rios a outros \u00f3rg\u00e3os e\/ou entidades p\u00fablicas fora da esfera municipal, assim como se abstenha de ced\u00ea-los, pelos expostos na recomenda\u00e7\u00e3o.<\/p><\/td><td><p><a href=\"http:\/\/www.mpc.pr.gov.br\/wp-content\/uploads\/2021\/05\/Recomendacao-Administrativa-no-06-2021.pdf\" target=\"_blank\">Visualizar<\/a><\/p><\/td><\/tr><tr><td><p>5.2021<\/p><\/td><td><p>Procuradoria-Geral de Contas<\/p><\/td><td><p>28.5.2021<\/p><\/td><td><p>Recomenda ao Munic\u00edpio\u202fde <strong>Bituruna<\/strong>, para que revogue a cess\u00e3o de estagi\u00e1rios a outros \u00f3rg\u00e3os e\/ou entidades p\u00fablicas fora da esfera municipal, assim como se abstenha de ced\u00ea-los, pelos motivos expostos na recomenda\u00e7\u00e3o.<\/p><\/td><td><p><a href=\"http:\/\/www.mpc.pr.gov.br\/wp-content\/uploads\/2021\/05\/Recomendacao-Administrativa-no-05-2021.pdf\" target=\"_blank\">Visualizar<\/a><\/p><\/td><\/tr><tr><td><p>4.2021<\/p><\/td><td><p>Procuradoria-Geral de Contas<\/p><\/td><td><p>4.5.2021<\/p><\/td><td><p>Recomenda ao munic\u00edpio de <strong>Uni\u00e3o da Vit\u00f3ria<\/strong>, representado pelo Sr. Bachir Abbas, \u00e0 Presidente da Comiss\u00e3o Permanente de Licita\u00e7\u00e3o, Sra. Maria Celeste de Assun\u00e7\u00e3o Mance (Decreto Municipal n\u00ba. 53\/2021), e ao Controlador Interno, Sr. Luiz Renato Carvalho Pinto, para que considerem adotar as medidas expostas na recomenda\u00e7\u00e3o.<\/p><\/td><td><p><a href=\"http:\/\/www.mpc.pr.gov.br\/wp-content\/uploads\/2021\/05\/Recomendacao-Administrativa-no-04-2021.pdf\" target=\"_blank\">Visualizar<\/a><\/p><\/td><\/tr><tr><td><p>3.2021<\/p><\/td><td><p>Procuradoria-Geral de Contas<\/p><\/td><td><p>10.2.2021<\/p><\/td><td><p>Recomenda, sem car\u00e1ter normativo ou vinculante, a consigna\u00e7\u00e3o da decis\u00e3o plen\u00e1ria do Tribunal de Contas abrangida pelo Prejulgado n\u00ba 28 nas manifesta\u00e7\u00f5es emitidas pelas Procuradorias de Contas.<\/p><\/td><td><p><a href=\"http:\/\/www.mpc.pr.gov.br\/wp-content\/uploads\/2021\/02\/Recomendacao-Administrativa-no-03-2021.pdf\" target=\"_blank\">Visualizar<\/a><\/p><\/td><\/tr><tr><td><p>2.2021<\/p><\/td><td><p>Procuradoria-Geral de Contas<\/p><\/td><td><p>2.2.2021<\/p><\/td><td><p>Recomenda ao munic\u00edpio de <strong>Foz do Jord\u00e3o<\/strong>, representado pelo Sr. Francisco Clei da Silva, que adore a medidas expostas na recomenda\u00e7\u00e3o.<\/p><\/td><td><p><a href=\"http:\/\/www.mpc.pr.gov.br\/wp-content\/uploads\/2021\/02\/Recomendacao-Administrativa-no-02-2021.pdf\" target=\"_blank\">Visualizar<\/a><\/p><\/td><\/tr><tr><td><p>1.2021<\/p><\/td><td><p>Procuradoria-Geral de Contas<\/p><\/td><td><p>1.2.2021<\/p><\/td><td><p>Recomenda ao munic\u00edpio de <strong>Rio Azul<\/strong>, representado pelo seu Prefeito, Sr. Leandro Jasinski, para que, caso haja interesse e seja realizada a institui\u00e7\u00e3o de programa de capacita\u00e7\u00e3o profissional no qual haja o custeio de cursos para servidores efetivos, considere adotar as medidas expostas na recomenda\u00e7\u00e3o.<\/p><\/td><td><p><a href=\"http:\/\/www.mpc.pr.gov.br\/wp-content\/uploads\/2021\/02\/Recomendacao-Administrativa-no-01-2021.pdf\" target=\"_blank\">Visualizar<\/a><\/p><\/td><\/tr><tr><td><p>170.2020<\/p><\/td><td><p>Procuradoria-Geral de Contas<\/p><\/td><td><p>10.9.2020<\/p><\/td><td><p>Recomenda munic\u00edpio de <strong>Centen\u00e1rio do Sul<\/strong>, a ado\u00e7\u00e3o das provid\u00eancias que se fizerem necess\u00e1rias, a contar da notifica\u00e7\u00e3o dos termos deste documento, para dar cumprimento \u00e0s disposi\u00e7\u00f5es legais e jurisprud\u00eancias mencionadas, de modo ajustar a conduta administrativa.<\/p><\/td><td><p><a href=\"http:\/\/www.mpc.pr.gov.br\/wp-content\/uploads\/2020\/10\/Recomendacao-Administrativa-no-170-2020-MPC-PR.pdf\" target=\"_blank\">Visualizar<\/a><\/p><\/td><\/tr><tr><td><p>169.2020<\/p><\/td><td><p>Procuradoria-Geral de Contas<\/p><\/td><td><p>10.7.2020<\/p><\/td><td><p>Recomenda ao Prefeito Municipal e Controlador Interno do munic\u00edpio de <strong>Fernandes Pinheiro<\/strong>, para que promovam as adequa\u00e7\u00f5es necess\u00e1rias para aperfei\u00e7oamento da gest\u00e3o p\u00fablica municipal e combate \u00e0 fraude e corrup\u00e7\u00e3o.<\/p><\/td><td><p><a href=\"http:\/\/www.mpc.pr.gov.br\/wp-content\/uploads\/2020\/07\/Recomenda\u00e7\u00e3o-Administrativa-n\u00ba-169-2020-Fernandes-Pinheiro.pdf\" target=\"_blank\">Visualizar<\/a><\/p><\/td><\/tr><tr><td><p>168.2020<\/p><\/td><td><p>Procuradoria-Geral de Contas<\/p><\/td><td><p>10.7.2020<\/p><\/td><td><p>Recomenda ao Prefeito Municipal e Controlador Interno do munic\u00edpio de <strong>Fazenda Rio Grande<\/strong>, para que promovam as adequa\u00e7\u00f5es necess\u00e1rias para aperfei\u00e7oamento da gest\u00e3o p\u00fablica municipal e combate \u00e0 fraude e corrup\u00e7\u00e3o.<\/p><\/td><td><p><a href=\"http:\/\/www.mpc.pr.gov.br\/wp-content\/uploads\/2020\/07\/Recomenda\u00e7\u00e3o-Administrativa-n\u00ba-168-2020-Fazenda-Rio-Grande.pdf\" target=\"_blank\">Visualizar<\/a><\/p><\/td><\/tr><tr><td><p>167.2020<\/p><\/td><td><p>Procuradoria-Geral de Contas<\/p><\/td><td><p>10.7.2020<\/p><\/td><td><p>Recomenda ao Prefeito Municipal e Controlador Interno do munic\u00edpio de <strong>Esperan\u00e7a Nova<\/strong>, para que promovam as adequa\u00e7\u00f5es necess\u00e1rias para aperfei\u00e7oamento da gest\u00e3o p\u00fablica municipal e combate \u00e0 fraude e corrup\u00e7\u00e3o.<\/p><\/td><td><p><a href=\"http:\/\/www.mpc.pr.gov.br\/wp-content\/uploads\/2020\/07\/Recomenda\u00e7\u00e3o-Administrativa-n\u00ba-167-2020-ESPERAN\u00c7A-NOVA.pdf\" target=\"_blank\">Visualizar<\/a><\/p><\/td><\/tr><tr><td><p>166.2020<\/p><\/td><td><p>Procuradoria-Geral de Contas<\/p><\/td><td><p>10.7.2020<\/p><\/td><td><p>Recomenda ao Prefeito Municipal e Controlador Interno do munic\u00edpio de <strong>Entre Rios do Oeste<\/strong>, para que promovam as adequa\u00e7\u00f5es necess\u00e1rias para aperfei\u00e7oamento da gest\u00e3o p\u00fablica municipal e combate \u00e0 fraude e corrup\u00e7\u00e3o.<\/p><\/td><td><p><a href=\"http:\/\/www.mpc.pr.gov.br\/wp-content\/uploads\/2020\/07\/Recomenda\u00e7\u00e3o-Administrativa-n\u00ba-166-2020-ENTRE-RIOS-DO-OESTE.pdf\" target=\"_blank\">Visualizar<\/a><\/p><\/td><\/tr><tr><td><p>165.2020<\/p><\/td><td><p>Procuradoria-Geral de Contas<\/p><\/td><td><p>6.7.2020<\/p><\/td><td><p>Recomenda ao Prefeito Municipal e Controlador Interno do munic\u00edpio de <strong>Engenheiro Beltr\u00e3o<\/strong>, para que promovam as adequa\u00e7\u00f5es necess\u00e1rias para aperfei\u00e7oamento da gest\u00e3o p\u00fablica municipal e combate \u00e0 fraude e corrup\u00e7\u00e3o.<\/p><\/td><td><p><a href=\"http:\/\/www.mpc.pr.gov.br\/wp-content\/uploads\/2020\/07\/Recomenda\u00e7\u00e3o-Administrativa-n\u00ba-165-2020-Engenheiro-Beltr\u00e3o.pdf\" target=\"_blank\">Visualizar<\/a><\/p><\/td><\/tr><tr><td><p>164.2020<\/p><\/td><td><p>Procuradoria-Geral de Contas<\/p><\/td><td><p>6.7.2020<\/p><\/td><td><p>Recomenda ao Prefeito Municipal e Controlador Interno do munic\u00edpio de <strong>Eneas Marques<\/strong>, para que promovam as adequa\u00e7\u00f5es necess\u00e1rias para aperfei\u00e7oamento da gest\u00e3o p\u00fablica municipal e combate \u00e0 fraude e corrup\u00e7\u00e3o.<\/p><\/td><td><p><a href=\"http:\/\/www.mpc.pr.gov.br\/wp-content\/uploads\/2020\/07\/Recomenda\u00e7\u00e3o-Administrativa-n\u00ba-164-2020-Eneas-Marques.pdf\" target=\"_blank\">Visualizar<\/a><\/p><\/td><\/tr><tr><td><p>163.2020<\/p><\/td><td><p>Procuradoria-Geral de Contas<\/p><\/td><td><p>6.7.2020<\/p><\/td><td><p>Recomenda ao Prefeito Municipal e Controlador Interno do munic\u00edpio de <strong>Doutor Camargo<\/strong>, para que promovam as adequa\u00e7\u00f5es necess\u00e1rias para aperfei\u00e7oamento da gest\u00e3o p\u00fablica municipal e combate \u00e0 fraude e corrup\u00e7\u00e3o.<\/p><\/td><td><p><a href=\"http:\/\/www.mpc.pr.gov.br\/wp-content\/uploads\/2020\/07\/Recomenda\u00e7\u00e3o-Administrativa-n\u00ba-163-2020-Doutor-Camargo.pdf\" target=\"_blank\">Visualizar<\/a><\/p><\/td><\/tr><tr><td><p>162.2020<\/p><\/td><td><p>Procuradoria-Geral de Contas<\/p><\/td><td><p>6.7.2020<\/p><\/td><td><p>Recomenda ao Prefeito Municipal e Controlador Interno do munic\u00edpio de <strong>Dois Vizinhos<\/strong>, para que promovam as adequa\u00e7\u00f5es necess\u00e1rias para aperfei\u00e7oamento da gest\u00e3o p\u00fablica municipal e combate \u00e0 fraude e corrup\u00e7\u00e3o.<\/p><\/td><td><p><a href=\"http:\/\/www.mpc.pr.gov.br\/wp-content\/uploads\/2020\/07\/Recomenda\u00e7\u00e3o-Administrativa-n\u00ba-162-2020-Dois-Vizinhos.pdf\" target=\"_blank\">Visualizar<\/a><\/p><\/td><\/tr><tr><td><p>161.2020<\/p><\/td><td><p>Procuradoria-Geral de Contas<\/p><\/td><td><p>6.7.2020<\/p><\/td><td><p>Recomenda ao Prefeito Municipal e Controlador Interno do munic\u00edpio de <strong>Curi\u00fava<\/strong>, para que promovam as adequa\u00e7\u00f5es necess\u00e1rias para aperfei\u00e7oamento da gest\u00e3o p\u00fablica municipal e combate \u00e0 fraude e corrup\u00e7\u00e3o.<\/p><\/td><td><p><a href=\"http:\/\/www.mpc.pr.gov.br\/wp-content\/uploads\/2020\/07\/Recomenda\u00e7\u00e3o-Administrativa-n\u00ba-161-2020-Curi\u00fava.pdf\" target=\"_blank\">Visualizar<\/a><\/p><\/td><\/tr><tr><td><p>160.2020<\/p><\/td><td><p>Procuradoria-Geral de Contas<\/p><\/td><td><p>6.7.2020<\/p><\/td><td><p>Recomenda ao Prefeito Municipal e Controlador Interno do munic\u00edpio de <strong>Curitiba<\/strong>, para que promovam as adequa\u00e7\u00f5es necess\u00e1rias para aperfei\u00e7oamento da gest\u00e3o p\u00fablica municipal e combate \u00e0 fraude e corrup\u00e7\u00e3o.<\/p><\/td><td><p><a href=\"http:\/\/www.mpc.pr.gov.br\/wp-content\/uploads\/2020\/07\/Recomenda\u00e7\u00e3o-Administrativa-n\u00ba-160-2020-Curitiba.pdf\" target=\"_blank\">Visualizar<\/a><\/p><\/td><\/tr><tr><td><p>159.2020<\/p><\/td><td><p>Procuradoria-Geral de Contas<\/p><\/td><td><p>10.7.2020<\/p><\/td><td><p>Recomenda ao Prefeito Municipal e Controlador Interno do munic\u00edpio de <strong>Cruzeiro do Sul<\/strong>, para que promovam as adequa\u00e7\u00f5es necess\u00e1rias para aperfei\u00e7oamento da gest\u00e3o p\u00fablica municipal e combate \u00e0 fraude e corrup\u00e7\u00e3o.<\/p><\/td><td><p><a href=\"http:\/\/www.mpc.pr.gov.br\/wp-content\/uploads\/2020\/07\/Recomenda\u00e7\u00e3o-Administrativa-n\u00ba-159-2020-Cruzeiro-do-Sul.pdf\" target=\"_blank\">Visualizar<\/a><\/p><\/td><\/tr><tr><td><p>158.2020<\/p><\/td><td><p>Procuradoria-Geral de Contas<\/p><\/td><td><p>10.7.2020<\/p><\/td><td><p>Recomenda ao Prefeito Municipal e Controlador Interno do munic\u00edpio de <strong>Cruzeiro do Igua\u00e7u<\/strong>, para que promovam as adequa\u00e7\u00f5es necess\u00e1rias para aperfei\u00e7oamento da gest\u00e3o p\u00fablica municipal e combate \u00e0 fraude e corrup\u00e7\u00e3o.<\/p><\/td><td><p><a href=\"http:\/\/www.mpc.pr.gov.br\/wp-content\/uploads\/2020\/07\/Recomenda\u00e7\u00e3o-Administrativa-n\u00ba-158-2020-Cruzeiro-do-Igua\u00e7u.pdf\" target=\"_blank\">Visualizar<\/a><\/p><\/td><\/tr><tr><td><p>157.2020<\/p><\/td><td><p>Procuradoria-Geral de Contas<\/p><\/td><td><p>10.7.2020<\/p><\/td><td><p>Recomenda ao Prefeito Municipal e Controlador Interno do munic\u00edpio de <strong>Corn\u00e9lio Proc\u00f3pio<\/strong>, para que promovam as adequa\u00e7\u00f5es necess\u00e1rias para aperfei\u00e7oamento da gest\u00e3o p\u00fablica municipal e combate \u00e0 fraude e corrup\u00e7\u00e3o.<\/p><\/td><td><p><a href=\"http:\/\/www.mpc.pr.gov.br\/wp-content\/uploads\/2020\/07\/Recomenda\u00e7\u00e3o-Administrativa-n\u00ba-157-2020-CORN\u00c9LIO-PROC\u00d3PIO.pdf\" target=\"_blank\">Visualizar<\/a><\/p><\/td><\/tr><tr><td><p>156.2020<\/p><\/td><td><p>Procuradoria-Geral de Contas<\/p><\/td><td><p>10.7.2020<\/p><\/td><td><p>Recomenda ao Prefeito Municipal e Controlador Interno do munic\u00edpio de <strong>Congonhinhas<\/strong>, para que promovam as adequa\u00e7\u00f5es necess\u00e1rias para aperfei\u00e7oamento da gest\u00e3o p\u00fablica municipal e combate \u00e0 fraude e corrup\u00e7\u00e3o.<\/p><\/td><td><p><a href=\"http:\/\/www.mpc.pr.gov.br\/wp-content\/uploads\/2020\/07\/Recomenda\u00e7\u00e3o-Administrativa-n\u00ba-156-2020-CONGONHINHAS.pdf\" target=\"_blank\">Visualizar<\/a><\/p><\/td><\/tr><tr><td><p>155.2020<\/p><\/td><td><p>Procuradoria-Geral de Contas<\/p><\/td><td><p>10.7.2020<\/p><\/td><td><p>Recomenda ao Prefeito Municipal e Controlador Interno do munic\u00edpio de <strong>Cianorte<\/strong>, para que promovam as adequa\u00e7\u00f5es necess\u00e1rias para aperfei\u00e7oamento da gest\u00e3o p\u00fablica municipal e combate \u00e0 fraude e corrup\u00e7\u00e3o.<\/p><\/td><td><p><a href=\"http:\/\/www.mpc.pr.gov.br\/wp-content\/uploads\/2020\/07\/Recomenda\u00e7\u00e3o-Administrativa-n\u00ba-155-2020-CIANORTE.pdf\" target=\"_blank\">Visualizar<\/a><\/p><\/td><\/tr><tr><td><p>154.2020<\/p><\/td><td><p>Procuradoria-Geral de Contas<\/p><\/td><td><p>10.7.2020<\/p><\/td><td><p>Recomenda ao Prefeito Municipal e Controlador Interno do munic\u00edpio de <strong>Cerro Azul,<\/strong> para que promovam as adequa\u00e7\u00f5es necess\u00e1rias para aperfei\u00e7oamento da gest\u00e3o p\u00fablica municipal e combate \u00e0 fraude e corrup\u00e7\u00e3o.<\/p><\/td><td><p><a href=\"http:\/\/www.mpc.pr.gov.br\/wp-content\/uploads\/2020\/07\/Recomenda\u00e7\u00e3o-Administrativa-n\u00ba-154-2020-CERRO-AZUL.pdf\" target=\"_blank\">Visualizar<\/a><\/p><\/td><\/tr><tr><td><p>153.2020<\/p><\/td><td><p>Procuradoria-Geral de Contas<\/p><\/td><td><p>24.6.2020<\/p><\/td><td><p>Recomenda ao Prefeito Municipal e Controlador Interno do munic\u00edpio de <strong>Centen\u00e1rio do Sul<\/strong>, para que promovam as adequa\u00e7\u00f5es necess\u00e1rias para aperfei\u00e7oamento da gest\u00e3o p\u00fablica municipal e combate \u00e0 fraude e corrup\u00e7\u00e3o.<\/p><\/td><td><p><a href=\"http:\/\/www.mpc.pr.gov.br\/wp-content\/uploads\/2020\/07\/Recomenda\u00e7\u00e3o-Administrativa-n\u00ba-153-2020-Centen\u00e1rio-do-Sul.pdf\" target=\"_blank\">Visualizar<\/a><\/p><\/td><\/tr><tr><td><p>152.2020<\/p><\/td><td><p>Procuradoria-Geral de Contas<\/p><\/td><td><p>24.6.2020<\/p><\/td><td><p>Recomenda ao Prefeito Municipal e Controlador Interno do munic\u00edpio de <strong>Cascavel<\/strong>, para que promovam as adequa\u00e7\u00f5es necess\u00e1rias para aperfei\u00e7oamento da gest\u00e3o p\u00fablica municipal e combate \u00e0 fraude e corrup\u00e7\u00e3o.<\/p><\/td><td><p><a href=\"http:\/\/www.mpc.pr.gov.br\/wp-content\/uploads\/2020\/07\/Recomenda\u00e7\u00e3o-Administrativa-n\u00ba-152-2020-Cascavel.pdf\" target=\"_blank\">Visualizar<\/a><\/p><\/td><\/tr><tr><td><p>151.2020<\/p><\/td><td><p>Procuradoria-Geral de Contas<\/p><\/td><td><p>24.6.2020<\/p><\/td><td><p>Recomenda ao Prefeito Municipal e Controlador Interno do munic\u00edpio de <strong>Campo Magro<\/strong>, para que promovam as adequa\u00e7\u00f5es necess\u00e1rias para aperfei\u00e7oamento da gest\u00e3o p\u00fablica municipal e combate \u00e0 fraude e corrup\u00e7\u00e3o.<\/p><\/td><td><p><a href=\"http:\/\/www.mpc.pr.gov.br\/wp-content\/uploads\/2020\/07\/Recomenda\u00e7\u00e3o-Administrativa-n\u00ba-151-2020-Campo-Magro.pdf\" target=\"_blank\">Visualizar<\/a><\/p><\/td><\/tr><tr><td><p>150.2020<\/p><\/td><td><p>Procuradoria-Geral de Contas<\/p><\/td><td><p>24.6.2020<\/p><\/td><td><p>Recomenda ao Prefeito Municipal e Controlador Interno do munic\u00edpio de <strong>Campo Largo<\/strong>, para que promovam as adequa\u00e7\u00f5es necess\u00e1rias para aperfei\u00e7oamento da gest\u00e3o p\u00fablica municipal e combate \u00e0 fraude e corrup\u00e7\u00e3o.<\/p><\/td><td><p><a href=\"http:\/\/www.mpc.pr.gov.br\/wp-content\/uploads\/2020\/07\/Recomenda\u00e7\u00e3o-Administrativa-n\u00ba-150-2020-Campo-Largo.pdf\" target=\"_blank\">Visualizar<\/a><\/p><\/td><\/tr><tr><td><p>149.2020<\/p><\/td><td><p>Procuradoria-Geral de Contas<\/p><\/td><td><p>24.6.2020<\/p><\/td><td><p>Recomenda ao Prefeito Municipal e Controlador Interno do munic\u00edpio de <strong>Campo Bonito<\/strong>, para que promovam as adequa\u00e7\u00f5es necess\u00e1rias para aperfei\u00e7oamento da gest\u00e3o p\u00fablica municipal e combate \u00e0 fraude e corrup\u00e7\u00e3o.<\/p><\/td><td><p><a href=\"http:\/\/www.mpc.pr.gov.br\/wp-content\/uploads\/2020\/07\/Recomenda\u00e7\u00e3o-Administrativa-n\u00ba-149-2020-campo-bonito.pdf\" target=\"_blank\">Visualizar<\/a><\/p><\/td><\/tr><tr><td><p>148.2020<\/p><\/td><td><p>Procuradoria-Geral de Contas<\/p><\/td><td><p>24.6.2020<\/p><\/td><td><p>Recomenda ao Prefeito Municipal e Controlador Interno do munic\u00edpio de <strong>Calif\u00f3rnia<\/strong>, para que promovam as adequa\u00e7\u00f5es necess\u00e1rias para aperfei\u00e7oamento da gest\u00e3o p\u00fablica municipal e combate \u00e0 fraude e corrup\u00e7\u00e3o.<\/p><\/td><td><p><a href=\"http:\/\/www.mpc.pr.gov.br\/wp-content\/uploads\/2020\/07\/Recomenda\u00e7\u00e3o-Administrativa-n\u00ba-148-2020-calif\u00f3rnia.pdf4\" target=\"_blank\">Visualizar<\/a><\/p><\/td><\/tr><tr><td><p>147.2020<\/p><\/td><td><p>Procuradoria-Geral de Contas<\/p><\/td><td><p>18.6.2020<\/p><\/td><td><p>Recomenda ao Prefeito Municipal e Controlador Interno do munic\u00edpio de <strong>Cafel\u00e2ndia<\/strong>, para que promovam as adequa\u00e7\u00f5es necess\u00e1rias para aperfei\u00e7oamento da gest\u00e3o p\u00fablica municipal e combate \u00e0 fraude e corrup\u00e7\u00e3o.<\/p><\/td><td><p><a href=\"http:\/\/www.mpc.pr.gov.br\/wp-content\/uploads\/2020\/07\/Recomenda\u00e7\u00e3o-Administrativa-n\u00ba-147-2020-cafelandia.pdf\" target=\"_blank\">Visualizar<\/a><\/p><\/td><\/tr><tr><td><p>146.2020<\/p><\/td><td><p>Procuradoria-Geral de Contas<\/p><\/td><td><p>18.6.2020<\/p><\/td><td><p>Recomenda ao Prefeito Municipal e Controlador Interno do munic\u00edpio de <strong>Cafeara<\/strong>, para que promovam as adequa\u00e7\u00f5es necess\u00e1rias para aperfei\u00e7oamento da gest\u00e3o p\u00fablica municipal e combate \u00e0 fraude e corrup\u00e7\u00e3o.<\/p><\/td><td><p><a href=\"http:\/\/www.mpc.pr.gov.br\/wp-content\/uploads\/2020\/07\/Recomenda\u00e7\u00e3o-Administrativa-n\u00ba-146-2020-cafeara.pdf\" target=\"_blank\">Visualizar<\/a><\/p><\/td><\/tr><tr><td><p>145.2020<\/p><\/td><td><p>Procuradoria-Geral de Contas<\/p><\/td><td><p>18.6.2020<\/p><\/td><td><p>Recomenda ao Prefeito Municipal e Controlador Interno do munic\u00edpio de <strong>Boacai\u00fava do Sul<\/strong>, para que promovam as adequa\u00e7\u00f5es necess\u00e1rias para aperfei\u00e7oamento da gest\u00e3o p\u00fablica municipal e combate \u00e0 fraude e corrup\u00e7\u00e3o.<\/p><\/td><td><p><a href=\"http:\/\/www.mpc.pr.gov.br\/wp-content\/uploads\/2020\/07\/Recomenda\u00e7\u00e3o-Administrativa-n\u00ba-145-2020-bocaiuva-do-sul.pdf\" target=\"_blank\">Visualizar<\/a><\/p><\/td><\/tr><tr><td><p>144.2020<\/p><\/td><td><p>Procuradoria-Geral de Contas<\/p><\/td><td><p>18.6.2020<\/p><\/td><td><p>Recomenda ao Prefeito Municipal e Controlador Interno do munic\u00edpio de <strong>Boa Ventura do S\u00e3o Roque<\/strong>, para que promovam as adequa\u00e7\u00f5es necess\u00e1rias para aperfei\u00e7oamento da gest\u00e3o p\u00fablica municipal e combate \u00e0 fraude e corrup\u00e7\u00e3o.<\/p><\/td><td><p><a href=\"http:\/\/www.mpc.pr.gov.br\/wp-content\/uploads\/2020\/07\/Recomenda\u00e7\u00e3o-Administrativa-n\u00ba-144-2020-boa-ventura-de-s\u00e3o-roque.pdf\" target=\"_blank\">Visualizar<\/a><\/p><\/td><\/tr><tr><td><p>143.2020<\/p><\/td><td><p>Procuradoria-Geral de Contas<\/p><\/td><td><p>18.6.2020<\/p><\/td><td><p>Recomenda ao Prefeito Municipal e Controlador Interno do munic\u00edpio de <strong>Astorga<\/strong>, para que promovam as adequa\u00e7\u00f5es necess\u00e1rias para aperfei\u00e7oamento da gest\u00e3o p\u00fablica municipal e combate \u00e0 fraude e corrup\u00e7\u00e3o.<\/p><\/td><td><p><a href=\"http:\/\/www.mpc.pr.gov.br\/wp-content\/uploads\/2020\/07\/Recomenda\u00e7\u00e3o-Administrativa-n\u00ba-143-2020-astorga.pdf\" target=\"_blank\">Visualizar<\/a><\/p><\/td><\/tr><tr><td><p>142.2020<\/p><\/td><td><p>Procuradoria-Geral de Contas<\/p><\/td><td><p>18.6.2020<\/p><\/td><td><p>Recomenda ao Prefeito Municipal e Controlador Interno do munic\u00edpio de <strong>Mandagua\u00e7u<\/strong>, para que promovam as adequa\u00e7\u00f5es necess\u00e1rias para aperfei\u00e7oamento da gest\u00e3o p\u00fablica municipal e combate \u00e0 fraude e corrup\u00e7\u00e3o.<\/p><\/td><td><p><a href=\"http:\/\/www.mpc.pr.gov.br\/wp-content\/uploads\/2020\/07\/Recomenda\u00e7\u00e3o-Administrativa-n\u00ba-142-2020-mandagua\u00e7u.pdf\" target=\"_blank\">Visualizar<\/a><\/p><\/td><\/tr><tr><td><p>141.2020<\/p><\/td><td><p>Procuradoria-Geral de Contas<\/p><\/td><td><p>9.6.2020<\/p><\/td><td><p>Recomenda ao Prefeito Municipal e Controlador Interno do munic\u00edpio de <strong>Assis Chateaubriand<\/strong>, para que promovam as adequa\u00e7\u00f5es necess\u00e1rias para aperfei\u00e7oamento da gest\u00e3o p\u00fablica municipal e combate \u00e0 fraude e corrup\u00e7\u00e3o.<\/p><\/td><td><p><a href=\"http:\/\/www.mpc.pr.gov.br\/wp-content\/uploads\/2020\/07\/Recomenda\u00e7\u00e3o-Administrativa-n\u00ba-141-2020-assis-chateaubriand.pdf\" target=\"_blank\">Visualizar<\/a><\/p><\/td><\/tr><tr><td><p>140.2020<\/p><\/td><td><p>Procuradoria-Geral de Contas<\/p><\/td><td><p>9.6.2020<\/p><\/td><td><p>Recomenda ao Prefeito Municipal e Controlador Interno do munic\u00edpio de <strong>Amapor\u00e3<\/strong>, para que promovam as adequa\u00e7\u00f5es necess\u00e1rias para aperfei\u00e7oamento da gest\u00e3o p\u00fablica municipal e combate \u00e0 fraude e corrup\u00e7\u00e3o.<\/p><\/td><td><p><a href=\"http:\/\/www.mpc.pr.gov.br\/wp-content\/uploads\/2020\/07\/Recomenda\u00e7\u00e3o-Administrativa-n\u00ba-140-2020-amapor\u00e3.pdf\" target=\"_blank\">Visualizar<\/a><\/p><\/td><\/tr><tr><td><p>139.2020<\/p><\/td><td><p>Procuradoria-Geral de Contas<\/p><\/td><td><p>9.6.2020<\/p><\/td><td><p>Recomenda ao Prefeito Municipal e Controlador Interno do munic\u00edpio de <strong>Alto Piquiri<\/strong>, para que promovam as adequa\u00e7\u00f5es necess\u00e1rias para aperfei\u00e7oamento da gest\u00e3o p\u00fablica municipal e combate \u00e0 fraude e corrup\u00e7\u00e3o.<\/p><\/td><td><p><a href=\"http:\/\/www.mpc.pr.gov.br\/wp-content\/uploads\/2020\/07\/Recomenda\u00e7\u00e3o-Administrativa-n\u00ba-139-2020-alto-piquiri.pdf\" target=\"_blank\">Visualizar<\/a><\/p><\/td><\/tr><tr><td><p>138.2020<\/p><\/td><td><p>Procuradoria-Geral de Contas<\/p><\/td><td><p>9.6.2020<\/p><\/td><td><p>Recomenda ao Prefeito Municipal e Controlador Interno do munic\u00edpio de <strong>Altamira do Paran\u00e1<\/strong>, para que promovam as adequa\u00e7\u00f5es necess\u00e1rias para aperfei\u00e7oamento da gest\u00e3o p\u00fablica municipal e combate \u00e0 fraude e corrup\u00e7\u00e3o.<\/p><\/td><td><p><a href=\"http:\/\/www.mpc.pr.gov.br\/wp-content\/uploads\/2020\/07\/Recomenda\u00e7\u00e3o-Administrativa-n\u00ba-138-2020-altamira-do-parana.pdf\" target=\"_blank\">Visualizar<\/a><\/p><\/td><\/tr><tr><td><p>137.2020<\/p><\/td><td><p>Procuradoria-Geral de Contas<\/p><\/td><td><p>9.6.2020<\/p><\/td><td><p>Recomenda ao Prefeito Municipal e Controlador Interno do munic\u00edpio de <strong>Agudos do Sul<\/strong>, para que promovam as adequa\u00e7\u00f5es necess\u00e1rias para aperfei\u00e7oamento da gest\u00e3o p\u00fablica municipal e combate \u00e0 fraude e corrup\u00e7\u00e3o.<\/p><\/td><td><p><a href=\"http:\/\/www.mpc.pr.gov.br\/wp-content\/uploads\/2020\/07\/Recomenda\u00e7\u00e3o-Administrativa-n\u00ba-137-2020-agudos-do-sul.pdf\" target=\"_blank\">Visualizar<\/a><\/p><\/td><\/tr><tr><td><p>136.2020<\/p><\/td><td><p>Procuradoria-Geral de Contas<\/p><\/td><td><p>9.6.2020<\/p><\/td><td><p>Recomenda ao Prefeito Municipal e Controlador Interno do munic\u00edpio de <strong>Adrian\u00f3polis<\/strong>, para que promovam as adequa\u00e7\u00f5es necess\u00e1rias para aperfei\u00e7oamento da gest\u00e3o p\u00fablica municipal e combate \u00e0 fraude e corrup\u00e7\u00e3o.<\/p><\/td><td><p><a href=\"http:\/\/www.mpc.pr.gov.br\/wp-content\/uploads\/2020\/07\/Recomenda\u00e7\u00e3o-Administrativa-n\u00ba-136-2020-adrian\u00f3polis.pdf\" target=\"_blank\">Visualizar<\/a><\/p><\/td><\/tr><tr><td><p>135.2020<\/p><\/td><td><p>Procuradoria-Geral de Contas<\/p><\/td><td><p>4.6.2020<\/p><\/td><td><p>Recomenda aos <strong>munic\u00edpios do Estado do Paran\u00e1<\/strong>, representados pelos seus Prefeitos Municipais, e aos Controladores Internos, para que, nas a\u00e7\u00f5es relacionadas ao combate \u00e0 pandemia da COVID-19, considerem adotar medidas de transpar\u00eancia.<\/p><\/td><td><p><a href=\"http:\/\/www.mpc.pr.gov.br\/wp-content\/uploads\/2020\/07\/Recomenda\u00e7\u00e3o-Administrativa-n\u00ba-135-2020.pdf\" target=\"_blank\">Visualizar<\/a><\/p><\/td><\/tr><tr><td><p>134.2020<\/p><\/td><td><p>Procuradoria-Geral de Contas<\/p><\/td><td><p>4.6.2020<\/p><\/td><td><p>Recomenda ao Prefeito Municipal e Controlador Interno do munic\u00edpio de <strong>Xambr\u00ea<\/strong>, para que promovam as adequa\u00e7\u00f5es necess\u00e1rias para aperfei\u00e7oamento da gest\u00e3o p\u00fablica municipal e combate \u00e0 fraude e corrup\u00e7\u00e3o.<\/p><\/td><td><p><a href=\"http:\/\/www.mpc.pr.gov.br\/wp-content\/uploads\/2020\/07\/Recomenda\u00e7\u00e3o-Administrativa-n\u00ba-134-2020-XAMBR\u00ca.pdf\" target=\"_blank\">Visualizar<\/a><\/p><\/td><\/tr><tr><td><p>133.2020<\/p><\/td><td><p>Procuradoria-Geral de Contas<\/p><\/td><td><p>4.6.2020<\/p><\/td><td><p>Recomenda ao Prefeito Municipal e Controlador Interno do munic\u00edpio de <strong>Ura\u00ed<\/strong>, para que promovam as adequa\u00e7\u00f5es necess\u00e1rias para aperfei\u00e7oamento da gest\u00e3o p\u00fablica municipal e combate \u00e0 fraude e corrup\u00e7\u00e3o.<\/p><\/td><td><p><a href=\"http:\/\/www.mpc.pr.gov.br\/wp-content\/uploads\/2020\/07\/Recomenda\u00e7\u00e3o-Administrativa-n\u00ba-133-2020-URA\u00cd.pdf\" target=\"_blank\">Visualizar<\/a><\/p><\/td><\/tr><tr><td><p>132.2020<\/p><\/td><td><p>Procuradoria-Geral de Contas<\/p><\/td><td><p>4.6.2020<\/p><\/td><td><p>Recomenda ao Prefeito Municipal e Controlador Interno do munic\u00edpio de <strong>Uniflor<\/strong>, para que promovam as adequa\u00e7\u00f5es necess\u00e1rias para aperfei\u00e7oamento da gest\u00e3o p\u00fablica municipal e combate \u00e0 fraude e corrup\u00e7\u00e3o.<\/p><\/td><td><p><a href=\"http:\/\/www.mpc.pr.gov.br\/wp-content\/uploads\/2020\/07\/Recomenda\u00e7\u00e3o-Administrativa-n\u00ba-132-2020-UNIFLOR.pdf\" target=\"_blank\">Visualizar<\/a><\/p><\/td><\/tr><tr><td><p>131.2020<\/p><\/td><td><p>Procuradoria-Geral de Contas<\/p><\/td><td><p>4.6.2020<\/p><\/td><td><p>Recomenda ao Prefeito Municipal e Controlador Interno do munic\u00edpio de <strong>Tibagi<\/strong>, para que promovam as adequa\u00e7\u00f5es necess\u00e1rias para aperfei\u00e7oamento da gest\u00e3o p\u00fablica municipal e combate \u00e0 fraude e corrup\u00e7\u00e3o.<\/p><\/td><td><p><a href=\"http:\/\/www.mpc.pr.gov.br\/wp-content\/uploads\/2020\/07\/Recomenda\u00e7\u00e3o-Administrativa-n\u00ba-131-2020-TIBAGI.pdf\" target=\"_blank\">Visualizar<\/a><\/p><\/td><\/tr><tr><td><p>130.2020<\/p><\/td><td><p>Procuradoria-Geral de Contas<\/p><\/td><td><p>4.6.2020<\/p><\/td><td><p>Recomenda ao Prefeito Municipal e Controlador Interno do munic\u00edpio de <strong>Tel\u00eamaco Borba<\/strong>, para que promovam as adequa\u00e7\u00f5es necess\u00e1rias para aperfei\u00e7oamento da gest\u00e3o p\u00fablica municipal e combate \u00e0 fraude e corrup\u00e7\u00e3o.<\/p><\/td><td><p><a href=\"http:\/\/www.mpc.pr.gov.br\/wp-content\/uploads\/2020\/07\/Recomenda\u00e7\u00e3o-Administrativa-n\u00ba-130-2020-TEL\u00caMACO-BORBA.pdf\" target=\"_blank\">Visualizar<\/a><\/p><\/td><\/tr><tr><td><p>129.2020<\/p><\/td><td><p>Procuradoria-Geral de Contas<\/p><\/td><td><p>20.5.2020<\/p><\/td><td><p>Recomenda ao Prefeito Municipal e Controlador Interno do munic\u00edpio de <strong>Tamboara<\/strong>, para que promovam as adequa\u00e7\u00f5es necess\u00e1rias para aperfei\u00e7oamento da gest\u00e3o p\u00fablica municipal e combate \u00e0 fraude e corrup\u00e7\u00e3o.<\/p><\/td><td><p><a href=\"http:\/\/www.mpc.pr.gov.br\/wp-content\/uploads\/2020\/07\/Recomenda\u00e7\u00e3o-Administrativa-n\u00ba-129-2020-TAMBOARA.pdf\" target=\"_blank\">Visualizar<\/a><\/p><\/td><\/tr><tr><td><p>128.2020<\/p><\/td><td><p>Procuradoria-Geral de Contas<\/p><\/td><td><p>20.5.2020<\/p><\/td><td><p>Recomenda ao Prefeito Municipal e Controlador Interno do munic\u00edpio de <strong>Tamarana<\/strong>, para que promovam as adequa\u00e7\u00f5es necess\u00e1rias para aperfei\u00e7oamento da gest\u00e3o p\u00fablica municipal e combate \u00e0 fraude e corrup\u00e7\u00e3o.<\/p><\/td><td><p><a href=\"http:\/\/www.mpc.pr.gov.br\/wp-content\/uploads\/2020\/07\/Recomenda\u00e7\u00e3o-Administrativa-n\u00ba-128-2020-TAMARANA.pdf\" target=\"_blank\">Visualizar<\/a><\/p><\/td><\/tr><tr><td><p>127.2020<\/p><\/td><td><p>Procuradoria-Geral de Contas<\/p><\/td><td><p>20.5.2020<\/p><\/td><td><p>Recomenda ao Prefeito Municipal e Controlador Interno do munic\u00edpio de <strong>Sulina<\/strong>, para que promovam as adequa\u00e7\u00f5es necess\u00e1rias para aperfei\u00e7oamento da gest\u00e3o p\u00fablica municipal e combate \u00e0 fraude e corrup\u00e7\u00e3o.<\/p><\/td><td><p><a href=\"http:\/\/www.mpc.pr.gov.br\/wp-content\/uploads\/2020\/07\/Recomenda\u00e7\u00e3o-Administrativa-n\u00ba-127-2020-SULINA.pdf\" target=\"_blank\">Visualizar<\/a><\/p><\/td><\/tr><tr><td><p>126.2020<\/p><\/td><td><p>Procuradoria-Geral de Contas<\/p><\/td><td><p>20.5.2020<\/p><\/td><td><p>Recomenda ao Prefeito Municipal e Controlador Interno do munic\u00edpio de <strong>S\u00e3o Sebasti\u00e3o da Amoreira<\/strong>, para que promovam as adequa\u00e7\u00f5es necess\u00e1rias para aperfei\u00e7oamento da gest\u00e3o p\u00fablica municipal e combate \u00e0 fraude e corrup\u00e7\u00e3o.<\/p><\/td><td><p><a href=\"http:\/\/www.mpc.pr.gov.br\/wp-content\/uploads\/2020\/07\/Recomenda\u00e7\u00e3o-Administrativa-n\u00ba-126-2020-S-SEBASTI\u00c3O-DA-AMOREIRA.pdf\" target=\"_blank\">Visualizar<\/a><\/p><\/td><\/tr><tr><td><p>125.2020<\/p><\/td><td><p>Procuradoria-Geral de Contas<\/p><\/td><td><p>20.5.2020<\/p><\/td><td><p>Recomenda ao Prefeito Municipal e Controlador Interno do munic\u00edpio de <strong>S\u00e3o Pedro do Paran\u00e1<\/strong>, para que promovam as adequa\u00e7\u00f5es necess\u00e1rias para aperfei\u00e7oamento da gest\u00e3o p\u00fablica municipal e combate \u00e0 fraude e corrup\u00e7\u00e3o.<\/p><\/td><td><p><a href=\"http:\/\/www.mpc.pr.gov.br\/wp-content\/uploads\/2020\/07\/Recomenda\u00e7\u00e3o-Administrativa-n\u00ba-125-2020-S-PEDRO-DO-PARAN\u00c1.pdf\" target=\"_blank\">Visualizar<\/a><\/p><\/td><\/tr><tr><td><p>124.2020<\/p><\/td><td><p>Procuradoria-Geral de Contas<\/p><\/td><td><p>20.5.2020<\/p><\/td><td><p>Recomenda ao Prefeito Municipal e Controlador Interno do munic\u00edpio de <strong>S\u00e3o Jorge do Patroc\u00ednio<\/strong>, para que promovam as adequa\u00e7\u00f5es necess\u00e1rias para aperfei\u00e7oamento da gest\u00e3o p\u00fablica municipal e combate \u00e0 fraude e corrup\u00e7\u00e3o.<\/p><\/td><td><p><a href=\"http:\/\/www.mpc.pr.gov.br\/wp-content\/uploads\/2020\/07\/Recomenda\u00e7\u00e3o-Administrativa-n\u00ba-124-2020-S-JORGE-DO-PATROC\u00cdNIO.pdf\" target=\"_blank\">Visualizar<\/a><\/p><\/td><\/tr><tr><td><p>123.2020<\/p><\/td><td><p>Procuradoria-Geral de Contas<\/p><\/td><td><p>15.5.2020<\/p><\/td><td><p>Recomenda ao Prefeito Municipal e Controlador Interno do munic\u00edpio de <strong>S\u00e3o Jo\u00e3o<\/strong>, para que promovam as adequa\u00e7\u00f5es necess\u00e1rias para aperfei\u00e7oamento da gest\u00e3o p\u00fablica municipal e combate \u00e0 fraude e corrup\u00e7\u00e3o.<\/p><\/td><td><p><a href=\"http:\/\/www.mpc.pr.gov.br\/wp-content\/uploads\/2020\/07\/Recomenda\u00e7\u00e3o-Administrativa-n\u00ba-123-2020-S\u00c3O-JO\u00c3O.pdf\" target=\"_blank\">Visualizar<\/a><\/p><\/td><\/tr><tr><td><p>122.2020<\/p><\/td><td><p>Procuradoria-Geral de Contas<\/p><\/td><td><p>15.5.2020<\/p><\/td><td><p>Recomenda ao Prefeito Municipal e Controlador Interno do munic\u00edpio de <strong>S\u00e3o Jo\u00e3o do Triunfo<\/strong>, para que promovam as adequa\u00e7\u00f5es necess\u00e1rias para aperfei\u00e7oamento da gest\u00e3o p\u00fablica municipal e combate \u00e0 fraude e corrup\u00e7\u00e3o.<\/p><\/td><td><p><a href=\"http:\/\/www.mpc.pr.gov.br\/wp-content\/uploads\/2020\/07\/Recomenda\u00e7\u00e3o-Administrativa-n\u00ba-122-2020-S\u00c3O-JO\u00c3O-DO-TRIUNFO.pdf\" target=\"_blank\">Visualizar<\/a><\/p><\/td><\/tr><tr><td><p>121.2020<\/p><\/td><td><p>Procuradoria-Geral de Contas<\/p><\/td><td><p>15.5.2020<\/p><\/td><td><p>Recomenda ao Prefeito Municipal e Controlador Interno do munic\u00edpio de <strong>Santa Terezinha do Itaipu<\/strong>, para que promovam as adequa\u00e7\u00f5es necess\u00e1rias para aperfei\u00e7oamento da gest\u00e3o p\u00fablica municipal e combate \u00e0 fraude e corrup\u00e7\u00e3o.<\/p><\/td><td><p><a href=\"http:\/\/www.mpc.pr.gov.br\/wp-content\/uploads\/2020\/07\/Recomenda\u00e7\u00e3o-Administrativa-n\u00ba-121-2020-ST.-TEREZINHA-DE-ITAIPU.pdf\" target=\"_blank\">Visualizar<\/a><\/p><\/td><\/tr><tr><td><p>120.2020<\/p><\/td><td><p>Procuradoria-Geral de Contas<\/p><\/td><td><p>15.5.2020<\/p><\/td><td><p>Recomenda ao Prefeito Municipal e Controlador Interno do munic\u00edpio de <strong>Santa M\u00f4nica<\/strong>, para que promovam as adequa\u00e7\u00f5es necess\u00e1rias para aperfei\u00e7oamento da gest\u00e3o p\u00fablica municipal e combate \u00e0 fraude e corrup\u00e7\u00e3o.<\/p><\/td><td><p><a href=\"http:\/\/www.mpc.pr.gov.br\/wp-content\/uploads\/2020\/07\/Recomenda\u00e7\u00e3o-Administrativa-n\u00ba-120-2020-SANTA-M\u00d4NICA.pdf\" target=\"_blank\">Visualizar<\/a><\/p><\/td><\/tr><tr><td><p>119.2020<\/p><\/td><td><p>Procuradoria-Geral de Contas<\/p><\/td><td><p>15.5.2020<\/p><\/td><td><p>Recomenda ao Prefeito Municipal e Controlador Interno do munic\u00edpio de <strong>Roncador<\/strong>, para que promovam as adequa\u00e7\u00f5es necess\u00e1rias para aperfei\u00e7oamento da gest\u00e3o p\u00fablica municipal e combate \u00e0 fraude e corrup\u00e7\u00e3o.<\/p><\/td><td><p><a href=\"http:\/\/www.mpc.pr.gov.br\/wp-content\/uploads\/2020\/07\/Recomenda\u00e7\u00e3o-Administrativa-n\u00ba-119-2020-RONCADOR.pdf\" target=\"_blank\">Visualizar<\/a><\/p><\/td><\/tr><tr><td><p>118.2020<\/p><\/td><td><p>Procuradoria-Geral de Contas<\/p><\/td><td><p>15.5.2020<\/p><\/td><td><p>Recomenda ao Prefeito Municipal e Controlador Interno do munic\u00edpio de <strong>Rio Azul<\/strong>, para que promovam as adequa\u00e7\u00f5es necess\u00e1rias para aperfei\u00e7oamento da gest\u00e3o p\u00fablica municipal e combate \u00e0 fraude e corrup\u00e7\u00e3o.<\/p><\/td><td><p><a href=\"http:\/\/www.mpc.pr.gov.br\/wp-content\/uploads\/2020\/07\/Recomenda\u00e7\u00e3o-Administrativa-n\u00ba-118-2020-RIO-AZUL.pdf\" target=\"_blank\">Visualizar<\/a><\/p><\/td><\/tr><tr><td><p>117.2020<\/p><\/td><td><p>Procuradoria-Geral de Contas<\/p><\/td><td><p>14.5.2020<\/p><\/td><td><p>Recomenda ao Prefeito Municipal e Controlador Interno do munic\u00edpio de <strong>Ribeir\u00e3o do Pinhal<\/strong>, para que promovam as adequa\u00e7\u00f5es necess\u00e1rias para aperfei\u00e7oamento da gest\u00e3o p\u00fablica municipal e combate \u00e0 fraude e corrup\u00e7\u00e3o.<\/p><\/td><td><p><a href=\"http:\/\/www.mpc.pr.gov.br\/wp-content\/uploads\/2020\/07\/Recomenda\u00e7\u00e3o-Administrativa-n\u00ba-117-2020-RIBEIR\u00c3O-DO-PINHAL.pdf\" target=\"_blank\">Visualizar<\/a><\/p><\/td><\/tr><tr><td><p>116.2020<\/p><\/td><td><p>Procuradoria-Geral de Contas<\/p><\/td><td><p>14.5.2020<\/p><\/td><td><p>Recomenda ao Prefeito Municipal e Controlador Interno do munic\u00edpio de <strong>Quatigu\u00e1<\/strong>, para que promovam as adequa\u00e7\u00f5es necess\u00e1rias para aperfei\u00e7oamento da gest\u00e3o p\u00fablica municipal e combate \u00e0 fraude e corrup\u00e7\u00e3o.<\/p><\/td><td><p><a href=\"http:\/\/www.mpc.pr.gov.br\/wp-content\/uploads\/2020\/07\/Recomenda\u00e7\u00e3o-Administrativa-n\u00ba-116-2020-QUATIGU\u00c1.pdf\" target=\"_blank\">Visualizar<\/a><\/p><\/td><\/tr><tr><td><p>115.2020<\/p><\/td><td><p>Procuradoria-Geral de Contas<\/p><\/td><td><p>14.5.2020<\/p><\/td><td><p>Recomenda ao Prefeito Municipal e Controlador Interno do munic\u00edpio de <strong>Porecatu<\/strong>, para que promovam as adequa\u00e7\u00f5es necess\u00e1rias para aperfei\u00e7oamento da gest\u00e3o p\u00fablica municipal e combate \u00e0 fraude e corrup\u00e7\u00e3o.<\/p><\/td><td><p><a href=\"http:\/\/www.mpc.pr.gov.br\/wp-content\/uploads\/2020\/07\/Recomenda\u00e7\u00e3o-Administrativa-n\u00ba-115-2020-PORECATU.pdf\" target=\"_blank\">Visualizar<\/a><\/p><\/td><\/tr><tr><td><p>114.2020<\/p><\/td><td><p>Procuradoria-Geral de Contas<\/p><\/td><td><p>14.5.2020<\/p><\/td><td><p>Recomenda ao Prefeito Municipal e Controlador Interno do munic\u00edpio de <strong>Pitanga<\/strong>, para que promovam as adequa\u00e7\u00f5es necess\u00e1rias para aperfei\u00e7oamento da gest\u00e3o p\u00fablica municipal e combate \u00e0 fraude e corrup\u00e7\u00e3o.<\/p><\/td><td><p><a href=\"http:\/\/www.mpc.pr.gov.br\/wp-content\/uploads\/2020\/07\/Recomenda\u00e7\u00e3o-Administrativa-n\u00ba-114-2020-PITANGA.pdf\" target=\"_blank\">Visualizar<\/a><\/p><\/td><\/tr><tr><td><p>113.2020<\/p><\/td><td><p>Procuradoria-Geral de Contas<\/p><\/td><td><p>14.5.2020<\/p><\/td><td><p>Recomenda ao Prefeito Municipal e Controlador Interno do munic\u00edpio de <strong>Piraquara<\/strong>, para que promovam as adequa\u00e7\u00f5es necess\u00e1rias para aperfei\u00e7oamento da gest\u00e3o p\u00fablica municipal e combate \u00e0 fraude e corrup\u00e7\u00e3o.<\/p><\/td><td><p><a href=\"http:\/\/www.mpc.pr.gov.br\/wp-content\/uploads\/2020\/07\/Recomenda\u00e7\u00e3o-Administrativa-n\u00ba-113-2020-PIRAQUARA.pdf\" target=\"_blank\">Visualizar<\/a><\/p><\/td><\/tr><tr><td><p>112.2020<\/p><\/td><td><p>Procuradoria-Geral de Contas<\/p><\/td><td><p>14.5.2020<\/p><\/td><td><p>Recomenda ao Prefeito Municipal e Controlador Interno do munic\u00edpio de <strong>Pira\u00ed do Sul<\/strong>, para que promovam as adequa\u00e7\u00f5es necess\u00e1rias para aperfei\u00e7oamento da gest\u00e3o p\u00fablica municipal e combate \u00e0 fraude e corrup\u00e7\u00e3o.<\/p><\/td><td><p><a href=\"http:\/\/www.mpc.pr.gov.br\/wp-content\/uploads\/2020\/07\/Recomenda\u00e7\u00e3o-Administrativa-n\u00ba-112-2020-PIRA\u00cd-DO-SUL.pdf\" target=\"_blank\">Visualizar<\/a><\/p><\/td><\/tr><tr><td><p>111.2020<\/p><\/td><td><p>Procuradoria-Geral de Contas<\/p><\/td><td><p>12.5.2020<\/p><\/td><td><p>Recomenda ao Prefeito Municipal e Controlador Interno do munic\u00edpio de <strong>Pinh\u00e3o<\/strong>, para que promovam as adequa\u00e7\u00f5es necess\u00e1rias para aperfei\u00e7oamento da gest\u00e3o p\u00fablica municipal e combate \u00e0 fraude e corrup\u00e7\u00e3o.<\/p><\/td><td><p><a href=\"http:\/\/www.mpc.pr.gov.br\/wp-content\/uploads\/2020\/07\/Recomenda\u00e7\u00e3o-Administrativa-n\u00ba-111-2020-PINH\u00c3O.pdf\" target=\"_blank\">Visualizar<\/a><\/p><\/td><\/tr><tr><td><p>110.2020<\/p><\/td><td><p>Procuradoria-Geral de Contas<\/p><\/td><td><p>12.5.2020<\/p><\/td><td><p>Recomenda ao Prefeito Municipal e Controlador Interno do munic\u00edpio de <strong>P\u00e9rola d'Oeste<\/strong>, para que promovam as adequa\u00e7\u00f5es necess\u00e1rias para aperfei\u00e7oamento da gest\u00e3o p\u00fablica municipal e combate \u00e0 fraude e corrup\u00e7\u00e3o.<\/p><\/td><td><p><a href=\"http:\/\/www.mpc.pr.gov.br\/wp-content\/uploads\/2020\/07\/Recomenda\u00e7\u00e3o-Administrativa-n\u00ba-110-2020-P\u00c9ROLA-DOESTE.pdf\" target=\"_blank\">Visualizar<\/a><\/p><\/td><\/tr><tr><td><p>109.2020<\/p><\/td><td><p>Procuradoria-Geral de Contas<\/p><\/td><td><p>12.5.2020<\/p><\/td><td><p>Recomenda ao Prefeito Municipal e Controlador Interno do munic\u00edpio de <strong>Perobal<\/strong>, para que promovam as adequa\u00e7\u00f5es necess\u00e1rias para aperfei\u00e7oamento da gest\u00e3o p\u00fablica municipal e combate \u00e0 fraude e corrup\u00e7\u00e3o.<\/p><\/td><td><p><a href=\"http:\/\/www.mpc.pr.gov.br\/wp-content\/uploads\/2020\/07\/Recomenda\u00e7\u00e3o-Administrativa-n\u00ba-109-2020-PEROBAL.pdf\" target=\"_blank\">Visualizar<\/a><\/p><\/td><\/tr><tr><td><p>108.2020<\/p><\/td><td><p>Procuradoria-Geral de Contas<\/p><\/td><td><p>12.5.2020<\/p><\/td><td><p>Recomenda ao Prefeito Municipal e Controlador Interno do munic\u00edpio de <strong>Paranapoema<\/strong>, para que promovam as adequa\u00e7\u00f5es necess\u00e1rias para aperfei\u00e7oamento da gest\u00e3o p\u00fablica municipal e combate \u00e0 fraude e corrup\u00e7\u00e3o.<\/p><\/td><td><p><a href=\"http:\/\/www.mpc.pr.gov.br\/wp-content\/uploads\/2020\/07\/Recomenda\u00e7\u00e3o-Administrativa-n\u00ba-108-2020-PARANAPOEMA.pdf\" target=\"_blank\">Visualizar<\/a><\/p><\/td><\/tr><tr><td><p>107.2020<\/p><\/td><td><p>Procuradoria-Geral de Contas<\/p><\/td><td><p>12.5.2020<\/p><\/td><td><p>Recomenda ao Prefeito Municipal e Controlador Interno do munic\u00edpio de <strong>Nova Ol\u00edmpia<\/strong>, para que promovam as adequa\u00e7\u00f5es necess\u00e1rias para aperfei\u00e7oamento da gest\u00e3o p\u00fablica municipal e combate \u00e0 fraude e corrup\u00e7\u00e3o.<\/p><\/td><td><p><a href=\"http:\/\/www.mpc.pr.gov.br\/wp-content\/uploads\/2020\/07\/Recomenda\u00e7\u00e3o-Administrativa-n\u00ba-107-2020-NOVA-OL\u00cdMPIA.pdf\" target=\"_blank\">Visualizar<\/a><\/p><\/td><\/tr><tr><td><p>106.2020<\/p><\/td><td><p>Procuradoria-Geral de Contas<\/p><\/td><td><p>12.5.2020<\/p><\/td><td><p>Recomenda ao Prefeito Municipal e Controlador Interno do munic\u00edpio de <strong>Morretes<\/strong>, para que promovam as adequa\u00e7\u00f5es necess\u00e1rias para aperfei\u00e7oamento da gest\u00e3o p\u00fablica municipal e combate \u00e0 fraude e corrup\u00e7\u00e3o.<\/p><\/td><td><p><a href=\"http:\/\/www.mpc.pr.gov.br\/wp-content\/uploads\/2020\/07\/Recomenda\u00e7\u00e3o-Administrativa-n\u00ba-106-2020-MORRETES.pdf\" target=\"_blank\">Visualizar<\/a><\/p><\/td><\/tr><tr><td><p>105.2020<\/p><\/td><td><p>Procuradoria-Geral de Contas<\/p><\/td><td><p>8.5.2020<\/p><\/td><td><p>Recomenda ao Prefeito Municipal e Controlador Interno do munic\u00edpio de <strong>Mirador<\/strong>, para que promovam as adequa\u00e7\u00f5es necess\u00e1rias para aperfei\u00e7oamento da gest\u00e3o p\u00fablica municipal e combate \u00e0 fraude e corrup\u00e7\u00e3o.<\/p><\/td><td><p><a href=\"http:\/\/www.mpc.pr.gov.br\/wp-content\/uploads\/2020\/07\/Recomenda\u00e7\u00e3o-Administrativa-n\u00ba-105-2020-MIRADOR.pdf\" target=\"_blank\">Visualizar<\/a><\/p><\/td><\/tr><tr><td><p>104.2020<\/p><\/td><td><p>Procuradoria-Geral de Contas<\/p><\/td><td><p>8.5.2020<\/p><\/td><td><p>Recomenda ao Prefeito Municipal e Controlador Interno do munic\u00edpio de <strong>Marmeleiro<\/strong>, para que promovam as adequa\u00e7\u00f5es necess\u00e1rias para aperfei\u00e7oamento da gest\u00e3o p\u00fablica municipal e combate \u00e0 fraude e corrup\u00e7\u00e3o.<\/p><\/td><td><p><a href=\"http:\/\/www.mpc.pr.gov.br\/wp-content\/uploads\/2020\/07\/Recomenda\u00e7\u00e3o-Administrativa-n\u00ba-104-2020-MARMELEIRO.pdf\" target=\"_blank\">Visualizar<\/a><\/p><\/td><\/tr><tr><td><p>103.2020<\/p><\/td><td><p>Procuradoria-Geral de Contas<\/p><\/td><td><p>8.5.2020<\/p><\/td><td><p>Recomenda ao Prefeito Municipal e Controlador Interno do munic\u00edpio de <strong>Marechal C\u00e2ndido Rondon<\/strong>, para que promovam as adequa\u00e7\u00f5es necess\u00e1rias para aperfei\u00e7oamento da gest\u00e3o p\u00fablica municipal e combate \u00e0 fraude e corrup\u00e7\u00e3o.<\/p><\/td><td><p><a href=\"http:\/\/www.mpc.pr.gov.br\/wp-content\/uploads\/2020\/07\/Recomenda\u00e7\u00e3o-Administrativa-n\u00ba-103-2020-M.C.RONDON.pdf\" target=\"_blank\">Visualizar<\/a><\/p><\/td><\/tr><tr><td><p>102.2020<\/p><\/td><td><p>Procuradoria-Geral de Contas<\/p><\/td><td><p>8.5.2020<\/p><\/td><td><p>Recomenda ao Prefeito Municipal e Controlador Interno do munic\u00edpio de <strong>Mallet<\/strong>, para que promovam as adequa\u00e7\u00f5es necess\u00e1rias para aperfei\u00e7oamento da gest\u00e3o p\u00fablica municipal e combate \u00e0 fraude e corrup\u00e7\u00e3o.<\/p><\/td><td><p><a href=\"http:\/\/www.mpc.pr.gov.br\/wp-content\/uploads\/2020\/07\/Recomenda\u00e7\u00e3o-Administrativa-n\u00ba-102-2020-MALLET.pdf\" target=\"_blank\">Visualizar<\/a><\/p><\/td><\/tr><tr><td><p>101.2020<\/p><\/td><td><p>Procuradoria-Geral de Contas<\/p><\/td><td><p>8.5.2020<\/p><\/td><td><p>Recomenda ao Prefeito Municipal e Controlador Interno do munic\u00edpio de <strong>Lobato<\/strong>, para que promovam as adequa\u00e7\u00f5es necess\u00e1rias para aperfei\u00e7oamento da gest\u00e3o p\u00fablica municipal e combate \u00e0 fraude e corrup\u00e7\u00e3o.<\/p><\/td><td><p><a href=\"http:\/\/www.mpc.pr.gov.br\/wp-content\/uploads\/2020\/07\/Recomenda\u00e7\u00e3o-Administrativa-n\u00ba-101-2020-LOBATO.pdf\" target=\"_blank\">Visualizar<\/a><\/p><\/td><\/tr><tr><td><p>100.2020<\/p><\/td><td><p>Procuradoria-Geral de Contas<\/p><\/td><td><p>8.5.2020<\/p><\/td><td><p>Recomenda ao Prefeito Municipal e Controlador Interno do munic\u00edpio de <strong>Loanda<\/strong>, para que promovam as adequa\u00e7\u00f5es necess\u00e1rias para aperfei\u00e7oamento da gest\u00e3o p\u00fablica municipal e combate \u00e0 fraude e corrup\u00e7\u00e3o.<\/p><\/td><td><p><a href=\"http:\/\/www.mpc.pr.gov.br\/wp-content\/uploads\/2020\/07\/Recomenda\u00e7\u00e3o-Administrativa-n\u00ba-100-2020-LOANDA.pdf\" target=\"_blank\">Visualizar<\/a><\/p><\/td><\/tr><tr><td><p>99.2020<\/p><\/td><td><p>Procuradoria-Geral de Contas<\/p><\/td><td><p>6.5.2020<\/p><\/td><td><p>Recomenda ao Prefeito Municipal e Controlador Interno do munic\u00edpio de <strong>Lindoeste<\/strong>, para que promovam as adequa\u00e7\u00f5es necess\u00e1rias para aperfei\u00e7oamento da gest\u00e3o p\u00fablica municipal e combate \u00e0 fraude e corrup\u00e7\u00e3o.<\/p><\/td><td><p><a href=\"http:\/\/www.mpc.pr.gov.br\/wp-content\/uploads\/2020\/07\/Recomenda\u00e7\u00e3o-Administrativa-n\u00ba-099-2020-LINDOESTE.pdf\" target=\"_blank\">Visualizar<\/a><\/p><\/td><\/tr><tr><td><p>98.2020<\/p><\/td><td><p>Procuradoria-Geral de Contas<\/p><\/td><td><p>6.5.2020<\/p><\/td><td><p>Recomenda ao Prefeito Municipal e Controlador Interno do munic\u00edpio de <strong>Jussara<\/strong>, para que promovam as adequa\u00e7\u00f5es necess\u00e1rias para aperfei\u00e7oamento da gest\u00e3o p\u00fablica municipal e combate \u00e0 fraude e corrup\u00e7\u00e3o.<\/p><\/td><td><p><a href=\"http:\/\/www.mpc.pr.gov.br\/wp-content\/uploads\/2020\/07\/Recomenda\u00e7\u00e3o-Administrativa-n\u00ba-098-2020-JUSSARA.pdf\" target=\"_blank\">Visualizar<\/a><\/p><\/td><\/tr><tr><td><p>97.2020<\/p><\/td><td><p>Procuradoria-Geral de Contas<\/p><\/td><td><p>6.5.2020<\/p><\/td><td><p>Recomenda ao Prefeito Municipal e Controlador Interno do munic\u00edpio de <strong>Iguara\u00e7u<\/strong>, para que promovam as adequa\u00e7\u00f5es necess\u00e1rias para aperfei\u00e7oamento da gest\u00e3o p\u00fablica municipal e combate \u00e0 fraude e corrup\u00e7\u00e3o.<\/p><\/td><td><p><a href=\"http:\/\/www.mpc.pr.gov.br\/wp-content\/uploads\/2020\/07\/Recomenda\u00e7\u00e3o-Administrativa-n\u00ba-097-2020-IGUARA\u00c7U.pdf\" target=\"_blank\">Visualizar<\/a><\/p><\/td><\/tr><tr><td><p>96.2020<\/p><\/td><td><p>Procuradoria-Geral de Contas<\/p><\/td><td><p>6.5.2020<\/p><\/td><td><p>Recomenda ao Prefeito Municipal e Controlador Interno do munic\u00edpio de <strong>Carambe\u00ed<\/strong>, para que promovam as adequa\u00e7\u00f5es necess\u00e1rias para aperfei\u00e7oamento da gest\u00e3o p\u00fablica municipal e combate \u00e0 fraude e corrup\u00e7\u00e3o.<\/p><\/td><td><p><a href=\"http:\/\/www.mpc.pr.gov.br\/wp-content\/uploads\/2020\/07\/Recomenda\u00e7\u00e3o-Administrativa-n\u00ba-096-2020-CARAMBE\u00cd.pdf\" target=\"_blank\">Visualizar<\/a><\/p><\/td><\/tr><tr><td><p>95.2020<\/p><\/td><td><p>Procuradoria-Geral de Contas<\/p><\/td><td><p>6.5.2020<\/p><\/td><td><p>Recomenda ao Prefeito Municipal e Controlador Interno do munic\u00edpio de <strong>Campina da Lagora<\/strong>, para que promovam as adequa\u00e7\u00f5es necess\u00e1rias para aperfei\u00e7oamento da gest\u00e3o p\u00fablica municipal e combate \u00e0 fraude e corrup\u00e7\u00e3o.<\/p><\/td><td><p><a href=\"http:\/\/www.mpc.pr.gov.br\/wp-content\/uploads\/2020\/07\/Recomenda\u00e7\u00e3o-Administrativa-n\u00ba-095-2020-CAMPINA-DA-LAGOA.pdf\" target=\"_blank\">Visualizar<\/a><\/p><\/td><\/tr><tr><td><p>94.2020<\/p><\/td><td><p>Procuradoria-Geral de Contas<\/p><\/td><td><p>6.5.2020<\/p><\/td><td><p>Recomenda ao Prefeito Municipal e Controlador Interno do munic\u00edpio de <strong>Bom Jesus do Sul<\/strong>, para que promovam as adequa\u00e7\u00f5es necess\u00e1rias para aperfei\u00e7oamento da gest\u00e3o p\u00fablica municipal e combate \u00e0 fraude e corrup\u00e7\u00e3o.<\/p><\/td><td><p><a href=\"http:\/\/www.mpc.pr.gov.br\/wp-content\/uploads\/2020\/07\/Recomenda\u00e7\u00e3o-Administrativa-n\u00ba-094-2020-BOM-JESUS-DO-SUL.pdf\" target=\"_blank\">Visualizar<\/a><\/p><\/td><\/tr><tr><td><p>93.2020<\/p><\/td><td><p>Procuradoria-Geral de Contas<\/p><\/td><td><p>5.5.2020<\/p><\/td><td><p>Recomenda ao Prefeito Municipal e Controlador Interno do munic\u00edpio de <strong>Boa Esperan\u00e7a do Igua\u00e7u<\/strong>, para que promovam as adequa\u00e7\u00f5es necess\u00e1rias para aperfei\u00e7oamento da gest\u00e3o p\u00fablica municipal e combate \u00e0 fraude e corrup\u00e7\u00e3o.<\/p><\/td><td><p><a href=\"http:\/\/www.mpc.pr.gov.br\/wp-content\/uploads\/2020\/07\/Recomenda\u00e7\u00e3o-Administrativa-n\u00ba-093-2020-BOA-ESP.-DO-IGUA\u00c7U.pdf\" target=\"_blank\">Visualizar<\/a><\/p><\/td><\/tr><tr><td><p>92.2020<\/p><\/td><td><p>Procuradoria-Geral de Contas<\/p><\/td><td><p>5.5.2020<\/p><\/td><td><p>Recomenda ao Prefeito Municipal e Controlador Interno do munic\u00edpio de <strong>Barbosa Ferraz<\/strong>, para que promovam as adequa\u00e7\u00f5es necess\u00e1rias para aperfei\u00e7oamento da gest\u00e3o p\u00fablica municipal e combate \u00e0 fraude e corrup\u00e7\u00e3o.<\/p><\/td><td><p><a href=\"http:\/\/www.mpc.pr.gov.br\/wp-content\/uploads\/2020\/07\/Recomenda\u00e7\u00e3o-Administrativa-n\u00ba-092-2020-BARBOSA-FERRAZ.pdf\" target=\"_blank\">Visualizar<\/a><\/p><\/td><\/tr><tr><td><p>91.2020<\/p><\/td><td><p>Procuradoria-Geral de Contas<\/p><\/td><td><p>5.5.2020<\/p><\/td><td><p>Recomenda ao Prefeito Municipal e Controlador Interno do munic\u00edpio de <strong>Balsa Nova<\/strong>, para que promovam as adequa\u00e7\u00f5es necess\u00e1rias para aperfei\u00e7oamento da gest\u00e3o p\u00fablica municipal e combate \u00e0 fraude e corrup\u00e7\u00e3o.<\/p><\/td><td><p><a href=\"http:\/\/www.mpc.pr.gov.br\/wp-content\/uploads\/2020\/07\/Recomenda\u00e7\u00e3o-Administrativa-n\u00ba-091-2020-BALSA-NOVA.pdf\" target=\"_blank\">Visualizar<\/a><\/p><\/td><\/tr><tr><td><p>90.2020<\/p><\/td><td><p>Procuradoria-Geral de Contas<\/p><\/td><td><p>5.5.2020<\/p><\/td><td><p>Recomenda ao Prefeito Municipal e Controlador Interno do munic\u00edpio de <strong>Atalaia<\/strong>, para que promovam as adequa\u00e7\u00f5es necess\u00e1rias para aperfei\u00e7oamento da gest\u00e3o p\u00fablica municipal e combate \u00e0 fraude e corrup\u00e7\u00e3o.<\/p><\/td><td><p><a href=\"http:\/\/www.mpc.pr.gov.br\/wp-content\/uploads\/2020\/07\/Recomenda\u00e7\u00e3o-Administrativa-n\u00ba-090-2020-ATALAIA.pdf\" target=\"_blank\">Visualizar<\/a><\/p><\/td><\/tr><tr><td><p>89.2020<\/p><\/td><td><p>Procuradoria-Geral de Contas<\/p><\/td><td><p>5.5.2020<\/p><\/td><td><p>Recomenda ao Prefeito Municipal e Controlador Interno do munic\u00edpio de <strong>Arauc\u00e1ria<\/strong>, para que promovam as adequa\u00e7\u00f5es necess\u00e1rias para aperfei\u00e7oamento da gest\u00e3o p\u00fablica municipal e combate \u00e0 fraude e corrup\u00e7\u00e3o.<\/p><\/td><td><p><a href=\"http:\/\/www.mpc.pr.gov.br\/wp-content\/uploads\/2020\/07\/Recomenda\u00e7\u00e3o-Administrativa-n\u00ba-089-2020-ARAUC\u00c1RIA.pdf\" target=\"_blank\">Visualizar<\/a><\/p><\/td><\/tr><tr><td><p>88.2020<\/p><\/td><td><p>Procuradoria-Geral de Contas<\/p><\/td><td><p>5.5.2020<\/p><\/td><td><p>Recomenda ao Prefeito Municipal e Controlador Interno do munic\u00edpio de <strong>Araruna<\/strong>, para que promovam as adequa\u00e7\u00f5es necess\u00e1rias para aperfei\u00e7oamento da gest\u00e3o p\u00fablica municipal e combate \u00e0 fraude e corrup\u00e7\u00e3o.<\/p><\/td><td><p><a href=\"http:\/\/www.mpc.pr.gov.br\/wp-content\/uploads\/2020\/07\/Recomenda\u00e7\u00e3o-Administrativa-n\u00ba-088-2020-ARARUNA.pdf\" target=\"_blank\">Visualizar<\/a><\/p><\/td><\/tr><tr><td><p>87.2020<\/p><\/td><td><p>Procuradoria-Geral de Contas<\/p><\/td><td><p>30.4.2020<\/p><\/td><td><p>Recomenda ao Prefeito Municipal e Controlador Interno do munic\u00edpio de <strong>Apucarana<\/strong>, para que promovam as adequa\u00e7\u00f5es necess\u00e1rias para aperfei\u00e7oamento da gest\u00e3o p\u00fablica municipal e combate \u00e0 fraude e corrup\u00e7\u00e3o.<\/p><\/td><td><p><a href=\"http:\/\/www.mpc.pr.gov.br\/wp-content\/uploads\/2020\/07\/Recomenda\u00e7\u00e3o-Administrativa-n\u00ba-087-2020-APUCARANA.pdf\" target=\"_blank\">Visualizar<\/a><\/p><\/td><\/tr><tr><td><p>86.2020<\/p><\/td><td><p>Procuradoria-Geral de Contas<\/p><\/td><td><p>30.4.2020<\/p><\/td><td><p>Recomenda ao Prefeito Municipal e Controlador Interno do munic\u00edpio de <strong>Ant\u00f4nio Olinto<\/strong>, para que promovam as adequa\u00e7\u00f5es necess\u00e1rias para aperfei\u00e7oamento da gest\u00e3o p\u00fablica municipal e combate \u00e0 fraude e corrup\u00e7\u00e3o.<\/p><\/td><td><p><a href=\"http:\/\/www.mpc.pr.gov.br\/wp-content\/uploads\/2020\/07\/Recomenda\u00e7\u00e3o-Administrativa-n\u00ba-086-2020-ANT\u00d4NIO-OLINTO.pdf\" target=\"_blank\">Visualizar<\/a><\/p><\/td><\/tr><tr><td><p>85.2020<\/p><\/td><td><p>Procuradoria-Geral de Contas<\/p><\/td><td><p>30.4.2020<\/p><\/td><td><p>Recomenda ao Prefeito Municipal e Controlador Interno do munic\u00edpio de <strong>\u00c2ngulo<\/strong>, para que promovam as adequa\u00e7\u00f5es necess\u00e1rias para aperfei\u00e7oamento da gest\u00e3o p\u00fablica municipal e combate \u00e0 fraude e corrup\u00e7\u00e3o.<\/p><\/td><td><p><a href=\"http:\/\/www.mpc.pr.gov.br\/wp-content\/uploads\/2020\/07\/Recomenda\u00e7\u00e3o-Administrativa-n\u00ba-085-2020-\u00c2NGULO.pdf\" target=\"_blank\">Visualizar<\/a><\/p><\/td><\/tr><tr><td><p>84.2020<\/p><\/td><td><p>Procuradoria-Geral de Contas<\/p><\/td><td><p>17.4.2020<\/p><\/td><td><p>Recomenda ao Prefeito Municipal e Controlador Interno do munic\u00edpio de <strong>Andir\u00e1<\/strong>, para que promovam as adequa\u00e7\u00f5es necess\u00e1rias para aperfei\u00e7oamento da gest\u00e3o p\u00fablica municipal e combate \u00e0 fraude e corrup\u00e7\u00e3o.<\/p><\/td><td><p><a href=\"http:\/\/www.mpc.pr.gov.br\/wp-content\/uploads\/2020\/07\/Recomenda\u00e7\u00e3o-Administrativa-n\u00ba-084-2020-ANDIR\u00c1.pdf\" target=\"_blank\">Visualizar<\/a><\/p><\/td><\/tr><tr><td><p>83.2020<\/p><\/td><td><p>Procuradoria-Geral de Contas<\/p><\/td><td><p>17.4.2020<\/p><\/td><td><p>Recomenda ao Prefeito Municipal e Controlador Interno do munic\u00edpio de <strong>Amp\u00e9re<\/strong>, para que promovam as adequa\u00e7\u00f5es necess\u00e1rias para aperfei\u00e7oamento da gest\u00e3o p\u00fablica municipal e combate \u00e0 fraude e corrup\u00e7\u00e3o.<\/p><\/td><td><p><a href=\"http:\/\/www.mpc.pr.gov.br\/wp-content\/uploads\/2020\/07\/Recomenda\u00e7\u00e3o-Administrativa-n\u00ba-083-2020-AMP\u00c9RE.pdf\" target=\"_blank\">Visualizar<\/a><\/p><\/td><\/tr><tr><td><p>82.2020<\/p><\/td><td><p>Procuradoria-Geral de Contas<\/p><\/td><td><p>17.4.2020<\/p><\/td><td><p>Recomenda ao Prefeito Municipal e Controlador Interno do munic\u00edpio de <strong>Alto Paran\u00e1<\/strong>, para que promovam as adequa\u00e7\u00f5es necess\u00e1rias para aperfei\u00e7oamento da gest\u00e3o p\u00fablica municipal e combate \u00e0 fraude e corrup\u00e7\u00e3o.<\/p><\/td><td><p><a href=\"http:\/\/www.mpc.pr.gov.br\/wp-content\/uploads\/2020\/07\/Recomenda\u00e7\u00e3o-Administrativa-n\u00ba-082-2020-ALTO-PARAN\u00c1.pdf\" target=\"_blank\">Visualizar<\/a><\/p><\/td><\/tr><tr><td><p>81.2020<\/p><\/td><td><p>Procuradoria-Geral de Contas<\/p><\/td><td><p>1.4.2020<\/p><\/td><td><p>Recomenda-se ao munic\u00edpio de <strong>Fazenda Rio Grande<\/strong>, representado pelo seu Prefeito, Sr. Marcio Claudio Wozniack, que, no atual momento em que o mundo \u00e9 acometido por uma pandemia do novo coronav\u00edrus, d\u00ea prefer\u00eancia imediata \u00e0 realiza\u00e7\u00e3o de preg\u00f5es na modalidade eletr\u00f4nica, por se darem \u00e0 dist\u00e2ncia em sess\u00e3o p\u00fablica e atrav\u00e9s de sistemas eletr\u00f4nicos.<\/p><\/td><td><p><a href=\"http:\/\/www.mpc.pr.gov.br\/wp-content\/uploads\/2020\/07\/Recomenda\u00e7\u00e3o-Administrativa-n\u00ba-081-2020-Munic\u00edpio-de-Fazenda-Rio-Grande.pdf\" target=\"_blank\">Visualizar<\/a><\/p><\/td><\/tr><tr><td><p>80.2020<\/p><\/td><td><p>Procuradoria-Geral de Contas<\/p><\/td><td><p>24.3.2020<\/p><\/td><td><p>Recomenda a <strong>C\u00e2mara Municipal de Santa Izabel do Oeste <\/strong>e ao Controlador Interno, que adotem medidas para o aperfei\u00e7oamento e atualiza\u00e7\u00e3o do Portal da Transpar\u00eancia.<\/p><\/td><td><p><a href=\"http:\/\/www.mpc.pr.gov.br\/wp-content\/uploads\/2020\/07\/Recomenda\u00e7\u00e3o-Administrativa-n\u00ba-080-2020-Santa-Izabel-do-Oeste-Legislativo.pdf\" target=\"_blank\">Visualizar<\/a><\/p><\/td><\/tr><tr><td><p>79.2020<\/p><\/td><td><p>Procuradoria-Geral de Contas<\/p><\/td><td><p>24.32020<\/p><\/td><td><p>Recomenda ao munic\u00edpio de<strong> Santa Izabel do Oeste <\/strong>e ao Controlador Interno, que adotem medidas para o aperfei\u00e7oamento e atualiza\u00e7\u00e3o do Portal da Transpar\u00eancia.<\/p><\/td><td><p><a href=\"http:\/\/www.mpc.pr.gov.br\/wp-content\/uploads\/2020\/07\/Recomenda\u00e7\u00e3o-Administrativa-n\u00ba-079-2020-Santa-Izabel-do-Oeste-Executivo.pdf\" target=\"_blank\">Visualizar<\/a><\/p><\/td><\/tr><tr><td><p>78.2020<\/p><\/td><td><p>Procuradoria-Geral de Contas<\/p><\/td><td><p>10.3.2020<\/p><\/td><td><p>Recomenda \u00e0 Secretaria Municipal de Sa\u00fade, \u00e0 Controladoria Interna e ao Prefeito Municipal, todos do munic\u00edpio de <strong>General Carneiro<\/strong>, para que nas pr\u00f3ximas licita\u00e7\u00f5es para aquisi\u00e7\u00e3o de medicamentos adotem as medidas necess\u00e1rias, nos termos da recomenda\u00e7\u00e3o.<\/p><\/td><td><p><a href=\"http:\/\/www.mpc.pr.gov.br\/wp-content\/uploads\/2020\/07\/Recomenda\u00e7\u00e3o-Administrativa-n\u00ba-078-2020-General-Carneiro.pdf\" target=\"_blank\">Visualizar<\/a><\/p><\/td><\/tr><tr><td><p>77.2020<\/p><\/td><td><p>Procuradoria-Geral de Contas<\/p><\/td><td><p>10.3.2020<\/p><\/td><td><p>Recomenda \u00e0 Secretaria Municipal de Sa\u00fade, \u00e0 Controladoria Interna e ao Prefeito Municipal, todos do munic\u00edpio de <strong>Ipor\u00e3<\/strong>, para que nas pr\u00f3ximas licita\u00e7\u00f5es para aquisi\u00e7\u00e3o de medicamentos adotem as medidas necess\u00e1rias, nos termos da recomenda\u00e7\u00e3o.<\/p><\/td><td><p><a href=\"http:\/\/www.mpc.pr.gov.br\/wp-content\/uploads\/2020\/07\/Recomenda\u00e7\u00e3o-Administrativa-n\u00ba-077-2020-Ipor\u00e3.pdf\" target=\"_blank\">Visualizar<\/a><\/p><\/td><\/tr><tr><td><p>76.2020<\/p><\/td><td><p>Procuradoria-Geral de Contas<\/p><\/td><td><p>10.3.2020<\/p><\/td><td><p>Recomenda a <strong>C\u00e2mara Municipal de Ibaiti<\/strong> e ao Controlador Interno, que adotem medidas para o aperfei\u00e7oamento e atualiza\u00e7\u00e3o do Portal da Transpar\u00eancia.<\/p><\/td><td><p><a href=\"http:\/\/www.mpc.pr.gov.br\/wp-content\/uploads\/2020\/07\/Recomenda\u00e7\u00e3o-Administrativa-n\u00ba-076-2020-C\u00e2mara-Municipal-de-Ibaiti.pdf\" target=\"_blank\">Visualizar<\/a><\/p><\/td><\/tr><tr><td><p>75.2020<\/p><\/td><td><p>Procuradoria-Geral de Contas<\/p><\/td><td><p>10.3.2020<\/p><\/td><td><p>Recomenda ao munic\u00edpio de <strong>Ibaiti<\/strong> e ao Controlador Interno, que adotem medidas para o aperfei\u00e7oamento e atualiza\u00e7\u00e3o do Portal da Transpar\u00eancia.<\/p><\/td><td><p><a href=\"http:\/\/www.mpc.pr.gov.br\/wp-content\/uploads\/2020\/07\/Recomenda\u00e7\u00e3o-Administrativa-n\u00ba-075-2020-Munic\u00edpio-de-Ibaiti.pdf\" target=\"_blank\">Visualizar<\/a><\/p><\/td><\/tr><tr><td><p>74.2020<\/p><\/td><td><p>Procuradoria-Geral de Contas<\/p><\/td><td><p>9.3.2020<\/p><\/td><td><p>Recomenda a <strong>C\u00e2mara Municipal de Tapejara<\/strong> e ao Controlador Interno, que adotem medidas para o aperfei\u00e7oamento e atualiza\u00e7\u00e3o do Portal da Transpar\u00eancia.<\/p><\/td><td><p><a href=\"http:\/\/www.mpc.pr.gov.br\/wp-content\/uploads\/2020\/07\/Recomenda\u00e7\u00e3o-Administrativa-n\u00ba-074-2020-Tapejara-Legislativo.pdf\" target=\"_blank\">Visualizar<\/a><\/p><\/td><\/tr><tr><td><p>73.2020<\/p><\/td><td><p>Procuradoria-Geral de Contas<\/p><\/td><td><p>9.3.2020<\/p><\/td><td><p>Recomenda ao munic\u00edpio de <strong>Tapejara<\/strong> e ao Controlador Interno, que adotem medidas para o aperfei\u00e7oamento e atualiza\u00e7\u00e3o do Portal da Transpar\u00eancia.<\/p><\/td><td><p><a href=\"http:\/\/www.mpc.pr.gov.br\/wp-content\/uploads\/2020\/07\/Recomenda\u00e7\u00e3o-Administrativa-n\u00ba-073-2020-Tapejara-Executivo.pdf\" target=\"_blank\">Visualizar<\/a><\/p><\/td><\/tr><tr><td><p>72.2020<\/p><\/td><td><p>Procuradoria-Geral de Contas<\/p><\/td><td><p>9.3.2020<\/p><\/td><td><p>Recomenda \u00e0 Secretaria Municipal de Sa\u00fade, \u00e0 Controladoria Interna e ao Prefeito Municipal, todos do munic\u00edpio de <strong>Jataizinho<\/strong>, para que nas pr\u00f3ximas licita\u00e7\u00f5es para aquisi\u00e7\u00e3o de medicamentos adotem as medidas necess\u00e1rias, nos termos da recomenda\u00e7\u00e3o.<\/p><\/td><td><p><a href=\"http:\/\/www.mpc.pr.gov.br\/wp-content\/uploads\/2020\/07\/Recomenda\u00e7\u00e3o-Administrativa-n\u00ba-072-2020-Jataizinho.pdf\" target=\"_blank\">Visualizar<\/a><\/p><\/td><\/tr><tr><td><p>71.2020<\/p><\/td><td><p>Procuradoria-Geral de Contas<\/p><\/td><td><p>10.3.2020<\/p><\/td><td><p>Recomenda \u00e0 Secretaria Municipal de Sa\u00fade, \u00e0 Controladoria Interna e ao Prefeito Municipal, todos do munic\u00edpio de <strong>Rancho Alegre D'Oeste<\/strong>, para que nas pr\u00f3ximas licita\u00e7\u00f5es para aquisi\u00e7\u00e3o de medicamentos adotem as medidas necess\u00e1rias, nos termos da recomenda\u00e7\u00e3o.<\/p><\/td><td><p><a href=\"http:\/\/www.mpc.pr.gov.br\/wp-content\/uploads\/2020\/07\/Recomenda\u00e7\u00e3o-Administrativa-n\u00ba-071-2020-Rancho-Alegre-DOeste.pdf\" target=\"_blank\">Visualizar<\/a><\/p><\/td><\/tr><tr><td><p>70.2020<\/p><\/td><td><p>Procuradoria-Geral de Contas<\/p><\/td><td><p>10.3.2020<\/p><\/td><td><p>Recomenda a <strong>C\u00e2mara Municipal de Laranjeiras do Sul <\/strong>e ao Controlador Interno, que adotem medidas para o aperfei\u00e7oamento e atualiza\u00e7\u00e3o do Portal da Transpar\u00eancia.<\/p><\/td><td><p><a href=\"http:\/\/www.mpc.pr.gov.br\/wp-content\/uploads\/2020\/07\/Recomenda\u00e7\u00e3o-Administrativa-n\u00ba-070-2020-C\u00e2mara-Municipal-de-Laranjeiras-do-Sul.pdf\" target=\"_blank\">Visualizar<\/a><\/p><\/td><\/tr><tr><td><p>69.2020<\/p><\/td><td><p>Procuradoria-Geral de Contas<\/p><\/td><td><p>10.3.2020<\/p><\/td><td><p>Recomenda ao munic\u00edpio de <strong>Laranjeiras do Sul<\/strong> e ao Controlador Interno, que adotem medidas para o aperfei\u00e7oamento e atualiza\u00e7\u00e3o do Portal da Transpar\u00eancia.<\/p><\/td><td><p><a href=\"http:\/\/www.mpc.pr.gov.br\/wp-content\/uploads\/2020\/07\/Recomenda\u00e7\u00e3o-Administrativa-n\u00ba-069-2020-Munic\u00edpio-de-Laranjeiras-do-Sul.pdf\" target=\"_blank\">Visualizar<\/a><\/p><\/td><\/tr><tr><td><p>68.2020<\/p><\/td><td><p>Procuradoria-Geral de Contas<\/p><\/td><td><p>9.3.2020<\/p><\/td><td><p>Recomenda ao Controlador Interno, ao Presidente do Conselho Municipal de Transporte Coletivo, \u00e0 Procuradora Geral do Munic\u00edpio e ao Prefeito Municipal, todos do munic\u00edpio de <strong>Jaguaria\u00edva<\/strong>, para que considerem disponibilizar a \u00edntegra dos estudos e c\u00e1lculos relativos ao 1\u00ba Termo Aditivo ao Contrato Administrativo 213, que demonstre a desnecessidade de se ajustar valores tarif\u00e1rios, hor\u00e1rios das linhas que partem dos bairros Primavera e Samambaia, bem como frota que deve ser disponibilizada para o servi\u00e7o \u2013 tudo isso em vista da redu\u00e7\u00e3o do escopo do Contrato em rela\u00e7\u00e3o aos bairros Jardim Edith e Lago\u00e3o.<\/p><\/td><td><p><a href=\"http:\/\/www.mpc.pr.gov.br\/wp-content\/uploads\/2020\/07\/Recomenda\u00e7\u00e3o-Administrativa-n\u00ba-068-2020-Jaguaria\u00edva.pdf\" target=\"_blank\">Visualizar<\/a><\/p><\/td><\/tr><tr><td><p>67.2020<\/p><\/td><td><p>Procuradoria-Geral de Contas<\/p><\/td><td><p>3.3.2020<\/p><\/td><td><p>Recomenda a <strong>C\u00e2mara Municipal de Matel\u00e2ndia<\/strong> e ao Controlador Interno, que adotem medidas para o aperfei\u00e7oamento e atualiza\u00e7\u00e3o do Portal da Transpar\u00eancia.<\/p><\/td><td><p><a href=\"http:\/\/www.mpc.pr.gov.br\/wp-content\/uploads\/2020\/07\/Recomenda\u00e7\u00e3o-Administrativa-n\u00ba-067-2020-Matel\u00e2ndia-Legislativo.pdf\" target=\"_blank\">Visualizar<\/a><\/p><\/td><\/tr><tr><td><p>66.2020<\/p><\/td><td><p>Procuradoria-Geral de Contas<\/p><\/td><td><p>3.3.2020<\/p><\/td><td><p>Recomenda ao munic\u00edpio de <strong>Matel\u00e2ndia<\/strong> e ao Controlador Interno, que adotem medidas para o aperfei\u00e7oamento e atualiza\u00e7\u00e3o do Portal da Transpar\u00eancia.<\/p><\/td><td><p><a href=\"http:\/\/www.mpc.pr.gov.br\/wp-content\/uploads\/2020\/07\/Recomenda\u00e7\u00e3o-Administrativa-n\u00ba-066-2020-Matel\u00e2ndia-Executivo.pdf\" target=\"_blank\">Visualizar<\/a><\/p><\/td><\/tr><tr><td><p>65.2020<\/p><\/td><td><p>Procuradoria-Geral de Contas<\/p><\/td><td><p>3.3.2020<\/p><\/td><td><p>Recomenda \u00e0 Secretaria Municipal de Sa\u00fade, \u00e0 Controladoria Interna e ao Prefeito Municipal, todos do munic\u00edpio de <strong>Porto Rico<\/strong>, para que nas pr\u00f3ximas licita\u00e7\u00f5es para aquisi\u00e7\u00e3o de medicamentos adotem as medidas necess\u00e1rias, nos termos da recomenda\u00e7\u00e3o.<\/p><\/td><td><p><a href=\"http:\/\/www.mpc.pr.gov.br\/wp-content\/uploads\/2020\/07\/Recomenda\u00e7\u00e3o-Administrativa-n\u00ba-065-2020-Porto-Rico.pdf\" target=\"_blank\">Visualizar<\/a><\/p><\/td><\/tr><tr><td><p>64.2020<\/p><\/td><td><p>Procuradoria-Geral de Contas<\/p><\/td><td><p>3.3.2020<\/p><\/td><td><p>Recomenda \u00e0 Secretaria Municipal de Sa\u00fade, \u00e0 Controladoria Interna e ao Prefeito Municipal, todos do munic\u00edpio de <strong>Arauc\u00e1ria<\/strong>, para que nas pr\u00f3ximas licita\u00e7\u00f5es para aquisi\u00e7\u00e3o de medicamentos adotem as medidas necess\u00e1rias, nos termos da recomenda\u00e7\u00e3o.<\/p><\/td><td><p><a href=\"http:\/\/www.mpc.pr.gov.br\/wp-content\/uploads\/2020\/07\/Recomenda\u00e7\u00e3o-Administrativa-n\u00ba-064-2020-Arauc\u00e1ria.pdf\" target=\"_blank\">Visualizar<\/a><\/p><\/td><\/tr><tr><td><p>63.2020<\/p><\/td><td><p>Procuradoria-Geral de Contas<\/p><\/td><td><p>28.2.2020<\/p><\/td><td><p>Recomenda ao munic\u00edpio de <strong>Santa Helena<\/strong> e ao Controlador Interno, que adotem medidas para o aperfei\u00e7oamento e atualiza\u00e7\u00e3o do Portal da Transpar\u00eancia.<\/p><\/td><td><p><a href=\"http:\/\/www.mpc.pr.gov.br\/wp-content\/uploads\/2020\/07\/Recomendacao-Administrativa-n\u00ba-063-2020.pdf\" target=\"_blank\">Visualizar<\/a><\/p><\/td><\/tr><tr><td><p>62.2020<\/p><\/td><td><p>Procuradoria-Geral de Contas<\/p><\/td><td><p>28.2.2020<\/p><\/td><td><p>Recomenda a <strong>C\u00e2mara Municipal de Siqueira Campos<\/strong> e ao Controlador Interno, que adotem medidas para o aperfei\u00e7oamento e atualiza\u00e7\u00e3o do Portal da Transpar\u00eancia.<\/p><\/td><td><p><a href=\"http:\/\/www.mpc.pr.gov.br\/wp-content\/uploads\/2020\/07\/Recomenda\u00e7\u00e3o-Administrativa-n\u00ba-062-2020-Siqueira-Campos-Legislativo.pdf\" target=\"_blank\">Visualizar<\/a><\/p><\/td><\/tr><tr><td><p>61.2020<\/p><\/td><td><p>Procuradoria-Geral de Contas<\/p><\/td><td><p>28.2.2020<\/p><\/td><td><p>Recomenda ao munic\u00edpio de <strong>Siqueira Campos<\/strong> do Sul e ao Controlador Interno, que adotem medidas para o aperfei\u00e7oamento e atualiza\u00e7\u00e3o do Portal da Transpar\u00eancia.<\/p><\/td><td><p><a href=\"http:\/\/www.mpc.pr.gov.br\/wp-content\/uploads\/2020\/07\/Recomenda\u00e7\u00e3o-Administrativa-n\u00ba-061-2020-Siqueira-Campos-Executivo.pdf\" target=\"_blank\">Visualizar<\/a><\/p><\/td><\/tr><tr><td><p>60.2020<\/p><\/td><td><p>Procuradoria-Geral de Contas<\/p><\/td><td><p>21.2.2020<\/p><\/td><td><p>Recomenda a <strong>C\u00e2mara Municipal de Ivaipor\u00e3<\/strong> e ao Controlador Interno, que adotem medidas para o aperfei\u00e7oamento e atualiza\u00e7\u00e3o do Portal da Transpar\u00eancia.<\/p><\/td><td><p><a href=\"http:\/\/www.mpc.pr.gov.br\/wp-content\/uploads\/2020\/07\/Recomenda\u00e7\u00e3o-Administrativa-n\u00ba-060-2020-C\u00e2mara-Municipal-de-Ivaipor\u00e3.pdf\" target=\"_blank\">Visualizar<\/a><\/p><\/td><\/tr><tr><td><p>59.2020<\/p><\/td><td><p>Procuradoria-Geral de Contas<\/p><\/td><td><p>21.2.2020<\/p><\/td><td><p>Recomenda \u00e0 Secretaria Municipal de Sa\u00fade, \u00e0 Controladoria Interna e ao Prefeito Municipal, todos do munic\u00edpio de <strong>S\u00e3o Manoel do Paran\u00e1<\/strong>, para que nas pr\u00f3ximas licita\u00e7\u00f5es para aquisi\u00e7\u00e3o de medicamentos adotem as medidas necess\u00e1rias, nos termos da recomenda\u00e7\u00e3o.<\/p><\/td><td><p><a href=\"http:\/\/www.mpc.pr.gov.br\/wp-content\/uploads\/2020\/07\/Recomenda\u00e7\u00e3o-Administrativa-n\u00ba-059-2020-S\u00e3o-Manoel-do-Paran\u00e1.pdf\" target=\"_blank\">Visualizar<\/a><\/p><\/td><\/tr><tr><td><p>58.2020<\/p><\/td><td><p>Procuradoria-Geral de Contas<\/p><\/td><td><p>21.2.2020<\/p><\/td><td><p>Recomenda \u00e0 Secretaria Municipal de Sa\u00fade, \u00e0 Controladoria Interna e ao Prefeito Municipal, todos do munic\u00edpio de <strong>Terra Roxa<\/strong>, para que nas pr\u00f3ximas licita\u00e7\u00f5es para aquisi\u00e7\u00e3o de medicamentos adotem as medidas necess\u00e1rias, nos termos da recomenda\u00e7\u00e3o.<\/p><\/td><td><p><a href=\"http:\/\/www.mpc.pr.gov.br\/wp-content\/uploads\/2020\/07\/Recomenda\u00e7\u00e3o-Administrativa-n\u00ba-058-2020-Terra-Roxa.pdf\" target=\"_blank\">Visualizar<\/a><\/p><\/td><\/tr><tr><td><p>57.2020<\/p><\/td><td><p>Procuradoria-Geral de Contas<\/p><\/td><td><p>21.2.2020<\/p><\/td><td><p>Recomenda \u00e0 Secretaria Municipal de Sa\u00fade, \u00e0 Controladoria Interna e ao Prefeito Municipal, todos do munic\u00edpio de <strong>Ribeir\u00e3o do Pinhal<\/strong>, para que nas pr\u00f3ximas licita\u00e7\u00f5es para aquisi\u00e7\u00e3o de medicamentos adotem as medidas necess\u00e1rias, nos termos da recomenda\u00e7\u00e3o.<\/p><\/td><td><p><a href=\"http:\/\/www.mpc.pr.gov.br\/wp-content\/uploads\/2020\/07\/Recomenda\u00e7\u00e3o-Administrativa-n\u00ba-057-2020-Ribeir\u00e3o-do-Pinhal.pdf\" target=\"_blank\">Visualizar<\/a><\/p><\/td><\/tr><tr><td><p>56.2020<\/p><\/td><td><p>Procuradoria-Geral de Contas<\/p><\/td><td><p>21.2.2020<\/p><\/td><td><p>Recomenda \u00e0 Secretaria Municipal de Sa\u00fade, \u00e0 Controladoria Interna e ao Prefeito Municipal, todos do munic\u00edpio de <strong>Cruzeiro do Oeste<\/strong>, para que nas pr\u00f3ximas licita\u00e7\u00f5es para aquisi\u00e7\u00e3o de medicamentos adotem as medidas necess\u00e1rias, nos termos da recomenda\u00e7\u00e3o.<\/p><\/td><td><p><a href=\"http:\/\/www.mpc.pr.gov.br\/wp-content\/uploads\/2020\/07\/Recomenda\u00e7\u00e3o-Administrativa-n\u00ba-056-2020-Cruzeiro-do-Oeste.pdf\" target=\"_blank\">Visualizar<\/a><\/p><\/td><\/tr><tr><td><p>55.2020<\/p><\/td><td><p>Procuradoria-Geral de Contas<\/p><\/td><td><p>21.2.2020<\/p><\/td><td><p>Recomenda \u00e0 Secretaria Municipal de Sa\u00fade, \u00e0 Controladoria Interna e ao Prefeito Municipal, todos do munic\u00edpio de <strong>Boa Esperan\u00e7a<\/strong>, para que nas pr\u00f3ximas licita\u00e7\u00f5es para aquisi\u00e7\u00e3o de medicamentos adotem as medidas necess\u00e1rias, nos termos da recomenda\u00e7\u00e3o.<\/p><\/td><td><p><a href=\"http:\/\/www.mpc.pr.gov.br\/wp-content\/uploads\/2020\/07\/Recomenda\u00e7\u00e3o-Administrativa-n\u00ba-055-2020-Boa-Esperan\u00e7a.pdf\" target=\"_blank\">Visualizar<\/a><\/p><\/td><\/tr><tr><td><p>54.2020<\/p><\/td><td><p>Procuradoria-Geral de Contas<\/p><\/td><td><p>21.2.2020<\/p><\/td><td><p>Recomenda \u00e0 Secretaria Municipal de Sa\u00fade, \u00e0 Controladoria Interna e ao Prefeito Municipal, todos do munic\u00edpio de <strong>Mandagua\u00e7u<\/strong>, para que nas pr\u00f3ximas licita\u00e7\u00f5es para aquisi\u00e7\u00e3o de medicamentos adotem as medidas necess\u00e1rias, nos termos da recomenda\u00e7\u00e3o.<\/p><\/td><td><p><a href=\"http:\/\/www.mpc.pr.gov.br\/wp-content\/uploads\/2020\/07\/Recomenda\u00e7\u00e3o-Administrativa-n\u00ba-054-2020-Mandagua\u00e7u.pdf\" target=\"_blank\">Visualizar<\/a><\/p><\/td><\/tr><tr><td><p>53.2020<\/p><\/td><td><p>Procuradoria-Geral de Contas<\/p><\/td><td><p>21.2.2020<\/p><\/td><td><p>Recomenda \u00e0 Secretaria Municipal de Sa\u00fade, \u00e0 Controladoria Interna e ao Prefeito Municipal, todos do munic\u00edpio de <strong>Rio Azul<\/strong>, para que nas pr\u00f3ximas licita\u00e7\u00f5es para aquisi\u00e7\u00e3o de medicamentos adotem as medidas necess\u00e1rias, nos termos da recomenda\u00e7\u00e3o.<\/p><\/td><td><p><a href=\"http:\/\/www.mpc.pr.gov.br\/wp-content\/uploads\/2020\/07\/Recomenda\u00e7\u00e3o-Administrativa-n\u00ba-053-2020-Rio-Azul.pdf\" target=\"_blank\">Visualizar<\/a><\/p><\/td><\/tr><tr><td><p>52.2020<\/p><\/td><td><p>Procuradoria-Geral de Contas<\/p><\/td><td><p>21.2.2020<\/p><\/td><td><p>Recomenda \u00e0 Secretaria Municipal de Sa\u00fade, \u00e0 Controladoria Interna e ao Prefeito Municipal, todos do munic\u00edpio de <strong>Pitangueiras<\/strong>, para que nas pr\u00f3ximas licita\u00e7\u00f5es para aquisi\u00e7\u00e3o de medicamentos adotem as medidas necess\u00e1rias, nos termos da recomenda\u00e7\u00e3o.<\/p><\/td><td><p><a href=\"http:\/\/www.mpc.pr.gov.br\/wp-content\/uploads\/2020\/07\/Recomenda\u00e7\u00e3o-Administrativa-n\u00ba-052-2020-Pitangueiras.pdf\" target=\"_blank\">Visualizar<\/a><\/p><\/td><\/tr><tr><td><p>51.2020<\/p><\/td><td><p>Procuradoria-Geral de Contas<\/p><\/td><td><p>21.2.2020<\/p><\/td><td><p>Recomenda a <strong>C\u00e2mara Municipal de Imbituva<\/strong> e ao Controlador Interno, que adotem medidas para o aperfei\u00e7oamento e atualiza\u00e7\u00e3o do Portal da Transpar\u00eancia.<\/p><\/td><td><p><a href=\"http:\/\/www.mpc.pr.gov.br\/wp-content\/uploads\/2020\/07\/Recomenda\u00e7\u00e3o-Administrativa-n\u00ba-051-2020-C\u00e2mara-Municipal-de-Imbituva.pdf\" target=\"_blank\">Visualizar<\/a><\/p><\/td><\/tr><tr><td><p>50.2020<\/p><\/td><td><p>Procuradoria-Geral de Contas<\/p><\/td><td><p>21.2.2020<\/p><\/td><td><p>Recomenda ao munic\u00edpio de <strong>Imbituva<\/strong> e ao Controlador Interno, que adotem medidas para o aperfei\u00e7oamento e atualiza\u00e7\u00e3o do Portal da Transpar\u00eancia.<\/p><\/td><td><p><a href=\"http:\/\/www.mpc.pr.gov.br\/wp-content\/uploads\/2020\/07\/Recomenda\u00e7\u00e3o-Administrativa-n\u00ba-050-2020-Munic\u00edpio-de-Imbituva.pdf\" target=\"_blank\">Visualizar<\/a><\/p><\/td><\/tr><tr><td><p>49.2020<\/p><\/td><td><p>Procuradoria-Geral de Contas<\/p><\/td><td><p>21.2.2020<\/p><\/td><td><p>Recomenda ao munic\u00edpio de <strong>Jaboti<\/strong> e ao Controlador Interno, que adotem medidas para o aperfei\u00e7oamento e atualiza\u00e7\u00e3o do Portal da Transpar\u00eancia.<\/p><\/td><td><p><a href=\"http:\/\/www.mpc.pr.gov.br\/wp-content\/uploads\/2020\/07\/Recomenda\u00e7\u00e3o-Administrativa-n\u00ba-049-2020-Munic\u00edpio-de-Jaboti.pdf\" target=\"_blank\">Visualizar<\/a><\/p><\/td><\/tr><tr><td><p>48.2020<\/p><\/td><td><p>Procuradoria-Geral de Contas<\/p><\/td><td><p>21.2.2020<\/p><\/td><td><p>Recomenda a <strong>C\u00e2mara Municipal de Pinh\u00e3o<\/strong> e ao Controlador Interno, que adotem medidas para o aperfei\u00e7oamento e atualiza\u00e7\u00e3o do Portal da Transpar\u00eancia.<\/p><\/td><td><p><a href=\"http:\/\/www.mpc.pr.gov.br\/wp-content\/uploads\/2020\/07\/Recomenda\u00e7\u00e3o-Administrativa-n\u00ba-048-2020-C\u00e2mara-Municipal-de-Pinh\u00e3o.pdf\" target=\"_blank\">Visualizar<\/a><\/p><\/td><\/tr><tr><td><p>47.2020<\/p><\/td><td><p>Procuradoria-Geral de Contas<\/p><\/td><td><p>21.2.2020<\/p><\/td><td><p>Recomenda ao munic\u00edpio de <strong>Pinh\u00e3o<\/strong> e ao Controlador Interno, que adotem medidas para o aperfei\u00e7oamento e atualiza\u00e7\u00e3o do Portal da Transpar\u00eancia.<\/p><\/td><td><p><a href=\"http:\/\/www.mpc.pr.gov.br\/wp-content\/uploads\/2020\/07\/Recomenda\u00e7\u00e3o-Administrativa-n\u00ba-047-2020-Munic\u00edpio-de-Pinh\u00e3o.pdf\" target=\"_blank\">Visualizar<\/a><\/p><\/td><\/tr><tr><td><p>46.2020<\/p><\/td><td><p>Procuradoria-Geral de Contas<\/p><\/td><td><p>21.2.2020<\/p><\/td><td><p>Recomenda a <strong>C\u00e2mara Municipal de Bela Vista do Para\u00edso<\/strong> e ao Controlador Interno, que adotem medidas para o aperfei\u00e7oamento e atualiza\u00e7\u00e3o do Portal da Transpar\u00eancia.<\/p><\/td><td><p><a href=\"http:\/\/www.mpc.pr.gov.br\/wp-content\/uploads\/2020\/07\/Recomenda\u00e7\u00e3o-Administrativa-n\u00ba-046-2020-C\u00e2mara-Municipal-de-Bela-Vista-do-Para\u00edso-1.pdf\" target=\"_blank\">Visualizar<\/a><\/p><\/td><\/tr><tr><td><p>45.2020<\/p><\/td><td><p>Procuradoria-Geral de Contas<\/p><\/td><td><p>21.2.2020<\/p><\/td><td><p>Recomenda ao munic\u00edpio de <strong>Bela Vista do Para\u00edso<\/strong> e ao Controlador Interno, que adotem medidas para o aperfei\u00e7oamento e atualiza\u00e7\u00e3o do Portal da Transpar\u00eancia.<\/p><\/td><td><p><a href=\"http:\/\/www.mpc.pr.gov.br\/wp-content\/uploads\/2020\/07\/Recomenda\u00e7\u00e3o-Administrativa-n\u00ba-045-2020-Munic\u00edpio-de-Bela-Vista-do-Para\u00edso.pdf\" target=\"_blank\">Visualizar<\/a><\/p><\/td><\/tr><tr><td><p>44.2020<\/p><\/td><td><p>Procuradoria-Geral de Contas<\/p><\/td><td><p>13.2.2020<\/p><\/td><td><p>Recomenda a <strong>C\u00e2mara Municipal de Rio Branco do Sul<\/strong> e ao Controlador Interno, que adotem medidas para o aperfei\u00e7oamento e atualiza\u00e7\u00e3o do Portal da Transpar\u00eancia.<\/p><\/td><td><p><a href=\"http:\/\/www.mpc.pr.gov.br\/wp-content\/uploads\/2020\/07\/Recomenda\u00e7\u00e3o-Administrativa-n\u00ba-044-2020-C\u00e2mara-Municipal-de-Rio-Branco-do-Sul.pdf\" target=\"_blank\">Visualizar<\/a><\/p><\/td><\/tr><tr><td><p>43.2020<\/p><\/td><td><p>Procuradoria-Geral de Contas<\/p><\/td><td><p>13.2.2020<\/p><\/td><td><p>Recomenda ao munic\u00edpio de <strong>Rio Branco do Sul<\/strong> e ao Controlador Interno, que adotem medidas para o aperfei\u00e7oamento e atualiza\u00e7\u00e3o do Portal da Transpar\u00eancia.<\/p><\/td><td><p><a href=\"http:\/\/www.mpc.pr.gov.br\/wp-content\/uploads\/2020\/07\/Recomenda\u00e7\u00e3o-Administrativa-n\u00ba-043-2020-Munic\u00edpio-de-Rio-Branco-do-Sul.pdf\" target=\"_blank\">Visualizar<\/a><\/p><\/td><\/tr><tr><td><p>42.2020<\/p><\/td><td><p>Procuradoria-Geral de Contas<\/p><\/td><td><p>13.2.2020<\/p><\/td><td><p>Recomenda \u00e0 Secretaria Municipal de Sa\u00fade, \u00e0 Controladoria Interna e ao Prefeito Municipal, todos do munic\u00edpio de <strong>Santo Ant\u00f4nio do Sudoeste<\/strong>, para que nas pr\u00f3ximas licita\u00e7\u00f5es para aquisi\u00e7\u00e3o de medicamentos adotem as medidas necess\u00e1rias, nos termos da recomenda\u00e7\u00e3o.<\/p><\/td><td><p><a href=\"http:\/\/www.mpc.pr.gov.br\/wp-content\/uploads\/2020\/07\/Recomenda\u00e7\u00e3o-Administrativa-n\u00ba-042-2020-Santo-Antonio-do-Sudoeste.pdf\" target=\"_blank\">Visualizar<\/a><\/p><\/td><\/tr><tr><td><p>41.2020<\/p><\/td><td><p>Procuradoria-Geral de Contas<\/p><\/td><td><p>12.2.2020<\/p><\/td><td><p>Recomenda \u00e0 Secretaria Municipal de Sa\u00fade, \u00e0 Controladoria Interna e ao Prefeito Municipal, todos do munic\u00edpio de <strong>Miraselva<\/strong>, para que nas pr\u00f3ximas licita\u00e7\u00f5es para aquisi\u00e7\u00e3o de medicamentos adotem as medidas necess\u00e1rias, nos termos da recomenda\u00e7\u00e3o.<\/p><\/td><td><p><a href=\"http:\/\/www.mpc.pr.gov.br\/wp-content\/uploads\/2020\/07\/Recomenda\u00e7\u00e3o-Administrativa-n\u00ba-041-2020-Miraselva.pdf\" target=\"_blank\">Visualizar<\/a><\/p><\/td><\/tr><tr><td><p>40.2020<\/p><\/td><td><p>Procuradoria-Geral de Contas<\/p><\/td><td><p>12.2.2020<\/p><\/td><td><p>Recomenda \u00e0 Secretaria Municipal de Sa\u00fade, \u00e0 Controladoria Interna e ao Prefeito Municipal, todos do munic\u00edpio de <strong>Turvo<\/strong>, para que nas pr\u00f3ximas licita\u00e7\u00f5es para aquisi\u00e7\u00e3o de medicamentos adotem as medidas necess\u00e1rias, nos termos da recomenda\u00e7\u00e3o.<\/p><\/td><td><p><a href=\"http:\/\/www.mpc.pr.gov.br\/wp-content\/uploads\/2020\/07\/Recomenda\u00e7\u00e3o-Administrativa-n\u00ba-040-2020-Turvo.pdf\" target=\"_blank\">Visualizar<\/a><\/p><\/td><\/tr><tr><td><p>39.2020<\/p><\/td><td><p>Procuradoria-Geral de Contas<\/p><\/td><td><p>12.2.2020<\/p><\/td><td><p>Recomenda \u00e0 Secretaria Municipal de Sa\u00fade, \u00e0 Controladoria Interna e ao Prefeito Municipal, todos do munic\u00edpio de <strong>Doutor Ulysses<\/strong>, para que nas pr\u00f3ximas licita\u00e7\u00f5es para aquisi\u00e7\u00e3o de medicamentos adotem as medidas necess\u00e1rias, nos termos da recomenda\u00e7\u00e3o.<\/p><\/td><td><p><a href=\"http:\/\/www.mpc.pr.gov.br\/wp-content\/uploads\/2020\/07\/Recomenda\u00e7\u00e3o-Administrativa-n\u00ba-039-2020-Doutor-Ulysses.pdf\" target=\"_blank\">Visualizar<\/a><\/p><\/td><\/tr><tr><td><p>38.2020<\/p><\/td><td><p>Procuradoria-Geral de Contas<\/p><\/td><td><p>12.2.2020<\/p><\/td><td><p>Recomenda a <strong>C\u00e2mara Municipal de Gua\u00edra<\/strong> e ao Controlador Interno, que adotem medidas para o aperfei\u00e7oamento e atualiza\u00e7\u00e3o do Portal da Transpar\u00eancia.<\/p><\/td><td><p><a href=\"http:\/\/www.mpc.pr.gov.br\/wp-content\/uploads\/2020\/07\/Recomenda\u00e7\u00e3o-Administrativa-n\u00ba-038-2020-C\u00e2mara-Municipal-de-Gua\u00edra.pdf\" target=\"_blank\">Visualizar<\/a><\/p><\/td><\/tr><tr><td><p>37.2020<\/p><\/td><td><p>Procuradoria-Geral de Contas<\/p><\/td><td><p>12.2.2020<\/p><\/td><td><p>Recomenda ao munic\u00edpio de <strong>Gua\u00edra<\/strong> e ao Controlador Interno, que adotem medidas para o aperfei\u00e7oamento e atualiza\u00e7\u00e3o do Portal da Transpar\u00eancia.<\/p><\/td><td><p><a href=\"http:\/\/www.mpc.pr.gov.br\/wp-content\/uploads\/2020\/07\/Recomenda\u00e7\u00e3o-Administrativa-n\u00ba-037-2020-Munic\u00edpio-de-Gua\u00edra.pdf\" target=\"_blank\">Visualizar<\/a><\/p><\/td><\/tr><tr><td><p>36.2020<\/p><\/td><td><p>Procuradoria-Geral de Contas<\/p><\/td><td><p>12.2.2020<\/p><\/td><td><p>Recomenda \u00e0 Secretaria Municipal de Sa\u00fade, \u00e0 Controladoria Interna e ao Prefeito Municipal, todos do munic\u00edpio de <strong>Jaguapit\u00e3<\/strong>, para que nas pr\u00f3ximas licita\u00e7\u00f5es para aquisi\u00e7\u00e3o de medicamentos adotem as medidas necess\u00e1rias, nos termos da recomenda\u00e7\u00e3o.<\/p><\/td><td><p><a href=\"http:\/\/www.mpc.pr.gov.br\/wp-content\/uploads\/2020\/07\/Recomenda\u00e7\u00e3o-Administrativa-n\u00ba-036-2020-Jaguapit\u00e3.pdf\" target=\"_blank\">Visualizar<\/a><\/p><\/td><\/tr><tr><td><p>35.2020<\/p><\/td><td><p>Procuradoria-Geral de Contas<\/p><\/td><td><p>6.2.2020<\/p><\/td><td><p>Recomenda \u00e0 Secretaria Municipal de Sa\u00fade, \u00e0 Controladoria Interna e ao Prefeito Municipal, todos do munic\u00edpio de <strong>Laranjal<\/strong>, para que nas pr\u00f3ximas licita\u00e7\u00f5es para aquisi\u00e7\u00e3o de medicamentos adotem as medidas necess\u00e1rias, nos termos da recomenda\u00e7\u00e3o.<\/p><\/td><td><p><a href=\"http:\/\/www.mpc.pr.gov.br\/wp-content\/uploads\/2020\/07\/Recomenda\u00e7\u00e3o-Administrativa-n\u00ba-035-2020-Laranjal.pdf\" target=\"_blank\">Visualizar<\/a><\/p><\/td><\/tr><tr><td><p>34.2020<\/p><\/td><td><p>Procuradoria-Geral de Contas<\/p><\/td><td><p>4.2.2020<\/p><\/td><td><p>Recomenda \u00e0 Secretaria Municipal de Sa\u00fade, \u00e0 Controladoria Interna e ao Prefeito Municipal, todos do munic\u00edpio de <strong>Tunas do Paran\u00e1<\/strong>, para que nas pr\u00f3ximas licita\u00e7\u00f5es para aquisi\u00e7\u00e3o de medicamentos adotem as medidas necess\u00e1rias, nos termos da recomenda\u00e7\u00e3o.<\/p><\/td><td><p><a href=\"http:\/\/www.mpc.pr.gov.br\/wp-content\/uploads\/2020\/07\/Recomenda\u00e7\u00e3o-Administrativa-n\u00ba-034-2020-Tunas-do-Paran\u00e1.pdf\" target=\"_blank\">Visualizar<\/a><\/p><\/td><\/tr><tr><td><p>33.2020<\/p><\/td><td><p>Procuradoria-Geral de Contas<\/p><\/td><td><p>4.2.2020<\/p><\/td><td><p>Recomenda \u00e0 Secretaria Municipal de Sa\u00fade, \u00e0 Controladoria Interna e ao Prefeito Municipal, todos do munic\u00edpio de <strong>S\u00e3o Carlos do Iva\u00ed<\/strong>, para que nas pr\u00f3ximas licita\u00e7\u00f5es para aquisi\u00e7\u00e3o de medicamentos adotem as medidas necess\u00e1rias, nos termos da recomenda\u00e7\u00e3o.<\/p><\/td><td><p><a href=\"http:\/\/www.mpc.pr.gov.br\/wp-content\/uploads\/2020\/07\/Recomenda\u00e7\u00e3o-Administrativa-n\u00ba-033-2020-S\u00e3o-Carlos-do-Iva\u00ed.pdf\" target=\"_blank\">Visualizar<\/a><\/p><\/td><\/tr><tr><td><p>32.2020<\/p><\/td><td><p>Procuradoria-Geral de Contas<\/p><\/td><td><p>4.2.2020<\/p><\/td><td><p>Recomenda \u00e0 Secretaria Municipal de Sa\u00fade, \u00e0 Controladoria Interna e ao Prefeito Municipal, todos do munic\u00edpio de <strong>Gua\u00edra<\/strong>, para que nas pr\u00f3ximas licita\u00e7\u00f5es para aquisi\u00e7\u00e3o de medicamentos adotem as medidas necess\u00e1rias, nos termos da recomenda\u00e7\u00e3o.<\/p><\/td><td><p><a href=\"http:\/\/www.mpc.pr.gov.br\/wp-content\/uploads\/2020\/07\/Recomenda\u00e7\u00e3o-Administrativa-n\u00ba-032-2020-Gua\u00edra.pdf\" target=\"_blank\">Visualizar<\/a><\/p><\/td><\/tr><tr><td><p>31.2020<\/p><\/td><td><p>Procuradoria-Geral de Contas<\/p><\/td><td><p>4.2.2020<\/p><\/td><td><p>Recomenda a <strong>C\u00e2mara Municipal de Bela Vista da Caroba<\/strong> e ao Controlador Interno, que adotem medidas para o aperfei\u00e7oamento e atualiza\u00e7\u00e3o do Portal da Transpar\u00eancia.<\/p><\/td><td><p><a href=\"http:\/\/www.mpc.pr.gov.br\/wp-content\/uploads\/2020\/07\/Recomenda\u00e7\u00e3o-Administrativa-n\u00ba-031-2020-C\u00e2mara-Municipal-de-Bela-Vista-da-Caroba.pdf\" target=\"_blank\">Visualizar<\/a><\/p><\/td><\/tr><tr><td><p>30.2020<\/p><\/td><td><p>Procuradoria-Geral de Contas<\/p><\/td><td><p>4.4.2020<\/p><\/td><td><p>Recomenda ao munic\u00edpio de <strong>Le\u00f3polis<\/strong> e ao Controlador Interno, que adotem medidas para o aperfei\u00e7oamento e atualiza\u00e7\u00e3o do Portal da Transpar\u00eancia.<\/p><\/td><td><p><a href=\"http:\/\/www.mpc.pr.gov.br\/wp-content\/uploads\/2020\/07\/Recomenda\u00e7\u00e3o-Administrativa-n\u00ba-030-2020-Munic\u00edpio-de-Leo\u00f3polis.pdf\" target=\"_blank\">Visualizar<\/a><\/p><\/td><\/tr><tr><td><p>29.2020<\/p><\/td><td><p>Procuradoria-Geral de Contas<\/p><\/td><td><p>3.2.2020<\/p><\/td><td><p>Recomenda a <strong>C\u00e2mara Municipal de Pira\u00ed do Sul<\/strong> e ao Controlador Interno, que adotem medidas para o aperfei\u00e7oamento e atualiza\u00e7\u00e3o do Portal da Transpar\u00eancia.<\/p><\/td><td><p><a href=\"http:\/\/www.mpc.pr.gov.br\/wp-content\/uploads\/2020\/07\/Recomenda\u00e7\u00e3o-Administrativa-n\u00ba-029-2020-Legislativo-Pira\u00ed-do-Sul.pdf\" target=\"_blank\">Visualizar<\/a><\/p><\/td><\/tr><tr><td><p>28.2020<\/p><\/td><td><p>Procuradoria-Geral de Contas<\/p><\/td><td><p>3.2.2020<\/p><\/td><td><p>Recomenda ao munic\u00edpio de <strong>Pira\u00ed do Sul<\/strong> e ao Controlador Interno, que adotem medidas para o aperfei\u00e7oamento e atualiza\u00e7\u00e3o do Portal da Transpar\u00eancia.<\/p><\/td><td><p><a href=\"http:\/\/www.mpc.pr.gov.br\/wp-content\/uploads\/2020\/07\/Recomenda\u00e7\u00e3o-Administrativa-n\u00ba-028-2020-Executivo-Pira\u00ed-do-Sul.pdf\" target=\"_blank\">Visualizar<\/a><\/p><\/td><\/tr><tr><td><p>27.2020<\/p><\/td><td><p>Procuradoria-Geral de Contas<\/p><\/td><td><p>4.2.2020<\/p><\/td><td><p>Recomenda ao munic\u00edpio de <strong>Jaguaria\u00edva<\/strong> e ao Controlador Interno, que adotem medidas para o aperfei\u00e7oamento e atualiza\u00e7\u00e3o do Portal da Transpar\u00eancia.<\/p><\/td><td><p><a href=\"http:\/\/www.mpc.pr.gov.br\/wp-content\/uploads\/2020\/07\/Recomenda\u00e7\u00e3o-Administrativa-n\u00ba-027-2020-Jaguaria\u00edva.pdf\" target=\"_blank\">Visualizar<\/a><\/p><\/td><\/tr><tr><td><p>26.2020<\/p><\/td><td><p>Procuradoria-Geral de Contas<\/p><\/td><td><p>30.1.2020<\/p><\/td><td><p>Recomenda \u00e0 Secretaria Municipal de Sa\u00fade, \u00e0 Controladoria Interna e ao Prefeito Municipal, todos do munic\u00edpio de <strong>Goioxim<\/strong>, para que nas pr\u00f3ximas licita\u00e7\u00f5es para aquisi\u00e7\u00e3o de medicamentos adotem as medidas necess\u00e1rias, nos termos da recomenda\u00e7\u00e3o.<\/p><\/td><td><p><a href=\"http:\/\/www.mpc.pr.gov.br\/wp-content\/uploads\/2020\/07\/Recomenda\u00e7\u00e3o-Administrativa-n\u00ba-026-2020-Goioxim.pdf\" target=\"_blank\">Visualizar<\/a><\/p><\/td><\/tr><tr><td><p>25.2020<\/p><\/td><td><p>Procuradoria-Geral de Contas<\/p><\/td><td><p>30.1.2020<\/p><\/td><td><p>Recomenda a <strong>C\u00e2mara Municipal de Romil\u00e2ndia<\/strong> e ao Controlador Interno, que adotem medidas para o aperfei\u00e7oamento e atualiza\u00e7\u00e3o do Portal da Transpar\u00eancia.<\/p><\/td><td><p><a href=\"http:\/\/www.mpc.pr.gov.br\/wp-content\/uploads\/2020\/07\/Recomenda\u00e7\u00e3o-Administrativa-n\u00ba-025-2020-C\u00e2mara-Municipal-de-Ramil\u00e2ndia.pdf\" target=\"_blank\">Visualizar<\/a><\/p><\/td><\/tr><tr><td><p>24.2020<\/p><\/td><td><p>Procuradoria-Geral de Contas<\/p><\/td><td><p>30.1.2020<\/p><\/td><td><p>Recomenda ao munic\u00edpio de <strong>Romil\u00e2ndia<\/strong> e ao Controlador Interno, que adotem medidas para o aperfei\u00e7oamento e atualiza\u00e7\u00e3o do Portal da Transpar\u00eancia.<\/p><\/td><td><p><a href=\"http:\/\/www.mpc.pr.gov.br\/wp-content\/uploads\/2020\/07\/Recomenda\u00e7\u00e3o-Administrativa-n\u00ba-024-2020-Munic\u00edpio-de-Ramil\u00e2ndia.pdf\" target=\"_blank\">Visualizar<\/a><\/p><\/td><\/tr><tr><td><p>23.2020<\/p><\/td><td><p>Procuradoria-Geral de Contas<\/p><\/td><td><p>6.2.2020<\/p><\/td><td><p>Recomenda a <strong>C\u00e2mara Municipal de Uni\u00e3o da Vit\u00f3ria<\/strong> e ao Controlador Interno, que adotem medidas para o aperfei\u00e7oamento e atualiza\u00e7\u00e3o do Portal da Transpar\u00eancia.<\/p><\/td><td><p><a href=\"http:\/\/www.mpc.pr.gov.br\/wp-content\/uploads\/2020\/07\/Recomenda\u00e7\u00e3o-Administrativa-n\u00ba-023-2020-Legislativo-Uniao-da-Vit\u00f3ria.pdf\" target=\"_blank\">Visualizar<\/a><\/p><\/td><\/tr><tr><td><p>22.2020<\/p><\/td><td><p>Procuradoria-Geral de Contas<\/p><\/td><td><p>6.2.2020<\/p><\/td><td><p>Recomenda ao munic\u00edpio de <strong>Uni\u00e3o da Vit\u00f3ria<\/strong> e ao Controlador Interno, que adotem medidas para o aperfei\u00e7oamento e atualiza\u00e7\u00e3o do Portal da Transpar\u00eancia.<\/p><\/td><td><p><a href=\"http:\/\/www.mpc.pr.gov.br\/wp-content\/uploads\/2020\/07\/Recomenda\u00e7\u00e3o-Administrativa-n\u00ba-022-2020-Uni\u00e3o-da-Vit\u00f3ria-Executivo.pdf\" target=\"_blank\">Visualizar<\/a><\/p><\/td><\/tr><tr><td><p>21.2020<\/p><\/td><td><p>Procuradoria-Geral de Contas<\/p><\/td><td><p>30.1.2020<\/p><\/td><td><p>Recomenda a <strong>C\u00e2mara Municipal de Bandeirantes <\/strong>e ao Controlador Interno, que adotem medidas para o aperfei\u00e7oamento e atualiza\u00e7\u00e3o do Portal da Transpar\u00eancia.<\/p><\/td><td><p><a href=\"http:\/\/www.mpc.pr.gov.br\/wp-content\/uploads\/2020\/07\/Recomenda\u00e7\u00e3o-Administrativa-n\u00ba-021-2020-Legislativo-Bandeirantes.pdf\" target=\"_blank\">Visualizar<\/a><\/p><\/td><\/tr><tr><td><p>20.2020<\/p><\/td><td><p>Procuradoria-Geral de Contas<\/p><\/td><td><p>30.1.2020<\/p><\/td><td><p>Recomenda ao munic\u00edpio de <strong>Bandeirantes<\/strong> e ao Controlador Interno, que adotem medidas para o aperfei\u00e7oamento e atualiza\u00e7\u00e3o do Portal da Transpar\u00eancia.<\/p><\/td><td><p><a href=\"http:\/\/www.mpc.pr.gov.br\/wp-content\/uploads\/2020\/07\/Recomenda\u00e7\u00e3o-Administrativa-n\u00ba-020-2020-Executivo-Bandeirantes.pdf\" target=\"_blank\">Visualizar<\/a><\/p><\/td><\/tr><tr><td><p>19.2020<\/p><\/td><td><p>Procuradoria-Geral de Contas<\/p><\/td><td><p>28.1.2020<\/p><\/td><td><p>Recomenda \u00e0 Secretaria Municipal de Sa\u00fade, \u00e0 Controladoria Interna e ao Prefeito Municipal, todos do munic\u00edpio de <strong>Tijucas do Sul<\/strong>, para que nas pr\u00f3ximas licita\u00e7\u00f5es para aquisi\u00e7\u00e3o de medicamentos adotem as medidas necess\u00e1rias, nos termos da recomenda\u00e7\u00e3o.<\/p><\/td><td><p><a href=\"http:\/\/www.mpc.pr.gov.br\/wp-content\/uploads\/2020\/07\/Recomenda\u00e7\u00e3o-Administrativa-n\u00ba-019-2020-Tijucas-do-Sul.pdf\" target=\"_blank\">Visualizar<\/a><\/p><\/td><\/tr><tr><td><p>18.2020<\/p><\/td><td><p>Procuradoria-Geral de Contas<\/p><\/td><td><p>3.2.2020<\/p><\/td><td><p>Recomenda \u00e0 Secretaria Municipal de Sa\u00fade, \u00e0 Controladoria Interna e ao Prefeito Municipal, todos do munic\u00edpio de <strong>F\u00eanix<\/strong>, para que nas pr\u00f3ximas licita\u00e7\u00f5es para aquisi\u00e7\u00e3o de medicamentos adotem as medidas necess\u00e1rias, nos termos da recomenda\u00e7\u00e3o.<\/p><\/td><td><p><a href=\"http:\/\/www.mpc.pr.gov.br\/wp-content\/uploads\/2020\/07\/Recomenda\u00e7\u00e3o-Administrativa-n\u00ba-018-2020-F\u00eanix.pdf\" target=\"_blank\">Visualizar<\/a><\/p><\/td><\/tr><tr><td><p>17.2020<\/p><\/td><td><p>Procuradoria-Geral de Contas<\/p><\/td><td><p>28.1.2020<\/p><\/td><td><p>Recomenda a <strong>C\u00e2mara Municipal de F\u00eanix<\/strong> e ao Controlador Interno, que adotem medidas para o aperfei\u00e7oamento e atualiza\u00e7\u00e3o do Portal da Transpar\u00eancia.<\/p><\/td><td><p><a href=\"http:\/\/www.mpc.pr.gov.br\/wp-content\/uploads\/2020\/07\/Recomenda\u00e7\u00e3o-Administrativa-n\u00ba-017-2020-C\u00e2mara-Municipal-de-F\u00eanix.pdf\" target=\"_blank\">Visualizar<\/a><\/p><\/td><\/tr><tr><td><p>16.2020<\/p><\/td><td><p>Procuradoria-Geral de Contas<\/p><\/td><td><p>28.1.2020<\/p><\/td><td><p>Recomenda ao munic\u00edpio de <strong>F\u00eanix<\/strong> e ao Controlador Interno, que adotem medidas para o aperfei\u00e7oamento e atualiza\u00e7\u00e3o do Portal da Transpar\u00eancia.<\/p><\/td><td><p><a href=\"http:\/\/www.mpc.pr.gov.br\/wp-content\/uploads\/2020\/07\/Recomenda\u00e7\u00e3o-Administrativa-n\u00ba-016-2020-Munic\u00edpio-de-F\u00eanix.pdf\" target=\"_blank\">Visualizar<\/a><\/p><\/td><\/tr><tr><td><p>15.2020<\/p><\/td><td><p>Procuradoria-Geral de Contas<\/p><\/td><td><p>28.1.2020<\/p><\/td><td><p>Recomenda \u00e0 Secretaria Municipal de Sa\u00fade, \u00e0 Controladoria Interna e ao Prefeito Municipal, todos do munic\u00edpio de <strong>Carl\u00f3polis<\/strong>, para que nas pr\u00f3ximas licita\u00e7\u00f5es para aquisi\u00e7\u00e3o de medicamentos adotem as medidas necess\u00e1rias, nos termos da recomenda\u00e7\u00e3o.<\/p><\/td><td><p><a href=\"http:\/\/www.mpc.pr.gov.br\/wp-content\/uploads\/2020\/07\/Recomenda\u00e7\u00e3o-Administrativa-n\u00ba-015-2020-Carl\u00f3polis.pdf\" target=\"_blank\">Visualizar<\/a><\/p><\/td><\/tr><tr><td><p>14.2020<\/p><\/td><td><p>Procuradoria-Geral de Contas<\/p><\/td><td><p>27.1.2020<\/p><\/td><td><p>Recomenda a <strong>C\u00e2mara Municipal de Guaraci<\/strong> e ao Controlador Interno, que adotem medidas para o aperfei\u00e7oamento e atualiza\u00e7\u00e3o do Portal da Transpar\u00eancia.<\/p><\/td><td><p><a href=\"http:\/\/www.mpc.pr.gov.br\/wp-content\/uploads\/2020\/07\/Recomenda\u00e7\u00e3o-Administrativa-n\u00ba-014-2020-Legislativo-Guaraci.pdf\" target=\"_blank\">Visualizar<\/a><\/p><\/td><\/tr><tr><td><p>13.2020<\/p><\/td><td><p>Procuradoria-Geral de Contas<\/p><\/td><td><p>27.1.2020<\/p><\/td><td><p>Recomenda a <strong>C\u00e2mara Municipal de Nova Aurora<\/strong> e ao Controlador Interno, que adotem medidas para o aperfei\u00e7oamento e atualiza\u00e7\u00e3o do Portal da Transpar\u00eancia.<\/p><\/td><td><p><a href=\"http:\/\/www.mpc.pr.gov.br\/wp-content\/uploads\/2020\/07\/Recomenda\u00e7\u00e3o-Administrativa-n\u00ba-013-2020-Legislativo-Nova-Aurora.pdf\" target=\"_blank\">Visualizar<\/a><\/p><\/td><\/tr><tr><td><p>12.2020<\/p><\/td><td><p>Procuradoria-Geral de Contas<\/p><\/td><td><p>27.1.2020<\/p><\/td><td><p>Recomenda ao munic\u00edpio de <strong>Nova Aurora<\/strong> e ao Controlador Interno, que adotem medidas para o aperfei\u00e7oamento e atualiza\u00e7\u00e3o do Portal da Transpar\u00eancia.<\/p><\/td><td><p><a href=\"http:\/\/www.mpc.pr.gov.br\/wp-content\/uploads\/2020\/07\/Recomenda\u00e7\u00e3o-Administrativa-n\u00ba-012-2020-Executivo-Nova-Aurora.pdf\" target=\"_blank\">Visualizar<\/a><\/p><\/td><\/tr><tr><td><p>11.2020<\/p><\/td><td><p>Procuradoria-Geral de Contas<\/p><\/td><td><p>27.1.2020<\/p><\/td><td><p>Recomenda a <strong>C\u00e2mara Municipal de S\u00e3o Pedro do Igua\u00e7u<\/strong> e ao Controlador Interno, que adotem medidas para o aperfei\u00e7oamento e atualiza\u00e7\u00e3o do Portal da Transpar\u00eancia.<\/p><\/td><td><p><a href=\"http:\/\/www.mpc.pr.gov.br\/wp-content\/uploads\/2020\/07\/Recomenda\u00e7\u00e3o-Administrativa-n\u00ba-011-2020-C\u00e2mara-Municipal-de-S\u00e3o-Pedro-do-Igua\u00e7u.pdf\" target=\"_blank\">Visualizar<\/a><\/p><\/td><\/tr><tr><td><p>10.2020<\/p><\/td><td><p>Procuradoria-Geral de Contas<\/p><\/td><td><p>27.1.2020<\/p><\/td><td><p>Recomenda ao munic\u00edpio de <strong>S\u00e3o Pedro do Igua\u00e7u<\/strong> e ao Controlador Interno, que adotem medidas para o aperfei\u00e7oamento e atualiza\u00e7\u00e3o do Portal da Transpar\u00eancia.<\/p><\/td><td><p><a href=\"http:\/\/www.mpc.pr.gov.br\/wp-content\/uploads\/2020\/07\/Recomenda\u00e7\u00e3o-Administrativa-n\u00ba-010-2020-Munic\u00edpio-de-S\u00e3o-Pedro-do-Igua\u00e7u.pdf\" target=\"_blank\">Visualizar<\/a><\/p><\/td><\/tr><tr><td><p>9.2020<\/p><\/td><td><p>Procuradoria-Geral de Contas<\/p><\/td><td><p>22.1.2020<\/p><\/td><td><p>Recomenda \u00e0 Secretaria Municipal de Sa\u00fade, \u00e0 Controladoria Interna e ao Prefeito Municipal, todos do munic\u00edpio de <strong>Peabiru<\/strong>, para que nas pr\u00f3ximas licita\u00e7\u00f5es para aquisi\u00e7\u00e3o de medicamentos adotem as medidas necess\u00e1rias, nos termos da recomenda\u00e7\u00e3o.<\/p><\/td><td><p><a href=\"http:\/\/www.mpc.pr.gov.br\/wp-content\/uploads\/2020\/07\/Recomenda\u00e7\u00e3o-Administrativa-n\u00ba-009-2020-Peabiru.pdf\" target=\"_blank\">Visualizar<\/a><\/p><\/td><\/tr><tr><td><p>8.2020<\/p><\/td><td><p>Procuradoria-Geral de Contas<\/p><\/td><td><p>22.1.2020<\/p><\/td><td><p>Recomenda \u00e0 Secretaria Municipal de Sa\u00fade, \u00e0 Controladoria Interna e ao Prefeito Municipal, todos do munic\u00edpio de <strong>Santa Mariana<\/strong>, para que nas pr\u00f3ximas licita\u00e7\u00f5es para aquisi\u00e7\u00e3o de medicamentos adotem as medidas necess\u00e1rias, nos termos da recomenda\u00e7\u00e3o.<\/p><\/td><td><p><a href=\"http:\/\/www.mpc.pr.gov.br\/wp-content\/uploads\/2020\/07\/Recomenda\u00e7\u00e3o-Administrativa-n\u00ba-008-2020-Santa-Mariana.pdf\" target=\"_blank\">Visualizar<\/a><\/p><\/td><\/tr><tr><td><p>7.2020<\/p><\/td><td><p>Procuradoria-Geral de Contas<\/p><\/td><td><p>22.1.2020<\/p><\/td><td><p>Recomenda \u00e0 Secretaria Municipal de Sa\u00fade, \u00e0 Controladoria Interna e ao Prefeito Municipal, todos do munic\u00edpio de <strong>Manoel Ribas<\/strong>, para que nas pr\u00f3ximas licita\u00e7\u00f5es para aquisi\u00e7\u00e3o de medicamentos adotem as medidas necess\u00e1rias, nos termos da recomenda\u00e7\u00e3o.<\/p><\/td><td><p><a href=\"http:\/\/www.mpc.pr.gov.br\/wp-content\/uploads\/2020\/07\/Recomenda\u00e7\u00e3o-Administrativa-n\u00ba-007-2020-Manoel-Ribas.pdf\" target=\"_blank\">Visualizar<\/a><\/p><\/td><\/tr><tr><td><p>6.2020<\/p><\/td><td><p>Procuradoria-Geral de Contas<\/p><\/td><td><p>22.1.2020<\/p><\/td><td><p>Recomenda-se \u00e0 <strong>C\u00e2mara Municipal de Quarto Centen\u00e1rio<\/strong>, que adote medidas para o controle da jornada de trabalho dos servidores, nos termos das recomenda\u00e7\u00e3o. <\/p><\/td><td><p><a href=\"http:\/\/www.mpc.pr.gov.br\/wp-content\/uploads\/2020\/07\/Recomenda\u00e7\u00e3o-Administrativa-n\u00ba-006-2020-C\u00e2mara-Municipal-de-Quarto-Centen\u00e1rio.pdf\" target=\"_blank\">Visualizar<\/a><\/p><\/td><\/tr><tr><td><p>5.2020<\/p><\/td><td><p>Procuradoria-Geral de Contas<\/p><\/td><td><p>22.1.2020<\/p><\/td><td><p>Recomenda \u00e0 Secretaria Municipal de Sa\u00fade, \u00e0 Controladoria Interna e ao Prefeito Municipal, todos do munic\u00edpio de <strong>Floresta<\/strong>, para que nas pr\u00f3ximas licita\u00e7\u00f5es para aquisi\u00e7\u00e3o de medicamentos adotem as medidas necess\u00e1rias, nos termos da recomenda\u00e7\u00e3o.<\/p><\/td><td><p><a href=\"http:\/\/www.mpc.pr.gov.br\/wp-content\/uploads\/2020\/07\/Recomenda\u00e7\u00e3o-Administrativa-n\u00ba-005-2020-Floresta.pdf\" target=\"_blank\">Visualizar<\/a><\/p><\/td><\/tr><tr><td><p>4.2020<\/p><\/td><td><p>Procuradoria-Geral de Contas<\/p><\/td><td><p>22.1.2020<\/p><\/td><td><p>Recomenda \u00e0 Secretaria Municipal de Sa\u00fade, \u00e0 Controladoria Interna e ao Prefeito Municipal, todos do munic\u00edpio de <strong>Terra Boa<\/strong>, para que nas pr\u00f3ximas licita\u00e7\u00f5es para aquisi\u00e7\u00e3o de medicamentos adotem as medidas necess\u00e1rias, nos termos da recomenda\u00e7\u00e3o.<\/p><\/td><td><p><a href=\"http:\/\/www.mpc.pr.gov.br\/wp-content\/uploads\/2020\/07\/Recomenda\u00e7\u00e3o-Administrativa-n\u00ba-004-2020-Terra-Boa.pdf\" target=\"_blank\">Visualizar<\/a><\/p><\/td><\/tr><tr><td><p>3.2020<\/p><\/td><td><p>Procuradoria-Geral de Contas<\/p><\/td><td><p>20.1.2020<\/p><\/td><td><p>Recomenda \u00e0 Secretaria Municipal de Sa\u00fade, \u00e0 Controladoria Interna e ao Prefeito Municipal, todos do munic\u00edpio de <strong>S\u00e3o Miguel do Igua\u00e7u<\/strong>, para que nas pr\u00f3ximas licita\u00e7\u00f5es para aquisi\u00e7\u00e3o de medicamentos adotem as medidas necess\u00e1rias, nos termos da recomenda\u00e7\u00e3o.<\/p><\/td><td><p><a href=\"http:\/\/www.mpc.pr.gov.br\/wp-content\/uploads\/2020\/07\/Recomenda\u00e7\u00e3o-Administrativa-n\u00ba-003-2020-S\u00e3o-Miguel-do-Igua\u00e7u.pdf\" target=\"_blank\">Visualizar<\/a><\/p><\/td><\/tr><tr><td><p>2.2020<\/p><\/td><td><p>Procuradoria-Geral de Contas<\/p><\/td><td><p>22.1.2020<\/p><\/td><td><p>Recomenda a <strong>C\u00e2mara Municipal de Kalor\u00e9<\/strong> e ao Controlador Interno, que adotem medidas para o aperfei\u00e7oamento e atualiza\u00e7\u00e3o do Portal da Transpar\u00eancia.<\/p><\/td><td><p><a href=\"http:\/\/www.mpc.pr.gov.br\/wp-content\/uploads\/2020\/07\/Recomenda\u00e7\u00e3o-Administrativa-n\u00ba-002-2020-Legislativo-Kalor\u00e9.pdf\" target=\"_blank\">Visualizar<\/a><\/p><\/td><\/tr><tr><td><p>1.2020<\/p><\/td><td><p>Procuradoria-Geral de Contas<\/p><\/td><td><p>22.1.2020<\/p><\/td><td><p>Recomenda ao munic\u00edpio de <strong>Kalor\u00e9<\/strong> e ao Controlador Interno, que adotem medidas para o aperfei\u00e7oamento e atualiza\u00e7\u00e3o do Portal da Transpar\u00eancia.<\/p><\/td><td><p><a href=\"http:\/\/www.mpc.pr.gov.br\/wp-content\/uploads\/2020\/07\/Recomenda\u00e7\u00e3o-Administrativa-n\u00ba-001-2020-Executivo-Kalor\u00e9.pdf\" target=\"_blank\">Visualizar<\/a><\/p><\/td><\/tr><tr><td><p>233.2019<\/p><\/td><td><p>Procuradoria-Geral de Contas<\/p><\/td><td><p>20.12.2019<\/p><\/td><td><p>Recomenda \u00e0 <strong>C\u00e2mara Municipal de Doutor Ulysses<\/strong> e ao respons\u00e1vel pelo Controle Interno, que adotem medidas para o aperfei\u00e7oamento e atualiza\u00e7\u00e3o do Portal da Transpar\u00eancia.<\/p><\/td><td><p><a href=\"https:\/\/www.mpc.pr.gov.br\/wp-content\/uploads\/2024\/01\/Recomendacao-Administrativa-no-233-2019-Camara-Municipal-de-Doutor-Ulysses.pdf\" target=\"_blank\">Visualizar<\/a><\/p><\/td><\/tr><tr><td><p>232.2019<\/p><\/td><td><p>Procuradoria-Geral de Contas<\/p><\/td><td><p>20.12.2019<\/p><\/td><td><p>Recomenda ao Munic\u00edpio de <strong>Doutor Ulysses<\/strong> e ao respons\u00e1vel pelo Controle Interno, que adotem medidas para o aperfei\u00e7oamento e atualiza\u00e7\u00e3o do Portal da Transpar\u00eancia.<\/p><\/td><td><p><a href=\"https:\/\/www.mpc.pr.gov.br\/wp-content\/uploads\/2024\/01\/Recomendacao-Administrativa-no-232-2019-Municipio-de-Doutor-Ulysses.pdf\" target=\"_blank\">Visualizar<\/a><\/p><\/td><\/tr><tr><td><p>231.2019<\/p><\/td><td><p>Procuradoria-Geral de Contas<\/p><\/td><td><p>20.12.2019<\/p><\/td><td><p>Recomenda ao Munic\u00edpio de <strong>Guamiranga<\/strong> e ao respons\u00e1vel pelo Controle Interno, que adotem medidas para o aperfei\u00e7oamento e atualiza\u00e7\u00e3o do Portal da Transpar\u00eancia.<\/p><\/td><td><p><a href=\"https:\/\/www.mpc.pr.gov.br\/wp-content\/uploads\/2024\/01\/Recomendacao-Administrativa-no-231-2019-Municipio-de-Guamiranga.pdf\" target=\"_blank\">Visualizar<\/a><\/p><\/td><\/tr><tr><td><p>230.2019<\/p><\/td><td><p>Procuradoria-Geral de Contas<\/p><\/td><td><p>20.12.2019<\/p><\/td><td><p>Recomenda \u00e0 Secret\u00e1ria de Sa\u00fade, \u00e0 Secret\u00e1ria de Compras e Licita\u00e7\u00f5es, ao Controlador Interno e ao Prefeito Municipal, todos do Munic\u00edpio de <strong>Nova Laranjeiras<\/strong>, para que nas pr\u00f3ximas licita\u00e7\u00f5es para aquisi\u00e7\u00e3o de medicamentos adotem as medidas necess\u00e1rias, nos termos da recomenda\u00e7\u00e3o.<\/p><\/td><td><p><a href=\"https:\/\/www.mpc.pr.gov.br\/wp-content\/uploads\/2024\/01\/Recomendacao-Administrativa-no-230-2019-Nova-Laranjeiras.pdf\" target=\"_blank\">Visualizar<\/a><\/p><\/td><\/tr><tr><td><p>229.2019<\/p><\/td><td><p>Procuradoria-Geral de Contas<\/p><\/td><td><p>20.12.2019<\/p><\/td><td><p>Recomenda \u00e0 <strong>C\u00e2mara Municipal de Quarto Centen\u00e1rio <\/strong>e ao respons\u00e1vel pelo Controle Interno, que adotem medidas necess\u00e1rias, nos termos da recomenda\u00e7\u00e3o.<\/p><\/td><td><p><a href=\"https:\/\/www.mpc.pr.gov.br\/wp-content\/uploads\/2024\/01\/Recomendacao-Administrativa-no-229-2019-Legislativo-Quarto-Centenario.pdf\" target=\"_blank\">Visualizar<\/a><\/p><\/td><\/tr><tr><td><p>228.2019<\/p><\/td><td><p>Procuradoria-Geral de Contas<\/p><\/td><td><p>17.12.2019<\/p><\/td><td><p>Recomenda \u00e0 Secretaria Municipal de Sa\u00fade, \u00e0 Controladoria Interna e ao Prefeito Municipal, todos do Munic\u00edpio de <strong>Matel\u00e2ndia<\/strong>, para que nas pr\u00f3ximas licita\u00e7\u00f5es para aquisi\u00e7\u00e3o de medicamentos adotem as medidas necess\u00e1rias, nos termos da recomenda\u00e7\u00e3o.<\/p><\/td><td><p><a href=\"https:\/\/www.mpc.pr.gov.br\/wp-content\/uploads\/2024\/01\/Recomendacao-Administrativa-no-228-2019-Matelandia.pdf\" target=\"_blank\">Visualizar<\/a><\/p><\/td><\/tr><tr><td><p>227.2029<\/p><\/td><td><p>Procuradoria-Geral de Contas<\/p><\/td><td><p>17.12.2019<\/p><\/td><td><p>Recomenda \u00e0 <strong>C\u00e2mara Municipal de Nova Laranjeiras <\/strong>e ao respons\u00e1vel pelo Controle Interno, que adotem medidas necess\u00e1rias, nos termos da recomenda\u00e7\u00e3o.<\/p><\/td><td><p><a href=\"https:\/\/www.mpc.pr.gov.br\/wp-content\/uploads\/2024\/01\/Recomendacao-Administrativa-no-227-2019-Nova-Laranjeiras-Legislativo.pdf\" target=\"_blank\">Visualizar<\/a><\/p><\/td><\/tr><tr><td><p>226.2019<\/p><\/td><td><p>Procuradoria-Geral de Contas<\/p><\/td><td><p>17.12.2019<\/p><\/td><td><p>Recomenda ao Munic\u00edpio de <strong>Nova Laranjeiras<\/strong> e ao respons\u00e1vel pelo Controle Interno, que adotem medidas necess\u00e1rias, nos termos da recomenda\u00e7\u00e3o.<\/p><\/td><td><p><a href=\"https:\/\/www.mpc.pr.gov.br\/wp-content\/uploads\/2024\/01\/Recomendacao-Administrativa-no-226-2019-Nova-Laranjeiras-Executivo.pdf\" target=\"_blank\">Visualizar<\/a><\/p><\/td><\/tr><tr><td><p>225.2019<\/p><\/td><td><p>Procuradoria-Geral de Contas<\/p><\/td><td><p>18.12.2019<\/p><\/td><td><p>Recomenda \u00e0 <strong>C\u00e2mara Municipal de Paranagu\u00e1 <\/strong>e ao respons\u00e1vel pelo Controle Interno, que adotem medidas para o aperfei\u00e7oamento e atualiza\u00e7\u00e3o do Portal da Transpar\u00eancia.<\/p><\/td><td><p><a href=\"https:\/\/www.mpc.pr.gov.br\/wp-content\/uploads\/2024\/01\/Recomendacao-Administrativa-no-225-2019-Camara-Municipal-de-Paranagua.pdf\" target=\"_blank\">Visualizar<\/a><\/p><\/td><\/tr><tr><td><p>224.2019<\/p><\/td><td><p>Procuradoria-Geral de Contas<\/p><\/td><td><p>18.12.2019<\/p><\/td><td><p>Recomenda ao Munic\u00edpio <strong>Paranagu\u00e1<\/strong> de e ao respons\u00e1vel pelo Controle Interno, que adotem medidas para o aperfei\u00e7oamento e atualiza\u00e7\u00e3o do Portal da Transpar\u00eancia.<\/p><\/td><td><p><a href=\"https:\/\/www.mpc.pr.gov.br\/wp-content\/uploads\/2024\/01\/Recomendacao-Administrativa-no-224-2019-Municipio-de-Paranagua.pdf\" target=\"_blank\">Visualizar<\/a><\/p><\/td><\/tr><tr><td><p>223.2019<\/p><\/td><td><p>Procuradoria-Geral de Contas<\/p><\/td><td><p>17.12.2019<\/p><\/td><td><p>Recomenda \u00e0 <strong>C\u00e2mara Municipal de Japira <\/strong>e ao respons\u00e1vel pelo Controle Interno, que adotem medidas necess\u00e1rias, nos termos da recomenda\u00e7\u00e3o.<\/p><\/td><td><p><a href=\"https:\/\/www.mpc.pr.gov.br\/wp-content\/uploads\/2024\/01\/Recomendacao-Administrativa-no-223-2019-Japira-Legislativo.pdf\" target=\"_blank\">Visualizar<\/a><\/p><\/td><\/tr><tr><td><p>222.2019<\/p><\/td><td><p>Procuradoria-Geral de Contas<\/p><\/td><td><p>11.12.2019<\/p><\/td><td><p>Recomenda \u00e0 <strong>C\u00e2mara Municipal de In\u00e1cio Martis <\/strong>e ao respons\u00e1vel pelo Controle Interno, que adotem medidas para o aperfei\u00e7oamento e atualiza\u00e7\u00e3o do Portal da Transpar\u00eancia.<\/p><\/td><td><p><a href=\"https:\/\/www.mpc.pr.gov.br\/wp-content\/uploads\/2024\/01\/Recomendacao-Administrativa-no-222-2019-Camara-Municipal-de-Inacio-Martins.pdf\" target=\"_blank\">Visualizar<\/a><\/p><\/td><\/tr><tr><td><p>221.2019<\/p><\/td><td><p>Procuradoria-Geral de Contas<\/p><\/td><td><p>17.12.2019<\/p><\/td><td><p>Recomenda ao Munic\u00edpio de <strong>Japira<\/strong> e ao respons\u00e1vel pelo Controle Interno, que adotem medidas necess\u00e1rias, nos termos da recomenda\u00e7\u00e3o.<\/p><\/td><td><p><a href=\"https:\/\/www.mpc.pr.gov.br\/wp-content\/uploads\/2024\/01\/Recomendacao-Administrativa-no-221-2019-Japira-Executivo.pdf\" target=\"_blank\">Visualizar<\/a><\/p><\/td><\/tr><tr><td><p>220.2019<\/p><\/td><td><p>Procuradoria-Geral de Contas<\/p><\/td><td><p>11.12.2019<\/p><\/td><td><p>Recomenda \u00e0 Secret\u00e1ria Municipal de Sa\u00fade, \u00e0 Controladora Interna e ao Prefeito Municipal, todos do Munic\u00edpio de <strong>Tup\u00e3ssi<\/strong>, para que nas pr\u00f3ximas licita\u00e7\u00f5es para aquisi\u00e7\u00e3o de medicamentos adotem as medidas necess\u00e1rias, nos termos da recomenda\u00e7\u00e3o.<\/p><\/td><td><p><a href=\"https:\/\/www.mpc.pr.gov.br\/wp-content\/uploads\/2024\/01\/Recomendacao-Administrativa-no-220-2019-Tupassi.pdf\" target=\"_blank\">Visualizar<\/a><\/p><\/td><\/tr><tr><td><p>219.2019<\/p><\/td><td><p>Procuradoria-Geral de Contas<\/p><\/td><td><p>11.12.2019<\/p><\/td><td><p>Recomenda \u00e0 Secretaria Municipal de Sa\u00fade, \u00e0 Controladoria Interna e ao Prefeito Municipal, todos do Munic\u00edpio de <strong>F\u00eanix<\/strong>, para que nas pr\u00f3ximas licita\u00e7\u00f5es para aquisi\u00e7\u00e3o de medicamentos adotem as medidas necess\u00e1rias, nos termos da recomenda\u00e7\u00e3o.<\/p><\/td><td><p><a href=\"https:\/\/www.mpc.pr.gov.br\/wp-content\/uploads\/2024\/01\/Recomendacao-Administrativa-no-219-2019-Fenix.pdf\" target=\"_blank\">Visualizar<\/a><\/p><\/td><\/tr><tr><td><p>218.2019<\/p><\/td><td><p>Procuradoria-Geral de Contas<\/p><\/td><td><p>10.12.2019<\/p><\/td><td><p>Recomenda ao Prefeito, Secret\u00e1rio de Sa\u00fade e Controlador Interno do Munic\u00edpio de <strong>Terra Rica<\/strong>, para que nas pr\u00f3ximas licita\u00e7\u00f5es sobre aquisi\u00e7\u00e3o de medicamentos adotem as medidas necess\u00e1rias, nos termos da recomenda\u00e7\u00e3o.<\/p><\/td><td><p><a href=\"https:\/\/www.mpc.pr.gov.br\/wp-content\/uploads\/2024\/01\/Recomendacao-Administrativa-no-218-2019-Terra-Rica.pdf\" target=\"_blank\">Visualizar<\/a><\/p><\/td><\/tr><tr><td><p>216.2019<\/p><\/td><td><p>Procuradoria-Geral de Contas<\/p><\/td><td><p>9.12.2019<\/p><\/td><td><p>Recomenda \u00e0 <strong>C\u00e2mara Municipal de Mari\u00f3polis <\/strong>e ao respons\u00e1vel pelo Controle Interno, que adotem medidas para o aperfei\u00e7oamento e atualiza\u00e7\u00e3o do Portal da Transpar\u00eancia.<\/p><\/td><td><p><a href=\"https:\/\/www.mpc.pr.gov.br\/wp-content\/uploads\/2024\/01\/Recomendacao-Administrativa-no-216-2019-Camara-Municipal-de-Mariopolis.pdf\" target=\"_blank\">Visualizar<\/a><\/p><\/td><\/tr><tr><td><p>215.2019<\/p><\/td><td><p>Procuradoria-Geral de Contas<\/p><\/td><td><p>9.12.2019<\/p><\/td><td><p>Recomenda ao Munic\u00edpio de <strong>Mari\u00f3polis <\/strong>e ao respons\u00e1vel pelo Controle Interno, que adotem medidas para o aperfei\u00e7oamento e atualiza\u00e7\u00e3o do Portal da Transpar\u00eancia.<\/p><\/td><td><p><a href=\"https:\/\/www.mpc.pr.gov.br\/wp-content\/uploads\/2024\/01\/Recomendacao-Administrativa-no-215-2019-Municipio-de-Mariopolis.pdf\" target=\"_blank\">Visualizar<\/a><\/p><\/td><\/tr><tr><td><p>214.2019<\/p><\/td><td><p>Procuradoria-Geral de Contas<\/p><\/td><td><p>9.12.2019<\/p><\/td><td><p>Recomenda \u00e0 <strong>C\u00e2mara Municipal de Almirante Tamandar\u00e9 <\/strong>e ao respons\u00e1vel pelo Controle Interno, que adotem medidas necess\u00e1rias, nos termos da recomenda\u00e7\u00e3o.<\/p><\/td><td><p><a href=\"https:\/\/www.mpc.pr.gov.br\/wp-content\/uploads\/2024\/01\/Recomendacao-Administrativa-no-214-2019-Almirante-Tamandare-Legislativo.pdf\" target=\"_blank\">Visualizar<\/a><\/p><\/td><\/tr><tr><td><p>213.2019<\/p><\/td><td><p>Procuradoria-Geral de Contas<\/p><\/td><td><p>9.12.2019<\/p><\/td><td><p>Recomenda ao Munic\u00edpio de<strong> Almirante Tamandar\u00e9<\/strong> e ao respons\u00e1vel pelo Controle Interno, que adotem medidas necess\u00e1rias, nos termos da recomenda\u00e7\u00e3o.<\/p><\/td><td><p><a href=\"https:\/\/www.mpc.pr.gov.br\/wp-content\/uploads\/2024\/01\/Recomendacao-Administrativa-no-213-2019-Almirante-Tamandare-Executivo.pdf\" target=\"_blank\">Visualizar<\/a><\/p><\/td><\/tr><tr><td><p>212.2019<\/p><\/td><td><p>Procuradoria-Geral de Contas<\/p><\/td><td><p>5.12.2019<\/p><\/td><td><p>Recomenda ao Prefeito, Controlador Interno e Secret\u00e1rio de Sa\u00fade do Munic\u00edpio de<strong> Renascen\u00e7a<\/strong>, para que nas pr\u00f3ximas licita\u00e7\u00f5es sobre aquisi\u00e7\u00e3o de medicamentos adotem as medidas necess\u00e1rias, nos termos da recomenda\u00e7\u00e3o.<\/p><\/td><td><p><a href=\"https:\/\/www.mpc.pr.gov.br\/wp-content\/uploads\/2024\/01\/Recomendacao-Administrativa-no-212-2019-Renascenca.pdf\" target=\"_blank\">Visualizar<\/a><\/p><\/td><\/tr><tr><td><p>211.2019<\/p><\/td><td><p>Procuradoria-Geral de Contas<\/p><\/td><td><p>17.12.2019<\/p><\/td><td><p>Recomenda ao Secret\u00e1rio Municipal de Sa\u00fade, ao Controlador Interno e ao Prefeito Municipal, todos do Munic\u00edpio de <strong>Campo Magro<\/strong>, para que nas pr\u00f3ximas licita\u00e7\u00f5es para aquisi\u00e7\u00e3o de medicamentos adotem as medidas necess\u00e1rias, nos termos da recomenda\u00e7\u00e3o.<\/p><\/td><td><p><a href=\"https:\/\/www.mpc.pr.gov.br\/wp-content\/uploads\/2024\/01\/Recomendacao-Administrativa-no-211-2019-Campo-Magro.pdf\" target=\"_blank\">Visualizar<\/a><\/p><\/td><\/tr><tr><td><p>210.2019<\/p><\/td><td><p>Procuradoria-Geral de Contas<\/p><\/td><td><p>9.12.2019<\/p><\/td><td><p>Recomenda ao Secret\u00e1rio Municipal de Via\u00e7\u00e3o, Obras e Servi\u00e7os Urbanos, ao Procurador Geral do Munic\u00edpio, ao Controlador Geral e ao Prefeito Municipal, todos do Munic\u00edpio de <strong>Guarapuava<\/strong>, que adotem as medidas necess\u00e1rias, nos termos da recomenda\u00e7\u00e3o.<\/p><\/td><td><p><a href=\"https:\/\/www.mpc.pr.gov.br\/wp-content\/uploads\/2024\/01\/Recomendacao-Administrativa-no-210-2019-Guarapuava.pdf\" target=\"_blank\">Visualizar<\/a><\/p><\/td><\/tr><tr><td><p>209.2019<\/p><\/td><td><p>Procuradoria-Geral de Contas<\/p><\/td><td><p>4.12.2019<\/p><\/td><td><p>Recomenda ao Secret\u00e1rio Municipal de Sa\u00fade, ao Controlador Interno e \u00e0 Prefeita Municipal, todos do Munic\u00edpio de <strong>Cruzmaltina<\/strong>, que nas pr\u00f3ximas licita\u00e7\u00f5es para aquisi\u00e7\u00e3o de medicamentos adotem as medidas necess\u00e1rias, nos termos da recomenda\u00e7\u00e3o.<\/p><\/td><td><p><a href=\"https:\/\/www.mpc.pr.gov.br\/wp-content\/uploads\/2024\/01\/Recomendacao-Administrativa-no-209-2019-Cruzmaltina.pdf\" target=\"_blank\">Visualizar<\/a><\/p><\/td><\/tr><tr><td><p>208.2019<\/p><\/td><td><p>Procuradoria-Geral de Contas<\/p><\/td><td><p>4.12.2019<\/p><\/td><td><p>Recomenda ao Secret\u00e1rio Municipal de Sa\u00fade, ao Controlador Interno e ao Prefeito Municipal, todos do Munic\u00edpio de <strong>Foz do Jord\u00e3o<\/strong>, para que nas pr\u00f3ximas licita\u00e7\u00f5es para aquisi\u00e7\u00e3o de medicamentos adotem as medidas necess\u00e1rias, nos termos da recomenda\u00e7\u00e3o.<\/p><\/td><td><p><a href=\"https:\/\/www.mpc.pr.gov.br\/wp-content\/uploads\/2024\/01\/Recomendacao-Administrativa-no-208-2019-Foz-do-Jordao.pdf\" target=\"_blank\">Visualizar<\/a><\/p><\/td><\/tr><tr><td><p>207.2019<\/p><\/td><td><p>Procuradoria-Geral de Contas<\/p><\/td><td><p>4.12.2019<\/p><\/td><td><p>Recomenda \u00e0 Secretaria Municipal de Sa\u00fade, \u00e0 Controladoria Interna, ao Departamento de Licita\u00e7\u00e3o e ao Prefeito Municipal, todos do Munic\u00edpio de <strong>Quedas do Igua\u00e7u<\/strong>, para que nas pr\u00f3ximas licita\u00e7\u00f5es para aquisi\u00e7\u00e3o de medicamentos adotem as medidas necess\u00e1rias, nos termos da recomenda\u00e7\u00e3o.<\/p><\/td><td><p><a href=\"https:\/\/www.mpc.pr.gov.br\/wp-content\/uploads\/2024\/01\/Recomendacao-Administrativa-no-207-2019-Quedas-do-Iguacu.pdf\" target=\"_blank\">Visualizar<\/a><\/p><\/td><\/tr><tr><td><p>206.2019<\/p><\/td><td><p>Procuradoria-Geral de Contas<\/p><\/td><td><p>4.12.2019<\/p><\/td><td><p>Recomenda \u00e0 Secretaria Municipal de Sa\u00fade, \u00e0 Controladoria Interna e ao Prefeito Municipal, todos do Munic\u00edpio de <strong>Ortigueira<\/strong>, para que nas pr\u00f3ximas licita\u00e7\u00f5es para aquisi\u00e7\u00e3o de medicamentos adotem as medidas necess\u00e1rias, nos termos da recomenda\u00e7\u00e3o.<\/p><\/td><td><p><a href=\"https:\/\/www.mpc.pr.gov.br\/wp-content\/uploads\/2024\/01\/Recomendacao-Administrativa-no-206-2019-Ortigueira.pdf\" target=\"_blank\">Visualizar<\/a><\/p><\/td><\/tr><tr><td><p>205.2019<\/p><\/td><td><p>Procuradoria-Geral de Contas<\/p><\/td><td><p>5.2.2019<\/p><\/td><td><p>Recomenda \u00e0 <strong>C\u00e2mara Municipal de Campo Magro <\/strong>e ao respons\u00e1vel pelo Controle Interno, que adotem medidas para o aperfei\u00e7oamento e atualiza\u00e7\u00e3o do Portal da Transpar\u00eancia.<\/p><\/td><td><p><a href=\"https:\/\/www.mpc.pr.gov.br\/wp-content\/uploads\/2024\/01\/Recomendacao-Administrativa-no-205-2019-Camara-Municipal-de-Campo-Magro.pdf\" target=\"_blank\">Visualizar<\/a><\/p><\/td><\/tr><tr><td><p>204.2019<\/p><\/td><td><p>Procuradoria-Geral de Contas<\/p><\/td><td><p>5.12.2019<\/p><\/td><td><p>Recomenda ao <strong>Munic\u00edpio de Campo Magro<\/strong> e ao respons\u00e1vel pelo Controle Interno, que adotem medidas para o aperfei\u00e7oamento e atualiza\u00e7\u00e3o do Portal da Transpar\u00eancia.<\/p><\/td><td><p><a href=\"https:\/\/www.mpc.pr.gov.br\/wp-content\/uploads\/2024\/01\/Recomendacao-Administrativa-no-204-2019-Municipio-de-Campo-Magro.pdf\" target=\"_blank\">Visualizar<\/a><\/p><\/td><\/tr><tr><td><p>203.2019<\/p><\/td><td><p>Procuradoria-Geral de Contas<\/p><\/td><td><p>2.12.2019<\/p><\/td><td><p>Recomenda aos dirigentes das empresas p\u00fablicas e sociedades de economia mista sob controle direto ou indireto do Estado do Paran\u00e1 que adotem as medidas necess\u00e1rias, nos termos da recomenda\u00e7\u00e3o.<\/p><\/td><td><p><a href=\"https:\/\/www.mpc.pr.gov.br\/wp-content\/uploads\/2024\/01\/Recomendacao-administrativa-no-203-2019.pdf\" target=\"_blank\">Visualizar<\/a><\/p><\/td><\/tr><tr><td><p>202.2019<\/p><\/td><td><p>Procuradoria-Geral de Contas<\/p><\/td><td><p>2.12.2019<\/p><\/td><td><p>Recomenda ao Secret\u00e1rio Municipal de Sa\u00fade, ao Secret\u00e1rio Municipal de Controle Interno e ao Prefeito Municipal, todos do Munic\u00edpio de <strong>Matinhos<\/strong>, para que nas pr\u00f3ximas licita\u00e7\u00f5es para aquisi\u00e7\u00e3o de medicamentos adotem as medidas necess\u00e1rias, nos termos da recomenda\u00e7\u00e3o. <\/p><\/td><td><p><a href=\"https:\/\/www.mpc.pr.gov.br\/wp-content\/uploads\/2024\/01\/Recomendacao-Administrativa-no-202-2019-Matinhos.pdf\" target=\"_blank\">Visualizar<\/a><\/p><\/td><\/tr><tr><td><p>201.2019<\/p><\/td><td><p>Procuradoria-Geral de Contas<\/p><\/td><td><p>2.12.2019<\/p><\/td><td><p>Recomenda \u00e0 Secretaria Municipal de Sa\u00fade, \u00e0 Controladoria Interna, \u00e0 Comiss\u00e3o de Licita\u00e7\u00e3o e ao Prefeito Municipal, todos do Munic\u00edpio de <strong>Pontal do Paran\u00e1<\/strong>, para que nas pr\u00f3ximas licita\u00e7\u00f5es para aquisi\u00e7\u00e3o de medicamentos adotem as medidas necess\u00e1rias, nos termos da recomenda\u00e7\u00e3o.<\/p><\/td><td><p><a href=\"https:\/\/www.mpc.pr.gov.br\/wp-content\/uploads\/2024\/01\/Recomendacao-Administrativa-no-201-2019-Pontal-do-Parana.pdf\" target=\"_blank\">Visualizar<\/a><\/p><\/td><\/tr><tr><td><p>200.2019<\/p><\/td><td><p>Procuradoria-Geral de Contas<\/p><\/td><td><p>3.12.2019<\/p><\/td><td><p>Recomenda ao Prefeito, Secret\u00e1rio de Sa\u00fade e Controlador Interno do Munic\u00edpio de <strong>Grandes Rios<\/strong>, para que nas pr\u00f3ximas licita\u00e7\u00f5es sobre aquisi\u00e7\u00e3o de medicamentos adotem as medidas necess\u00e1rias, nos termos da recomenda\u00e7\u00e3o.<\/p><\/td><td><p><a href=\"https:\/\/www.mpc.pr.gov.br\/wp-content\/uploads\/2024\/01\/Recomendacao-Administrativa-no-200-Grandes-Rios.pdf\" target=\"_blank\">Visualizar<\/a><\/p><\/td><\/tr><tr><td><p>199.2019<\/p><\/td><td><p>Procuradoria-Geral de Contas<\/p><\/td><td><p>3.12.2019<\/p><\/td><td><p>Recomenda ao Prefeito, Secret\u00e1rio de Sa\u00fade e Controlador Interno do Munic\u00edpio de Goioer\u00ea, para que nas pr\u00f3ximas licita\u00e7\u00f5es sobre aquisi\u00e7\u00e3o de medicamentos adotem as medidas necess\u00e1rias, nos termos da recomenda\u00e7\u00e3o.<\/p><\/td><td><p><a href=\"https:\/\/www.mpc.pr.gov.br\/wp-content\/uploads\/2024\/01\/Recomendacao-Administrativa-no-199-Goioere.pdf\" target=\"_blank\">Visualizar<\/a><\/p><\/td><\/tr><tr><td><p>198.2019<\/p><\/td><td><p>Procuradoria-Geral de Contas<\/p><\/td><td><p>2.12.2019<\/p><\/td><td><p>Recomenda \u00e0 <strong>C\u00e2mara Municipal de Luiziana <\/strong>e ao respons\u00e1vel pelo Controle Interno, que adotem medidas para o aperfei\u00e7oamento e atualiza\u00e7\u00e3o do Portal da Transpar\u00eancia.<\/p><\/td><td><p><a href=\"https:\/\/www.mpc.pr.gov.br\/wp-content\/uploads\/2024\/01\/Recomendacao-Administrativa-no-198-2019-Camara-Municipal-de-Luiziana.pdf\" target=\"_blank\">Visualizar<\/a><\/p><\/td><\/tr><tr><td><p>197.2019<\/p><\/td><td><p>Procuradoria-Geral de Contas<\/p><\/td><td><p>2.12.2019<\/p><\/td><td><p>Recomenda ao Munic\u00edpio de <strong>Luiziana<\/strong> e ao respons\u00e1vel pelo Controle Interno, que adotem medidas para o aperfei\u00e7oamento e atualiza\u00e7\u00e3o do Portal da Transpar\u00eancia.<\/p><\/td><td><p><a href=\"https:\/\/www.mpc.pr.gov.br\/wp-content\/uploads\/2024\/01\/Recomendacao-Administrativa-no-197-2019-Municipio-de-Luiziana.pdf\" target=\"_blank\">Visualizar<\/a><\/p><\/td><\/tr><tr><td><p>196.2019<\/p><\/td><td><p>Procuradoria-Geral de Contas<\/p><\/td><td><p>28.11.2019<\/p><\/td><td><p>Recomenda \u00e0 <strong>C\u00e2mara Municipal de Pi\u00ean <\/strong>e ao respons\u00e1vel pelo Controle Interno, que adotem medidas necess\u00e1rias, nos termos da recomenda\u00e7\u00e3o.<\/p><\/td><td><p><a href=\"https:\/\/www.mpc.pr.gov.br\/wp-content\/uploads\/2024\/01\/Recomendacao-Administrativa-no-196-2019-Pien-Legislativo.pdf\" target=\"_blank\">Visualizar<\/a><\/p><\/td><\/tr><tr><td><p>195.2019<\/p><\/td><td><p>Procuradoria-Geral de Contas<\/p><\/td><td><p>28.11.2019<\/p><\/td><td><p>Recomenda ao Munic\u00edpio de <strong>Pi\u00ean<\/strong> e ao respons\u00e1vel pelo Controle Interno, que adotem medidas necess\u00e1rias, nos termos da recomenda\u00e7\u00e3o.<\/p><\/td><td><p><a href=\"https:\/\/www.mpc.pr.gov.br\/wp-content\/uploads\/2024\/01\/Recomendacao-Administrativa-no-195-2019-Pien-Executivo.pdf\" target=\"_blank\">Visualizar<\/a><\/p><\/td><\/tr><tr><td><p>194.2019<\/p><\/td><td><p>Procuradoria-Geral de Contas<\/p><\/td><td><p>2.12.2019<\/p><\/td><td><p>Recomenda-se \u00e0 Prefeitura Municipal de <strong>Campo Bonito<\/strong>, ao Controlador Interno e ao Procurador Jur\u00eddico que adotem as medidas necess\u00e1rias, nos termos da recomenda\u00e7\u00e3o.<\/p><\/td><td><p><a href=\"https:\/\/www.mpc.pr.gov.br\/wp-content\/uploads\/2024\/01\/Recomendacao-administrativa-no-194-2019.pdf\" target=\"_blank\">Visualizar<\/a><\/p><\/td><\/tr><tr><td><p>193.2019<\/p><\/td><td><p>Procuradoria-Geral de Contas<\/p><\/td><td><p>28.11.2019<\/p><\/td><td><p>Recomenda ao Prefeito e Controlador Interno do Munic\u00edpio de <strong>Astorga<\/strong>, para que nas pr\u00f3ximas licita\u00e7\u00f5es sobre aquisi\u00e7\u00e3o de medicamentos adotem as medidas necess\u00e1rias, nos termos da recomenda\u00e7\u00e3o.<\/p><\/td><td><p><a href=\"https:\/\/www.mpc.pr.gov.br\/wp-content\/uploads\/2024\/01\/Recomendacao-Administrativa-no-193-2019-Astorga.pdf\" target=\"_blank\">Visualizar<\/a><\/p><\/td><\/tr><tr><td><p>192.2019<\/p><\/td><td><p>Procuradoria-Geral de Contas<\/p><\/td><td><p>28.11.2019<\/p><\/td><td><p>Recomenda \u00e0 Secret\u00e1ria Municipal de Sa\u00fade, \u00e0 Controladora Interna e ao Prefeito Municipal, todos do Munic\u00edpio de <strong>Engenheiro Beltr\u00e3o<\/strong>, para que nas pr\u00f3ximas licita\u00e7\u00f5es para aquisi\u00e7\u00e3o de medicamentos adotem as medidas necess\u00e1rias, nos termos da recomenda\u00e7\u00e3o.<\/p><\/td><td><p><a href=\"https:\/\/www.mpc.pr.gov.br\/wp-content\/uploads\/2024\/01\/Recomendacao-Administrativa-no-192-2019-Engenheiro-Beltrao.pdf\" target=\"_blank\">Visualizar<\/a><\/p><\/td><\/tr><tr><td><p>191.2019<\/p><\/td><td><p>Procuradoria-Geral de Contas<\/p><\/td><td><p>22.11.2019<\/p><\/td><td><p>Recomenda ao Secret\u00e1rio Municipal de Sa\u00fade, ao Controlador Interno e ao Prefeito Municipal, todos do Munic\u00edpio de <strong>Bela Vista do Para\u00edso<\/strong>, para que nas pr\u00f3ximas licita\u00e7\u00f5es para aquisi\u00e7\u00e3o de medicamentos adotem as medidas necess\u00e1rias, nos termos da recomenda\u00e7\u00e3o.<\/p><\/td><td><p><a href=\"https:\/\/www.mpc.pr.gov.br\/wp-content\/uploads\/2024\/01\/Recomendacao-Administrativa-no-191-2019-Bela-Vista-do-Paraiso.pdf\" target=\"_blank\">Visualizar<\/a><\/p><\/td><\/tr><tr><td><p>190.2019<\/p><\/td><td><p>Procuradoria-Geral de Contas<\/p><\/td><td><p>22.11.2019<\/p><\/td><td><p>Recomenda ao Munic\u00edpio de <strong>Guaraci<\/strong> e ao respons\u00e1vel pelo Controle Interno, que adotem medidas necess\u00e1rias, nos termos da recomenda\u00e7\u00e3o.<\/p><\/td><td><p><a href=\"https:\/\/www.mpc.pr.gov.br\/wp-content\/uploads\/2024\/01\/Recomendacao-Administrativa-no-190-2019-Guaraci-Executivo.pdf\" target=\"_blank\">Visualizar<\/a><\/p><\/td><\/tr><tr><td><p>189.2019<\/p><\/td><td><p>Procuradoria-Geral de Contas<\/p><\/td><td><p>20.11.2019<\/p><\/td><td><p>Recomenda \u00e0 <strong>C\u00e2mara Municipal de Santa L\u00facia <\/strong>e ao respons\u00e1vel pelo Controle Interno, que adotem medidas necess\u00e1rias, nos termos da recomenda\u00e7\u00e3o.<\/p><\/td><td><p><a href=\"https:\/\/www.mpc.pr.gov.br\/wp-content\/uploads\/2024\/01\/Recomendacao-Administrativa-no-189-2019-Santa-Lucia-Legislativo.pdf\" target=\"_blank\">Visualizar<\/a><\/p><\/td><\/tr><tr><td><p>188.2019<\/p><\/td><td><p>Procuradoria-Geral de Contas<\/p><\/td><td><p>20.11.2019<\/p><\/td><td><p>Recomenda ao Munic\u00edpio de <strong>Santa L\u00facia<\/strong> e ao respons\u00e1vel pelo Controle Interno, que adotem medidas necess\u00e1rias, nos termos da recomenda\u00e7\u00e3o.<\/p><\/td><td><p><a href=\"https:\/\/www.mpc.pr.gov.br\/wp-content\/uploads\/2024\/01\/Recomendacao-Administrativa-no-188-2019-Santa-Lucia-Executivo.pdf\" target=\"_blank\">Visualizar<\/a><\/p><\/td><\/tr><tr><td><p>187.2019<\/p><\/td><td><p>Procuradoria-Geral de Contas<\/p><\/td><td><p>20.11.2019<\/p><\/td><td><p>Recomenda \u00e0 <strong>C\u00e2mara Municipal de Jaguapit\u00e3<\/strong> e ao respons\u00e1vel pelo Controle Interno, que adotem medidas necess\u00e1rias, nos termos da recomenda\u00e7\u00e3o.<\/p><\/td><td><p><a href=\"https:\/\/www.mpc.pr.gov.br\/wp-content\/uploads\/2024\/01\/Recomendacao-Administrativa-no-187-2019-Jaguapita-Legislativo.pdf\" target=\"_blank\">Visualizar<\/a><\/p><\/td><\/tr><tr><td><p>186.2019<\/p><\/td><td><p>Procuradoria-Geral de Contas<\/p><\/td><td><p>20.11.2019<\/p><\/td><td><p>Recomenda ao Munic\u00edpio de <strong>Jaguapit\u00e3 <\/strong>e ao respons\u00e1vel pelo Controle Interno, que adotem medidas necess\u00e1rias, nos termos da recomenda\u00e7\u00e3o.<\/p><\/td><td><p><a href=\"https:\/\/www.mpc.pr.gov.br\/wp-content\/uploads\/2024\/01\/Recomendacao-Administrativa-no-186-2019-Jaguapita-Executivo.pdf\" target=\"_blank\">Visualizar<\/a><\/p><\/td><\/tr><tr><td><p>185.2019<\/p><\/td><td><p>Procuradoria-Geral de Contas<\/p><\/td><td><p>20.11.2019<\/p><\/td><td><p>Recomenda \u00e0 Secretaria Municipal de Sa\u00fade, \u00e0 Controladoria Interna, ao Pregoeiro e ao Prefeito Municipal, todos do Munic\u00edpio de <strong>Faxinal<\/strong>, para que nas pr\u00f3ximas licita\u00e7\u00f5es para aquisi\u00e7\u00e3o de medicamentos adotem as medidas necess\u00e1rias, nos termos da recomenda\u00e7\u00e3o.<\/p><\/td><td><p><a href=\"https:\/\/www.mpc.pr.gov.br\/wp-content\/uploads\/2024\/01\/Recomendacao-Administrativa-no-185-2019-Faxinal.pdf\" target=\"_blank\">Visualizar<\/a><\/p><\/td><\/tr><tr><td><p>184.2019<\/p><\/td><td><p>Procuradoria-Geral de Contas<\/p><\/td><td><p>20.11.2019<\/p><\/td><td><p>Recomenda \u00e0 Secretaria Municipal de Sa\u00fade, \u00e0 Controladoria Interna, \u00e0 Pregoeira e ao Prefeito Municipal, todos do Munic\u00edpio de <strong>En\u00e9as Marques<\/strong>, para que nas pr\u00f3ximas licita\u00e7\u00f5es para aquisi\u00e7\u00e3o de medicamentos adotem as medidas necess\u00e1rias, nos termos da recomenda\u00e7\u00e3o.<\/p><\/td><td><p><a href=\"https:\/\/www.mpc.pr.gov.br\/wp-content\/uploads\/2024\/01\/Recomendacao-Administrativa-no-184-2019-Eneas-Marques.pdf\" target=\"_blank\">Visualizar<\/a><\/p><\/td><\/tr><tr><td><p>183.2019<\/p><\/td><td><p>Procuradoria-Geral de Contas<\/p><\/td><td><p>20.11.2019<\/p><\/td><td><p>Recomenda \u00e0 Secretaria Municipal de Sa\u00fade, \u00e0 Controladoria Interna, ao Pregoeiro e ao Prefeito Municipal, todos do Munic\u00edpio de<strong> Amp\u00e9re<\/strong>, para que nas pr\u00f3ximas licita\u00e7\u00f5es para aquisi\u00e7\u00e3o de medicamentos adotem as medidas necess\u00e1rias, nos termos da recomenda\u00e7\u00e3o.<\/p><\/td><td><p><a href=\"https:\/\/www.mpc.pr.gov.br\/wp-content\/uploads\/2024\/01\/Recomendacao-Administrativa-no-183-2019-Ampere.pdf\" target=\"_blank\">Visualizar<\/a><\/p><\/td><\/tr><tr><td><p>182.2019<\/p><\/td><td><p>Procuradoria-Geral de Contas<\/p><\/td><td><p>20.11.2019<\/p><\/td><td><p>Recomenda \u00e0 Secret\u00e1ria Municipal de Sa\u00fade, ao Controlador Interno, ao Secret\u00e1rio Municipal de Administra\u00e7\u00e3o e ao Prefeito Municipal, todos do Munic\u00edpio de <strong>Palotina<\/strong>, para que nas pr\u00f3ximas licita\u00e7\u00f5es para aquisi\u00e7\u00e3o de medicamentos adotem as medidas necess\u00e1rias, nos termos da recomenda\u00e7\u00e3o.<\/p><\/td><td><p><a href=\"https:\/\/www.mpc.pr.gov.br\/wp-content\/uploads\/2024\/01\/Recomendacao-Administrativa-no-182-2019-Palotina.pdf\" target=\"_blank\">Visualizar<\/a><\/p><\/td><\/tr><tr><td><p>181.2019<\/p><\/td><td><p>Procuradoria-Geral de Contas<\/p><\/td><td><p>20.11.2019<\/p><\/td><td><p>Recomenda ao Secret\u00e1rio de Sa\u00fade, \u00e0 Controladora Interna e ao Prefeito Municipal, todos do Munic\u00edpio de <strong>Cruz Machado<\/strong>, para que nas pr\u00f3ximas licita\u00e7\u00f5es para aquisi\u00e7\u00e3o de medicamentos adotem as medidas necess\u00e1rias, nos termos da recomenda\u00e7\u00e3o.<\/p><\/td><td><p><a href=\"https:\/\/www.mpc.pr.gov.br\/wp-content\/uploads\/2024\/01\/Recomendacao-Administrativa-no-181-2019-Cruz-Machado.pdf\" target=\"_blank\">Visualizar<\/a><\/p><\/td><\/tr><tr><td><p>180.2019<\/p><\/td><td><p>Procuradoria-Geral de Contas<\/p><\/td><td><p>22.11.2019<\/p><\/td><td><p>Recomenda ao Munic\u00edpio de <strong>Londrina<\/strong> e ao respons\u00e1vel pelo Controle Interno, que adotem medidas necess\u00e1rias, nos termos da recomenda\u00e7\u00e3o.<\/p><\/td><td><p><a href=\"https:\/\/www.mpc.pr.gov.br\/wp-content\/uploads\/2024\/01\/Recomendacao-Administrativa-no-180-2019-Londrina.pdf\" target=\"_blank\">Visualizar<\/a><\/p><\/td><\/tr><tr><td><p>179.2019<\/p><\/td><td><p>Procuradoria-Geral de Contas<\/p><\/td><td><p>20.11.2019<\/p><\/td><td><p>Recomenda \u00e0 <strong>C\u00e2mara Municipal de Iretama<\/strong> e ao respons\u00e1vel pelo Controle Interno, que adotem medidas para o aperfei\u00e7oamento e atualiza\u00e7\u00e3o do Portal da Transpar\u00eancia.<\/p><\/td><td><p><a href=\"https:\/\/www.mpc.pr.gov.br\/wp-content\/uploads\/2024\/01\/Recomendacao-Administrativa-no-179-2019-Camara-Municipal-de-Iretama-1.pdf\" target=\"_blank\">Visualizar<\/a><\/p><\/td><\/tr><tr><td><p>178.2019<\/p><\/td><td><p>Procuradoria-Geral de Contas<\/p><\/td><td><p>20.11.2019<\/p><\/td><td><p>Recomenda ao <strong>Munic\u00edpio de Iretama<\/strong> de e ao respons\u00e1vel pelo Controle Interno, que adotem medidas para o aperfei\u00e7oamento e atualiza\u00e7\u00e3o do Portal da Transpar\u00eancia.<\/p><\/td><td><p><a href=\"https:\/\/www.mpc.pr.gov.br\/wp-content\/uploads\/2024\/01\/Recomendacao-Administrativa-no-178-2019-Municipio-de-Iretama.pdf\" target=\"_blank\">Visualizar<\/a><\/p><\/td><\/tr><tr><td><p>177.2019<\/p><\/td><td><p>Procuradoria-Geral de Contas<\/p><\/td><td><p>13.11.2019<\/p><\/td><td><p>Recomenda \u00e0 <strong>C\u00e2mara Municipal Quer\u00eancia do Norte<\/strong> de e ao respons\u00e1vel pelo Controle Interno, que adotem medidas para o aperfei\u00e7oamento e atualiza\u00e7\u00e3o do Portal da Transpar\u00eancia.<\/p><\/td><td><p><a href=\"https:\/\/www.mpc.pr.gov.br\/wp-content\/uploads\/2024\/01\/Recomendacao-Administrativa-no-177-2019-Camara-Municipal-de-Querencia-do-Norte.pdf\" target=\"_blank\">Visualizar<\/a><\/p><\/td><\/tr><tr><td><p>176.2019<\/p><\/td><td><p>Procuradoria-Geral de Contas<\/p><\/td><td><p>8.11.2019<\/p><\/td><td><p>Recomenda ao Prefeito Municipal, Secret\u00e1rio de Sa\u00fade e Controlador Interno do Munic\u00edpio <strong>Barbosa Ferraz<\/strong>, para que nas pr\u00f3ximas licita\u00e7\u00f5es sobre aquisi\u00e7\u00e3o de medicamentos adotem as medidas necess\u00e1rias, nos termos da recomenda\u00e7\u00e3o.<\/p><\/td><td><p><a href=\"https:\/\/www.mpc.pr.gov.br\/wp-content\/uploads\/2024\/01\/Recomendacao-Administrativa-no-176-2019-Barbosa-Ferraz.pdf\" target=\"_blank\">Visualizar<\/a><\/p><\/td><\/tr><tr><td><p>175.2019<\/p><\/td><td><p>Procuradoria-Geral de Contas<\/p><\/td><td><p>13.11.2019<\/p><\/td><td><p>Recomenda ao <strong>Munic\u00edpio de Quer\u00eancia do Norte <\/strong>e ao respons\u00e1vel pelo Controle Interno, que adotem medidas para o aperfei\u00e7oamento e atualiza\u00e7\u00e3o do Portal da Transpar\u00eancia.<\/p><\/td><td><p><a href=\"https:\/\/www.mpc.pr.gov.br\/wp-content\/uploads\/2024\/01\/Recomendacao-Administrativa-no-175-2019-Municipio-de-Querencia-do-Norte.pdf\" target=\"_blank\">Visualizar<\/a><\/p><\/td><\/tr><tr><td><p>174.2019<\/p><\/td><td><p>Procuradoria-Geral de Contas<\/p><\/td><td><p>8.11.2019<\/p><\/td><td><p>Recomenda \u00e0 <strong>C\u00e2mara Municipal de Grandes Rios <\/strong>e ao respons\u00e1vel pelo Controle Interno, que adotem medidas necess\u00e1rias, nos termos da recomenda\u00e7\u00e3o.<\/p><\/td><td><p><a href=\"https:\/\/www.mpc.pr.gov.br\/wp-content\/uploads\/2024\/01\/Recomendacao-Administrativa-no-174-2019-Grandes-Rios-Legislativo.pdf\" target=\"_blank\">Visualizar<\/a><\/p><\/td><\/tr><tr><td><p>173.2019<\/p><\/td><td><p>Procuradoria-Geral de Contas<\/p><\/td><td><p>8.11.2019<\/p><\/td><td><p>Recomenda ao Munic\u00edpio de <strong>Grandes Rios<\/strong> e ao respons\u00e1vel pelo Controle Interno, que adotem medidas necess\u00e1rias, nos termos da recomenda\u00e7\u00e3o.<\/p><\/td><td><p><a href=\"https:\/\/www.mpc.pr.gov.br\/wp-content\/uploads\/2024\/01\/Recomendacao-Administrativa-no-173-2019-Grandes-Rios-Executivo.pdf\" target=\"_blank\">Visualizar<\/a><\/p><\/td><\/tr><tr><td><p>172.2019<\/p><\/td><td><p>Procuradoria-Geral de Contas<\/p><\/td><td><p>8.11.2019<\/p><\/td><td><p>Recomenda \u00e0 Secret\u00e1ria Municipal de Sa\u00fade, ao Controlador Interno e ao Prefeito Municipal, todos do Munic\u00edpio de <strong>Maril\u00e2ndia do Sul<\/strong>, para que nas pr\u00f3ximas licita\u00e7\u00f5es para aquisi\u00e7\u00e3o de medicamentos adotem as medidas necess\u00e1rias, nos termos da recomenda\u00e7\u00e3o.<\/p><\/td><td><p><a href=\"https:\/\/www.mpc.pr.gov.br\/wp-content\/uploads\/2024\/01\/Recomendacao-Administrativa-no-172-2019-Marilandia-do-Sul.pdf\" target=\"_blank\">Visualizar<\/a><\/p><\/td><\/tr><tr><td><p>171.2019<\/p><\/td><td><p>Procuradoria-Geral de Contas<\/p><\/td><td><p>13.11.2019<\/p><\/td><td><p>Recomenda \u00e0 Secretaria de Sa\u00fade, \u00e0 Secretaria de Administra\u00e7\u00e3o, \u00e0 Controladoria Interna, \u00e0 Pregoeira e ao Prefeito Municipal, todos do Munic\u00edpio de <strong>Marmeleiro<\/strong>, para que nas pr\u00f3ximas licita\u00e7\u00f5es para aquisi\u00e7\u00e3o de medicamentos adotem as medidas necess\u00e1rias, nos termos da recomenda\u00e7\u00e3o.<\/p><\/td><td><p><a href=\"https:\/\/www.mpc.pr.gov.br\/wp-content\/uploads\/2024\/01\/Recomendacao-Administrativa-no-171-2019-Marmeleiro.pdf\" target=\"_blank\">Visualizar<\/a><\/p><\/td><\/tr><tr><td><p>170.2019<\/p><\/td><td><p>Procuradoria-Geral de Contas<\/p><\/td><td><p>13.11.2019<\/p><\/td><td><p>Recomenda \u00e0 Secretaria de Sa\u00fade, \u00e0 Secretaria de Administra\u00e7\u00e3o, \u00e0 Controladoria Interna, \u00e0 Pregoeira e ao Prefeito Municipal, todos do Munic\u00edpio de <strong>S\u00e3o Pedro do Iva\u00ed<\/strong>, para que nas pr\u00f3ximas licita\u00e7\u00f5es para aquisi\u00e7\u00e3o de medicamentos adotem as medidas necess\u00e1rias, nos termos da recomenda\u00e7\u00e3o.<\/p><\/td><td><p><a href=\"https:\/\/www.mpc.pr.gov.br\/wp-content\/uploads\/2024\/01\/Recomendacao-Administrativa-no-170-2019-Sao-Pedro-do-Ivai.pdf\" target=\"_blank\">Visualizar<\/a><\/p><\/td><\/tr><tr><td><p>169.2019<\/p><\/td><td><p>Procuradoria-Geral de Contas<\/p><\/td><td><p>8.11.2019<\/p><\/td><td><p>Recomenda \u00e0 Secret\u00e1ria de Sa\u00fade, ao Secret\u00e1rio de Controladoria Interna, ao respons\u00e1vel pelo Departamento de Compras e Licita\u00e7\u00f5es e ao Prefeito Municipal, todos do Munic\u00edpio de <strong>Mau\u00e1 da Serra<\/strong>, para que nas pr\u00f3ximas licita\u00e7\u00f5es para aquisi\u00e7\u00e3o de medicamentos adotem as medidas necess\u00e1rias, nos termos da recomenda\u00e7\u00e3o.<\/p><\/td><td><p><a href=\"https:\/\/www.mpc.pr.gov.br\/wp-content\/uploads\/2024\/01\/Recomendacao-Administrativa-no-169-2019-Maua-da-Serra.pdf\" target=\"_blank\">Visualizar<\/a><\/p><\/td><\/tr><tr><td><p>168.2019<\/p><\/td><td><p>Procuradoria-Geral de Contas<\/p><\/td><td><p>8.11.2019<\/p><\/td><td><p>Recomenda \u00e0 C\u00e2mara Municipal de <strong>Tamarana <\/strong>e ao respons\u00e1vel pelo Controle Interno, que adotem medidas necess\u00e1rias, nos termos da recomenda\u00e7\u00e3o.<\/p><\/td><td><p><a href=\"https:\/\/www.mpc.pr.gov.br\/wp-content\/uploads\/2024\/01\/Recomendacao-Administrativa-no-168-2019-Tamarana-Legislativo.pdf\" target=\"_blank\">Visualizar<\/a><\/p><\/td><\/tr><tr><td><p>167.2019<\/p><\/td><td><p>Procuradoria-Geral de Contas<\/p><\/td><td><p>8.11.2019<\/p><\/td><td><p>Recomenda ao Munic\u00edpio de <strong>Tamarana <\/strong>e ao respons\u00e1vel pelo Controle Interno, que adotem medidas necess\u00e1rias, nos termos da recomenda\u00e7\u00e3o.<\/p><\/td><td><p><a href=\"https:\/\/www.mpc.pr.gov.br\/wp-content\/uploads\/2024\/01\/Recomendacao-Administrativa-no-167-2019-Tamarana-Executivo.pdf\" target=\"_blank\">Visualizar<\/a><\/p><\/td><\/tr><tr><td><p>166.2019<\/p><\/td><td><p>Procuradoria-Geral de Contas<\/p><\/td><td><p>6.11.2019<\/p><\/td><td><p>Recomenda ao Secret\u00e1rio Municipal de Via\u00e7\u00e3o, Obras e Servi\u00e7os Urbanos, ao Procurador Geral do Munic\u00edpio, \u00e0 Controladora Interna e ao Prefeito Municipal, todos do Munic\u00edpio de <strong>Guarapuava<\/strong>, em rela\u00e7\u00e3o \u00e0 Concorr\u00eancia n\u00ba 1\/2019, que adotem as medidas necess\u00e1rias, nos termos da recomenda\u00e7\u00e3o.<\/p><\/td><td><p><a href=\"https:\/\/www.mpc.pr.gov.br\/wp-content\/uploads\/2024\/01\/Recomendacao-Administrativa-no-166-2019-Guarapuava.pdf\" target=\"_blank\">Visualizar<\/a><\/p><\/td><\/tr><tr><td><p>165.2019<\/p><\/td><td><p>Procuradoria-Geral de Contas<\/p><\/td><td><p>4.11.2019<\/p><\/td><td><p>Recomenda ao Secret\u00e1rio de Sa\u00fade, ao Coordenador de Controle Interno, \u00e0 Pregoeira e ao Prefeito Municipal, todos do Munic\u00edpio de <strong>Quatro Barras<\/strong>, para que nas pr\u00f3ximas licita\u00e7\u00f5es para aquisi\u00e7\u00e3o de medicamentos adotem as medidas necess\u00e1rias, nos termos da recomenda\u00e7\u00e3o.<\/p><\/td><td><p><a href=\"https:\/\/www.mpc.pr.gov.br\/wp-content\/uploads\/2024\/01\/Recomendacao-Administrativa-no-165-2019-Quatro-Barras.pdf\" target=\"_blank\">Visualizar<\/a><\/p><\/td><\/tr><tr><td><p>164.2019<\/p><\/td><td><p>Procuradoria-Geral de Contas<\/p><\/td><td><p>8.11.2019<\/p><\/td><td><p>Recomenda \u00e0 <strong>C\u00e2mara Municipal de Santa F\u00e9<\/strong> e ao respons\u00e1vel pelo Controle Interno, que adotem medidas para o aperfei\u00e7oamento e atualiza\u00e7\u00e3o do Portal da Transpar\u00eancia.<\/p><\/td><td><p><a href=\"https:\/\/www.mpc.pr.gov.br\/wp-content\/uploads\/2024\/01\/Recomendacao-Administrativa-no-164-2019-Camara-Municipal-de-Santa-Fe.pdf\" target=\"_blank\">Visualizar<\/a><\/p><\/td><\/tr><tr><td><p>163.2019<\/p><\/td><td><p>Procuradoria-Geral de Contas<\/p><\/td><td><p>8.11.2019<\/p><\/td><td><p>Recomenda ao <strong>Munic\u00edpio de Santa F\u00e9<\/strong> e ao respons\u00e1vel pelo Controle Interno, que adotem medidas necess\u00e1rias, nos termos da recomenda\u00e7\u00e3o.<\/p><\/td><td><p><a href=\"https:\/\/www.mpc.pr.gov.br\/wp-content\/uploads\/2024\/01\/Recomendacao-Administrativa-no-163-2019-Municipio-de-Santa-Fe.pdf\" target=\"_blank\">Visualizar<\/a><\/p><\/td><\/tr><tr><td><p>162.2019<\/p><\/td><td><p>Procuradoria-Geral de Contas<\/p><\/td><td><p>4.11.2019<\/p><\/td><td><p>Recomenda \u00e0 Secret\u00e1ria Municipal de Sa\u00fade, ao Controlador Interno e ao Prefeito Municipal, todos do Munic\u00edpio de <strong>Mandirituba<\/strong>, para que nas pr\u00f3ximas licita\u00e7\u00f5es para aquisi\u00e7\u00e3o de medicamentos adotem as medidas necess\u00e1rias, nos termos da recomenda\u00e7\u00e3o.<\/p><\/td><td><p><a href=\"https:\/\/www.mpc.pr.gov.br\/wp-content\/uploads\/2024\/01\/Recomendacao-Administrativa-no-162-2019-Mandirituba.pdf\" target=\"_blank\">Visualizar<\/a><\/p><\/td><\/tr><tr><td><p>161.2019<\/p><\/td><td><p>Procuradoria-Geral de Contas<\/p><\/td><td><p>4.11.2019<\/p><\/td><td><p>Recomenda \u00e0 Secretaria de Sa\u00fade, \u00e0 Secretaria de Administra\u00e7\u00e3o e Finan\u00e7as, \u00e0 Controladoria Interna, ao Pregoeiro e ao Prefeito Municipal, todos do Munic\u00edpio de <strong>Ribeir\u00e3o Claro<\/strong>, para que nas pr\u00f3ximas licita\u00e7\u00f5es para aquisi\u00e7\u00e3o de medicamentos adotem as medidas necess\u00e1rias, nos termos da recomenda\u00e7\u00e3o.<\/p><\/td><td><p><a href=\"https:\/\/www.mpc.pr.gov.br\/wp-content\/uploads\/2024\/01\/Recomendacao-Administrativa-no-161-2019-Ribeirao-Claro.pdf\" target=\"_blank\">Visualizar<\/a><\/p><\/td><\/tr><tr><td><p>160.2019<\/p><\/td><td><p>Procuradoria-Geral de Contas<\/p><\/td><td><p>6.11.2019<\/p><\/td><td><p>Recomenda \u00e0 <strong>C\u00e2mara Municipal de Sertan\u00f3polis <\/strong>e ao respons\u00e1vel pelo Controle Interno, que adotem medidas necess\u00e1rias, nos termos da recomenda\u00e7\u00e3o.<\/p><\/td><td><p><a href=\"https:\/\/www.mpc.pr.gov.br\/wp-content\/uploads\/2024\/01\/Recomendacao-Administrativa-no-160-2019-Sertanopolis-Legislativo.pdf\" target=\"_blank\">Visualizar<\/a><\/p><\/td><\/tr><tr><td><p>159.2019<\/p><\/td><td><p>Procuradoria-Geral de Contas<\/p><\/td><td><p>6.11.2019<\/p><\/td><td><p>Recomenda ao Munic\u00edpio de <strong>Sertan\u00f3polis<\/strong> e ao respons\u00e1vel pelo Controle Interno, que adotem medidas necess\u00e1rias, nos termos da recomenda\u00e7\u00e3o.<\/p><\/td><td><p><a href=\"https:\/\/www.mpc.pr.gov.br\/wp-content\/uploads\/2024\/01\/Recomendacao-Administrativa-no-159-2019-Sertanopolis-Executivo.pdf\" target=\"_blank\">Visualizar<\/a><\/p><\/td><\/tr><tr><td><p>158.2019<\/p><\/td><td><p>Procuradoria-Geral de Contas<\/p><\/td><td><p>6.11.2019<\/p><\/td><td><p>Recomenda \u00e0 <strong>C\u00e2mara Municipal de Mato Rico<\/strong> e ao respons\u00e1vel pelo Controle Interno, que adotem medidas necess\u00e1rias, nos termos da recomenda\u00e7\u00e3o.<\/p><\/td><td><p><a href=\"https:\/\/www.mpc.pr.gov.br\/wp-content\/uploads\/2024\/01\/Recomendacao-Administrativa-no-158-2019-Mato-Rico-Legislativo.pdf\" target=\"_blank\">Visualizar<\/a><\/p><\/td><\/tr><tr><td><p>157.2019<\/p><\/td><td><p>Procuradoria-Geral de Contas<\/p><\/td><td><p>6.11.2019<\/p><\/td><td><p>Recomenda ao <strong>Munic\u00edpio de Mato Rico<\/strong> e ao respons\u00e1vel pelo Controle Interno, que adotem medidas necess\u00e1rias, nos termos da recomenda\u00e7\u00e3o.<\/p><\/td><td><p><a href=\"https:\/\/www.mpc.pr.gov.br\/wp-content\/uploads\/2024\/01\/Recomendacao-Administrativa-no-157-2019-Mato-Rico-Executivo.pdf\" target=\"_blank\">Visualizar<\/a><\/p><\/td><\/tr><tr><td><p>156.2019<\/p><\/td><td><p>Procuradoria-Geral de Contas<\/p><\/td><td><p>4.11.2019<\/p><\/td><td><p>Recomenda \u00e0 <strong>C\u00e2mara Municipal de Nova Londrina<\/strong> e ao respons\u00e1vel pelo Controle Interno, que adotem medidas para o aperfei\u00e7oamento e atualiza\u00e7\u00e3o do Portal da Transpar\u00eancia.<\/p><\/td><td><p><a href=\"https:\/\/www.mpc.pr.gov.br\/wp-content\/uploads\/2024\/01\/Recomendacao-Administrativa-no-156-2019-Camara-Municipal-de-Nova-Londrina.pdf\" target=\"_blank\">Visualizar<\/a><\/p><\/td><\/tr><tr><td><p>155.2019<\/p><\/td><td><p>Procuradoria-Geral de Contas<\/p><\/td><td><p>4.11.2019<\/p><\/td><td><p>Recomenda ao Munic\u00edpio de <strong>Nova Londrina <\/strong>e ao respons\u00e1vel pelo Controle Interno, que adotem medidas para o aperfei\u00e7oamento e atualiza\u00e7\u00e3o do Portal da Transpar\u00eancia.<\/p><\/td><td><p><a href=\"https:\/\/www.mpc.pr.gov.br\/wp-content\/uploads\/2024\/01\/Recomendacao-Administrativa-no-155-2019-Municipio-de-Nova-Londrina.pdf\" target=\"_blank\">Visualizar<\/a><\/p><\/td><\/tr><tr><td><p>154.2019<\/p><\/td><td><p>Procuradoria-Geral de Contas<\/p><\/td><td><p>22.10.2019<\/p><\/td><td><p>Recomenda \u00e0 <strong>C\u00e2mara Municipal de Amapor\u00e3 <\/strong>e ao respons\u00e1vel pelo Controle Interno, que adotem medidas necess\u00e1rias, nos termos da recomenda\u00e7\u00e3o.<\/p><\/td><td><p><a href=\"https:\/\/www.mpc.pr.gov.br\/wp-content\/uploads\/2024\/01\/Recomendacao-Administrativa-no-154-2019-Amapora-Legislativo.pdf\" target=\"_blank\">Visualizar<\/a><\/p><\/td><\/tr><tr><td><p>153.2019<\/p><\/td><td><p>Procuradoria-Geral de Contas<\/p><\/td><td><p>22.10.2019<\/p><\/td><td><p>Recomenda ao Munic\u00edpio de <strong>Amapor\u00e3 <\/strong>e ao respons\u00e1vel pelo Controle Interno, que adotem medidas necess\u00e1rias, nos termos da recomenda\u00e7\u00e3o.<\/p><\/td><td><p><a href=\"https:\/\/www.mpc.pr.gov.br\/wp-content\/uploads\/2024\/01\/Recomendacao-Administrativa-no-153-2019-Amapora-Executivo.pdf\" target=\"_blank\">Visualizar<\/a><\/p><\/td><\/tr><tr><td><p>152.2019<\/p><\/td><td><p>Procuradoria-Geral de Contas<\/p><\/td><td><p>4.11.2019<\/p><\/td><td><p>Recomenda \u00e0 <strong>C\u00e2mara Municipal de<\/strong> <strong>Peabiru<\/strong> e ao respons\u00e1vel pelo Controle Interno, que adotem medidas para o aperfei\u00e7oamento e atualiza\u00e7\u00e3o do Portal da Transpar\u00eancia.<\/p><\/td><td><p><a href=\"https:\/\/www.mpc.pr.gov.br\/wp-content\/uploads\/2024\/01\/Recomendacao-Administrativa-no-152-2019-Camara-Municipal-de-Peabiru.pdf\" target=\"_blank\">Visualizar<\/a><\/p><\/td><\/tr><tr><td><p>151.2019<\/p><\/td><td><p>Procuradoria-Geral de Contas<\/p><\/td><td><p>4.11.2019<\/p><\/td><td><p>Recomenda ao Munic\u00edpio de <strong>Peabiru <\/strong>e ao respons\u00e1vel pelo Controle Interno, que adotem medidas para o aperfei\u00e7oamento e atualiza\u00e7\u00e3o do Portal da Transpar\u00eancia.<\/p><\/td><td><p><a href=\"https:\/\/www.mpc.pr.gov.br\/wp-content\/uploads\/2024\/01\/Recomendacao-Administrativa-no-151-2019-Municipio-de-Peabiru.pdf\" target=\"_blank\">Visualizar<\/a><\/p><\/td><\/tr><tr><td><p>150.2019<\/p><\/td><td><p>Procuradoria-Geral de Contas<\/p><\/td><td><p>18.10.2019<\/p><\/td><td><p>\tRecomenda ao Prefeito Municipal, Controlador Interno e Secretario de Sa\u00fade do Munic\u00edpio<strong> Ibaiti<\/strong>, para que nas pr\u00f3ximas licita\u00e7\u00f5es sobre aquisi\u00e7\u00e3o de medicamentos adotem as medidas necess\u00e1rias, nos termos da recomenda\u00e7\u00e3o.<\/p><\/td><td><p><a href=\"https:\/\/www.mpc.pr.gov.br\/wp-content\/uploads\/2024\/01\/Recomendacao-Administrativa-no-150-2019-Ibaiti.pdf\" target=\"_blank\">Visualizar<\/a><\/p><\/td><\/tr><tr><td><p>149.2019<\/p><\/td><td><p>Procuradoria-Geral de Contas<\/p><\/td><td><p>18.10.2019<\/p><\/td><td><p>Recomenda \u00e0 Secretaria de Sa\u00fade, \u00e0 Secretaria de Administra\u00e7\u00e3o, \u00e0 Controladoria Interna, ao Pregoeiro e ao Prefeito Municipal, todos do Munic\u00edpio de <strong>Cambar\u00e1<\/strong>, para que nas pr\u00f3ximas licita\u00e7\u00f5es para aquisi\u00e7\u00e3o de medicamentos adotem as medidas necess\u00e1rias, nos termos da recomenda\u00e7\u00e3o.<\/p><\/td><td><p><a href=\"https:\/\/www.mpc.pr.gov.br\/wp-content\/uploads\/2024\/01\/Recomendacao-Administrativa-no-149-2019-Cambara.pdf\" target=\"_blank\">Visualizar<\/a><\/p><\/td><\/tr><tr><td><p>148.2019<\/p><\/td><td><p>Procuradoria-Geral de Contas<\/p><\/td><td><p>16.10.2019<\/p><\/td><td><p>Recomenda \u00e0 <strong>C\u00e2mara Municipal Coronel Vivida <\/strong>de e ao respons\u00e1vel pelo Controle Interno, que adotem medidas necess\u00e1rias, nos termos da recomenda\u00e7\u00e3o.<\/p><\/td><td><p><a href=\"https:\/\/www.mpc.pr.gov.br\/wp-content\/uploads\/2024\/01\/Recomendacao-Administrativa-no-147-2019-Coronel-Vivida-Executivo.pdf\" target=\"_blank\">Visualizar<\/a><\/p><\/td><\/tr><tr><td><p>147.2019<\/p><\/td><td><p>Procuradoria-Geral de Contas<\/p><\/td><td><p>16.10.2019<\/p><\/td><td><p>Recomenda ao Munic\u00edpio de <strong>Coronel Vivida <\/strong>e ao respons\u00e1vel pelo Controle Interno, que adotem medidas necess\u00e1rias, nos termos da recomenda\u00e7\u00e3o.<\/p><\/td><td><p><a href=\"https:\/\/www.mpc.pr.gov.br\/wp-content\/uploads\/2024\/01\/Recomendacao-Administrativa-no-147-2019-Coronel-Vivida-Executivo.pdf\" target=\"_blank\">Visualizar<\/a><\/p><\/td><\/tr><tr><td><p>146.2019<\/p><\/td><td><p>Procuradoria-Geral de Contas<\/p><\/td><td><p>16.10.2019<\/p><\/td><td><p>Recomenda ao Secret\u00e1rio de Sa\u00fade, ao Controlador Interno e ao Prefeito Municipal, todos do Munic\u00edpio de <strong>Catanduvas<\/strong>, para que nas pr\u00f3ximas licita\u00e7\u00f5es para aquisi\u00e7\u00e3o de medicamentos adotem as medidas necess\u00e1rias, nos termos da recomenda\u00e7\u00e3o.<\/p><\/td><td><p><a href=\"https:\/\/www.mpc.pr.gov.br\/wp-content\/uploads\/2024\/01\/Recomendacao-Administrativa-no-146-2019-Catanduvas.pdf\" target=\"_blank\">Visualizar<\/a><\/p><\/td><\/tr><tr><td><p>145.2019<\/p><\/td><td><p>Procuradoria-Geral de Contas<\/p><\/td><td><p>16.10.2019<\/p><\/td><td><p>Recomenda \u00e0 Secret\u00e1rio de Sa\u00fade, ao Controlador Interno, \u00e0 respons\u00e1vel pelo Departamento de Licita\u00e7\u00f5es e ao Prefeito Municipal, todos do Munic\u00edpio de <strong>Ipiranga<\/strong>, para que nas pr\u00f3ximas licita\u00e7\u00f5es para aquisi\u00e7\u00e3o de medicamentos adotem as medidas necess\u00e1rias, nos termos da recomenda\u00e7\u00e3o.<\/p><\/td><td><p><a href=\"https:\/\/www.mpc.pr.gov.br\/wp-content\/uploads\/2024\/01\/Recomendacao-Administrativa-no-145-2019-Ipiranga.pdf\" target=\"_blank\">Visualizar<\/a><\/p><\/td><\/tr><tr><td><p>144.2019<\/p><\/td><td><p>Procuradoria-Geral de Contas<\/p><\/td><td><p>16.10.2019<\/p><\/td><td><p>Recomenda \u00e0 <strong>C\u00e2mara Municipal de S\u00e3o Jos\u00e9 dos Pinhais<\/strong> e ao respons\u00e1vel pelo Controle Interno, que adotem medidas necess\u00e1rias, nos termos da recomenda\u00e7\u00e3o.<\/p><\/td><td><p><a href=\"https:\/\/www.mpc.pr.gov.br\/wp-content\/uploads\/2024\/01\/Recomendacao-Administrativa-no-144-2019-Camara-Municipal-de-Sao-Jose-dos-Pinhais.pdf\" target=\"_blank\">Visualizar<\/a><\/p><\/td><\/tr><tr><td><p>143.2019<\/p><\/td><td><p>Procuradoria-Geral de Contas<\/p><\/td><td><p>16.10.2019<\/p><\/td><td><p>Recomenda ao Munic\u00edpio de <strong>S\u00e3o Jos\u00e9 dos Pinhais<\/strong> e ao respons\u00e1vel pelo Controle Interno, que adotem medidas necess\u00e1rias, nos termos da recomenda\u00e7\u00e3o.<\/p><\/td><td><p><a href=\"https:\/\/www.mpc.pr.gov.br\/wp-content\/uploads\/2024\/01\/Recomendacao-Administrativa-no-143-2019-Sao-Jose-dos-Pinhais.pdf\" target=\"_blank\">Visualizar<\/a><\/p><\/td><\/tr><tr><td><p>142.2019<\/p><\/td><td><p>Procuradoria-Geral de Contas<\/p><\/td><td><p>18.10.2019<\/p><\/td><td><p>Recomenda \u00e0 <strong>C\u00e2mara Municipal de Rio Azul<\/strong> e ao respons\u00e1vel pelo Controle Interno, que adotem medidas para o aperfei\u00e7oamento e atualiza\u00e7\u00e3o do Portal da Transpar\u00eancia.<\/p><\/td><td><p><a href=\"https:\/\/www.mpc.pr.gov.br\/wp-content\/uploads\/2024\/01\/Recomendacao-Administrativa-no-142-2019-Legislativo-Rio-Azul.pdf\" target=\"_blank\">Visualizar<\/a><\/p><\/td><\/tr><tr><td><p>141.2019<\/p><\/td><td><p>Procuradoria-Geral de Contas<\/p><\/td><td><p>18.10.2019<\/p><\/td><td><p>Recomenda ao Munic\u00edpio de <strong>Rio Azul<\/strong> e ao respons\u00e1vel pelo Controle Interno, que adotem medidas para o aperfei\u00e7oamento e atualiza\u00e7\u00e3o do Portal da Transpar\u00eancia.<\/p><\/td><td><p><a href=\"https:\/\/www.mpc.pr.gov.br\/wp-content\/uploads\/2024\/01\/Recomendacao-Administrativa-no-141-2019-Rio-Azul.pdf\" target=\"_blank\">Visualizar<\/a><\/p><\/td><\/tr><tr><td><p>140.2019<\/p><\/td><td><p>Procuradoria-Geral de Contas<\/p><\/td><td><p>18.10.2019<\/p><\/td><td><p>Recomenda ao Prefeito Municipal, Controlador Interno e Secretario de Sa\u00fade do Munic\u00edpio de <strong>Cidade Ga\u00facha<\/strong>, para que nas pr\u00f3ximas licita\u00e7\u00f5es sobre aquisi\u00e7\u00e3o de medicamentos adotem as medidas necess\u00e1rias, nos termos da recomenda\u00e7\u00e3o.<\/p><\/td><td><p><a href=\"https:\/\/www.mpc.pr.gov.br\/wp-content\/uploads\/2024\/01\/Recomendacao-Administrativa-no-140-2019-Cidade-Gaucha.pdf\" target=\"_blank\">Visualizar<\/a><\/p><\/td><\/tr><tr><td><p>139.2019<\/p><\/td><td><p>Procuradoria-Geral de Contas<\/p><\/td><td><p>11.10.2019<\/p><\/td><td><p>Recomenda ao Secret\u00e1rio de Sa\u00fade, ao Controlador Interno, ao Pregoeiro e ao Prefeito Municipal, todos do Munic\u00edpio de<strong> Nova F\u00e1tima<\/strong>, para que nas pr\u00f3ximas licita\u00e7\u00f5es para aquisi\u00e7\u00e3o de medicamentos adotem as medidas necess\u00e1rias, nos termos da recomenda\u00e7\u00e3o. <\/p><\/td><td><p><a href=\"https:\/\/www.mpc.pr.gov.br\/wp-content\/uploads\/2024\/01\/Recomendacao-Administrativa-no-139-2019-Nova-fatima.pdf\" target=\"_blank\">Visualizar<\/a><\/p><\/td><\/tr><tr><td><p>138.2019<\/p><\/td><td><p>Procuradoria-Geral de Contas<\/p><\/td><td><p>18.10.2019<\/p><\/td><td><p>Recomenda \u00e0 <strong>C\u00e2mara Municipal de Vitorino<\/strong> e ao respons\u00e1vel pelo Controle Interno, que adotem medidas necess\u00e1rias, nos termos da recomenda\u00e7\u00e3o.<\/p><\/td><td><p><a href=\"https:\/\/www.mpc.pr.gov.br\/wp-content\/uploads\/2024\/01\/Recomendacao-Administrativa-no-138-2019-Vitorino-Legislativo.pdf\" target=\"_blank\">Visualizar<\/a><\/p><\/td><\/tr><tr><td><p>137.2019<\/p><\/td><td><p>Procuradoria-Geral de Contas<\/p><\/td><td><p>18.10.2019<\/p><\/td><td><p>Recomenda ao Munic\u00edpio de <strong>Vitorino<\/strong> e ao respons\u00e1vel pelo Controle Interno, que adotem medidas necess\u00e1rias, nos termos da recomenda\u00e7\u00e3o.<\/p><\/td><td><p><a href=\"https:\/\/www.mpc.pr.gov.br\/wp-content\/uploads\/2024\/01\/Recomendacao-Administrativa-no-137-2019-Vitorino-Executivo.pdf\" target=\"_blank\">Visualizar<\/a><\/p><\/td><\/tr><tr><td><p>136.2019<\/p><\/td><td><p>Procuradoria-Geral de Contas<\/p><\/td><td><p>11.10.2019<\/p><\/td><td><p>Recomenda ao Prefeito Municipal, Controlador Interno e Secretario de Sa\u00fade do Munic\u00edpio de <strong>Calif\u00f3rnia<\/strong>, para que nas pr\u00f3ximas licita\u00e7\u00f5es sobre aquisi\u00e7\u00e3o de medicamentos adotem as medidas necess\u00e1rias, nos termos da recomenda\u00e7\u00e3o.<\/p><\/td><td><p><a href=\"https:\/\/www.mpc.pr.gov.br\/wp-content\/uploads\/2024\/01\/Recomendacao-Administrativa-no-136-2019-California.pdf\" target=\"_blank\">Visualizar<\/a><\/p><\/td><\/tr><tr><td><p>135.2019<\/p><\/td><td><p>Procuradoria-Geral de Contas<\/p><\/td><td><p>18.10.2019<\/p><\/td><td><p>Recomenda ao Prefeito Municipal, Controlador Interno e Secretario de Sa\u00fade do Munic\u00edpio de <strong>Joaquim T\u00e1vora<\/strong>, para que nas pr\u00f3ximas licita\u00e7\u00f5es sobre aquisi\u00e7\u00e3o de medicamentos adotem as medidas necess\u00e1rias, nos termos da recomenda\u00e7\u00e3o.<\/p><\/td><td><p><a href=\"https:\/\/www.mpc.pr.gov.br\/wp-content\/uploads\/2024\/01\/Recomendacao-Administrativa-no-135-2019-Joaquim-Tavora.pdf\" target=\"_blank\">Visualizar<\/a><\/p><\/td><\/tr><tr><td><p>134.2019<\/p><\/td><td><p>Procuradoria-Geral de Contas<\/p><\/td><td><p>11.10.2019<\/p><\/td><td><p>Recomenda ao Secret\u00e1rio de Administra\u00e7\u00e3o, \u00e0 Secret\u00e1ria Municipal de Sa\u00fade, ao Controlador Interno, a Pregoeira e ao Prefeito Municipal, todos do Munic\u00edpio de <strong>Jandaia do Sul<\/strong>, que nas pr\u00f3ximas licita\u00e7\u00f5es para aquisi\u00e7\u00e3o de medicamentos adotem as medidas necess\u00e1rias, nos termos da recomenda\u00e7\u00e3o.<\/p><\/td><td><p><a href=\"https:\/\/www.mpc.pr.gov.br\/wp-content\/uploads\/2024\/01\/Recomendacao-Administrativa-no-134-2019-Jandaia-do-Sul.pdf\" target=\"_blank\">Visualizar<\/a><\/p><\/td><\/tr><tr><td><p>133.2019<\/p><\/td><td><p>Procuradoria-Geral de Contas<\/p><\/td><td><p>11.10.2019<\/p><\/td><td><p>\tRecomenda \u00e0 Secretaria Municipal de Sa\u00fade, \u00e0 Controladoria Interna, ao Pregoeiro e ao Prefeito Municipal, todos do Munic\u00edpio de <strong>Nova Am\u00e9rica da Colina<\/strong>, que nas pr\u00f3ximas licita\u00e7\u00f5es para aquisi\u00e7\u00e3o de medicamentos adotem as medidas necess\u00e1rias, nos termos da recomenda\u00e7\u00e3o.<\/p><\/td><td><p><a href=\"https:\/\/www.mpc.pr.gov.br\/wp-content\/uploads\/2024\/01\/Recomendacao-Administrativa-no-133-2019-Nova-America-da-Colina.pdf\" target=\"_blank\">Visualizar<\/a><\/p><\/td><\/tr><tr><td><p>132.2019<\/p><\/td><td><p>Procuradoria-Geral de Contas<\/p><\/td><td><p>11.10.2019<\/p><\/td><td><p>Recomenda ao Secret\u00e1rio de Administra\u00e7\u00e3o, \u00e0 Secret\u00e1ria Municipal de Sa\u00fade, ao Controlador Interno e ao Prefeito Municipal, todos do Munic\u00edpio de <strong>Itaipul\u00e2ndia<\/strong>, que nas pr\u00f3ximas licita\u00e7\u00f5es para aquisi\u00e7\u00e3o de medicamentos adotem as medidas necess\u00e1rias, nos termos da recomenda\u00e7\u00e3o.<\/p><\/td><td><p><a href=\"https:\/\/www.mpc.pr.gov.br\/wp-content\/uploads\/2024\/01\/Recomendacao-Administrativa-no-132-2019-Itaipulandia.pdf\" target=\"_blank\">Visualizar<\/a><\/p><\/td><\/tr><tr><td><p>131.2019<\/p><\/td><td><p>Procuradoria-Geral de Contas<\/p><\/td><td><p>11.10.2019<\/p><\/td><td><p>Recomenda ao Secret\u00e1rio Municipal de Administra\u00e7\u00e3o, ao Secret\u00e1rio Municipal de Sa\u00fade, ao Controlador Interno e ao Prefeito Municipal, todos do Munic\u00edpio de <strong>Carambe\u00ed<\/strong>, que nas pr\u00f3ximas licita\u00e7\u00f5es para aquisi\u00e7\u00e3o de medicamentos adotem as medidas necess\u00e1rias, nos termos da recomenda\u00e7\u00e3o.<\/p><\/td><td><p><a href=\"https:\/\/www.mpc.pr.gov.br\/wp-content\/uploads\/2024\/01\/Recomendacao-Administrativa-no-131-2019-Carambei.pdf\" target=\"_blank\">Visualizar<\/a><\/p><\/td><\/tr><tr><td><p>130.2019<\/p><\/td><td><p>Procuradoria-Geral de Contas<\/p><\/td><td><p>15.10.2019<\/p><\/td><td><p>Recomenda \u00e0 <strong>C\u00e2mara Municipal de Realeza<\/strong> e ao respons\u00e1vel pelo Controle Interno, que adotem medidas para o aperfei\u00e7oamento e atualiza\u00e7\u00e3o do Portal da Transpar\u00eancia.<\/p><\/td><td><p><a href=\"https:\/\/www.mpc.pr.gov.br\/wp-content\/uploads\/2024\/01\/Recomendacao-Administrativa-no-130-2019-Camara-Municipal-de-Realeza.pdf\" target=\"_blank\">Visualizar<\/a><\/p><\/td><\/tr><tr><td><p>129.2019<\/p><\/td><td><p>Procuradoria-Geral de Contas<\/p><\/td><td><p>15.10.2019<\/p><\/td><td><p>Recomenda ao<strong> <\/strong>Munic\u00edpio de <strong>Realeza <\/strong>e ao respons\u00e1vel pelo Controle Interno, que adotem medidas para o aperfei\u00e7oamento e atualiza\u00e7\u00e3o do Portal da Transpar\u00eancia.<\/p><\/td><td><p><a href=\"https:\/\/www.mpc.pr.gov.br\/wp-content\/uploads\/2024\/01\/Recomendacao-Administrativa-no-129-2019-Realeza.pdf\" target=\"_blank\">Visualizar<\/a><\/p><\/td><\/tr><tr><td><p>128.2019<\/p><\/td><td><p>Procuradoria-Geral de Contas<\/p><\/td><td><p>9.10.2019<\/p><\/td><td><p>Recomenda \u00e0 <strong>C\u00e2mara Municipal de Cafel\u00e2ndia <\/strong>e ao respons\u00e1vel pelo Controle Interno, que adotem medidas necess\u00e1rias, nos termos da recomenda\u00e7\u00e3o.<\/p><\/td><td><p><a href=\"https:\/\/www.mpc.pr.gov.br\/wp-content\/uploads\/2024\/01\/Recomendacao-Administrativa-no-128-2019-Cafelandia-Legislativo.pdf\" target=\"_blank\">Visualizar<\/a><\/p><\/td><\/tr><tr><td><p>127.2019<\/p><\/td><td><p>Procuradoria-Geral de Contas<\/p><\/td><td><p>9.10.2019<\/p><\/td><td><p>Recomenda ao Munic\u00edpio de <strong>Cafel\u00e2ndia<\/strong> e ao respons\u00e1vel pelo Controle Interno, que adotem medidas necess\u00e1rias, nos termos da recomenda\u00e7\u00e3o.<\/p><\/td><td><p><a href=\"https:\/\/www.mpc.pr.gov.br\/wp-content\/uploads\/2024\/01\/Recomendacao-Administrativa-no-127-2019-Cafelandia-Executivo.pdf\" target=\"_blank\">Visualizar<\/a><\/p><\/td><\/tr><tr><td><p>126.2019<\/p><\/td><td><p>Procuradoria-Geral de Contas<\/p><\/td><td><p>10.10.2019<\/p><\/td><td><p>Recomenda ao Secret\u00e1rio Municipal de Administra\u00e7\u00e3o, ao Secret\u00e1rio Municipal de Sa\u00fade, ao Controlador Interno e ao Prefeito Municipal, todos do Munic\u00edpio de <strong>Mambor\u00ea<\/strong>, que nas pr\u00f3ximas licita\u00e7\u00f5es para aquisi\u00e7\u00e3o de medicamentos adotem as medidas necess\u00e1rias, nos termos da recomenda\u00e7\u00e3o.<\/p><\/td><td><p><a href=\"https:\/\/www.mpc.pr.gov.br\/wp-content\/uploads\/2024\/01\/Recomendacao-Administrativa-no-126-2019-Mambore.pdf\" target=\"_blank\">Visualizar<\/a><\/p><\/td><\/tr><tr><td><p>125.2019<\/p><\/td><td><p>Procuradoria-Geral de Contas<\/p><\/td><td><p>10.10.2019<\/p><\/td><td><p>Recomenda \u00e0 Secret\u00e1ria de Administra\u00e7\u00e3o, \u00e0 Secret\u00e1ria Municipal de Sa\u00fade, ao Controlador Interno\u00b8 \u00e0 Pregoeira e ao Prefeito Municipal, todos do Munic\u00edpio de <strong>Realeza<\/strong>, que nas pr\u00f3ximas licita\u00e7\u00f5es para aquisi\u00e7\u00e3o de medicamentos adotem as medidas necess\u00e1rias, nos termos da recomenda\u00e7\u00e3o.<\/p><\/td><td><p><a href=\"https:\/\/www.mpc.pr.gov.br\/wp-content\/uploads\/2024\/01\/Recomendacao-Administrativa-no-125-2019-Realeza.pdf\" target=\"_blank\">Visualizar<\/a><\/p><\/td><\/tr><tr><td><p>124.2019<\/p><\/td><td><p>Procuradoria-Geral de Contas<\/p><\/td><td><p>9.10.2019<\/p><\/td><td><p>Recomenda ao Secret\u00e1rio Municipal de Via\u00e7\u00e3o, Obras e Servi\u00e7os Urbanos, e ao Prefeito Municipal, ambos do Munic\u00edpio de <strong>Guarapuava<\/strong>, em rela\u00e7\u00e3o \u00e0 Concorr\u00eancia 1\/2019, que adotem as medidas necess\u00e1rias, nos termos da recomenda\u00e7\u00e3o.<\/p><\/td><td><p><a href=\"https:\/\/www.mpc.pr.gov.br\/wp-content\/uploads\/2024\/01\/Recomendacao-Administrativa-no-124-2019-Guarapuava.pdf\" target=\"_blank\">Visualizar<\/a><\/p><\/td><\/tr><tr><td><p>123.2019<\/p><\/td><td><p>Procuradoria-Geral de Contas<\/p><\/td><td><p>9.10.2019<\/p><\/td><td><p>\tRecomenda ao Secret\u00e1rio Municipal de Via\u00e7\u00e3o, Obras e Servi\u00e7os Urbanos, e ao Prefeito Municipal, ambos do Munic\u00edpio de<strong> Guarapuava<\/strong>, em rela\u00e7\u00e3o \u00e0 Concorr\u00eancia n\u00ba 1\/2019, que adotem as medidas necess\u00e1rias, nos termos da recomenda\u00e7\u00e3o.<\/p><\/td><td><p><a href=\"https:\/\/www.mpc.pr.gov.br\/wp-content\/uploads\/2024\/01\/Recomendacao-Administrativa-no-123-2019-Guarapuava.pdf\" target=\"_blank\">Visualizar<\/a><\/p><\/td><\/tr><tr><td><p>122.2019<\/p><\/td><td><p>Procuradoria-Geral de Contas<\/p><\/td><td><p>3.10.2019<\/p><\/td><td><p>Recomenda ao Secret\u00e1rio de Sa\u00fade, \u00e0 Controladora Interna, \u00e0 Presidente da Comiss\u00e3o de Licita\u00e7\u00e3o e ao Prefeito Municipal, todos do Munic\u00edpio de<strong> Itaperu\u00e7u<\/strong>, para que nas pr\u00f3ximas licita\u00e7\u00f5es para aquisi\u00e7\u00e3o de medicamentos adotem as medidas necess\u00e1rias, nos termos da recomenda\u00e7\u00e3o.<\/p><\/td><td><p><a href=\"https:\/\/www.mpc.pr.gov.br\/wp-content\/uploads\/2024\/01\/Recomendacao-Administrativa-no-122-2019-Itaperucu.pdf\" target=\"_blank\">Visualizar<\/a><\/p><\/td><\/tr><tr><td><p>121.2019<\/p><\/td><td><p>Procuradoria-Geral de Contas<\/p><\/td><td><p>3.10.2019<\/p><\/td><td><p>Recomenda ao Secret\u00e1rio de Sa\u00fade, ao Controlador Interno, ao Secret\u00e1rio de Administra\u00e7\u00e3o, ao Pregoeiro e ao Prefeito Municipal, todos do Munic\u00edpio de <strong>Cantagalo<\/strong>, para que nas pr\u00f3ximas licita\u00e7\u00f5es para aquisi\u00e7\u00e3o de medicamentos adotem as medidas necess\u00e1rias, nos termos da recomenda\u00e7\u00e3o.<\/p><\/td><td><p><a href=\"https:\/\/www.mpc.pr.gov.br\/wp-content\/uploads\/2024\/01\/Recomendacao-Administrativa-no-121-2019-Cantagalo.pdf\" target=\"_blank\">Visualizar<\/a><\/p><\/td><\/tr><tr><td><p>120.2019<\/p><\/td><td><p>Procuradoria-Geral de Contas<\/p><\/td><td><p>9.10.2019<\/p><\/td><td><p>Recomenda \u00e0 <strong>C\u00e2mara Municipal de Reserva<\/strong> e ao respons\u00e1vel pelo Controle Interno, que adotem medidas para o aperfei\u00e7oamento e atualiza\u00e7\u00e3o do Portal da Transpar\u00eancia.<\/p><\/td><td><p><a href=\"https:\/\/www.mpc.pr.gov.br\/wp-content\/uploads\/2024\/01\/Recomendacao-Administrativa-no-120-2019-Camara-Municipal-de-Reserva.pdf\" target=\"_blank\">Visualizar<\/a><\/p><\/td><\/tr><tr><td><p>119.2019<\/p><\/td><td><p>Procuradoria-Geral de Contas<\/p><\/td><td><p>8.10.2019<\/p><\/td><td><p>Recomenda ao Munic\u00edpio de<strong> Reserva<\/strong> e ao respons\u00e1vel pelo Controle Interno, que adotem medidas para o aperfei\u00e7oamento e atualiza\u00e7\u00e3o do Portal da Transpar\u00eancia.<\/p><\/td><td><p><a href=\"https:\/\/www.mpc.pr.gov.br\/wp-content\/uploads\/2024\/01\/Recomendacao-Administrativa-no-119-2019-Reserva.pdf\" target=\"_blank\">Visualizar<\/a><\/p><\/td><\/tr><tr><td><p>118.2019<\/p><\/td><td><p>Procuradoria-Geral de Contas<\/p><\/td><td><p>3.10.2019<\/p><\/td><td><p>ecomenda ao Prefeito Municipal, Controlador Interno e Secretario de Sa\u00fade do Munic\u00edpio de <strong>Paulo Frontin<\/strong>, para que nas pr\u00f3ximas licita\u00e7\u00f5es sobre aquisi\u00e7\u00e3o de medicamentosadotem as medidas necess\u00e1rias, nos termos da recomenda\u00e7\u00e3o.<\/p><\/td><td><p><a href=\"https:\/\/www.mpc.pr.gov.br\/wp-content\/uploads\/2024\/01\/Recomendacao-Administrativa-no-118-2019-Paulo-Frontin.pdf\" target=\"_blank\">Visualizar<\/a><\/p><\/td><\/tr><tr><td><p>117.2019<\/p><\/td><td><p>Procuradoria-Geral de Contas<\/p><\/td><td><p>3.10.2019<\/p><\/td><td><p>Recomenda ao Secret\u00e1rio Municipal de Administra\u00e7\u00e3o, ao Secret\u00e1rio Municipal de Sa\u00fade, ao Controlador Interno e ao Prefeito Municipal, todos do Munic\u00edpio de <strong>Pato Bragado<\/strong>, que nas pr\u00f3ximas licita\u00e7\u00f5es para aquisi\u00e7\u00e3o de medicamentos adotem as medidas necess\u00e1rias, nos termos da recomenda\u00e7\u00e3o.<\/p><\/td><td><p><a href=\"https:\/\/www.mpc.pr.gov.br\/wp-content\/uploads\/2024\/01\/Recomendacao-Administrativa-no-117-2019-Pato-Bragado.pdf\" target=\"_blank\">Visualizar<\/a><\/p><\/td><\/tr><tr><td><p>116.2019<\/p><\/td><td><p>Procuradoria-Geral de Contas<\/p><\/td><td><p>27.9.2019<\/p><\/td><td><p>Recomenda ao Secret\u00e1rio Municipal de Administra\u00e7\u00e3o, ao Secret\u00e1rio Municipal de Sa\u00fade, ao Controlador Interno e ao Prefeito Municipal, todos do Munic\u00edpio de<strong> S\u00e3o Miguel do Igua\u00e7u<\/strong>, que nas pr\u00f3ximas licita\u00e7\u00f5es para aquisi\u00e7\u00e3o de medicamentos adotem as medidas necess\u00e1rias, nos termos da recomenda\u00e7\u00e3o.<\/p><\/td><td><p><a href=\"https:\/\/www.mpc.pr.gov.br\/wp-content\/uploads\/2024\/01\/Recomendacao-Administrativa-no-116-2019-Sao-Miguel-do-Iguacu.pdf\" target=\"_blank\">Visualizar<\/a><\/p><\/td><\/tr><tr><td><p>115.2019<\/p><\/td><td><p>Procuradoria-Geral de Contas<\/p><\/td><td><p>27.9.2019<\/p><\/td><td><p>Recomenda ao Secret\u00e1rio Municipal de Administra\u00e7\u00e3o, ao Secret\u00e1rio Municipal de Sa\u00fade, ao Controlador Interno e ao Prefeito Municipal, todos do Munic\u00edpio de <strong>Santa Terezinha do Itaipu<\/strong>, que nas pr\u00f3ximas licita\u00e7\u00f5es para aquisi\u00e7\u00e3o de medicamentos adotem as medidas necess\u00e1rias, nos termos da recomenda\u00e7\u00e3o.<\/p><\/td><td><p><a href=\"https:\/\/www.mpc.pr.gov.br\/wp-content\/uploads\/2024\/01\/Recomendacao-Administrativa-no-115-2019-Santa-Terezinha-do-Itaipu.pdf\" target=\"_blank\">Visualizar<\/a><\/p><\/td><\/tr><tr><td><p>114.2019<\/p><\/td><td><p>Procuradoria-Geral de Contas<\/p><\/td><td><p>27.9.2019<\/p><\/td><td><p>Recomenda ao Secret\u00e1rio Municipal de Administra\u00e7\u00e3o, ao Secret\u00e1rio Municipal de Sa\u00fade, ao Controlador Interno e ao Prefeito Municipal, todos do Munic\u00edpio de <strong>Nova Alian\u00e7a do Iva\u00ed<\/strong>, que nas pr\u00f3ximas licita\u00e7\u00f5es para aquisi\u00e7\u00e3o de medicamentos adotem as medidas necess\u00e1rias, nos termos da recomenda\u00e7\u00e3o.<\/p><\/td><td><p><a href=\"https:\/\/www.mpc.pr.gov.br\/wp-content\/uploads\/2024\/01\/Recomendacao-Administrativa-no-114-2019-Nova-Alianca-do-Ivai.pdf\" target=\"_blank\">Visualizar<\/a><\/p><\/td><\/tr><tr><td><p>113.2019<\/p><\/td><td><p>Procuradoria-Geral de Contas<\/p><\/td><td><p>27.9.2019<\/p><\/td><td><p>\tRecomenda ao Prefeito Municipal e ao Controlador Interno do Munic\u00edpio<strong> Mato Rico<\/strong>, para que nas pr\u00f3ximas licita\u00e7\u00f5es sobre aquisi\u00e7\u00e3o de medicamentos adotem as medidas necess\u00e1rias, nos termos da recomenda\u00e7\u00e3o.<\/p><\/td><td><p><a href=\"https:\/\/www.mpc.pr.gov.br\/wp-content\/uploads\/2024\/01\/Recomendacao-Administrativa-no-113-2019-Mato-Rico.pdf\" target=\"_blank\">Visualizar<\/a><\/p><\/td><\/tr><tr><td><p>112.2019<\/p><\/td><td><p>Procuradoria-Geral de Contas<\/p><\/td><td><p>1.10.2019<\/p><\/td><td><p>Recomenda ao Munic\u00edpio de<strong> Cruzmaltina<\/strong> e ao respons\u00e1vel pelo Controle Interno, que adotem medidas necess\u00e1rias, nos termos da recomenda\u00e7\u00e3o.<\/p><\/td><td><p><a href=\"https:\/\/www.mpc.pr.gov.br\/wp-content\/uploads\/2024\/01\/Recomendacao-Administrativa-no-112-2019-Cruzmaltina.pdf\" target=\"_blank\">Visualizar<\/a><\/p><\/td><\/tr><tr><td><p>111.2019<\/p><\/td><td><p>Procuradoria-Geral de Contas<\/p><\/td><td><p>27.9.2019<\/p><\/td><td><p>Recomenda ao Munic\u00edpio de <strong>Seng\u00e9s<\/strong> e ao respons\u00e1vel pelo Controle Interno, que adotem medidas para o aperfei\u00e7oamento e atualiza\u00e7\u00e3o do Portal da Transpar\u00eancia.<\/p><\/td><td><p><a href=\"https:\/\/www.mpc.pr.gov.br\/wp-content\/uploads\/2024\/01\/Recomendacao-Administrativa-no-111-2019-Senges.pdf\" target=\"_blank\">Visualizar<\/a><\/p><\/td><\/tr><tr><td><p>110.2019<\/p><\/td><td><p>Procuradoria-Geral de Contas<\/p><\/td><td><p>26.9.2019<\/p><\/td><td><p>Recomenda ao Diretor do Departamento de Sa\u00fade, \u00e0 Controladora Interna, \u00e0 Diretora do Departamento de Administra\u00e7\u00e3o, aos respons\u00e1veis pelo Setor de Licita\u00e7\u00e3o e \u00e0 Prefeita Municipal, todos do Munic\u00edpio de <strong>Jardim Olinda<\/strong>, para que nas pr\u00f3ximas licita\u00e7\u00f5es para aquisi\u00e7\u00e3o de medicamentos adotem as medidas necess\u00e1rias, nos termos da recomenda\u00e7\u00e3o.<\/p><\/td><td><p><a href=\"https:\/\/www.mpc.pr.gov.br\/wp-content\/uploads\/2024\/01\/Recomendacao-Administrativa-no-110-2019-Jardim-Olinda.pdf\" target=\"_blank\">Visualizar<\/a><\/p><\/td><\/tr><tr><td><p>109.2019<\/p><\/td><td><p>Procuradoria-Geral de Contas<\/p><\/td><td><p>24.9.2019<\/p><\/td><td><p>Recomenda ao Munic\u00edpio de <strong>Abati\u00e1<\/strong> e ao respons\u00e1vel pelo Controle Interno, que adotem medidas necess\u00e1rias, nos termos da recomenda\u00e7\u00e3o.<\/p><\/td><td><p><a href=\"https:\/\/www.mpc.pr.gov.br\/wp-content\/uploads\/2024\/01\/Recomendacao-Administrativa-no-109-2019-Abatia.pdf\" target=\"_blank\">Visualizar<\/a><\/p><\/td><\/tr><tr><td><p>108.2019<\/p><\/td><td><p>Procuradoria-Geral de Contas<\/p><\/td><td><p>19.9.2019<\/p><\/td><td><p>\tRecomenda ao Secret\u00e1rio Municipal de Sa\u00fade, \u00e0 Controladora Interna, \u00e0 Pregoeira, ao Secret\u00e1rio Municipal de Administra\u00e7\u00e3o e ao Prefeito Municipal, todos do Munic\u00edpio de <strong>Capanema<\/strong>, para que nas pr\u00f3ximas licita\u00e7\u00f5es para aquisi\u00e7\u00e3o de medicamentos adotem as medidas necess\u00e1rias, nos termos da recomenda\u00e7\u00e3o.<\/p><\/td><td><p><a href=\"https:\/\/www.mpc.pr.gov.br\/wp-content\/uploads\/2024\/01\/Recomendacao-Administrativa-no-108-2019-Capanema.pdf\" target=\"_blank\">Visualizar<\/a><\/p><\/td><\/tr><tr><td><p>107.2019<\/p><\/td><td><p>Procuradoria-Geral de Contas<\/p><\/td><td><p>20.9.2019<\/p><\/td><td><p>Recomenda ao Munic\u00edpio de<strong> Loanda<\/strong> e ao respons\u00e1vel pelo Controle Interno, que adotem medidas para o aperfei\u00e7oamento e atualiza\u00e7\u00e3o do Portal da Transpar\u00eancia.<\/p><\/td><td><p><a href=\"https:\/\/www.mpc.pr.gov.br\/wp-content\/uploads\/2024\/01\/Recomendacao-Administrativa-no-107-2019-Loanda.pdf\" target=\"_blank\">Visualizar<\/a><\/p><\/td><\/tr><tr><td><p>106.2019<\/p><\/td><td><p>Procuradoria-Geral de Contas<\/p><\/td><td><p>18.9.2019<\/p><\/td><td><p>Recomenda ao Prefeito Municipal e ao Controlador Interno do Munic\u00edpio de<strong> Rio Branco do Sul<\/strong>, para que nas pr\u00f3ximas licita\u00e7\u00f5es sobre aquisi\u00e7\u00e3o de medicamentos adotem as medidas necess\u00e1rias, nos termos da recomenda\u00e7\u00e3o.<\/p><\/td><td><p><a href=\"https:\/\/www.mpc.pr.gov.br\/wp-content\/uploads\/2024\/01\/Recomendacao-Administrativa-no-106-2019-Rio-Branco-do-Sul.pdf\" target=\"_blank\">Visualizar<\/a><\/p><\/td><\/tr><tr><td><p>105.2019<\/p><\/td><td><p>Procuradoria-Geral de Contas<\/p><\/td><td><p>18.9.2019<\/p><\/td><td><p>Recomenda ao Munic\u00edpio de <strong>Astorga<\/strong> e ao respons\u00e1vel pelo Controle Interno, que adotem medidas necess\u00e1rias, nos termos da recomenda\u00e7\u00e3o.<\/p><\/td><td><p><a href=\"https:\/\/www.mpc.pr.gov.br\/wp-content\/uploads\/2024\/01\/Recomendacao-Administrativa-no-105-2019-Astorga.pdf\" target=\"_blank\">Visualizar<\/a><\/p><\/td><\/tr><tr><td><p>104.2019<\/p><\/td><td><p>Procuradoria-Geral de Contas<\/p><\/td><td><p>18.9.2019<\/p><\/td><td><p>Recomenda ao Munic\u00edpio de <strong>Uniflor<\/strong> e ao respons\u00e1vel pelo Controle Interno, que adotem medidas necess\u00e1rias, nos termos da recomenda\u00e7\u00e3o.<\/p><\/td><td><p><a href=\"https:\/\/www.mpc.pr.gov.br\/wp-content\/uploads\/2024\/01\/Recomendacao-Administrativa-no-104-2019-Uniflor.pdf\" target=\"_blank\">Visualizar<\/a><\/p><\/td><\/tr><tr><td><p>103.2019<\/p><\/td><td><p>Procuradoria-Geral de Contas<\/p><\/td><td><p>13.9.2019<\/p><\/td><td><p>Recomenda \u00e0 Secretaria Municipal de Sa\u00fade, \u00e0 Controladoria Interna e ao Prefeito Municipal, todos do Munic\u00edpio de <strong>Jaguapit\u00e3<\/strong>, para que nas pr\u00f3ximas licita\u00e7\u00f5es para aquisi\u00e7\u00e3o de medicamentos adotem as medidas necess\u00e1rias, nos termos da recomenda\u00e7\u00e3o.<\/p><\/td><td><p><a href=\"https:\/\/www.mpc.pr.gov.br\/wp-content\/uploads\/2024\/01\/Recomendacao-Administrativa-no-103-2019-Jaguapita.pdf\" target=\"_blank\">Visualizar<\/a><\/p><\/td><\/tr><tr><td><p>102.2019<\/p><\/td><td><p>Procuradoria-Geral de Contas<\/p><\/td><td><p>13.9.2019<\/p><\/td><td><p>\tRecomenda ao Secret\u00e1rio Municipal de Sa\u00fade, ao Controlador Interno, \u00e0 Secret\u00e1rio Municipal de Administra\u00e7\u00e3o, ao Pregoeiro e ao Prefeito Municipal, todos do Munic\u00edpio de <strong>Teixeira Soares<\/strong>, para que nas pr\u00f3ximas licita\u00e7\u00f5es para aquisi\u00e7\u00e3o de medicamentos adotem as medidas necess\u00e1rias, nos termos da recomenda\u00e7\u00e3o.<\/p><\/td><td><p><a href=\"https:\/\/www.mpc.pr.gov.br\/wp-content\/uploads\/2024\/01\/Recomendacao-Administrativa-no-102-2019-Teixeira-Soares.pdf\" target=\"_blank\">Visualizar<\/a><\/p><\/td><\/tr><tr><td><p>101.2019<\/p><\/td><td><p>Procuradoria-Geral de Contas<\/p><\/td><td><p>13.9.2019<\/p><\/td><td><p>Recomenda ao Diretor de Administra\u00e7\u00e3o, ao Secret\u00e1rio Municipal de Sa\u00fade, ao Controlador Interno e ao Prefeito Municipal, todos do Munic\u00edpio de <strong>Tomazina<\/strong>, que nas pr\u00f3ximas licita\u00e7\u00f5es para aquisi\u00e7\u00e3o de medicamentos adotem as medidas necess\u00e1rias, nos termos da recomenda\u00e7\u00e3o.<\/p><\/td><td><p><a href=\"https:\/\/www.mpc.pr.gov.br\/wp-content\/uploads\/2024\/01\/Recomendacao-Administrativa-no-101-2019-Tomazina.pdf\" target=\"_blank\">Visualizar<\/a><\/p><\/td><\/tr><tr><td><p>100.2019<\/p><\/td><td><p>Procuradoria-Geral de Contas<\/p><\/td><td><p>13.9.2019<\/p><\/td><td><p>Recomenda \u00e0 Secretaria Municipal de Sa\u00fade, \u00e0 Secretaria Municipal de Administra\u00e7\u00e3o, ao Pregoeiro, \u00e0 Controladoria Interna e ao Prefeito Municipal, todos do Munic\u00edpio de <strong>Morretes<\/strong>, para que nas pr\u00f3ximas licita\u00e7\u00f5es para aquisi\u00e7\u00e3o de medicamentos adotem as medidas necess\u00e1rias, nos termos da recomenda\u00e7\u00e3o.<\/p><\/td><td><p><a href=\"https:\/\/www.mpc.pr.gov.br\/wp-content\/uploads\/2024\/01\/Recomendacao-Administrativa-no-100-2019-Morretes.pdf\" target=\"_blank\">Visualizar<\/a><\/p><\/td><\/tr><tr><td><p>99.2019<\/p><\/td><td><p>Procuradoria-Geral de Contas<\/p><\/td><td><p>13.9.2019<\/p><\/td><td><p>Recomenda \u00e0 Secretaria Municipal de Sa\u00fade, ao Pregoeiro, \u00e0 Controladoria, \u00e0 Secret\u00e1ria Municipal de Administra\u00e7\u00e3o e ao Prefeito Municipal, todos do Munic\u00edpio de<strong> Ivaipor\u00e3<\/strong>, para que nas pr\u00f3ximas licita\u00e7\u00f5es para aquisi\u00e7\u00e3o de medicamentos adotem as medidas necess\u00e1rias, nos termos da recomenda\u00e7\u00e3o.<\/p><\/td><td><p><a href=\"https:\/\/www.mpc.pr.gov.br\/wp-content\/uploads\/2024\/01\/Recomendacao-Administrativa-no-099-2019-Ivaipora.pdf\" target=\"_blank\">Visualizar<\/a><\/p><\/td><\/tr><tr><td><p>98.2019<\/p><\/td><td><p>Procuradoria-Geral de Contas<\/p><\/td><td><p>16.9.2019<\/p><\/td><td><p>Recomenda ao Prefeito Municipal e ao Controlador Interno do Munic\u00edpio de<strong> Ipor\u00e3<\/strong>, para que nas pr\u00f3ximas licita\u00e7\u00f5es sobre aquisi\u00e7\u00e3o de medicamentos adotem as medidas necess\u00e1rias, nos termos da recomenda\u00e7\u00e3o.<\/p><\/td><td><p><a href=\"https:\/\/www.mpc.pr.gov.br\/wp-content\/uploads\/2024\/01\/Recomendacao-Administrativa-no-098-2019-Ipora.pdf\" target=\"_blank\">Visualizar<\/a><\/p><\/td><\/tr><tr><td><p>97.2019<\/p><\/td><td><p>Procuradoria-Geral de Contas<\/p><\/td><td><p>16.92019<\/p><\/td><td><p>Recomenda ao Secret\u00e1rio Municipal de Administra\u00e7\u00e3o, ao Controlador Interno e ao Prefeito Municipal, todos do Munic\u00edpio de <strong>Santa L\u00facia<\/strong>, para que nas pr\u00f3ximas licita\u00e7\u00f5es para contrata\u00e7\u00f5es de servi\u00e7os terceirizados adotem as medidas necess\u00e1rias, nos termos da recomenda\u00e7\u00e3o.<\/p><\/td><td><p><a href=\"https:\/\/www.mpc.pr.gov.br\/wp-content\/uploads\/2024\/01\/Recomendacao-Administrativa-no-097-2019-Santa-Lucia.pdf\" target=\"_blank\">Visualizar<\/a><\/p><\/td><\/tr><tr><td><p>96.2019<\/p><\/td><td><p>Procuradoria-Geral de Contas<\/p><\/td><td><p>16.9.2019<\/p><\/td><td><p>Recomenda ao Munic\u00edpio de<strong> Jesu\u00edtas <\/strong>e ao respons\u00e1vel pelo Controle Interno, que adotem medidas necess\u00e1rias, nos termos da recomenda\u00e7\u00e3o.<\/p><\/td><td><p><a href=\"https:\/\/www.mpc.pr.gov.br\/wp-content\/uploads\/2024\/01\/Recomendacao-Administrativa-no-096-2019-Jesuitas.pdf\" target=\"_blank\">Visualizar<\/a><\/p><\/td><\/tr><tr><td><p>95.2019<\/p><\/td><td><p>Procuradoria-Geral de Contas<\/p><\/td><td><p>6.9.2019<\/p><\/td><td><p>Recomenda ao Munic\u00edpio de <strong>Santa In\u00eas<\/strong> e ao respons\u00e1vel pelo Controle Interno, que adotem medidas necess\u00e1rias, nos termos da recomenda\u00e7\u00e3o.<\/p><\/td><td><p><a href=\"https:\/\/www.mpc.pr.gov.br\/wp-content\/uploads\/2024\/01\/Recomendacao-Administrativa-no-095-2019-Santa-Ines.pdf\" target=\"_blank\">Visualizar<\/a><\/p><\/td><\/tr><tr><td><p>94.2019<\/p><\/td><td><p>Procuradoria-Geral de Contas<\/p><\/td><td><p>6.9.2019<\/p><\/td><td><p>Recomenda ao Secret\u00e1rio Municipal de Sa\u00fade, ao Controlador Interno e ao Prefeito Municipal, todos do Munic\u00edpio de <strong>Colorado<\/strong>, para que nas pr\u00f3ximas licita\u00e7\u00f5es para aquisi\u00e7\u00e3o de medicamentos adotem as medidas necess\u00e1rias, nos termos da recomenda\u00e7\u00e3o.<\/p><\/td><td><p><a href=\"https:\/\/www.mpc.pr.gov.br\/wp-content\/uploads\/2024\/01\/Recomendacao-Administrativa-no-094-2019-Colorado.pdf\" target=\"_blank\">Visualizar<\/a><\/p><\/td><\/tr><tr><td><p>93.2019<\/p><\/td><td><p>Procuradoria-Geral de Contas<\/p><\/td><td><p>4.9.2019<\/p><\/td><td><p>Recomenda ao Prefeito Municipal e ao Controlador Interno do Munic\u00edpio de <strong>Palmital<\/strong>, para que nas pr\u00f3ximas licita\u00e7\u00f5es sobre aquisi\u00e7\u00e3o de medicamentos adotem as medidas necess\u00e1rias, nos termos da recomenda\u00e7\u00e3o.<\/p><\/td><td><p><a href=\"https:\/\/www.mpc.pr.gov.br\/wp-content\/uploads\/2024\/01\/Recomendacao-Administrativa-no-093-2019-Palmital.pdf\" target=\"_blank\">Visualizar<\/a><\/p><\/td><\/tr><tr><td><p>92.2019<\/p><\/td><td><p>Procuradoria-Geral de Contas<\/p><\/td><td><p>6.9.2019<\/p><\/td><td><p>Recomenda ao Secret\u00e1rio Municipal de Sa\u00fade, ao Secret\u00e1rio Municipal de Administra\u00e7\u00e3o, ao Controlador Interno e ao Prefeito Municipal, todos do Munic\u00edpio de <strong>Santa Helena<\/strong>, para que nas pr\u00f3ximas licita\u00e7\u00f5es para aquisi\u00e7\u00e3o de medicamentos adotem as medidas necess\u00e1rias, nos termos da recomenda\u00e7\u00e3o.<\/p><\/td><td><p><a href=\"https:\/\/www.mpc.pr.gov.br\/wp-content\/uploads\/2024\/01\/Recomendacao-Administrativa-no-092-2019-Santa-Helena.pdf\" target=\"_blank\">Visualizar<\/a><\/p><\/td><\/tr><tr><td><p>91.2019<\/p><\/td><td><p>Procuradoria-Geral de Contas<\/p><\/td><td><p>6.9.2019<\/p><\/td><td><p>Recomenda ao Prefeito Municipal, ao Controlador Interno e ao Presidente de Comiss\u00e3o Permanente de Licita\u00e7\u00e3o, todos do Munic\u00edpio de <strong>Fazenda Rio Grande<\/strong>, para que nas pr\u00f3ximas licita\u00e7\u00f5es sobre aquisi\u00e7\u00e3o de medicamentos adotem as medidas necess\u00e1rias, nos termos da recomenda\u00e7\u00e3o.<\/p><\/td><td><p><a href=\"https:\/\/www.mpc.pr.gov.br\/wp-content\/uploads\/2024\/01\/Recomendacao-Administrativa-no-091-2019-Cafelandia.pdf\" target=\"_blank\">Visualizar<\/a><\/p><\/td><\/tr><tr><td><p>90.2019<\/p><\/td><td><p>Procuradoria-Geral de Contas<\/p><\/td><td><p>30.8.2019<\/p><\/td><td><p>Recomenda ao Munic\u00edpio de <strong>Palotina <\/strong>e ao respons\u00e1vel pelo Controle Interno, que adotem medidas necess\u00e1rias, nos termos da recomenda\u00e7\u00e3o.<\/p><\/td><td><p><a href=\"https:\/\/www.mpc.pr.gov.br\/wp-content\/uploads\/2024\/01\/Recomendacao-Administrativa-no-090-2019-Palotina.pdf\" target=\"_blank\">Visualizar<\/a><\/p><\/td><\/tr><tr><td><p>89.2019<\/p><\/td><td><p>Procuradoria-Geral de Contas<\/p><\/td><td><p>30.8.2019<\/p><\/td><td><p>Recomenda ao Munic\u00edpio de <strong>Marechal C\u00e2ndido Rondon <\/strong>e ao respons\u00e1vel pelo Controle Interno, que adotem medidas necess\u00e1rias, nos termos da recomenda\u00e7\u00e3o.<\/p><\/td><td><p><a href=\"https:\/\/www.mpc.pr.gov.br\/wp-content\/uploads\/2024\/01\/Recomendacao-Administrativa-no-089-2019-Marechal-Candido-Rondon.pdf\" target=\"_blank\">Visualizar<\/a><\/p><\/td><\/tr><tr><td><p>88.2019<\/p><\/td><td><p>Procuradoria-Geral de Contas<\/p><\/td><td><p>30.8.2019<\/p><\/td><td><p>Recomenda ao Munic\u00edpio de <strong>Arapoti <\/strong>e ao respons\u00e1vel pelo Controle Interno, que adotem medidas para o aperfei\u00e7oamento e atualiza\u00e7\u00e3o do Portal da Transpar\u00eancia.<\/p><\/td><td><p><a href=\"https:\/\/www.mpc.pr.gov.br\/wp-content\/uploads\/2024\/01\/Recomendacao-Administrativa-no-088-2019-Arapoti.pdf\" target=\"_blank\">Visualizar<\/a><\/p><\/td><\/tr><tr><td><p>87.2019<\/p><\/td><td><p>Procuradoria-Geral de Contas<\/p><\/td><td><p>20.8.2019<\/p><\/td><td><p>Recomenda \u00e0 Secret\u00e1ria Municipal de Sa\u00fade, ao Secret\u00e1rio Municipal de Administra\u00e7\u00e3o, \u00e0 Controladora Interna e ao Prefeito Municipal, todos do Munic\u00edpio de <strong>Corn\u00e9lio Proc\u00f3pio<\/strong>, para que nas pr\u00f3ximas licita\u00e7\u00f5es para aquisi\u00e7\u00e3o de medicamentos adotem as medidas necess\u00e1rias, nos termos da recomenda\u00e7\u00e3o.<\/p><\/td><td><p><a href=\"https:\/\/www.mpc.pr.gov.br\/wp-content\/uploads\/2024\/01\/Recomendacao-Administrativa-no-087-2019-Cornelio-Procopio.pdf\" target=\"_blank\">Visualizar<\/a><\/p><\/td><\/tr><tr><td><p>86.2019<\/p><\/td><td><p>Procuradoria-Geral de Contas<\/p><\/td><td><p>20.8.2019<\/p><\/td><td><p>Recomenda \u00e0 Secretaria Municipal de Sa\u00fade, ao Pregoeiro, ao Controlador Interno, ao Secret\u00e1rio da Fazenda e Administra\u00e7\u00e3o e ao Prefeito Municipal, todos do Munic\u00edpio de <strong>Campo Mour\u00e3o<\/strong>, para que nas pr\u00f3ximas licita\u00e7\u00f5es para aquisi\u00e7\u00e3o de medicamentos adotem as medidas necess\u00e1rias, nos termos da recomenda\u00e7\u00e3o.<\/p><\/td><td><p><a href=\"https:\/\/www.mpc.pr.gov.br\/wp-content\/uploads\/2024\/01\/Recomendacao-Administrativa-no-086-2019-Campo-Mourao.pdf\" target=\"_blank\">Visualizar<\/a><\/p><\/td><\/tr><tr><td><p>85.2019<\/p><\/td><td><p>Procuradoria-Geral de Contas<\/p><\/td><td><p>20.8.2019<\/p><\/td><td><p>Recomenda \u00e0 Secret\u00e1ria Municipal de Sa\u00fade, ao Pregoeiro, ao Controlador Interno e ao Prefeito Municipal, todos do Munic\u00edpio de <strong>Castro<\/strong>, para que nas pr\u00f3ximas licita\u00e7\u00f5es para aquisi\u00e7\u00e3o de medicamentos adotem as medidas necess\u00e1rias, nos termos da recomenda\u00e7\u00e3o.<\/p><\/td><td><p><a href=\"https:\/\/www.mpc.pr.gov.br\/wp-content\/uploads\/2024\/01\/Recomendacao-Administrativa-no-085-2019-Castro.pdf\" target=\"_blank\">Visualizar<\/a><\/p><\/td><\/tr><tr><td><p>84.2019<\/p><\/td><td><p>Procuradoria-Geral de Contas<\/p><\/td><td><p>26.8.2019<\/p><\/td><td><p>Recomenda \u00e0 Secretaria Municipal de Sa\u00fade, \u00e0 Secretaria Municipal de Gest\u00e3o P\u00fablica, ao Pregoeiro, \u00e0 Controladoria Interna e ao Prefeito Municipal, todos do Munic\u00edpio de <strong>Palmeira<\/strong>, para que nas pr\u00f3ximas licita\u00e7\u00f5es para aquisi\u00e7\u00e3o de medicamentos adotem as medidas necess\u00e1rias, nos termos da recomenda\u00e7\u00e3o.<\/p><\/td><td><p><a href=\"https:\/\/www.mpc.pr.gov.br\/wp-content\/uploads\/2024\/01\/Recomendacao-Administrativa-no-084-2019-Palmeira.pdf\" target=\"_blank\">Visualizar<\/a><\/p><\/td><\/tr><tr><td><p>83.2019<\/p><\/td><td><p>Procuradoria-Geral de Contas<\/p><\/td><td><p>16.8.2019<\/p><\/td><td><p>Recomenda ao Prefeito Municipal do Munic\u00edpio de <strong>Borraz\u00f3polis<\/strong> para que nas pr\u00f3ximas licita\u00e7\u00f5es para aquisi\u00e7\u00e3o de medicamentos adotem as medidas necess\u00e1rias, nos termos da recomenda\u00e7\u00e3o.<\/p><\/td><td><p><a href=\"https:\/\/www.mpc.pr.gov.br\/wp-content\/uploads\/2024\/01\/Recomendacao-Administrativa-no-083-2019-Borrazopolis.pdf\" target=\"_blank\">Visualizar<\/a><\/p><\/td><\/tr><tr><td><p>82.2019<\/p><\/td><td><p>Procuradoria-Geral de Contas<\/p><\/td><td><p>16.8.2019<\/p><\/td><td><p>Recomenda ao Prefeito Municipal do Munic\u00edpio de <strong>Rondon<\/strong> para que nas pr\u00f3ximas licita\u00e7\u00f5es para aquisi\u00e7\u00e3o de medicamentos adotem as medidas necess\u00e1rias, nos termos da recomenda\u00e7\u00e3o.<\/p><\/td><td><p><a href=\"https:\/\/www.mpc.pr.gov.br\/wp-content\/uploads\/2024\/01\/Recomendacao-Administrativa-no-082-2019-Rondon.pdf\" target=\"_blank\">Visualizar<\/a><\/p><\/td><\/tr><tr><td><p>81.2019<\/p><\/td><td><p>Procuradoria-Geral de Contas<\/p><\/td><td><p>16.8.2019<\/p><\/td><td><p>Recomenda ao Prefeito Municipal do Munic\u00edpio de <strong>Marip\u00e1<\/strong> para que nas pr\u00f3ximas licita\u00e7\u00f5es para aquisi\u00e7\u00e3o de medicamentos adotem as medidas necess\u00e1rias, nos termos da recomenda\u00e7\u00e3o.<\/p><\/td><td><p><a href=\"https:\/\/www.mpc.pr.gov.br\/wp-content\/uploads\/2024\/01\/Recomendacao-Administrativa-no-081-2019-Maripa.pdf\" target=\"_blank\">Visualizar<\/a><\/p><\/td><\/tr><tr><td><p>80.2019<\/p><\/td><td><p>Procuradoria-Geral de Contas<\/p><\/td><td><p>16.8.2019<\/p><\/td><td><p>Recomenda ao Prefeito Municipal do Munic\u00edpio de <strong>Maria Helena<\/strong> para que nas pr\u00f3ximas licita\u00e7\u00f5es para aquisi\u00e7\u00e3o de medicamentos adotem as medidas necess\u00e1rias, nos termos da recomenda\u00e7\u00e3o.<\/p><\/td><td><p><a href=\"https:\/\/www.mpc.pr.gov.br\/wp-content\/uploads\/2024\/01\/Recomendacao-Administrativa-no-080-2019-Maria-Helena.pdf\" target=\"_blank\">Visualizar<\/a><\/p><\/td><\/tr><tr><td><p>79.2019<\/p><\/td><td><p>Procuradoria-Geral de Contas<\/p><\/td><td><p>16.8.2019<\/p><\/td><td><p>Recomenda ao Prefeito Municipal do Munic\u00edpio de <strong>Icara\u00edma<\/strong> para que nas pr\u00f3ximas licita\u00e7\u00f5es para aquisi\u00e7\u00e3o de medicamentos adotem as medidas necess\u00e1rias, nos termos da recomenda\u00e7\u00e3o.<\/p><\/td><td><p><a href=\"https:\/\/www.mpc.pr.gov.br\/wp-content\/uploads\/2024\/01\/Recomendacao-Administrativa-no-079-2019-Icaraima.pdf\" target=\"_blank\">Visualizar<\/a><\/p><\/td><\/tr><tr><td><p>78.2019<\/p><\/td><td><p>Procuradoria-Geral de Contas<\/p><\/td><td><p>16.8.2019<\/p><\/td><td><p>Recomenda ao Prefeito Municipal do Munic\u00edpio de <strong>Guaporema<\/strong> para que nas pr\u00f3ximas licita\u00e7\u00f5es para aquisi\u00e7\u00e3o de medicamentos adotem as medidas necess\u00e1rias, nos termos da recomenda\u00e7\u00e3o.<\/p><\/td><td><p><a href=\"https:\/\/www.mpc.pr.gov.br\/wp-content\/uploads\/2024\/01\/Recomendacao-Administrativa-no-078-2019-Guaporema.pdf\" target=\"_blank\">Visualizar<\/a><\/p><\/td><\/tr><tr><td><p>77.2019<\/p><\/td><td><p>Procuradoria-Geral de Contas<\/p><\/td><td><p>16.8.2019<\/p><\/td><td><p>Recomenda ao Prefeito Municipal do Munic\u00edpio de <strong>Agudos do Sul<\/strong> para que nas pr\u00f3ximas licita\u00e7\u00f5es para aquisi\u00e7\u00e3o de medicamentos adotem as medidas necess\u00e1rias, nos termos da recomenda\u00e7\u00e3o.<\/p><\/td><td><p><a href=\"https:\/\/www.mpc.pr.gov.br\/wp-content\/uploads\/2024\/01\/Recomendacao-Administrativa-no-077-2019-Agudos-do-Sul.pdf\" target=\"_blank\">Visualizar<\/a><\/p><\/td><\/tr><tr><td><p>76.2019<\/p><\/td><td><p>Procuradoria-Geral de Contas<\/p><\/td><td><p>15.8.2019<\/p><\/td><td><p>\tRecomenda ao Prefeito Municipal do Munic\u00edpio de <strong>Ant\u00f4nio Olinto<\/strong> para que nas pr\u00f3ximas licita\u00e7\u00f5es para aquisi\u00e7\u00e3o de medicamentos <\/p><\/td><td><p><a href=\"https:\/\/www.mpc.pr.gov.br\/wp-content\/uploads\/2024\/01\/Recomendacao-Administrativa-no-076-2019-Antonio-Olinto.pdf\" target=\"_blank\">Visualizar<\/a><\/p><\/td><\/tr><tr><td><p>75.2019<\/p><\/td><td><p>Procuradoria-Geral de Contas<\/p><\/td><td><p>15.8.2019<\/p><\/td><td><p>Recomenda ao Prefeito Municipal do Munic\u00edpio de <strong>Barra do Jacar\u00e9<\/strong>, para que nas pr\u00f3ximas licita\u00e7\u00f5es para aquisi\u00e7\u00e3o de medicamentos <\/p><\/td><td><p><a href=\"https:\/\/www.mpc.pr.gov.br\/wp-content\/uploads\/2024\/01\/Recomendacao-Administrativa-no-075-2019-Barra-do-Jacare.pdf\" target=\"_blank\">Visualizar<\/a><\/p><\/td><\/tr><tr><td><p>74.2019<\/p><\/td><td><p>Procuradoria-Geral de Contas<\/p><\/td><td><p>15.8.2019<\/p><\/td><td><p>Recomenda ao Prefeito Municipal do Munic\u00edpio de <strong>Arapu\u00e3<\/strong>, para que nas pr\u00f3ximas licita\u00e7\u00f5es para aquisi\u00e7\u00e3o de medicamentos adotem as medidas necess\u00e1rias, nos termos da recomenda\u00e7\u00e3o.<\/p><\/td><td><p><a href=\"https:\/\/www.mpc.pr.gov.br\/wp-content\/uploads\/2024\/01\/Recomendacao-Administrativa-no-074-2019-Arapua.pdf\" target=\"_blank\">Visualizar<\/a><\/p><\/td><\/tr><tr><td><p>73.2019<\/p><\/td><td><p>Procuradoria-Geral de Contas<\/p><\/td><td><p>15.8.2019<\/p><\/td><td><p>Recomenda ao Prefeito Municipal do Munic\u00edpio de <strong>Paula Freitas<\/strong>, para que nas pr\u00f3ximas licita\u00e7\u00f5es para aquisi\u00e7\u00e3o de medicamentos adotem as medidas necess\u00e1rias, nos termos da recomenda\u00e7\u00e3o.<\/p><\/td><td><p><a href=\"https:\/\/www.mpc.pr.gov.br\/wp-content\/uploads\/2024\/01\/Recomendacao-Administrativa-no-073-2019-Paula-Freitas.pdf\" target=\"_blank\">Visualizar<\/a><\/p><\/td><\/tr><tr><td><p>72.2019<\/p><\/td><td><p>Procuradoria-Geral de Contas<\/p><\/td><td><p>15.8.2019<\/p><\/td><td><p>Recomenda ao Prefeito Municipal do Munic\u00edpio de <strong>Alto Piquiri<\/strong> para que nas pr\u00f3ximas licita\u00e7\u00f5es para aquisi\u00e7\u00e3o de medicamentos adotem as medidas necess\u00e1rias, nos termos da recomenda\u00e7\u00e3o.<\/p><\/td><td><p><a href=\"https:\/\/www.mpc.pr.gov.br\/wp-content\/uploads\/2024\/01\/Recomendacao-Administrativa-no-072-2019-Alto-Piquiri.pdf\" target=\"_blank\">Visualizar<\/a><\/p><\/td><\/tr><tr><td><p>71.2019<\/p><\/td><td><p>Procuradoria-Geral de Contas<\/p><\/td><td><p>15.8.2019<\/p><\/td><td><p>Recomenda ao Prefeito Municipal do Munic\u00edpio de <strong>Cafezal do Sul<\/strong>, para que nas pr\u00f3ximas licita\u00e7\u00f5es para aquisi\u00e7\u00e3o de medicamentos adotem as medidas necess\u00e1rias, nos termos da recomenda\u00e7\u00e3o.<\/p><\/td><td><p><a href=\"https:\/\/www.mpc.pr.gov.br\/wp-content\/uploads\/2024\/01\/Recomendacao-Administrativa-no-071-2019-Cafezal-do-Sul.pdf\" target=\"_blank\">Visualizar<\/a><\/p><\/td><\/tr><tr><td><p>70.2019<\/p><\/td><td><p>Procuradoria-Geral de Contas<\/p><\/td><td><p>15.8.2019<\/p><\/td><td><p>Recomenda ao Prefeito Municipal do Munic\u00edpio de <strong>Ramil\u00e2ndia<\/strong> para que nas pr\u00f3ximas licita\u00e7\u00f5es para aquisi\u00e7\u00e3o de medicamentos adotem as medidas necess\u00e1rias, nos termos da recomenda\u00e7\u00e3o.<\/p><\/td><td><p><a href=\"https:\/\/www.mpc.pr.gov.br\/wp-content\/uploads\/2024\/01\/Recomendacao-Administrativa-no-070-2019-Ramilandia.pdf\" target=\"_blank\">Visualizar<\/a><\/p><\/td><\/tr><tr><td><p>69.2019<\/p><\/td><td><p>Procuradoria-Geral de Contas<\/p><\/td><td><p>15.8.2019<\/p><\/td><td><p>Recomenda ao Prefeito Municipal do Munic\u00edpio de <strong>Le\u00f3polis<\/strong>, para que nas pr\u00f3ximas licita\u00e7\u00f5es para aquisi\u00e7\u00e3o de medicamentos adotem as medidas necess\u00e1rias, nos termos da recomenda\u00e7\u00e3o.<\/p><\/td><td><p><a href=\"https:\/\/www.mpc.pr.gov.br\/wp-content\/uploads\/2024\/01\/Recomendacao-Administrativa-no-069-2019-Leopolis.pdf\" target=\"_blank\">Visualizar<\/a><\/p><\/td><\/tr><tr><td><p>68.2019<\/p><\/td><td><p>Procuradoria-Geral de Contas<\/p><\/td><td><p>15.8.2019<\/p><\/td><td><p>Recomenda ao Prefeito Municipal do Munic\u00edpio de <strong>Quarto Centen\u00e1rio<\/strong>, para que nas pr\u00f3ximas licita\u00e7\u00f5es para aquisi\u00e7\u00e3o de medicamentos adotem as medidas necess\u00e1rias, nos termos da recomenda\u00e7\u00e3o.<\/p><\/td><td><p><a href=\"https:\/\/www.mpc.pr.gov.br\/wp-content\/uploads\/2024\/01\/Recomendacao-Administrativa-no-068-2019-Quarto-Centenario.pdf\" target=\"_blank\">Visualizar<\/a><\/p><\/td><\/tr><tr><td><p>67.2019<\/p><\/td><td><p>Procuradoria-Geral de Contas<\/p><\/td><td><p>15.8.2019<\/p><\/td><td><p>Recomenda ao Prefeito Municipal do Munic\u00edpio de <strong>Atalaia<\/strong>, para que nas pr\u00f3ximas licita\u00e7\u00f5es para aquisi\u00e7\u00e3o de medicamentos adotem as medidas necess\u00e1rias, nos termos da recomenda\u00e7\u00e3o.<\/p><\/td><td><p><a href=\"https:\/\/www.mpc.pr.gov.br\/wp-content\/uploads\/2024\/01\/Recomendacao-Administrativa-no-067-2019-Atalaia.pdf\" target=\"_blank\">Visualizar<\/a><\/p><\/td><\/tr><tr><td><p>66.2019<\/p><\/td><td><p>Procuradoria-Geral de Contas<\/p><\/td><td><p>15.8.2019<\/p><\/td><td><p>Recomenda ao Prefeito do Munic\u00edpio de <strong>Nova Cantu<\/strong>, para que nas pr\u00f3ximas licita\u00e7\u00f5es para aquisi\u00e7\u00e3o de medicamentos adotem as medidas necess\u00e1rias, nos termos da recomenda\u00e7\u00e3o.<\/p><\/td><td><p><a href=\"https:\/\/www.mpc.pr.gov.br\/wp-content\/uploads\/2024\/01\/Recomendacao-Administrativa-no-066-2019-Nova-Cantu.pdf\" target=\"_blank\">Visualizar<\/a><\/p><\/td><\/tr><tr><td><p>65.2019<\/p><\/td><td><p>Procuradoria-Geral de Contas<\/p><\/td><td><p>15.8.2019<\/p><\/td><td><p>Recomenda ao Prefeito Municipal do Munic\u00edpio de <strong>\u00c2ngulo<\/strong>, para que nas pr\u00f3ximas licita\u00e7\u00f5es para aquisi\u00e7\u00e3o de medicamentos adotem as medidas necess\u00e1rias, nos termos da recomenda\u00e7\u00e3o.<\/p><\/td><td><p><a href=\"https:\/\/www.mpc.pr.gov.br\/wp-content\/uploads\/2024\/01\/Recomendacao-Administrativa-no-065-2019-Angulo.pdf\" target=\"_blank\">Visualizar<\/a><\/p><\/td><\/tr><tr><td><p>64.2019<\/p><\/td><td><p>Procuradoria-Geral de Contas<\/p><\/td><td><p>15.8.2019<\/p><\/td><td><p>Recomenda ao Prefeito Municipal do Munic\u00edpio de <strong>Novo Itacolomi<\/strong>, para que nas pr\u00f3ximas licita\u00e7\u00f5es para aquisi\u00e7\u00e3o de medicamentos adotem as medidas necess\u00e1rias, nos termos da recomenda\u00e7\u00e3o.<\/p><\/td><td><p><a href=\"https:\/\/www.mpc.pr.gov.br\/wp-content\/uploads\/2024\/01\/Recomendacao-Administrativa-no-064-2019-Novo-Itacolomi.pdf\" target=\"_blank\">Visualizar<\/a><\/p><\/td><\/tr><tr><td><p>63.2019<\/p><\/td><td><p>Procuradoria-Geral de Contas<\/p><\/td><td><p>15.8.2019<\/p><\/td><td><p>Recomenda ao Prefeito Municipal do Munic\u00edpio de <strong>Boa Vista da Aparecida <\/strong>para que nas pr\u00f3ximas licita\u00e7\u00f5es para aquisi\u00e7\u00e3o de medicamentos adotem as medidas necess\u00e1rias, nos termos da recomenda\u00e7\u00e3o.<\/p><\/td><td><p><a href=\"https:\/\/www.mpc.pr.gov.br\/wp-content\/uploads\/2024\/01\/Recomendacao-Administrativa-no-063-2019-Boa-Vista-da-Aparecida.pdf\" target=\"_blank\">Visualizar<\/a><\/p><\/td><\/tr><tr><td><p>62.2019<\/p><\/td><td><p>Procuradoria-Geral de Contas<\/p><\/td><td><p>15.8.2019<\/p><\/td><td><p>Recomenda ao Prefeito Municipal do Munic\u00edpio de <strong>Nova Santa Rosa<\/strong>, para que nas pr\u00f3ximas licita\u00e7\u00f5es para aquisi\u00e7\u00e3o de medicamentos adotem as medidas necess\u00e1rias, nos termos da recomenda\u00e7\u00e3o.<\/p><\/td><td><p><a href=\"https:\/\/www.mpc.pr.gov.br\/wp-content\/uploads\/2024\/01\/Recomendacao-Administrativa-no-062-2019-Nova-Santa-Rosa.pdf\" target=\"_blank\">Visualizar<\/a><\/p><\/td><\/tr><tr><td><p>61.2019<\/p><\/td><td><p>Procuradoria-Geral de Contas<\/p><\/td><td><p>9.8.62019<\/p><\/td><td><p>Recomenda ao Prefeito Municipal do Munic\u00edpio de <strong>Boa Esperan\u00e7a do Igua\u00e7u<\/strong>, para que nas pr\u00f3ximas licita\u00e7\u00f5es para aquisi\u00e7\u00e3o de medicamentos adotem as medidas necess\u00e1rias, nos termos da recomenda\u00e7\u00e3o. <\/p><\/td><td><p><a href=\"https:\/\/www.mpc.pr.gov.br\/wp-content\/uploads\/2024\/01\/Recomendacao-Administrativa-no-061-2019-Boa-Esperanca-do-Iguacu.pdf\" target=\"_blank\">Visualizar<\/a><\/p><\/td><\/tr><tr><td><p>60.2019<\/p><\/td><td><p>Procuradoria-Geral de Contas<\/p><\/td><td><p>9.8.2019<\/p><\/td><td><p>\tRecomenda ao Prefeito Municipal do Munic\u00edpio de <strong>Japur\u00e1<\/strong>, para que nas pr\u00f3ximas licita\u00e7\u00f5es para aquisi\u00e7\u00e3o de medicamentos adotem as medidas necess\u00e1rias, nos termos da recomenda\u00e7\u00e3o.<\/p><\/td><td><p><a href=\"https:\/\/www.mpc.pr.gov.br\/wp-content\/uploads\/2024\/01\/Recomendacao-Administrativa-no-060-2019-Japura.pdf\" target=\"_blank\">Visualizar<\/a><\/p><\/td><\/tr><tr><td><p>59.2019<\/p><\/td><td><p>Procuradoria-Geral de Contas<\/p><\/td><td><p>9.8.2019<\/p><\/td><td><p>\tRecomenda ao Prefeito Municipal do Munic\u00edpio de <strong>Calif\u00f3rnia<\/strong>, para que nas pr\u00f3ximas licita\u00e7\u00f5es para aquisi\u00e7\u00e3o de medicamentos adotem as medidas necess\u00e1rias, nos termos da recomenda\u00e7\u00e3o.<\/p><\/td><td><p><a href=\"https:\/\/www.mpc.pr.gov.br\/wp-content\/uploads\/2024\/01\/Recomendacao-Administrativa-no-059-2019-California.pdf\" target=\"_blank\">Visualizar<\/a><\/p><\/td><\/tr><tr><td><p>58.2019<\/p><\/td><td><p>Procuradoria-Geral de Contas<\/p><\/td><td><p>9.8.2019<\/p><\/td><td><p>Recomenda ao Prefeito Municipal do Munic\u00edpio de <strong>Santa In\u00eas<\/strong>, para que nas pr\u00f3ximas licita\u00e7\u00f5es para aquisi\u00e7\u00e3o de medicamentos adotem as medidas necess\u00e1rias, nos termos da recomenda\u00e7\u00e3o.<\/p><\/td><td><p><a href=\"https:\/\/www.mpc.pr.gov.br\/wp-content\/uploads\/2024\/01\/Recomendacao-Administrativa-no-058-2019-Santa-Ines.pdf\" target=\"_blank\">Visualizar<\/a><\/p><\/td><\/tr><tr><td><p>57.2019<\/p><\/td><td><p>Procuradoria-Geral de Contas<\/p><\/td><td><p>9.8.2019<\/p><\/td><td><p>Recomenda ao Prefeito Municipal do Munic\u00edpio de <strong>S\u00e3o Jorge D\u2019Oeste<\/strong>, para que nas pr\u00f3ximas licita\u00e7\u00f5es para aquisi\u00e7\u00e3o de medicamentos adotem as medidas necess\u00e1rias, nos termos da recomenda\u00e7\u00e3o.<\/p><\/td><td><p><a href=\"https:\/\/www.mpc.pr.gov.br\/wp-content\/uploads\/2024\/01\/Recomendacao-Administrativa-no-057-2019-Sao-Jorge-DOeste.pdf\" target=\"_blank\">Visualizar<\/a><\/p><\/td><\/tr><tr><td><p>56.2019<\/p><\/td><td><p>Procuradoria-Geral de Contas<\/p><\/td><td><p>9.8.2019<\/p><\/td><td><p>Recomenda ao Prefeito Municipal do Munic\u00edpio de <strong>Juranda<\/strong> para que nas pr\u00f3ximas licita\u00e7\u00f5es para aquisi\u00e7\u00e3o de medicamentos adotem as medidas necess\u00e1rias, nos termos da recomenda\u00e7\u00e3o.<\/p><\/td><td><p><a href=\"https:\/\/www.mpc.pr.gov.br\/wp-content\/uploads\/2024\/01\/Recomendacao-Administrativa-no-056-2019-Juranda.pdf\" target=\"_blank\">Visualizar<\/a><\/p><\/td><\/tr><tr><td><p>55.2019<\/p><\/td><td><p>Procuradoria-Geral de Contas<\/p><\/td><td><p>9.8.2019<\/p><\/td><td><p>Recomenda ao Prefeito Municipal do Munic\u00edpio de <strong>Anahy<\/strong>, para que nas pr\u00f3ximas licita\u00e7\u00f5es para aquisi\u00e7\u00e3o de medicamentos adotem as medidas necess\u00e1rias, nos termos da recomenda\u00e7\u00e3o.<\/p><\/td><td><p><a href=\"https:\/\/www.mpc.pr.gov.br\/wp-content\/uploads\/2024\/01\/Recomendacao-Administrativa-no-055-2019-Anahy.pdf\" target=\"_blank\">Visualizar<\/a><\/p><\/td><\/tr><tr><td><p>54.2019<\/p><\/td><td><p>Procuradoria-Geral de Contas<\/p><\/td><td><p>9.8.2019<\/p><\/td><td><p>Recomenda ao Prefeito Municipal do Munic\u00edpio de <strong>Brasil\u00e2ndia do Sul<\/strong>, para que nas pr\u00f3ximas licita\u00e7\u00f5es para aquisi\u00e7\u00e3o de medicamentos adotem as medidas necess\u00e1rias, nos termos da recomenda\u00e7\u00e3o.<\/p><\/td><td><p><a href=\"https:\/\/www.mpc.pr.gov.br\/wp-content\/uploads\/2024\/01\/Recomendacao-Administrativa-no-054-2019-Brasilandia-do-Sul.pdf\" target=\"_blank\">Visualizar<\/a><\/p><\/td><\/tr><tr><td><p>53.2019<\/p><\/td><td><p>Procuradoria-Geral de Contas<\/p><\/td><td><p>9.8.2019<\/p><\/td><td><p>Recomenda ao Prefeito Municipal do Munic\u00edpio de <strong>Bom Jesus do Sul<\/strong>, para que nas pr\u00f3ximas licita\u00e7\u00f5es para aquisi\u00e7\u00e3o de medicamentos adotem as medidas necess\u00e1rias, nos termos da recomenda\u00e7\u00e3o.<\/p><\/td><td><p><a href=\"https:\/\/www.mpc.pr.gov.br\/wp-content\/uploads\/2024\/01\/Recomendacao-Administrativa-no-053-2019-Bom-Jesus-do-Sul.pdf\" target=\"_blank\">Visualizar<\/a><\/p><\/td><\/tr><tr><td><p>52.2019<\/p><\/td><td><p>Procuradoria-Geral de Contas<\/p><\/td><td><p>9.8.2019<\/p><\/td><td><p>Recomenda ao Prefeito Municipal do Munic\u00edpio de <strong>Sab\u00e1udia<\/strong>, para que nas pr\u00f3ximas licita\u00e7\u00f5es para aquisi\u00e7\u00e3o de medicamentos adotem as medidas necess\u00e1rias, nos termos da recomenda\u00e7\u00e3o.<\/p><\/td><td><p><a href=\"https:\/\/www.mpc.pr.gov.br\/wp-content\/uploads\/2024\/01\/Recomendacao-Administrativa-no-052-2019-Sabaudia.pdf\" target=\"_blank\">Visualizar<\/a><\/p><\/td><\/tr><tr><td><p>51.2019<\/p><\/td><td><p>Procuradoria-Geral de Contas<\/p><\/td><td><p>9.8.2019<\/p><\/td><td><p>Recomenda ao Prefeito Municipal do Munic\u00edpio de <strong>Cambira<\/strong>, para que nas pr\u00f3ximas licita\u00e7\u00f5es para aquisi\u00e7\u00e3o de medicamentos adotem as medidas necess\u00e1rias, nos termos da recomenda\u00e7\u00e3o.<\/p><\/td><td><p><a href=\"https:\/\/www.mpc.pr.gov.br\/wp-content\/uploads\/2024\/01\/Recomendacao-Administrativa-no-051-2019-Cambira.pdf\" target=\"_blank\">Visualizar<\/a><\/p><\/td><\/tr><tr><td><p>50.2019<\/p><\/td><td><p>Procuradoria-Geral de Contas<\/p><\/td><td><p>9.8.2019<\/p><\/td><td><p>Recomenda ao Prefeito Municipal do Munic\u00edpio de <strong>Espig\u00e3o Alto do Igua\u00e7u<\/strong>, para que nas pr\u00f3ximas licita\u00e7\u00f5es para aquisi\u00e7\u00e3o de medicamentos adotem as medidas necess\u00e1rias, nos termos da recomenda\u00e7\u00e3o.<\/p><\/td><td><p><a href=\"https:\/\/www.mpc.pr.gov.br\/wp-content\/uploads\/2024\/01\/Recomendacao-Administrativa-no-050-2019-Espigao-Alto-do-Iguacu.pdf\" target=\"_blank\">Visualizar<\/a><\/p><\/td><\/tr><tr><td><p>49.2019<\/p><\/td><td><p>Procuradoria-Geral de Contas<\/p><\/td><td><p>9.8.2019<\/p><\/td><td><p>Recomenda ao Prefeito Municipal do Munic\u00edpio de <strong>Altamira do Paran\u00e1<\/strong>, para que nas pr\u00f3ximas licita\u00e7\u00f5es para aquisi\u00e7\u00e3o de medicamentos adotem as medidas necess\u00e1rias, nos termos da recomenda\u00e7\u00e3o.<\/p><\/td><td><p><a href=\"https:\/\/www.mpc.pr.gov.br\/wp-content\/uploads\/2024\/01\/Recomendacao-Administrativa-no-049-2019-Altamira-do-Parana.pdf\" target=\"_blank\">Visualizar<\/a><\/p><\/td><\/tr><tr><td><p>48.2019<\/p><\/td><td><p>Procuradoria-Geral de Contas<\/p><\/td><td><p>9.8.2019<\/p><\/td><td><p>Recomenda ao Prefeito Municipal do Munic\u00edpio de <strong>Diamante do Sul<\/strong>, para que nas pr\u00f3ximas licita\u00e7\u00f5es para aquisi\u00e7\u00e3o de medicamentos adotem as medidas necess\u00e1rias, nos termos da recomenda\u00e7\u00e3o.<\/p><\/td><td><p><a href=\"https:\/\/www.mpc.pr.gov.br\/wp-content\/uploads\/2024\/01\/Recomendacao-Administrativa-no-048-2019-Diamante-do-Sul.pdf\" target=\"_blank\">Visualizar<\/a><\/p><\/td><\/tr><tr><td><p>47.2019<\/p><\/td><td><p>Procuradoria-Geral de Contas<\/p><\/td><td><p>9.8.2019<\/p><\/td><td><p>Recomenda ao Prefeito Municipal do Munic\u00edpio de <strong>Virmond<\/strong>, para que nas pr\u00f3ximas licita\u00e7\u00f5es para aquisi\u00e7\u00e3o de medicamentos adotem as medidas necess\u00e1rias, nos termos da recomenda\u00e7\u00e3o.<\/p><\/td><td><p><a href=\"https:\/\/www.mpc.pr.gov.br\/wp-content\/uploads\/2024\/01\/Recomendacao-Administrativa-no-047-2019-Virmond.pdf\" target=\"_blank\">Visualizar<\/a><\/p><\/td><\/tr><tr><td><p>46.2019<\/p><\/td><td><p>Procuradoria-Geral de Contas<\/p><\/td><td><p>9.8.2019<\/p><\/td><td><p>Recomenda ao Prefeito Municipal do Munic\u00edpio de <strong>Adrian\u00f3polis<\/strong>, para que nas pr\u00f3ximas licita\u00e7\u00f5es para aquisi\u00e7\u00e3o de medicamentos adotem as medidas necess\u00e1rias, nos termos da recomenda\u00e7\u00e3o.<\/p><\/td><td><p><a href=\"https:\/\/www.mpc.pr.gov.br\/wp-content\/uploads\/2024\/01\/Recomendacao-Administrativa-no-046-2019-Adrianopolis.pdf\" target=\"_blank\">Visualizar<\/a><\/p><\/td><\/tr><tr><td><p>45.2019<\/p><\/td><td><p>Procuradoria-Geral de Contas<\/p><\/td><td><p>9.8.2019<\/p><\/td><td><p>Recomenda ao Prefeito Municipal do Munic\u00edpio de <strong>Braganey<\/strong>, para que nas pr\u00f3ximas licita\u00e7\u00f5es para aquisi\u00e7\u00e3o de medicamentos adotem as medidas necess\u00e1rias, nos termos da recomenda\u00e7\u00e3o.<\/p><\/td><td><p><a href=\"https:\/\/www.mpc.pr.gov.br\/wp-content\/uploads\/2024\/01\/Recomendacao-Administrativa-no-045-2019-Braganey.pdf\" target=\"_blank\">Visualizar<\/a><\/p><\/td><\/tr><tr><td><p>44.2019<\/p><\/td><td><p>Procuradoria-Geral de Contas<\/p><\/td><td><p>9.8.2019<\/p><\/td><td><p>Recomenda ao Prefeito Municipal do Munic\u00edpio de <strong>Cruzeiro do Igua\u00e7u<\/strong>, para que nas pr\u00f3ximas licita\u00e7\u00f5es para aquisi\u00e7\u00e3o de medicamentos adotem as medidas necess\u00e1rias, nos termos da recomenda\u00e7\u00e3o.<\/p><\/td><td><p><a href=\"https:\/\/www.mpc.pr.gov.br\/wp-content\/uploads\/2024\/01\/Recomendacao-Administrativa-no-044-2019-Cruzeiro-do-Iguacu.pdf\" target=\"_blank\">Visualizar<\/a><\/p><\/td><\/tr><tr><td><p>43.2019<\/p><\/td><td><p>Procuradoria-Geral de Contas<\/p><\/td><td><p>9.8.2019<\/p><\/td><td><p>Recomenda ao Prefeito Municipal do Munic\u00edpio de <strong>Cafeara<\/strong>, para que nas pr\u00f3ximas licita\u00e7\u00f5es para aquisi\u00e7\u00e3o de medicamentos adotem as medidas necess\u00e1rias, nos termos da recomenda\u00e7\u00e3o.<\/p><\/td><td><p><a href=\"https:\/\/www.mpc.pr.gov.br\/wp-content\/uploads\/2024\/01\/Recomendacao-Administrativa-no-043-2019-Cafeara.pdf\" target=\"_blank\">Visualizar<\/a><\/p><\/td><\/tr><tr><td><p>42.2019<\/p><\/td><td><p>Procuradoria-Geral de Contas<\/p><\/td><td><p>29.7.2019<\/p><\/td><td><p>Recomenda ao Prefeito do Munic\u00edpio de <strong>Ivaipor\u00e3 <\/strong>adotem as medidas necess\u00e1rias, nos termos da recomenda\u00e7\u00e3o.<\/p><\/td><td><p><a href=\"https:\/\/www.mpc.pr.gov.br\/wp-content\/uploads\/2024\/01\/Recomendacao-Administrativa-no-042-2019-Ivaipora.pdf\" target=\"_blank\">Visualizar<\/a><\/p><\/td><\/tr><tr><td><p>41.2019<\/p><\/td><td><p>Procuradoria-Geral de Contas<\/p><\/td><td><p>29.7.2019<\/p><\/td><td><p>Recomenda ao Secret\u00e1rio Municipal de Sa\u00fade, ao Secret\u00e1rio Municipal de Administra\u00e7\u00e3o, ao Diretor de Assist\u00eancia Farmac\u00eautica, ao Pregoeiro, ao Controlador Interno e ao Prefeito Municipal, todos do Munic\u00edpio de <strong>Toledo<\/strong>, para que nas pr\u00f3ximas licita\u00e7\u00f5es para aquisi\u00e7\u00e3o de medicamentos adotem as medidas necess\u00e1rias, nos termos da recomenda\u00e7\u00e3o.<\/p><\/td><td><p><a href=\"https:\/\/www.mpc.pr.gov.br\/wp-content\/uploads\/2024\/01\/Recomendacao-Administrativa-no-041-2019-Toledo.pdf\" target=\"_blank\">Visualizar<\/a><\/p><\/td><\/tr><tr><td><p>40.2019<\/p><\/td><td><p>Procuradoria-Geral de Contas<\/p><\/td><td><p>29.7.2019<\/p><\/td><td><p>Recomenda ao Secret\u00e1rio Municipal de Sa\u00fade, \u00e0 Secret\u00e1ria Municipal de Administra\u00e7\u00e3o, ao Pregoeiro, \u00e0 Controladora Interna e ao Prefeito Municipal, todos do Munic\u00edpio de <strong>Pai\u00e7andu<\/strong>, para que nas pr\u00f3ximas licita\u00e7\u00f5es para aquisi\u00e7\u00e3o de medicamentos adotem as medidas necess\u00e1rias, nos termos da recomenda\u00e7\u00e3o.<\/p><\/td><td><p><a href=\"https:\/\/www.mpc.pr.gov.br\/wp-content\/uploads\/2024\/01\/Recomendacao-Administrativa-no-040-2019-Paicandu.pdf\" target=\"_blank\">Visualizar<\/a><\/p><\/td><\/tr><tr><td><p>39.2019<\/p><\/td><td><p>Procuradoria-Geral de Contas<\/p><\/td><td><p>29.7.2019<\/p><\/td><td><p>Recomenda ao Secret\u00e1rio Municipal de Sa\u00fade, ao Secret\u00e1rio Municipal de Gest\u00e3o e Governo, ao Pregoeiro, ao Controlador Interno e ao Prefeito Municipal, todos do Munic\u00edpio de <strong>Laranjeiras do Sul<\/strong>, nas pr\u00f3ximas licita\u00e7\u00f5es para aquisi\u00e7\u00e3o de medicamentos adotem as medidas necess\u00e1rias, nos termos da recomenda\u00e7\u00e3o.<\/p><\/td><td><p><a href=\"https:\/\/www.mpc.pr.gov.br\/wp-content\/uploads\/2024\/01\/Recomendacao-Administrativa-no-039-2019-Laranjeiras-do-Sul.pdf\" target=\"_blank\">Visualizar<\/a><\/p><\/td><\/tr><tr><td><p>38.2019<\/p><\/td><td><p>Procuradoria-Geral de Contas<\/p><\/td><td><p>29.7.2019<\/p><\/td><td><p>Recomenda ao Prefeito Municipal, ao Secret\u00e1rio Municipal de Sa\u00fade e ao Coordenador Geral do Controle Interno, todos do Munic\u00edpio de <strong>Fazenda Rio Grande<\/strong>, para que nas pr\u00f3ximas licita\u00e7\u00f5es sobre aquisi\u00e7\u00e3o de medicamentos adotem as medidas necess\u00e1rias, nos termos da recomenda\u00e7\u00e3o.<\/p><\/td><td><p><a href=\"https:\/\/www.mpc.pr.gov.br\/wp-content\/uploads\/2024\/01\/Recomendacao-Administrativa-no-038-2019-Fazenda-Rio-Grande-2.pdf\" target=\"_blank\">Visualizar<\/a><\/p><\/td><\/tr><tr><td><p>37.2019<\/p><\/td><td><p>Procuradoria-Geral de Contas<\/p><\/td><td><p>29.7.2019<\/p><\/td><td><p>Recomenda ao Prefeito Municipal, ao Secret\u00e1rio Municipal de Sa\u00fade e ao Controlador Interno, todos do Munic\u00edpio de<strong> Bandeirantes<\/strong>, para que nas pr\u00f3ximas licita\u00e7\u00f5es sobre aquisi\u00e7\u00e3o de medicamentos adotem as medidas necess\u00e1rias, nos termos da recomenda\u00e7\u00e3o.<\/p><\/td><td><p><a href=\"https:\/\/www.mpc.pr.gov.br\/wp-content\/uploads\/2024\/01\/Recomendacao-Administrativa-no-037-2019-Bandeirantes.pdf\" target=\"_blank\">Visualizar<\/a><\/p><\/td><\/tr><tr><td><p>36.2019<\/p><\/td><td><p>Procuradoria-Geral de Contas<\/p><\/td><td><p>29.7.2019<\/p><\/td><td><p>Recomenda \u00e0 Secret\u00e1rio Municipal de Sa\u00fade, ao Secret\u00e1rio Municipal de Administra\u00e7\u00e3o, ao Pregoeiro, \u00e0 Controladora interna e ao Prefeito Municipal, todos do Munic\u00edpio de <strong>S\u00e3o Mateus do Sul<\/strong>, para que nas pr\u00f3ximas licita\u00e7\u00f5es para aquisi\u00e7\u00e3o de medicamentos adotem as medidas necess\u00e1rias, nos termos da recomenda\u00e7\u00e3o.<\/p><\/td><td><p><a href=\"https:\/\/www.mpc.pr.gov.br\/wp-content\/uploads\/2024\/01\/Recomendacao-Administrativa-no-36-2019-Sao-Mateus-do-Sul.pdf\" target=\"_blank\">Visualizar<\/a><\/p><\/td><\/tr><tr><td><p>35.2019<\/p><\/td><td><p>Procuradoria-Geral de Contas<\/p><\/td><td><p>29.7.2019<\/p><\/td><td><p>Recomenda \u00e0 Secret\u00e1ria Municipal de Sa\u00fade, ao Secret\u00e1rio Municipal de Governo, \u00e0 Pregoeira, ao Controlador Geral do Munic\u00edpio e ao Prefeito Municipal, todos do Munic\u00edpio de <strong>Ponta Grossa<\/strong>, para que nas pr\u00f3ximas licita\u00e7\u00f5es para aquisi\u00e7\u00e3o de medicamentos, adotem as medidas necess\u00e1rias, nos termos da recomenda\u00e7\u00e3o.<\/p><\/td><td><p><a href=\"https:\/\/www.mpc.pr.gov.br\/wp-content\/uploads\/2024\/02\/Recomendacao-Administrativa-no-035-2019-Ponta-Grossa.pdf\" target=\"_blank\">Visualizar<\/a><\/p><\/td><\/tr><tr><td><p>34.2019<\/p><\/td><td><p>Procuradoria-Geral de Contas<\/p><\/td><td><p>29.7.2019<\/p><\/td><td><p>Recomenda ao Prefeito Municipal, ao Secret\u00e1rio Municipal de Sa\u00fade e ao Secret\u00e1rio Municipal de Gest\u00e3o, todos do Munic\u00edpio de <strong>Maring\u00e1<\/strong>, para que nas pr\u00f3ximas licita\u00e7\u00f5es para aquisi\u00e7\u00e3o de medicamentos, adotem as medidas necess\u00e1rias, nos termos da recomenda\u00e7\u00e3o.<\/p><\/td><td><p><a href=\"https:\/\/www.mpc.pr.gov.br\/wp-content\/uploads\/2024\/02\/Recomendacao-Administrativa-no-034-2019-Maringa.pdf\" target=\"_blank\">Visualizar<\/a><\/p><\/td><\/tr><tr><td><p>33.2019<\/p><\/td><td><p>Procuradoria-Geral de Contas<\/p><\/td><td><p>9.7.2019<\/p><\/td><td><p>\tRecomenda \u00e0 Secret\u00e1ria Municipal de Sa\u00fade, ao Secret\u00e1rio Municipal de Administra\u00e7\u00e3o, ao Pregoeiro, ao Controlador Geral do Munic\u00edpio e \u00e0 Prefeita Municipal, todos do Munic\u00edpio de <strong>Pinhais<\/strong>, para que nas pr\u00f3ximas licita\u00e7\u00f5es para aquisi\u00e7\u00e3o de medicamentos, adotem as medidas necess\u00e1rias, nos termos da recomenda\u00e7\u00e3o.<\/p><\/td><td><p><a href=\"https:\/\/www.mpc.pr.gov.br\/wp-content\/uploads\/2024\/02\/Recomendacao-Administrativa-no-033-2019-Pinhais.pdf\" target=\"_blank\">Visualizar<\/a><\/p><\/td><\/tr><tr><td><p>32.2019<\/p><\/td><td><p>Procuradoria-Geral de Contas<\/p><\/td><td><p>4.7.2019<\/p><\/td><td><p>Recomenda \u00e0 Secret\u00e1ria Municipal de Sa\u00fade, ao Secret\u00e1rio Municipal de Administra\u00e7\u00e3o e Finan\u00e7as, \u00e0 Pregoeira, ao Controlador Interno e ao Prefeito Municipal, todos do Munic\u00edpio de <strong>Pato Branco<\/strong>, para que nas pr\u00f3ximas licita\u00e7\u00f5es para aquisi\u00e7\u00e3o de medicamentos, adotem as medidas necess\u00e1rias, nos termos da recomenda\u00e7\u00e3o.<\/p><\/td><td><p><a href=\"https:\/\/www.mpc.pr.gov.br\/wp-content\/uploads\/2024\/02\/Recomendacao-Administrativa-no-032-2019-Pato-Branco.pdf\" target=\"_blank\">Visualizar<\/a><\/p><\/td><\/tr><tr><td><p>31.2019<\/p><\/td><td><p>Procuradoria-Geral de Contas<\/p><\/td><td><p>4.7.2019<\/p><\/td><td><p>Recomenda \u00e0 Secret\u00e1ria Municipal de Sa\u00fade, ao Secret\u00e1rio Municipal de Governo, \u00e0 Pregoeira, ao Controlador Interno e ao Prefeito Municipal, todos do Munic\u00edpio de <strong>Mandaguari<\/strong>, para que nas pr\u00f3ximas licita\u00e7\u00f5es para aquisi\u00e7\u00e3o de medicamentos, adotem as medidas necess\u00e1rias, nos termos da recomenda\u00e7\u00e3o.<\/p><\/td><td><p><a href=\"https:\/\/www.mpc.pr.gov.br\/wp-content\/uploads\/2024\/02\/Recomendacao-Administrativa-no-31-2019-Mandaguari.pdf\" target=\"_blank\">Visualizar<\/a><\/p><\/td><\/tr><tr><td><p>30.2019<\/p><\/td><td><p>Procuradoria-Geral de Contas<\/p><\/td><td><p>4.7.2019<\/p><\/td><td><p>Recomenda \u00e0 Secret\u00e1ria Municipal de Sa\u00fade, ao Secret\u00e1rio Municipal de Administra\u00e7\u00e3o, \u00e0 Pregoeira, \u00e0 Controladora Interna e ao Prefeito Municipal, todos do Munic\u00edpio de <strong>Francisco Beltr\u00e3o<\/strong>, para que nas pr\u00f3ximas licita\u00e7\u00f5es para aquisi\u00e7\u00e3o de medicamentos, adotem as medidas necess\u00e1rias, nos termos da recomenda\u00e7\u00e3o.<\/p><\/td><td><p><a href=\"https:\/\/www.mpc.pr.gov.br\/wp-content\/uploads\/2024\/02\/Recomendacao-Administrativa-no-030-2019-Francisco-Beltrao.pdf\" target=\"_blank\">Visualizar<\/a><\/p><\/td><\/tr><tr><td><p>29.2019<\/p><\/td><td><p>Procuradoria-Geral de Contas<\/p><\/td><td><p>3.7.2019<\/p><\/td><td><p>Recomenda ao Secret\u00e1rio Municipal de Sa\u00fade, ao Secret\u00e1rio Municipal de Administra\u00e7\u00e3o, ao Pregoeiro, ao Controlador Interno e ao Prefeito Municipal, todos do Munic\u00edpio de <strong>Irati<\/strong>, para que adotem as medidas necess\u00e1rias, nos termos da recomenda\u00e7\u00e3o.<\/p><\/td><td><p><a href=\"https:\/\/www.mpc.pr.gov.br\/wp-content\/uploads\/2024\/02\/Recomendacao-Administrativa-no-029-2019-Irati.pdf\" target=\"_blank\">Visualizar<\/a><\/p><\/td><\/tr><tr><td><p>28.2019<\/p><\/td><td><p>Procuradoria-Geral de Contas<\/p><\/td><td><p>3.7.2019<\/p><\/td><td><p>Recomenda aos Prefeitos municipais que adotem as medidas necess\u00e1rias, nos termos da recomenda\u00e7\u00e3o.<\/p><\/td><td><p><a href=\"https:\/\/www.mpc.pr.gov.br\/wp-content\/uploads\/2024\/02\/Recomendacao-Administrativa-no-028-2019.pdf\" target=\"_blank\">Visualizar<\/a><\/p><\/td><\/tr><tr><td><p>27.2019<\/p><\/td><td><p>Procuradoria-Geral de Contas<\/p><\/td><td><p>26.6.2019<\/p><\/td><td><p>Recomenda ao Diretor Superintendente de Sa\u00fade, ao Secret\u00e1rio Municipal de Gest\u00e3o P\u00fablica, aos Membros da Comiss\u00e3o Permanente de Licita\u00e7\u00e3o, ao Controlador Interno e ao Prefeito Municipal, todos do Munic\u00edpio de <strong>Londrina<\/strong>, para que nas pr\u00f3ximas licita\u00e7\u00f5es para aquisi\u00e7\u00e3o de medicamentos, adotem as medidas necess\u00e1rias, nos termos da recomenda\u00e7\u00e3o.<\/p><\/td><td><p><a href=\"https:\/\/www.mpc.pr.gov.br\/wp-content\/uploads\/2024\/02\/Recomendacao-Administrativa-no-027-2019-Londrina.pdf\" target=\"_blank\">Visualizar<\/a><\/p><\/td><\/tr><tr><td><p>26.2019<\/p><\/td><td><p>Procuradoria-Geral de Contas<\/p><\/td><td><p>26.6.2019<\/p><\/td><td><p>Recomenda ao Secret\u00e1rio Municipal de Sa\u00fade, ao Secret\u00e1rio Municipal de Administra\u00e7\u00e3o e Planejamento, ao Pregoeiro e Equipe de Apoio, ao Controlador Interno e ao Prefeito Municipal, todos do Munic\u00edpio de <strong>Medianeira<\/strong>, para que nas pr\u00f3ximas licita\u00e7\u00f5es para aquisi\u00e7\u00e3o de medicamentos, adotem as medidas necess\u00e1rias, nos termos da recomenda\u00e7\u00e3o.<\/p><\/td><td><p><a href=\"https:\/\/www.mpc.pr.gov.br\/wp-content\/uploads\/2024\/02\/Recomendacao-Administrativa-no-026-2019-Medianeira.pdf\" target=\"_blank\">Visualizar<\/a><\/p><\/td><\/tr><tr><td><p>25.2019<\/p><\/td><td><p>Procuradoria-Geral de Contas<\/p><\/td><td><p>17.6.2019<\/p><\/td><td><p>Recomenda ao Secret\u00e1rio Municipal de Sa\u00fade, ao Secret\u00e1rio Municipal de Administra\u00e7\u00e3o, ao Pregoeiro, ao Controlador Interno e ao Prefeito Municipal, todos do Munic\u00edpio de <strong>Dois Vizinhos<\/strong>, para que adotem as medidas necess\u00e1rias, nos termos da recomenda\u00e7\u00e3o.<\/p><\/td><td><p><a href=\"https:\/\/www.mpc.pr.gov.br\/wp-content\/uploads\/2024\/02\/Recomendacao-Administrativa-no-025-2019-Dois-Vizinhos.pdf\" target=\"_blank\">Visualizar<\/a><\/p><\/td><\/tr><tr><td><p>24.2019<\/p><\/td><td><p>Procuradoria-Geral de Contas<\/p><\/td><td><p>11.6.2019<\/p><\/td><td><p>Recomenda ao Secret\u00e1rio Municipal de Sa\u00fade, \u00e0 Farmac\u00eautica- Diretor T\u00e9cnico, ao Secret\u00e1rio Municipal de Administra\u00e7\u00e3o, ao Diretor de Licita\u00e7\u00e3o, ao Controlador Interno e ao Prefeito Municipal, todos do Munic\u00edpio de <strong>Marialva<\/strong>, para que nas pr\u00f3ximas licita\u00e7\u00f5es para aquisi\u00e7\u00e3o de medicamentos, adotem as medidas necess\u00e1rias, nos termos da recomenda\u00e7\u00e3o.<\/p><\/td><td><p><a href=\"https:\/\/www.mpc.pr.gov.br\/wp-content\/uploads\/2024\/02\/Recomendacao-Administrativa-no-024-2019-Marialva.pdf\" target=\"_blank\">Visualizar<\/a><\/p><\/td><\/tr><tr><td><p>23.2019<\/p><\/td><td><p>Procuradoria-Geral de Contas<\/p><\/td><td><p>11.6.2019<\/p><\/td><td><p>Recomenda ao Secret\u00e1rio Municipal de Sa\u00fade, ao Secret\u00e1rio Municipal de Administra\u00e7\u00e3o, ao Pregoeiro, ao Controlador Interno e ao Prefeito Municipal, todos do Munic\u00edpio de <strong>Jacarezinho<\/strong>, para que nas pr\u00f3ximas licita\u00e7\u00f5es para aquisi\u00e7\u00e3o de medicamentos, adotem as medidas necess\u00e1rias, nos termos da recomenda\u00e7\u00e3o.<\/p><\/td><td><p><a href=\"https:\/\/www.mpc.pr.gov.br\/wp-content\/uploads\/2024\/02\/Recomendacao-Administrativa-no-023-2019-Jacarezinho.pdf\" target=\"_blank\">Visualizar<\/a><\/p><\/td><\/tr><tr><td><p>22.2019<\/p><\/td><td><p>Procuradoria-Geral de Contas<\/p><\/td><td><p>11.6.2019<\/p><\/td><td><p>Recomenda ao Diretor-Presidente da Autarquia Municipal de Sa\u00fade, ao Secret\u00e1rio Municipal de Gest\u00e3o P\u00fablica, ao Pregoeiro, ao Controlador Interno e ao Prefeito Municipal, todos do Munic\u00edpio de <strong>Apucarana<\/strong>, para que nas pr\u00f3ximas licita\u00e7\u00f5es para aquisi\u00e7\u00e3o de medicamentos, adotem as medidas necess\u00e1rias, nos termos da recomenda\u00e7\u00e3o.<\/p><\/td><td><p><a href=\"https:\/\/www.mpc.pr.gov.br\/wp-content\/uploads\/2024\/02\/Recomendacao-Administrativa-no-022-2019-Apucarana.pdf\" target=\"_blank\">Visualizar<\/a><\/p><\/td><\/tr><tr><td><p>21.2019<\/p><\/td><td><p>Procuradoria-Geral de Contas<\/p><\/td><td><p>11.6.2019<\/p><\/td><td><p>Recomenda ao Secret\u00e1rio Municipal de Sa\u00fade, ao Secret\u00e1rio Municipal de Administra\u00e7\u00e3o, ao Pregoeiro, ao Controlador Interno e ao Prefeito Municipal, todos do Munic\u00edpio de <strong>Arapongas<\/strong>, para que nas pr\u00f3ximas licita\u00e7\u00f5es para aquisi\u00e7\u00e3o de medicamentos, adotem as medidas necess\u00e1rias, nos termos da recomenda\u00e7\u00e3o.<\/p><\/td><td><p><a href=\"https:\/\/www.mpc.pr.gov.br\/wp-content\/uploads\/2024\/02\/Recomendacao-Administrativa-no-021-2019-Arapongas.pdf\" target=\"_blank\">Visualizar<\/a><\/p><\/td><\/tr><tr><td><p>20.2019<\/p><\/td><td><p>Procuradoria-Geral de Contas<\/p><\/td><td><p>11.6.2019<\/p><\/td><td><p>Recomenda ao Munic\u00edpio de <strong>Palmas<\/strong>, \u00e0 Secret\u00e1ria Municipal de Sa\u00fade, \u00e0 Diretora do Departamento de Contabilidade e ao Secret\u00e1rio Municipal de Controle Interno, para que considerem adotar as medidas necess\u00e1rias, nos termos da recomenda\u00e7\u00e3o.<\/p><\/td><td><p><a href=\"https:\/\/www.mpc.pr.gov.br\/wp-content\/uploads\/2024\/02\/Recomendacao-Administrativa-no-20-2019.pdf\" target=\"_blank\">Visualizar<\/a><\/p><\/td><\/tr><tr><td><p>19.2019<\/p><\/td><td><p>Procuradoria-Geral de Contas<\/p><\/td><td><p>30.5.2019<\/p><\/td><td><p>Recomenda ao Munic\u00edpio de <strong>Cianorte<\/strong>, \u00e0 Secret\u00e1ria Municipal de Sa\u00fade e ao Chefe da Divis\u00e3o de Contabilidade, para que na emiss\u00e3o de empenhos, em especial os relativos \u00e0 presta\u00e7\u00e3o de servi\u00e7os de sa\u00fade, considerem adotar as medidas necess\u00e1rias, nos termos da recomenda\u00e7\u00e3o.<\/p><\/td><td><p><a href=\"https:\/\/www.mpc.pr.gov.br\/wp-content\/uploads\/2024\/02\/Recomendacao-Administrativa-no-019-2019-Cianorte.pdf\" target=\"_blank\">Visualizar<\/a><\/p><\/td><\/tr><tr><td><p>18.2019<\/p><\/td><td><p>Procuradoria-Geral de Contas<\/p><\/td><td><p>30.5.2019<\/p><\/td><td><p>Recomenda ao Secret\u00e1rio Municipal de Sa\u00fade, ao Secret\u00e1rio Municipal de Administra\u00e7\u00e3o, ao Diretor de Licita\u00e7\u00f5es, ao Controlador Interno e ao Prefeito Municipal, todos do Munic\u00edpio de <strong>Ibipor\u00e3<\/strong>, para que nas pr\u00f3ximas licita\u00e7\u00f5es para aquisi\u00e7\u00e3o de medicamentos adotem as medidas necess\u00e1rias, nos termos da recomenda\u00e7\u00e3o.<\/p><\/td><td><p><a href=\"https:\/\/www.mpc.pr.gov.br\/wp-content\/uploads\/2024\/02\/Recomendacao-Administrativa-no-018-2019-Ibipora.pdf\" target=\"_blank\">Visualizar<\/a><\/p><\/td><\/tr><tr><td><p>17.2019<\/p><\/td><td><p>Procuradoria-Geral de Contas<\/p><\/td><td><p>30.5.2019<\/p><\/td><td><p>Recomenda ao Secret\u00e1rio Municipal de Sa\u00fade, ao Secret\u00e1rio Municipal de Administra\u00e7\u00e3o, Tecnologia e Informa\u00e7\u00e3o, ao Pregoeiro, ao Controlador Interno e ao Prefeito Municipal, todos do Munic\u00edpio de <strong>Campo Largo<\/strong>, para que nas pr\u00f3ximas licita\u00e7\u00f5es para aquisi\u00e7\u00e3o de medicamentos adotem as medidas necess\u00e1rias, nos termos da recomenda\u00e7\u00e3o.<\/p><\/td><td><p><a href=\"https:\/\/www.mpc.pr.gov.br\/wp-content\/uploads\/2024\/02\/Recomendacao-Administrativa-no-017-2019-Campo-Largo.pdf\" target=\"_blank\">Visualizar<\/a><\/p><\/td><\/tr><tr><td><p>16.2019<\/p><\/td><td><p>Procuradoria-Geral de Contas<\/p><\/td><td><p>30.5.2019<\/p><\/td><td><p>Recomenda ao Secret\u00e1rio Municipal de Sa\u00fade, ao Secret\u00e1rio Municipal de Administra\u00e7\u00e3o, \u00e0 Diretora de Compras, ao Controlador Interno e ao Prefeito Municipal, todos do Munic\u00edpio de <strong>Paranava\u00ed<\/strong>, para que nas pr\u00f3ximas licita\u00e7\u00f5es para aquisi\u00e7\u00e3o de medicamentos adotem as medidas necess\u00e1rias, nos termos da recomenda\u00e7\u00e3o.<\/p><\/td><td><p><a href=\"https:\/\/www.mpc.pr.gov.br\/wp-content\/uploads\/2024\/02\/Recomendacao-Administrativa-no-016-2019-Paranavai.pdf\" target=\"_blank\">Visualizar<\/a><\/p><\/td><\/tr><tr><td><p>15.2019<\/p><\/td><td><p>Procuradoria-Geral de Contas<\/p><\/td><td><p>22.5.2019<\/p><\/td><td><p>Recomenda ao Secret\u00e1rio Municipal de Sa\u00fade, ao Secret\u00e1rio Municipal de Administra\u00e7\u00e3o, ao Pregoeiro, ao Controlador Interno e ao Prefeito Municipal, todos do Munic\u00edpio de <strong>Uni\u00e3o da Vit\u00f3ria<\/strong>, para que nas pr\u00f3ximas licita\u00e7\u00f5es para aquisi\u00e7\u00e3o de medicamentos adotem as medidas necess\u00e1rias, nos termos da recomenda\u00e7\u00e3o.<\/p><\/td><td><p><a href=\"https:\/\/www.mpc.pr.gov.br\/wp-content\/uploads\/2024\/02\/Recomendacao-Administrativa-no-015-2019-Uniao-da-Vitoria.pdf\" target=\"_blank\">Visualizar<\/a><\/p><\/td><\/tr><tr><td><p>14.2019<\/p><\/td><td><p>Procuradoria-Geral de Contas<\/p><\/td><td><p>22.5.2019<\/p><\/td><td><p>Recomenda ao Secret\u00e1rio Municipal de Sa\u00fade, ao Secret\u00e1rio Municipal de Planejamento e Gest\u00e3o, ao Chefe do Departamento de Gest\u00e3o de Compras e Administra\u00e7\u00e3o, ao Coordenador do Sistema de Controle Interno e ao Prefeito Municipal, todos do Munic\u00edpio de <strong>Cascavel<\/strong>, para que nas pr\u00f3ximas licita\u00e7\u00f5es para aquisi\u00e7\u00e3o de medicamentos adotem as medidas necess\u00e1rias, nos termos da recomenda\u00e7\u00e3o.<\/p><\/td><td><p><a href=\"https:\/\/www.mpc.pr.gov.br\/wp-content\/uploads\/2024\/02\/Recomendacao-Administrativa-no-014-2019-Cascavel.pdf\" target=\"_blank\">Visualizar<\/a><\/p><\/td><\/tr><tr><td><p>13.2019<\/p><\/td><td><p>Procuradoria-Geral de Contas<\/p><\/td><td><p>21.5.2019<\/p><\/td><td><p>Recomenda ao Secret\u00e1rio Municipal de Sa\u00fade, ao Secret\u00e1rio Municipal de Administra\u00e7\u00e3o e Previd\u00eancia, ao Pregoeiro e ao Prefeito Municipal, todos do Munic\u00edpio de <strong>Almirante Tamandar\u00e9<\/strong>, para que nas pr\u00f3ximas licita\u00e7\u00f5es para aquisi\u00e7\u00e3o de medicamentos adotem as medidas necess\u00e1rias, nos termos da recomenda\u00e7\u00e3o.<\/p><\/td><td><p><a href=\"https:\/\/www.mpc.pr.gov.br\/wp-content\/uploads\/2024\/02\/Recomendacao-Administrativa-no-013-2019-Almirante-Tamandare.pdf\" target=\"_blank\">Visualizar<\/a><\/p><\/td><\/tr><tr><td><p>12.2019<\/p><\/td><td><p>Procuradoria-Geral de Contas<\/p><\/td><td><p>22.5.2019<\/p><\/td><td><p>Recomenda \u00e0 Secretaria Municipal de Sa\u00fade; ao Controlador Interno; e ao Munic\u00edpio de <strong>Piraquara<\/strong>, para que nas licita\u00e7\u00f5es referentes \u00e0 aquisi\u00e7\u00e3o de medicamentos, futuras e em andamento, considere adotar as medidas necess\u00e1rias, nos termos da recomenda\u00e7\u00e3o.<\/p><\/td><td><p><a href=\"https:\/\/www.mpc.pr.gov.br\/wp-content\/uploads\/2024\/02\/Recomendacao-Administrativa-no-012-2019-Piraquara.pdf\" target=\"_blank\">Visualizar<\/a><\/p><\/td><\/tr><tr><td><p>11.2019<\/p><\/td><td><p>Procuradoria-Geral de Contas<\/p><\/td><td><p>22.5.2019<\/p><\/td><td><p>Recomenda ao Secret\u00e1rio Municipal de Sa\u00fade e Desenvolvimento Social; ao Controlador Interno; e ao Munic\u00edpio de <strong>Lapa<\/strong>, para que nas licita\u00e7\u00f5es cujo objeto refere-se \u00e0 compra de medicamentos, em andamento e futuras, considere adotar as medidas necess\u00e1rias, nos termos da recomenda\u00e7\u00e3o.<\/p><\/td><td><p><a href=\"https:\/\/www.mpc.pr.gov.br\/wp-content\/uploads\/2024\/02\/Recomendacao-Administrativa-no-011-2019-Lapa.pdf\" target=\"_blank\">Visualizar<\/a><\/p><\/td><\/tr><tr><td><p>10.2019<\/p><\/td><td><p>Procuradoria-Geral de Contas<\/p><\/td><td><p>7.5.2019<\/p><\/td><td><p>Recomenda ao Secret\u00e1rio Municipal de Sa\u00fade, ao Secret\u00e1rio Municipal de Administra\u00e7\u00e3o, ao Gerente de Departamento de Compras e Licita\u00e7\u00f5es e ao Prefeito Municipal, todos do Munic\u00edpio de <strong>Assis Chateaubriand<\/strong>, para que nas pr\u00f3ximas licita\u00e7\u00f5es para aquisi\u00e7\u00e3o de medicamentos adotem as medidas necess\u00e1rias, nos termos da recomenda\u00e7\u00e3o.<\/p><\/td><td><p><a href=\"https:\/\/www.mpc.pr.gov.br\/wp-content\/uploads\/2024\/02\/Recomendacao-Administrativa-no-010-2019-Assis-Chateaubriand.pdf\" target=\"_blank\">Visualizar<\/a><\/p><\/td><\/tr><tr><td><p>9.2019<\/p><\/td><td><p>Procuradoria-Geral de Contas<\/p><\/td><td><p>7.5.2019<\/p><\/td><td><p>Recomenda ao Secret\u00e1rio Municipal de Sa\u00fade, ao Secret\u00e1rio Municipal de Administra\u00e7\u00e3o e ao Prefeito Municipal, todos do Munic\u00edpio de <strong>Marechal C\u00e2ndido Rondon<\/strong>, para que nas pr\u00f3ximas licita\u00e7\u00f5es para aquisi\u00e7\u00e3o de medicamentos adotem as medidas necess\u00e1rias, nos termos da recomenda\u00e7\u00e3o.<\/p><\/td><td><p><a href=\"https:\/\/www.mpc.pr.gov.br\/wp-content\/uploads\/2024\/02\/Recomendacao-Administrativa-no-009-2019-MCRondon.pdf\" target=\"_blank\">Visualizar<\/a><\/p><\/td><\/tr><tr><td><p>8.2019<\/p><\/td><td><p>Procuradoria-Geral de Contas<\/p><\/td><td><p>7.5.2019<\/p><\/td><td><p>Recomenda ao Secret\u00e1rio Municipal de Sa\u00fade, ao Secret\u00e1rio Municipal de Administra\u00e7\u00e3o e ao Prefeito Municipal, todos do Munic\u00edpio de <strong>Cianorte<\/strong>, para que nas pr\u00f3ximas licita\u00e7\u00f5es para aquisi\u00e7\u00e3o de medicamentos adotem as medidas necess\u00e1rias, nos termos da recomenda\u00e7\u00e3o.<\/p><\/td><td><p><a href=\"https:\/\/www.mpc.pr.gov.br\/wp-content\/uploads\/2024\/02\/Recomendacao-Administrativa-no-008-2019-Cianorte.pdf\" target=\"_blank\">Visualizar<\/a><\/p><\/td><\/tr><tr><td><p>7.2019<\/p><\/td><td><p>Procuradoria-Geral de Contas<\/p><\/td><td><p>7.5.2019<\/p><\/td><td><p>Recomenda ao Secret\u00e1rio Municipal de Sa\u00fade, ao Pregoeiro, ao Secret\u00e1rio Municipal de Administra\u00e7\u00e3o e Recursos Humanos e ao Prefeito Municipal, todos do Munic\u00edpio de Jaguaria\u00edva, para que nas pr\u00f3ximas licita\u00e7\u00f5es para aquisi\u00e7\u00e3o de medicamentos adotem as medidas necess\u00e1rias, nos termos da recomenda\u00e7\u00e3o.<\/p><\/td><td><p><a href=\"https:\/\/www.mpc.pr.gov.br\/wp-content\/uploads\/2024\/02\/Recomendacao-Administrativa-no-007-2019-Jaguariaiva.pdf\" target=\"_blank\">Visualizar<\/a><\/p><\/td><\/tr><tr><td><p>6.2019<\/p><\/td><td><p>Procuradoria-Geral de Contas<\/p><\/td><td><p>7.5.2019<\/p><\/td><td><p>Recomenda ao Secret\u00e1rio Municipal de Sa\u00fade, ao Pregoeiro, ao Secret\u00e1rio Municipal de Administra\u00e7\u00e3o e ao Prefeito Municipal, todos do Munic\u00edpio de <strong>Tel\u00eamaco Borba<\/strong>, para que nas pr\u00f3ximas licita\u00e7\u00f5es para aquisi\u00e7\u00e3o de medicamentos adotem as medidas necess\u00e1rias, nos termos da recomenda\u00e7\u00e3o.<\/p><\/td><td><p><a href=\"https:\/\/www.mpc.pr.gov.br\/wp-content\/uploads\/2024\/02\/Recomendacao-Administrativa-no-006-2019-Telemaco-Borba.pdf\" target=\"_blank\">Visualizar<\/a><\/p><\/td><\/tr><tr><td><p>5.2019<\/p><\/td><td><p>Procuradoria-Geral de Contas<\/p><\/td><td><p>7.5.2019<\/p><\/td><td><p>Recomenda ao Secret\u00e1rio Municipal de Sa\u00fade e Diretora do Departamento Administrativo e Financeiro da Secretaria Municipal de Sa\u00fade, bem como ao Munic\u00edpio de <strong>Guarapuava<\/strong>, para que nas pr\u00f3ximas licita\u00e7\u00f5es para aquisi\u00e7\u00e3o de medicamentos adotem as medidas necess\u00e1rias, nos termos da recomenda\u00e7\u00e3o.<\/p><\/td><td><p><a href=\"https:\/\/www.mpc.pr.gov.br\/wp-content\/uploads\/2024\/02\/Recomendacao-Administrativa-no-005-2019-Guarapuava.pdf\" target=\"_blank\">Visualizar<\/a><\/p><\/td><\/tr><tr><td><p>4.2019<\/p><\/td><td><p>Procuradoria-Geral de Contas<\/p><\/td><td><p>7.5.2019<\/p><\/td><td><p>Recomenda ao Secret\u00e1rio Municipal de Sa\u00fade, ao Presidente da Comiss\u00e3o Permanente de Licita\u00e7\u00f5es, ao Secret\u00e1rio Municipal de Administra\u00e7\u00e3o, Finan\u00e7as e Planejamento e ao Prefeito Municipal, todos do Munic\u00edpio de <strong>Campina Grande do Sul<\/strong>, para que nas pr\u00f3ximas licita\u00e7\u00f5es para aquisi\u00e7\u00e3o de medicamentos adotem as medidas necess\u00e1rias, nos termos da recomenda\u00e7\u00e3o.<\/p><\/td><td><p><a href=\"https:\/\/www.mpc.pr.gov.br\/wp-content\/uploads\/2024\/02\/Recomendacao-Administrativa-no-004-2019-CGSul.pdf\" target=\"_blank\">Visualizar<\/a><\/p><\/td><\/tr><tr><td><p>3.2019<\/p><\/td><td><p>Procuradoria-Geral de Contas<\/p><\/td><td><p>10.4.2019<\/p><\/td><td><p>Recomenda ao Secret\u00e1rio Municipal de Sa\u00fade e ao Secret\u00e1rio Municipal de Recursos Materiais e Licita\u00e7\u00f5es do Munic\u00edpio de <strong>S\u00e3o Jos\u00e9 dos Pinhais<\/strong>, que nas pr\u00f3ximas licita\u00e7\u00f5es para aquisi\u00e7\u00e3o de medicamentos adotem as medidas necess\u00e1rias, nos termos da recomenda\u00e7\u00e3o.<\/p><\/td><td><p><a href=\"https:\/\/www.mpc.pr.gov.br\/wp-content\/uploads\/2024\/02\/Recomendacao-Administrativa-no-003-2019-SJPinhais.pdf\" target=\"_blank\">Visualizar<\/a><\/p><\/td><\/tr><tr><td><p>2.2019<\/p><\/td><td><p>Procuradoria-Geral de Contas<\/p><\/td><td><p>10.4.2019<\/p><\/td><td><p>Recomenda ao Secret\u00e1rio Municipal de Sa\u00fade, ao representante legal do Fundo Municipal de Sa\u00fade, a Funda\u00e7\u00e3o Estatal de Aten\u00e7\u00e3o Especializada em Sa\u00fade de Curitiba e a Diretoria Presidente do Instituto Curitiba de Sa\u00fade (ICS) do munic\u00edpio de <strong>Curitiba<\/strong>, que nas pr\u00f3ximas licita\u00e7\u00f5es para aquisi\u00e7\u00e3o de medicamentos adotem as medidas necess\u00e1rias, nos termos da recomenda\u00e7\u00e3o.<\/p><\/td><td><p><a href=\"https:\/\/www.mpc.pr.gov.br\/wp-content\/uploads\/2024\/02\/Recomendacao-Administrativa-no-002-2019-Curitiba.pdf\" target=\"_blank\">Visualizar<\/a><\/p><\/td><\/tr><tr><td><p>1.2019<\/p><\/td><td><p>Procuradoria-Geral de Contas<\/p><\/td><td><p>26.3.2019<\/p><\/td><td><p>Recomenda aos Prefeitos dos Munic\u00edpios Paranaenses que orientem os servidores das reparti\u00e7\u00f5es a eles subordinadas que se ocupem da aquisi\u00e7\u00e3o e do recebimento de medicamentos e produtos farmac\u00eauticos no sentido de exigirem dos respectivos fornecedores o adequado preenchimento do C\u00f3digo GTIN e dos campos dos Grupos I80 e K das notas fiscais eletr\u00f4nicas correspondentes.<\/p><\/td><td><p><a href=\"https:\/\/www.mpc.pr.gov.br\/wp-content\/uploads\/2024\/02\/Recomendacao-administrativa-no-001-2019.pdf\" target=\"_blank\">Visualizar<\/a><\/p><\/td><\/tr><tr><td><p>1.2014<\/p><\/td><td><p>Procuradoria-Geral de Contas<\/p><\/td><td><p>21.7.2014<\/p><\/td><td><p>Recomenda&nbsp;\u00e0s entidades previdenci\u00e1rias municipais e estadual,&nbsp;a adequa\u00e7\u00e3o \u00e0 forma de c\u00e1lculo dos proventos,&nbsp;de modo a aplicar a \u00faltima remunera\u00e7\u00e3o como limitador&nbsp;em momento posterior ao c\u00e1lculo da m\u00e9dia das contribui\u00e7\u00f5es na forma do art. 1\u00ba da Lei Federal n\u00ba 10.887\/04.<\/p><\/td><td><p><a href=\"https:\/\/www.mpc.pr.gov.br\/wp-content\/uploads\/2024\/02\/Recomendacao-Administrativa-01.2014.pdf\" target=\"_blank\">Visualizar<\/a><\/p><\/td><\/tr><tr><td><\/td><td><\/td><td><\/td><td><\/td><td><\/td><\/tr><\/tbody><\/table>\n            <\/div><div class=\"ea-advanced-data-table-pagination ea-advanced-data-table-pagination-button clearfix\"><\/div><\/div>\t\t\t\t<\/div>\n\t\t\t\t<\/div>\n\t\t\t\t\t<\/div>\n\t\t<\/div>\n\t\t\t\t\t<\/div>\n\t\t<\/section>\n\t\t\t\t<\/div>\n\t\t","protected":false},"excerpt":{"rendered":"<p>Atua\u00e7\u00e3o Ministerial Representa\u00e7\u00f5es Recomenda\u00e7\u00f5es Administrativas Pareceres em Processos Vinculantes Pareceres Selecionados Procedimento de Apura\u00e7\u00e3o Preliminar &#8211; Arquivamentos\u200b Recomenda\u00e7\u00f5es Administrativas A Recomenda\u00e7\u00e3o Administrativa do Minist\u00e9rio P\u00fablico de Contas \u00e9 um instrumento de atua\u00e7\u00e3o dirigida aos jurisdicionados, por meio da qual busca-se orientar os destinat\u00e1rios a tomar provid\u00eancias para melhorar os servi\u00e7os p\u00fablicos e\/ou prevenir ilegalidades \u00e0 [&hellip;]<\/p>\n","protected":false},"author":1,"featured_media":0,"parent":0,"menu_order":0,"comment_status":"closed","ping_status":"closed","template":"elementor_header_footer","meta":{"_monsterinsights_skip_tracking":false,"_monsterinsights_sitenote_active":false,"_monsterinsights_sitenote_note":"","_monsterinsights_sitenote_category":0,"footnotes":""},"class_list":["post-19575","page","type-page","status-publish","hentry","entry"],"yoast_head":"<!-- This site is optimized with the Yoast SEO plugin v27.3 - https:\/\/yoast.com\/product\/yoast-seo-wordpress\/ -->\n<title>Recomenda\u00e7\u00f5es Administrativas - Minist\u00e9rio P\u00fablico de Contas do Estado do Paran\u00e1<\/title>\n<meta name=\"robots\" content=\"index, follow, max-snippet:-1, max-image-preview:large, max-video-preview:-1\" \/>\n<link rel=\"canonical\" href=\"https:\/\/www.mpc.pr.gov.br\/index.php\/recomendacoes-administrativa\/\" \/>\n<meta property=\"og:locale\" content=\"pt_BR\" \/>\n<meta property=\"og:type\" content=\"article\" \/>\n<meta property=\"og:title\" content=\"Recomenda\u00e7\u00f5es Administrativas - Minist\u00e9rio P\u00fablico de Contas do Estado do Paran\u00e1\" \/>\n<meta property=\"og:description\" content=\"Atua\u00e7\u00e3o Ministerial Representa\u00e7\u00f5es Recomenda\u00e7\u00f5es Administrativas Pareceres em Processos Vinculantes Pareceres Selecionados Procedimento de Apura\u00e7\u00e3o Preliminar &#8211; Arquivamentos\u200b Recomenda\u00e7\u00f5es Administrativas A Recomenda\u00e7\u00e3o Administrativa do Minist\u00e9rio P\u00fablico de Contas \u00e9 um instrumento de atua\u00e7\u00e3o dirigida aos jurisdicionados, por meio da qual busca-se orientar os destinat\u00e1rios a tomar provid\u00eancias para melhorar os servi\u00e7os p\u00fablicos e\/ou prevenir ilegalidades \u00e0 [&hellip;]\" \/>\n<meta property=\"og:url\" content=\"https:\/\/www.mpc.pr.gov.br\/index.php\/recomendacoes-administrativa\/\" \/>\n<meta property=\"og:site_name\" content=\"Minist\u00e9rio P\u00fablico de Contas do Estado do Paran\u00e1\" \/>\n<meta property=\"article:publisher\" content=\"https:\/\/www.facebook.com\/mpc.pr\" \/>\n<meta property=\"article:modified_time\" content=\"2026-04-07T17:37:39+00:00\" \/>\n<meta name=\"twitter:card\" content=\"summary_large_image\" \/>\n<meta name=\"twitter:label1\" content=\"Est. tempo de leitura\" \/>\n\t<meta name=\"twitter:data1\" content=\"107 minutos\" \/>\n<script type=\"application\/ld+json\" class=\"yoast-schema-graph\">{\"@context\":\"https:\\\/\\\/schema.org\",\"@graph\":[{\"@type\":\"WebPage\",\"@id\":\"https:\\\/\\\/www.mpc.pr.gov.br\\\/index.php\\\/recomendacoes-administrativa\\\/\",\"url\":\"https:\\\/\\\/www.mpc.pr.gov.br\\\/index.php\\\/recomendacoes-administrativa\\\/\",\"name\":\"Recomenda\u00e7\u00f5es Administrativas - Minist\u00e9rio P\u00fablico de Contas do Estado do Paran\u00e1\",\"isPartOf\":{\"@id\":\"https:\\\/\\\/www.mpc.pr.gov.br\\\/#website\"},\"datePublished\":\"2024-06-06T18:23:38+00:00\",\"dateModified\":\"2026-04-07T17:37:39+00:00\",\"breadcrumb\":{\"@id\":\"https:\\\/\\\/www.mpc.pr.gov.br\\\/index.php\\\/recomendacoes-administrativa\\\/#breadcrumb\"},\"inLanguage\":\"pt-BR\",\"potentialAction\":[{\"@type\":\"ReadAction\",\"target\":[\"https:\\\/\\\/www.mpc.pr.gov.br\\\/index.php\\\/recomendacoes-administrativa\\\/\"]}]},{\"@type\":\"BreadcrumbList\",\"@id\":\"https:\\\/\\\/www.mpc.pr.gov.br\\\/index.php\\\/recomendacoes-administrativa\\\/#breadcrumb\",\"itemListElement\":[{\"@type\":\"ListItem\",\"position\":1,\"name\":\"In\u00edcio\",\"item\":\"https:\\\/\\\/www.mpc.pr.gov.br\\\/\"},{\"@type\":\"ListItem\",\"position\":2,\"name\":\"Recomenda\u00e7\u00f5es Administrativas\"}]},{\"@type\":\"WebSite\",\"@id\":\"https:\\\/\\\/www.mpc.pr.gov.br\\\/#website\",\"url\":\"https:\\\/\\\/www.mpc.pr.gov.br\\\/\",\"name\":\"Minist\u00e9rio P\u00fablico de Contas do Estado do Paran\u00e1\",\"description\":\"\",\"publisher\":{\"@id\":\"https:\\\/\\\/www.mpc.pr.gov.br\\\/#organization\"},\"potentialAction\":[{\"@type\":\"SearchAction\",\"target\":{\"@type\":\"EntryPoint\",\"urlTemplate\":\"https:\\\/\\\/www.mpc.pr.gov.br\\\/?s={search_term_string}\"},\"query-input\":{\"@type\":\"PropertyValueSpecification\",\"valueRequired\":true,\"valueName\":\"search_term_string\"}}],\"inLanguage\":\"pt-BR\"},{\"@type\":\"Organization\",\"@id\":\"https:\\\/\\\/www.mpc.pr.gov.br\\\/#organization\",\"name\":\"Minist\u00e9rio P\u00fablico de Contas do Estado do Paran\u00e1\",\"url\":\"https:\\\/\\\/www.mpc.pr.gov.br\\\/\",\"logo\":{\"@type\":\"ImageObject\",\"inLanguage\":\"pt-BR\",\"@id\":\"https:\\\/\\\/www.mpc.pr.gov.br\\\/#\\\/schema\\\/logo\\\/image\\\/\",\"url\":\"https:\\\/\\\/www.mpc.pr.gov.br\\\/wp-content\\\/uploads\\\/2020\\\/06\\\/99423647_1593460364143890_6706793420720963584_n-1-e1591387983167.png\",\"contentUrl\":\"https:\\\/\\\/www.mpc.pr.gov.br\\\/wp-content\\\/uploads\\\/2020\\\/06\\\/99423647_1593460364143890_6706793420720963584_n-1-e1591387983167.png\",\"width\":243,\"height\":73,\"caption\":\"Minist\u00e9rio P\u00fablico de Contas do Estado do Paran\u00e1\"},\"image\":{\"@id\":\"https:\\\/\\\/www.mpc.pr.gov.br\\\/#\\\/schema\\\/logo\\\/image\\\/\"},\"sameAs\":[\"https:\\\/\\\/www.facebook.com\\\/mpc.pr\",\"https:\\\/\\\/www.instagram.com\\\/mpc.pr\\\/?hl=pt-br\",\"https:\\\/\\\/www.youtube.com\\\/channel\\\/UCHri5oEM8DV0ztX57E0sBSw\"]}]}<\/script>\n<!-- \/ Yoast SEO plugin. -->","yoast_head_json":{"title":"Recomenda\u00e7\u00f5es Administrativas - Minist\u00e9rio P\u00fablico de Contas do Estado do Paran\u00e1","robots":{"index":"index","follow":"follow","max-snippet":"max-snippet:-1","max-image-preview":"max-image-preview:large","max-video-preview":"max-video-preview:-1"},"canonical":"https:\/\/www.mpc.pr.gov.br\/index.php\/recomendacoes-administrativa\/","og_locale":"pt_BR","og_type":"article","og_title":"Recomenda\u00e7\u00f5es Administrativas - Minist\u00e9rio P\u00fablico de Contas do Estado do Paran\u00e1","og_description":"Atua\u00e7\u00e3o Ministerial Representa\u00e7\u00f5es Recomenda\u00e7\u00f5es Administrativas Pareceres em Processos Vinculantes Pareceres Selecionados Procedimento de Apura\u00e7\u00e3o Preliminar &#8211; Arquivamentos\u200b Recomenda\u00e7\u00f5es Administrativas A Recomenda\u00e7\u00e3o Administrativa do Minist\u00e9rio P\u00fablico de Contas \u00e9 um instrumento de atua\u00e7\u00e3o dirigida aos jurisdicionados, por meio da qual busca-se orientar os destinat\u00e1rios a tomar provid\u00eancias para melhorar os servi\u00e7os p\u00fablicos e\/ou prevenir ilegalidades \u00e0 [&hellip;]","og_url":"https:\/\/www.mpc.pr.gov.br\/index.php\/recomendacoes-administrativa\/","og_site_name":"Minist\u00e9rio P\u00fablico de Contas do Estado do Paran\u00e1","article_publisher":"https:\/\/www.facebook.com\/mpc.pr","article_modified_time":"2026-04-07T17:37:39+00:00","twitter_card":"summary_large_image","twitter_misc":{"Est. tempo de leitura":"107 minutos"},"schema":{"@context":"https:\/\/schema.org","@graph":[{"@type":"WebPage","@id":"https:\/\/www.mpc.pr.gov.br\/index.php\/recomendacoes-administrativa\/","url":"https:\/\/www.mpc.pr.gov.br\/index.php\/recomendacoes-administrativa\/","name":"Recomenda\u00e7\u00f5es Administrativas - Minist\u00e9rio P\u00fablico de Contas do Estado do Paran\u00e1","isPartOf":{"@id":"https:\/\/www.mpc.pr.gov.br\/#website"},"datePublished":"2024-06-06T18:23:38+00:00","dateModified":"2026-04-07T17:37:39+00:00","breadcrumb":{"@id":"https:\/\/www.mpc.pr.gov.br\/index.php\/recomendacoes-administrativa\/#breadcrumb"},"inLanguage":"pt-BR","potentialAction":[{"@type":"ReadAction","target":["https:\/\/www.mpc.pr.gov.br\/index.php\/recomendacoes-administrativa\/"]}]},{"@type":"BreadcrumbList","@id":"https:\/\/www.mpc.pr.gov.br\/index.php\/recomendacoes-administrativa\/#breadcrumb","itemListElement":[{"@type":"ListItem","position":1,"name":"In\u00edcio","item":"https:\/\/www.mpc.pr.gov.br\/"},{"@type":"ListItem","position":2,"name":"Recomenda\u00e7\u00f5es Administrativas"}]},{"@type":"WebSite","@id":"https:\/\/www.mpc.pr.gov.br\/#website","url":"https:\/\/www.mpc.pr.gov.br\/","name":"Minist\u00e9rio P\u00fablico de Contas do Estado do Paran\u00e1","description":"","publisher":{"@id":"https:\/\/www.mpc.pr.gov.br\/#organization"},"potentialAction":[{"@type":"SearchAction","target":{"@type":"EntryPoint","urlTemplate":"https:\/\/www.mpc.pr.gov.br\/?s={search_term_string}"},"query-input":{"@type":"PropertyValueSpecification","valueRequired":true,"valueName":"search_term_string"}}],"inLanguage":"pt-BR"},{"@type":"Organization","@id":"https:\/\/www.mpc.pr.gov.br\/#organization","name":"Minist\u00e9rio P\u00fablico de Contas do Estado do Paran\u00e1","url":"https:\/\/www.mpc.pr.gov.br\/","logo":{"@type":"ImageObject","inLanguage":"pt-BR","@id":"https:\/\/www.mpc.pr.gov.br\/#\/schema\/logo\/image\/","url":"https:\/\/www.mpc.pr.gov.br\/wp-content\/uploads\/2020\/06\/99423647_1593460364143890_6706793420720963584_n-1-e1591387983167.png","contentUrl":"https:\/\/www.mpc.pr.gov.br\/wp-content\/uploads\/2020\/06\/99423647_1593460364143890_6706793420720963584_n-1-e1591387983167.png","width":243,"height":73,"caption":"Minist\u00e9rio P\u00fablico de Contas do Estado do Paran\u00e1"},"image":{"@id":"https:\/\/www.mpc.pr.gov.br\/#\/schema\/logo\/image\/"},"sameAs":["https:\/\/www.facebook.com\/mpc.pr","https:\/\/www.instagram.com\/mpc.pr\/?hl=pt-br","https:\/\/www.youtube.com\/channel\/UCHri5oEM8DV0ztX57E0sBSw"]}]}},"rttpg_featured_image_url":null,"rttpg_author":{"display_name":"mpcontaspr","author_link":"https:\/\/www.mpc.pr.gov.br\/index.php\/author\/mpcontaspr\/"},"rttpg_comment":0,"rttpg_category":null,"rttpg_excerpt":"Atua\u00e7\u00e3o Ministerial Representa\u00e7\u00f5es Recomenda\u00e7\u00f5es Administrativas Pareceres em Processos Vinculantes Pareceres Selecionados Procedimento de Apura\u00e7\u00e3o Preliminar &#8211; Arquivamentos\u200b Recomenda\u00e7\u00f5es Administrativas A Recomenda\u00e7\u00e3o Administrativa do Minist\u00e9rio P\u00fablico de Contas \u00e9 um instrumento de atua\u00e7\u00e3o dirigida aos jurisdicionados, por meio da qual busca-se orientar os destinat\u00e1rios a tomar provid\u00eancias para melhorar os servi\u00e7os p\u00fablicos e\/ou prevenir ilegalidades \u00e0&hellip;","_links":{"self":[{"href":"https:\/\/www.mpc.pr.gov.br\/index.php\/wp-json\/wp\/v2\/pages\/19575","targetHints":{"allow":["GET"]}}],"collection":[{"href":"https:\/\/www.mpc.pr.gov.br\/index.php\/wp-json\/wp\/v2\/pages"}],"about":[{"href":"https:\/\/www.mpc.pr.gov.br\/index.php\/wp-json\/wp\/v2\/types\/page"}],"author":[{"embeddable":true,"href":"https:\/\/www.mpc.pr.gov.br\/index.php\/wp-json\/wp\/v2\/users\/1"}],"replies":[{"embeddable":true,"href":"https:\/\/www.mpc.pr.gov.br\/index.php\/wp-json\/wp\/v2\/comments?post=19575"}],"version-history":[{"count":163,"href":"https:\/\/www.mpc.pr.gov.br\/index.php\/wp-json\/wp\/v2\/pages\/19575\/revisions"}],"predecessor-version":[{"id":25590,"href":"https:\/\/www.mpc.pr.gov.br\/index.php\/wp-json\/wp\/v2\/pages\/19575\/revisions\/25590"}],"wp:attachment":[{"href":"https:\/\/www.mpc.pr.gov.br\/index.php\/wp-json\/wp\/v2\/media?parent=19575"}],"curies":[{"name":"wp","href":"https:\/\/api.w.org\/{rel}","templated":true}]}}