{"id":22657,"date":"2025-02-28T09:48:02","date_gmt":"2025-02-28T12:48:02","guid":{"rendered":"https:\/\/www.mpc.pr.gov.br\/?page_id=22657"},"modified":"2025-11-27T10:16:41","modified_gmt":"2025-11-27T13:16:41","slug":"plano-de-acao-2025","status":"publish","type":"page","link":"https:\/\/www.mpc.pr.gov.br\/index.php\/plano-de-acao-2025\/","title":{"rendered":"Plano de A\u00e7\u00e3o 2025"},"content":{"rendered":"\t\t<div data-elementor-type=\"wp-page\" data-elementor-id=\"22657\" class=\"elementor elementor-22657\">\n\t\t\t\t\t\t<section class=\"elementor-section elementor-top-section elementor-element elementor-element-75be0929 elementor-section-height-min-height elementor-section-boxed elementor-section-height-default elementor-section-items-middle\" data-id=\"75be0929\" data-element_type=\"section\" data-e-type=\"section\" data-settings=\"{&quot;shape_divider_top&quot;:&quot;opacity-tilt&quot;}\">\n\t\t\t\t\t<div class=\"elementor-shape elementor-shape-top\" aria-hidden=\"true\" data-negative=\"false\">\n\t\t\t<svg xmlns=\"http:\/\/www.w3.org\/2000\/svg\" viewBox=\"0 0 2600 131.1\" preserveAspectRatio=\"none\">\n\t<path class=\"elementor-shape-fill\" d=\"M0 0L2600 0 2600 69.1 0 0z\"\/>\n\t<path class=\"elementor-shape-fill\" style=\"opacity:0.5\" d=\"M0 0L2600 0 2600 69.1 0 69.1z\"\/>\n\t<path class=\"elementor-shape-fill\" style=\"opacity:0.25\" d=\"M2600 0L0 0 0 130.1 2600 69.1z\"\/>\n<\/svg>\t\t<\/div>\n\t\t\t\t\t<div class=\"elementor-container elementor-column-gap-default\">\n\t\t\t\t\t\t<\/div>\n\t\t<\/section>\n\t\t\t\t<section class=\"elementor-section elementor-inner-section elementor-element elementor-element-61b3526 elementor-section-boxed elementor-section-height-default elementor-section-height-default\" data-id=\"61b3526\" data-element_type=\"section\" data-e-type=\"section\">\n\t\t\t\t\t\t<div class=\"elementor-container elementor-column-gap-wide\">\n\t\t\t\t\t<div class=\"elementor-column elementor-col-50 elementor-inner-column elementor-element elementor-element-92aea52\" data-id=\"92aea52\" data-element_type=\"column\" data-e-type=\"column\" data-settings=\"{&quot;background_background&quot;:&quot;classic&quot;}\">\n\t\t\t<div class=\"elementor-widget-wrap elementor-element-populated\">\n\t\t\t\t\t\t<div class=\"elementor-element elementor-element-a446bf2 elementor-align-justify elementor-widget elementor-widget-button\" data-id=\"a446bf2\" data-element_type=\"widget\" data-e-type=\"widget\" data-widget_type=\"button.default\">\n\t\t\t\t<div class=\"elementor-widget-container\">\n\t\t\t\t\t\t\t\t\t<div class=\"elementor-button-wrapper\">\n\t\t\t\t\t<a class=\"elementor-button elementor-button-link elementor-size-sm\" href=\"http:\/\/www.mpc.pr.gov.br\/index.php\/acesso-a-informacao\/\">\n\t\t\t\t\t\t<span class=\"elementor-button-content-wrapper\">\n\t\t\t\t\t\t\t\t\t<span class=\"elementor-button-text\">Acesso \u00e0 Informa\u00e7\u00e3o<\/span>\n\t\t\t\t\t<\/span>\n\t\t\t\t\t<\/a>\n\t\t\t\t<\/div>\n\t\t\t\t\t\t\t\t<\/div>\n\t\t\t\t<\/div>\n\t\t\t\t<div class=\"elementor-element elementor-element-c99de9f elementor-align-justify elementor-widget elementor-widget-button\" data-id=\"c99de9f\" data-element_type=\"widget\" data-e-type=\"widget\" data-widget_type=\"button.default\">\n\t\t\t\t<div class=\"elementor-widget-container\">\n\t\t\t\t\t\t\t\t\t<div class=\"elementor-button-wrapper\">\n\t\t\t\t\t<a class=\"elementor-button elementor-button-link elementor-size-sm\" href=\"https:\/\/www1.tce.pr.gov.br\/transparencia\/diario-eletronico\/\">\n\t\t\t\t\t\t<span class=\"elementor-button-content-wrapper\">\n\t\t\t\t\t\t\t\t\t<span class=\"elementor-button-text\">Di\u00e1rio Eletr\u00f4nico<\/span>\n\t\t\t\t\t<\/span>\n\t\t\t\t\t<\/a>\n\t\t\t\t<\/div>\n\t\t\t\t\t\t\t\t<\/div>\n\t\t\t\t<\/div>\n\t\t\t\t<div class=\"elementor-element elementor-element-55b3d27 elementor-align-justify elementor-widget elementor-widget-button\" data-id=\"55b3d27\" data-element_type=\"widget\" data-e-type=\"widget\" data-widget_type=\"button.default\">\n\t\t\t\t<div class=\"elementor-widget-container\">\n\t\t\t\t\t\t\t\t\t<div class=\"elementor-button-wrapper\">\n\t\t\t\t\t<a class=\"elementor-button elementor-button-link elementor-size-sm\" href=\"https:\/\/www1.tce.pr.gov.br\/transparencia\/sessoes\/?tpTribunal=P\">\n\t\t\t\t\t\t<span class=\"elementor-button-content-wrapper\">\n\t\t\t\t\t\t\t\t\t<span class=\"elementor-button-text\">Sess\u00f5es do TCE-PR<\/span>\n\t\t\t\t\t<\/span>\n\t\t\t\t\t<\/a>\n\t\t\t\t<\/div>\n\t\t\t\t\t\t\t\t<\/div>\n\t\t\t\t<\/div>\n\t\t\t\t<div class=\"elementor-element elementor-element-984a360 elementor-align-justify elementor-widget elementor-widget-button\" data-id=\"984a360\" data-element_type=\"widget\" data-e-type=\"widget\" data-widget_type=\"button.default\">\n\t\t\t\t<div class=\"elementor-widget-container\">\n\t\t\t\t\t\t\t\t\t<div class=\"elementor-button-wrapper\">\n\t\t\t\t\t<a class=\"elementor-button elementor-button-link elementor-size-sm\" href=\"http:\/\/www.mpc.pr.gov.br\/index.php\/servidores\/\">\n\t\t\t\t\t\t<span class=\"elementor-button-content-wrapper\">\n\t\t\t\t\t\t\t\t\t<span class=\"elementor-button-text\">Servidores<\/span>\n\t\t\t\t\t<\/span>\n\t\t\t\t\t<\/a>\n\t\t\t\t<\/div>\n\t\t\t\t\t\t\t\t<\/div>\n\t\t\t\t<\/div>\n\t\t\t\t<div class=\"elementor-element elementor-element-5a4bdd2 elementor-align-justify elementor-widget elementor-widget-button\" data-id=\"5a4bdd2\" data-element_type=\"widget\" data-e-type=\"widget\" data-widget_type=\"button.default\">\n\t\t\t\t<div class=\"elementor-widget-container\">\n\t\t\t\t\t\t\t\t\t<div class=\"elementor-button-wrapper\">\n\t\t\t\t\t<a class=\"elementor-button elementor-button-link elementor-size-sm\" href=\"http:\/\/www.mpc.pr.gov.br\/index.php\/atas-de-reuniao-do-colegio-de-procuradores\/\">\n\t\t\t\t\t\t<span class=\"elementor-button-content-wrapper\">\n\t\t\t\t\t\t\t\t\t<span class=\"elementor-button-text\">Atas de Reuni\u00e3o do Col\u00e9gio de Procuradores<\/span>\n\t\t\t\t\t<\/span>\n\t\t\t\t\t<\/a>\n\t\t\t\t<\/div>\n\t\t\t\t\t\t\t\t<\/div>\n\t\t\t\t<\/div>\n\t\t\t\t<div class=\"elementor-element elementor-element-33f5a1e elementor-align-justify elementor-widget elementor-widget-button\" data-id=\"33f5a1e\" data-element_type=\"widget\" data-e-type=\"widget\" data-widget_type=\"button.default\">\n\t\t\t\t<div class=\"elementor-widget-container\">\n\t\t\t\t\t\t\t\t\t<div class=\"elementor-button-wrapper\">\n\t\t\t\t\t<a class=\"elementor-button elementor-button-link elementor-size-sm\" href=\"http:\/\/www.mpc.pr.gov.br\/index.php\/atas-de-reuniao-do-conselho-superior\/\">\n\t\t\t\t\t\t<span class=\"elementor-button-content-wrapper\">\n\t\t\t\t\t\t\t\t\t<span class=\"elementor-button-text\">Atas de Reuni\u00e3o do Conselho Superior<\/span>\n\t\t\t\t\t<\/span>\n\t\t\t\t\t<\/a>\n\t\t\t\t<\/div>\n\t\t\t\t\t\t\t\t<\/div>\n\t\t\t\t<\/div>\n\t\t\t\t<div class=\"elementor-element elementor-element-bd454fa elementor-align-justify elementor-widget elementor-widget-button\" data-id=\"bd454fa\" data-element_type=\"widget\" data-e-type=\"widget\" data-widget_type=\"button.default\">\n\t\t\t\t<div class=\"elementor-widget-container\">\n\t\t\t\t\t\t\t\t\t<div class=\"elementor-button-wrapper\">\n\t\t\t\t\t<a class=\"elementor-button elementor-button-link elementor-size-sm\" href=\"http:\/\/www.mpc.pr.gov.br\/index.php\/planejamento-estrategico\/\">\n\t\t\t\t\t\t<span class=\"elementor-button-content-wrapper\">\n\t\t\t\t\t\t\t\t\t<span class=\"elementor-button-text\">Planejamento Estrat\u00e9gico<\/span>\n\t\t\t\t\t<\/span>\n\t\t\t\t\t<\/a>\n\t\t\t\t<\/div>\n\t\t\t\t\t\t\t\t<\/div>\n\t\t\t\t<\/div>\n\t\t\t\t<div class=\"elementor-element elementor-element-0b531a2 elementor-align-justify elementor-widget elementor-widget-button\" data-id=\"0b531a2\" data-element_type=\"widget\" data-e-type=\"widget\" data-widget_type=\"button.default\">\n\t\t\t\t<div class=\"elementor-widget-container\">\n\t\t\t\t\t\t\t\t\t<div class=\"elementor-button-wrapper\">\n\t\t\t\t\t<a class=\"elementor-button elementor-button-link elementor-size-sm\" href=\"https:\/\/www.mpc.pr.gov.br\/index.php\/plano-de-acao-2025\/\">\n\t\t\t\t\t\t<span class=\"elementor-button-content-wrapper\">\n\t\t\t\t\t\t\t\t\t<span class=\"elementor-button-text\">Plano de A\u00e7\u00e3o 2025<\/span>\n\t\t\t\t\t<\/span>\n\t\t\t\t\t<\/a>\n\t\t\t\t<\/div>\n\t\t\t\t\t\t\t\t<\/div>\n\t\t\t\t<\/div>\n\t\t\t\t<div class=\"elementor-element elementor-element-7b88a3e elementor-align-justify elementor-widget elementor-widget-button\" data-id=\"7b88a3e\" data-element_type=\"widget\" data-e-type=\"widget\" data-widget_type=\"button.default\">\n\t\t\t\t<div class=\"elementor-widget-container\">\n\t\t\t\t\t\t\t\t\t<div class=\"elementor-button-wrapper\">\n\t\t\t\t\t<a class=\"elementor-button elementor-button-link elementor-size-sm\" href=\"http:\/\/www.mpc.pr.gov.br\/index.php\/plano-bianual\/\">\n\t\t\t\t\t\t<span class=\"elementor-button-content-wrapper\">\n\t\t\t\t\t\t\t\t\t<span class=\"elementor-button-text\">Plano Bianual<\/span>\n\t\t\t\t\t<\/span>\n\t\t\t\t\t<\/a>\n\t\t\t\t<\/div>\n\t\t\t\t\t\t\t\t<\/div>\n\t\t\t\t<\/div>\n\t\t\t\t<div class=\"elementor-element elementor-element-a12a98c elementor-align-justify elementor-widget elementor-widget-button\" data-id=\"a12a98c\" data-element_type=\"widget\" data-e-type=\"widget\" data-widget_type=\"button.default\">\n\t\t\t\t<div class=\"elementor-widget-container\">\n\t\t\t\t\t\t\t\t\t<div class=\"elementor-button-wrapper\">\n\t\t\t\t\t<a class=\"elementor-button elementor-button-link elementor-size-sm\" href=\"http:\/\/www.mpc.pr.gov.br\/index.php\/relatorios-de-atividades\/\">\n\t\t\t\t\t\t<span class=\"elementor-button-content-wrapper\">\n\t\t\t\t\t\t\t\t\t<span class=\"elementor-button-text\">Relat\u00f3rios de Atividades<\/span>\n\t\t\t\t\t<\/span>\n\t\t\t\t\t<\/a>\n\t\t\t\t<\/div>\n\t\t\t\t\t\t\t\t<\/div>\n\t\t\t\t<\/div>\n\t\t\t\t<div class=\"elementor-element elementor-element-49cd377 elementor-align-justify elementor-widget elementor-widget-button\" data-id=\"49cd377\" data-element_type=\"widget\" data-e-type=\"widget\" data-widget_type=\"button.default\">\n\t\t\t\t<div class=\"elementor-widget-container\">\n\t\t\t\t\t\t\t\t\t<div class=\"elementor-button-wrapper\">\n\t\t\t\t\t<a class=\"elementor-button elementor-button-link elementor-size-sm\" href=\"https:\/\/www.mpc.pr.gov.br\/index.php\/relatorio-de-gestao-bienios-2020-2022-e-2022-2024\/\">\n\t\t\t\t\t\t<span class=\"elementor-button-content-wrapper\">\n\t\t\t\t\t\t\t\t\t<span class=\"elementor-button-text\">Relat\u00f3rio de Gest\u00e3o (Bi\u00eanios 2020-2022 e 2022-2024)\u200b<\/span>\n\t\t\t\t\t<\/span>\n\t\t\t\t\t<\/a>\n\t\t\t\t<\/div>\n\t\t\t\t\t\t\t\t<\/div>\n\t\t\t\t<\/div>\n\t\t\t\t<div class=\"elementor-element elementor-element-72440f5 elementor-align-justify elementor-widget elementor-widget-button\" data-id=\"72440f5\" data-element_type=\"widget\" data-e-type=\"widget\" data-widget_type=\"button.default\">\n\t\t\t\t<div class=\"elementor-widget-container\">\n\t\t\t\t\t\t\t\t\t<div class=\"elementor-button-wrapper\">\n\t\t\t\t\t<a class=\"elementor-button elementor-button-link elementor-size-sm\" href=\"http:\/\/www.mpc.pr.gov.br\/index.php\/relatorios-dos-projetos-de-atuacao-especial\/\">\n\t\t\t\t\t\t<span class=\"elementor-button-content-wrapper\">\n\t\t\t\t\t\t\t\t\t<span class=\"elementor-button-text\">Relat\u00f3rios dos Projetos de Atua\u00e7\u00e3o Especial<\/span>\n\t\t\t\t\t<\/span>\n\t\t\t\t\t<\/a>\n\t\t\t\t<\/div>\n\t\t\t\t\t\t\t\t<\/div>\n\t\t\t\t<\/div>\n\t\t\t\t<div class=\"elementor-element elementor-element-0031e91 elementor-align-justify elementor-widget elementor-widget-button\" data-id=\"0031e91\" data-element_type=\"widget\" data-e-type=\"widget\" data-widget_type=\"button.default\">\n\t\t\t\t<div class=\"elementor-widget-container\">\n\t\t\t\t\t\t\t\t\t<div class=\"elementor-button-wrapper\">\n\t\t\t\t\t<a class=\"elementor-button elementor-button-link elementor-size-sm\" href=\"http:\/\/www.mpc.pr.gov.br\/index.php\/parceiros-institucionais\/\">\n\t\t\t\t\t\t<span class=\"elementor-button-content-wrapper\">\n\t\t\t\t\t\t\t\t\t<span class=\"elementor-button-text\">Parceiros Institucionais<\/span>\n\t\t\t\t\t<\/span>\n\t\t\t\t\t<\/a>\n\t\t\t\t<\/div>\n\t\t\t\t\t\t\t\t<\/div>\n\t\t\t\t<\/div>\n\t\t\t\t<div class=\"elementor-element elementor-element-97906ad elementor-align-justify elementor-widget elementor-widget-button\" data-id=\"97906ad\" data-element_type=\"widget\" data-e-type=\"widget\" data-widget_type=\"button.default\">\n\t\t\t\t<div class=\"elementor-widget-container\">\n\t\t\t\t\t\t\t\t\t<div class=\"elementor-button-wrapper\">\n\t\t\t\t\t<a class=\"elementor-button elementor-button-link elementor-size-sm\" href=\"http:\/\/www.mpc.pr.gov.br\/index.php\/convenios-e-atos-de-cooperacao\/\">\n\t\t\t\t\t\t<span class=\"elementor-button-content-wrapper\">\n\t\t\t\t\t\t\t\t\t<span class=\"elementor-button-text\">Conv\u00eanios e Atos de Coopera\u00e7\u00e3o<\/span>\n\t\t\t\t\t<\/span>\n\t\t\t\t\t<\/a>\n\t\t\t\t<\/div>\n\t\t\t\t\t\t\t\t<\/div>\n\t\t\t\t<\/div>\n\t\t\t\t\t<\/div>\n\t\t<\/div>\n\t\t\t\t<div class=\"elementor-column elementor-col-50 elementor-inner-column elementor-element elementor-element-5f19b13\" data-id=\"5f19b13\" data-element_type=\"column\" data-e-type=\"column\">\n\t\t\t<div class=\"elementor-widget-wrap elementor-element-populated\">\n\t\t\t\t\t\t<div class=\"elementor-element elementor-element-eb62a1b elementor-widget elementor-widget-heading\" data-id=\"eb62a1b\" data-element_type=\"widget\" data-e-type=\"widget\" data-widget_type=\"heading.default\">\n\t\t\t\t<div class=\"elementor-widget-container\">\n\t\t\t\t\t<h2 class=\"elementor-heading-title elementor-size-default\">Plano de A\u00e7\u00e3o 2025<\/h2>\t\t\t\t<\/div>\n\t\t\t\t<\/div>\n\t\t\t\t<div class=\"elementor-element elementor-element-4ee64a9 elementor-widget elementor-widget-text-editor\" data-id=\"4ee64a9\" data-element_type=\"widget\" data-e-type=\"widget\" data-widget_type=\"text-editor.default\">\n\t\t\t\t<div class=\"elementor-widget-container\">\n\t\t\t\t\t\t\t\t\t<div class=\"OutlineElement Ltr SCXW196488671 BCX0\" style=\"-webkit-user-drag: none; -webkit-tap-highlight-color: transparent; user-select: text; clear: both; cursor: text; overflow: visible; position: relative; direction: ltr; font-family: 'Segoe UI', 'Segoe UI Web', Arial, Verdana, sans-serif; font-size: 12px; font-style: normal; font-variant-ligatures: normal; font-variant-caps: normal; font-weight: 400; letter-spacing: normal; background-color: #ffffff;\"><p><span class=\"TextRun SCXW196488671 BCX0\" lang=\"PT-BR\" style=\"-webkit-user-drag: none; -webkit-tap-highlight-color: transparent; user-select: text; font-size: 12pt; line-height: 28.5px; font-family: Arial, Arial_EmbeddedFont, Arial_MSFontService, sans-serif; font-variant-ligatures: none !important;\" xml:lang=\"PT-BR\" data-contrast=\"auto\"><span class=\"NormalTextRun SCXW196488671 BCX0\" style=\"-webkit-user-drag: none; -webkit-tap-highlight-color: transparent; user-select: text;\"><a href=\"https:\/\/www.mpc.pr.gov.br\/wp-content\/uploads\/2025\/02\/Plano-de-Acoes-2025-MPC-CNPGC.pdf\"><img fetchpriority=\"high\" decoding=\"async\" class=\"alignleft wp-image-22663 size-medium\" src=\"https:\/\/www.mpc.pr.gov.br\/wp-content\/uploads\/2025\/02\/Capa-Plano-de-Acao-2025-300x169.png\" alt=\"\" width=\"300\" height=\"169\" srcset=\"https:\/\/www.mpc.pr.gov.br\/wp-content\/uploads\/2025\/02\/Capa-Plano-de-Acao-2025-300x169.png 300w, https:\/\/www.mpc.pr.gov.br\/wp-content\/uploads\/2025\/02\/Capa-Plano-de-Acao-2025-1024x576.png 1024w, https:\/\/www.mpc.pr.gov.br\/wp-content\/uploads\/2025\/02\/Capa-Plano-de-Acao-2025-768x432.png 768w, https:\/\/www.mpc.pr.gov.br\/wp-content\/uploads\/2025\/02\/Capa-Plano-de-Acao-2025-1536x864.png 1536w, https:\/\/www.mpc.pr.gov.br\/wp-content\/uploads\/2025\/02\/Capa-Plano-de-Acao-2025-800x450.png 800w, https:\/\/www.mpc.pr.gov.br\/wp-content\/uploads\/2025\/02\/Capa-Plano-de-Acao-2025.png 1920w\" sizes=\"(max-width: 300px) 100vw, 300px\" \/><\/a>O<\/span><span class=\"NormalTextRun SCXW196488671 BCX0\" style=\"-webkit-user-drag: none; -webkit-tap-highlight-color: transparent; user-select: text;\"> Minist\u00e9rio P\u00fablico de Contas do Paran\u00e1 (MPC-PR) apresenta seu Plano de A\u00e7\u00e3o<\/span><span class=\"NormalTextRun SCXW196488671 BCX0\" style=\"-webkit-user-drag: none; -webkit-tap-highlight-color: transparent; user-select: text;\"> para<\/span><span class=\"NormalTextRun SCXW196488671 BCX0\" style=\"-webkit-user-drag: none; -webkit-tap-highlight-color: transparent; user-select: text;\"> 2025<\/span><span class=\"NormalTextRun SCXW196488671 BCX0\" style=\"-webkit-user-drag: none; -webkit-tap-highlight-color: transparent; user-select: text;\">. O <\/span><span class=\"NormalTextRun SCXW196488671 BCX0\" style=\"-webkit-user-drag: none; -webkit-tap-highlight-color: transparent; user-select: text;\">documento<\/span> <span class=\"NormalTextRun SCXW196488671 BCX0\" style=\"-webkit-user-drag: none; -webkit-tap-highlight-color: transparent; user-select: text;\">estabelece a agenda estrat\u00e9gica da institui\u00e7\u00e3o<\/span><span class=\"NormalTextRun SCXW196488671 BCX0\" style=\"-webkit-user-drag: none; -webkit-tap-highlight-color: transparent; user-select: text;\">, definindo os<\/span><span class=\"NormalTextRun SCXW196488671 BCX0\" style=\"-webkit-user-drag: none; -webkit-tap-highlight-color: transparent; user-select: text;\"> projetos priorit\u00e1rios <\/span><span class=\"NormalTextRun SCXW196488671 BCX0\" style=\"-webkit-user-drag: none; -webkit-tap-highlight-color: transparent; user-select: text;\">para o ano em exerc\u00edcio<\/span><span class=\"NormalTextRun SCXW196488671 BCX0\" style=\"-webkit-user-drag: none; -webkit-tap-highlight-color: transparent; user-select: text;\">.<\/span><span class=\"NormalTextRun SCXW196488671 BCX0\" style=\"-webkit-user-drag: none; -webkit-tap-highlight-color: transparent; user-select: text;\"> Al\u00e9m disso, o <\/span><span class=\"NormalTextRun SCXW196488671 BCX0\" style=\"-webkit-user-drag: none; -webkit-tap-highlight-color: transparent; user-select: text;\">plano consolida informa\u00e7\u00f5es sobre a estrutura organizacional<\/span><span class=\"NormalTextRun SCXW196488671 BCX0\" style=\"-webkit-user-drag: none; -webkit-tap-highlight-color: transparent; user-select: text;\"> e<\/span><span class=\"NormalTextRun SCXW196488671 BCX0\" style=\"-webkit-user-drag: none; -webkit-tap-highlight-color: transparent; user-select: text;\"> traz uma retrospectiva das a\u00e7\u00f5es realizadas em gest\u00f5es anteriores<\/span><span class=\"NormalTextRun SCXW196488671 BCX0\" style=\"-webkit-user-drag: none; -webkit-tap-highlight-color: transparent; user-select: text;\">,<\/span><span class=\"NormalTextRun SCXW196488671 BCX0\" style=\"-webkit-user-drag: none; -webkit-tap-highlight-color: transparent; user-select: text;\"> que retra<\/span><span class=\"NormalTextRun SCXW196488671 BCX0\" style=\"-webkit-user-drag: none; -webkit-tap-highlight-color: transparent; user-select: text;\">t<\/span><span class=\"NormalTextRun SCXW196488671 BCX0\" style=\"-webkit-user-drag: none; -webkit-tap-highlight-color: transparent; user-select: text;\">a<\/span><span class=\"NormalTextRun SCXW196488671 BCX0\" style=\"-webkit-user-drag: none; -webkit-tap-highlight-color: transparent; user-select: text;\">m<\/span> <span class=\"NormalTextRun SCXW196488671 BCX0\" style=\"-webkit-user-drag: none; -webkit-tap-highlight-color: transparent; user-select: text;\">a<\/span> <span class=\"NormalTextRun SCXW196488671 BCX0\" style=\"-webkit-user-drag: none; -webkit-tap-highlight-color: transparent; user-select: text;\">e<\/span><span class=\"NormalTextRun SCXW196488671 BCX0\" style=\"-webkit-user-drag: none; -webkit-tap-highlight-color: transparent; user-select: text;\">vo<\/span><span class=\"NormalTextRun SCXW196488671 BCX0\" style=\"-webkit-user-drag: none; -webkit-tap-highlight-color: transparent; user-select: text;\">l<\/span><span class=\"NormalTextRun SCXW196488671 BCX0\" style=\"-webkit-user-drag: none; -webkit-tap-highlight-color: transparent; user-select: text;\">u<\/span><span class=\"NormalTextRun SCXW196488671 BCX0\" style=\"-webkit-user-drag: none; -webkit-tap-highlight-color: transparent; user-select: text;\">\u00e7<\/span><span class=\"NormalTextRun SCXW196488671 BCX0\" style=\"-webkit-user-drag: none; -webkit-tap-highlight-color: transparent; user-select: text;\">\u00e3<\/span><span class=\"NormalTextRun SCXW196488671 BCX0\" style=\"-webkit-user-drag: none; -webkit-tap-highlight-color: transparent; user-select: text;\">o<\/span> <span class=\"NormalTextRun SCXW196488671 BCX0\" style=\"-webkit-user-drag: none; -webkit-tap-highlight-color: transparent; user-select: text;\">d<\/span><span class=\"NormalTextRun SCXW196488671 BCX0\" style=\"-webkit-user-drag: none; -webkit-tap-highlight-color: transparent; user-select: text;\">o<\/span> <span class=\"NormalTextRun SCXW196488671 BCX0\" style=\"-webkit-user-drag: none; -webkit-tap-highlight-color: transparent; user-select: text;\">t<\/span><span class=\"NormalTextRun SCXW196488671 BCX0\" style=\"-webkit-user-drag: none; -webkit-tap-highlight-color: transparent; user-select: text;\">r<\/span><span class=\"NormalTextRun SCXW196488671 BCX0\" style=\"-webkit-user-drag: none; -webkit-tap-highlight-color: transparent; user-select: text;\">a<\/span><span class=\"NormalTextRun SCXW196488671 BCX0\" style=\"-webkit-user-drag: none; -webkit-tap-highlight-color: transparent; user-select: text;\">b<\/span><span class=\"NormalTextRun SCXW196488671 BCX0\" style=\"-webkit-user-drag: none; -webkit-tap-highlight-color: transparent; user-select: text;\">a<\/span><span class=\"NormalTextRun SCXW196488671 BCX0\" style=\"-webkit-user-drag: none; -webkit-tap-highlight-color: transparent; user-select: text;\">l<\/span><span class=\"NormalTextRun SCXW196488671 BCX0\" style=\"-webkit-user-drag: none; -webkit-tap-highlight-color: transparent; user-select: text;\">h<\/span><span class=\"NormalTextRun SCXW196488671 BCX0\" style=\"-webkit-user-drag: none; -webkit-tap-highlight-color: transparent; user-select: text;\">o<\/span> <span class=\"NormalTextRun SCXW196488671 BCX0\" style=\"-webkit-user-drag: none; -webkit-tap-highlight-color: transparent; user-select: text;\">d<\/span><span class=\"NormalTextRun SCXW196488671 BCX0\" style=\"-webkit-user-drag: none; -webkit-tap-highlight-color: transparent; user-select: text;\">e<\/span><span class=\"NormalTextRun SCXW196488671 BCX0\" style=\"-webkit-user-drag: none; -webkit-tap-highlight-color: transparent; user-select: text;\">s<\/span><span class=\"NormalTextRun SCXW196488671 BCX0\" style=\"-webkit-user-drag: none; -webkit-tap-highlight-color: transparent; user-select: text;\">e<\/span><span class=\"NormalTextRun SCXW196488671 BCX0\" style=\"-webkit-user-drag: none; -webkit-tap-highlight-color: transparent; user-select: text;\">n<\/span><span class=\"NormalTextRun SCXW196488671 BCX0\" style=\"-webkit-user-drag: none; -webkit-tap-highlight-color: transparent; user-select: text;\">v<\/span><span class=\"NormalTextRun SCXW196488671 BCX0\" style=\"-webkit-user-drag: none; -webkit-tap-highlight-color: transparent; user-select: text;\">o<\/span><span class=\"NormalTextRun SCXW196488671 BCX0\" style=\"-webkit-user-drag: none; -webkit-tap-highlight-color: transparent; user-select: text;\">l<\/span><span class=\"NormalTextRun SCXW196488671 BCX0\" style=\"-webkit-user-drag: none; -webkit-tap-highlight-color: transparent; user-select: text;\">v<\/span><span class=\"NormalTextRun SCXW196488671 BCX0\" style=\"-webkit-user-drag: none; -webkit-tap-highlight-color: transparent; user-select: text;\">i<\/span><span class=\"NormalTextRun SCXW196488671 BCX0\" style=\"-webkit-user-drag: none; -webkit-tap-highlight-color: transparent; user-select: text;\">d<\/span><span class=\"NormalTextRun SCXW196488671 BCX0\" style=\"-webkit-user-drag: none; -webkit-tap-highlight-color: transparent; user-select: text;\">o.<\/span><\/span><span class=\"EOP SCXW196488671 BCX0\" style=\"-webkit-user-drag: none; -webkit-tap-highlight-color: transparent; user-select: text; font-size: 12pt; line-height: 28.5px; font-family: Arial, Arial_EmbeddedFont, Arial_MSFontService, sans-serif;\" data-ccp-props=\"{&quot;201341983&quot;:0,&quot;335551550&quot;:6,&quot;335551620&quot;:6,&quot;335559740&quot;:360}\">\u00a0<\/span><\/p><p><span class=\"TextRun SCXW196488671 BCX0\" lang=\"PT-BR\" style=\"background-color: transparent; color: windowtext; font-style: normal; font-weight: normal; text-align: justify; white-space-collapse: preserve; -webkit-user-drag: none; -webkit-tap-highlight-color: transparent; user-select: text; font-size: 12pt; line-height: 28.5px; font-family: Arial, Arial_EmbeddedFont, Arial_MSFontService, sans-serif; font-variant-ligatures: none !important;\" xml:lang=\"PT-BR\" data-contrast=\"auto\"><span class=\"NormalTextRun SCXW196488671 BCX0\" style=\"-webkit-user-drag: none; -webkit-tap-highlight-color: transparent; user-select: text;\">As iniciativas est\u00e3o alinhadas \u00e0s diretrizes do Conselho Nacional de Procuradores-Gerais de Contas (CNPGC)<\/span><span class=\"NormalTextRun SCXW196488671 BCX0\" style=\"-webkit-user-drag: none; -webkit-tap-highlight-color: transparent; user-select: text;\">, tendo em vista a import\u00e2ncia de direcionar as a\u00e7\u00f5es estrat\u00e9gicas entre os Minist\u00e9rios P\u00fablicos de Contas visando o cumprimento dos Objetivos de Desenvolvimento Sustent\u00e1vel (ODS<\/span><span class=\"NormalTextRun SCXW196488671 BCX0\" style=\"-webkit-user-drag: none; -webkit-tap-highlight-color: transparent; user-select: text;\">), <\/span><span class=\"NormalTextRun SCXW196488671 BCX0\" style=\"-webkit-user-drag: none; -webkit-tap-highlight-color: transparent; user-select: text;\">os quais representam <\/span><\/span><span class=\"TextRun SCXW196488671 BCX0\" lang=\"PT-BR\" style=\"background-color: transparent; color: windowtext; font-style: normal; font-variant: normal; font-weight: normal; text-align: justify; white-space-collapse: preserve; -webkit-user-drag: none; -webkit-tap-highlight-color: transparent; user-select: text; font-size: 12pt; line-height: 28.5px; font-family: Arial, Arial_EmbeddedFont, Arial_MSFontService, sans-serif;\" xml:lang=\"PT-BR\" data-contrast=\"auto\"><span class=\"NormalTextRun SCXW196488671 BCX0\" style=\"-webkit-user-drag: none; -webkit-tap-highlight-color: transparent; user-select: text;\">o<\/span><span class=\"NormalTextRun SCXW196488671 BCX0\" style=\"-webkit-user-drag: none; -webkit-tap-highlight-color: transparent; user-select: text;\"> conjunto de metas globais definidas pela Organiza\u00e7\u00e3o das Na\u00e7\u00f5es Unidas (ONU).<\/span><\/span><span class=\"EOP SCXW196488671 BCX0\" style=\"background-color: transparent; color: windowtext; font-style: normal; font-weight: normal; text-align: justify; white-space-collapse: preserve; -webkit-user-drag: none; -webkit-tap-highlight-color: transparent; user-select: text; font-size: 12pt; line-height: 28.5px; font-family: Arial, Arial_EmbeddedFont, Arial_MSFontService, sans-serif;\" data-ccp-props=\"{&quot;201341983&quot;:0,&quot;335551550&quot;:6,&quot;335551620&quot;:6,&quot;335559740&quot;:360}\">\u00a0<\/span><\/p><\/div><div class=\"OutlineElement Ltr SCXW196488671 BCX0\" style=\"-webkit-user-drag: none; -webkit-tap-highlight-color: transparent; user-select: text; clear: both; cursor: text; overflow: visible; position: relative; direction: ltr; font-family: 'Segoe UI', 'Segoe UI Web', Arial, Verdana, sans-serif; font-size: 12px; font-style: normal; font-variant-ligatures: normal; font-variant-caps: normal; font-weight: 400; letter-spacing: normal; background-color: #ffffff;\"><p class=\"Paragraph SCXW196488671 BCX0\" style=\"-webkit-user-drag: none; -webkit-tap-highlight-color: transparent; margin-bottom: 10.6667px; user-select: text; overflow-wrap: break-word; white-space-collapse: preserve; font-weight: normal; font-style: normal; font-kerning: none; background-color: transparent; color: windowtext; text-align: justify;\"><span class=\"TextRun SCXW196488671 BCX0\" lang=\"PT-BR\" style=\"-webkit-user-drag: none; -webkit-tap-highlight-color: transparent; user-select: text; font-variant: normal; font-size: 12pt; font-style: normal; line-height: 28.5px; font-family: Arial, Arial_EmbeddedFont, Arial_MSFontService, sans-serif; font-weight: bold;\" xml:lang=\"PT-BR\" data-contrast=\"auto\">Diagn\u00f3stico institucional<\/span><span class=\"EOP SCXW196488671 BCX0\" style=\"-webkit-user-drag: none; -webkit-tap-highlight-color: transparent; user-select: text; font-size: 12pt; line-height: 28.5px; font-family: Arial, Arial_EmbeddedFont, Arial_MSFontService, sans-serif;\" data-ccp-props=\"{&quot;201341983&quot;:0,&quot;335551550&quot;:6,&quot;335551620&quot;:6,&quot;335559740&quot;:360}\">\u00a0<\/span><\/p><\/div><div class=\"OutlineElement Ltr SCXW196488671 BCX0\" style=\"-webkit-user-drag: none; -webkit-tap-highlight-color: transparent; user-select: text; clear: both; cursor: text; overflow: visible; position: relative; direction: ltr; font-family: 'Segoe UI', 'Segoe UI Web', Arial, Verdana, sans-serif; font-size: 12px; font-style: normal; font-variant-ligatures: normal; font-variant-caps: normal; font-weight: 400; letter-spacing: normal; background-color: #ffffff;\"><p class=\"Paragraph SCXW196488671 BCX0\" style=\"-webkit-user-drag: none; -webkit-tap-highlight-color: transparent; margin-bottom: 10.6667px; user-select: text; overflow-wrap: break-word; white-space-collapse: preserve; font-weight: normal; font-style: normal; font-kerning: none; background-color: transparent; color: windowtext; text-align: justify;\"><span class=\"TextRun SCXW196488671 BCX0\" lang=\"PT-BR\" style=\"-webkit-user-drag: none; -webkit-tap-highlight-color: transparent; user-select: text; font-variant: normal; font-size: 12pt; font-style: normal; line-height: 28.5px; font-family: Arial, Arial_EmbeddedFont, Arial_MSFontService, sans-serif; font-weight: normal;\" xml:lang=\"PT-BR\" data-contrast=\"auto\"><span class=\"NormalTextRun SCXW196488671 BCX0\" style=\"-webkit-user-drag: none; -webkit-tap-highlight-color: transparent; user-select: text;\">Diante dessas a\u00e7\u00f5es do CNPGC e agendas mundiais e internacionais<\/span><span class=\"NormalTextRun SCXW196488671 BCX0\" style=\"-webkit-user-drag: none; -webkit-tap-highlight-color: transparent; user-select: text;\"> com as quais o MPC-PR est\u00e1 comprometido, foi realizado <\/span><span class=\"NormalTextRun SCXW196488671 BCX0\" style=\"-webkit-user-drag: none; -webkit-tap-highlight-color: transparent; user-select: text;\">um levantamento junto aos servidores<\/span><span class=\"NormalTextRun SCXW196488671 BCX0\" style=\"-webkit-user-drag: none; -webkit-tap-highlight-color: transparent; user-select: text;\"> para<\/span><span class=\"NormalTextRun SCXW196488671 BCX0\" style=\"-webkit-user-drag: none; -webkit-tap-highlight-color: transparent; user-select: text;\"> avaliar a estrutura interna<\/span><span class=\"NormalTextRun SCXW196488671 BCX0\" style=\"-webkit-user-drag: none; -webkit-tap-highlight-color: transparent; user-select: text;\"> da institui\u00e7\u00e3o que \u00e9 <\/span><span class=\"NormalTextRun SCXW196488671 BCX0\" style=\"-webkit-user-drag: none; -webkit-tap-highlight-color: transparent; user-select: text;\">formada<\/span><span class=\"NormalTextRun SCXW196488671 BCX0\" style=\"-webkit-user-drag: none; -webkit-tap-highlight-color: transparent; user-select: text;\">, atualmente,<\/span> <span class=\"NormalTextRun SCXW196488671 BCX0\" style=\"-webkit-user-drag: none; -webkit-tap-highlight-color: transparent; user-select: text;\">por 51 cargos, <\/span><span class=\"NormalTextRun SCXW196488671 BCX0\" style=\"-webkit-user-drag: none; -webkit-tap-highlight-color: transparent; user-select: text;\">divididos entre procuradores (7), <\/span><span class=\"NormalTextRun SCXW196488671 BCX0\" style=\"-webkit-user-drag: none; -webkit-tap-highlight-color: transparent; user-select: text;\">servidores efetivos e comissionados (22), bem como estagi\u00e1rios de gradua\u00e7\u00e3o e p\u00f3s-gradua\u00e7\u00e3o <\/span><span class=\"NormalTextRun SCXW196488671 BCX0\" style=\"-webkit-user-drag: none; -webkit-tap-highlight-color: transparent; user-select: text;\">(13).\u00a0<\/span><\/span><span class=\"EOP SCXW196488671 BCX0\" style=\"-webkit-user-drag: none; -webkit-tap-highlight-color: transparent; user-select: text; font-size: 12pt; line-height: 28.5px; font-family: Arial, Arial_EmbeddedFont, Arial_MSFontService, sans-serif;\" data-ccp-props=\"{&quot;201341983&quot;:0,&quot;335551550&quot;:6,&quot;335551620&quot;:6,&quot;335559740&quot;:360}\">\u00a0<\/span><\/p><\/div><div class=\"OutlineElement Ltr SCXW196488671 BCX0\" style=\"-webkit-user-drag: none; -webkit-tap-highlight-color: transparent; user-select: text; clear: both; cursor: text; overflow: visible; position: relative; direction: ltr; font-family: 'Segoe UI', 'Segoe UI Web', Arial, Verdana, sans-serif; font-size: 12px; font-style: normal; font-variant-ligatures: normal; font-variant-caps: normal; font-weight: 400; letter-spacing: normal; background-color: #ffffff;\"><p class=\"Paragraph SCXW196488671 BCX0\" style=\"-webkit-user-drag: none; -webkit-tap-highlight-color: transparent; margin-bottom: 10.6667px; user-select: text; overflow-wrap: break-word; white-space-collapse: preserve; font-weight: normal; font-style: normal; font-kerning: none; background-color: transparent; color: windowtext; text-align: justify;\"><span class=\"TextRun SCXW196488671 BCX0\" lang=\"PT-BR\" style=\"-webkit-user-drag: none; -webkit-tap-highlight-color: transparent; user-select: text; font-variant: normal; font-size: 12pt; font-style: normal; line-height: 28.5px; font-family: Arial, Arial_EmbeddedFont, Arial_MSFontService, sans-serif; font-weight: normal;\" xml:lang=\"PT-BR\" data-contrast=\"auto\"><span class=\"NormalTextRun SCXW196488671 BCX0\" style=\"-webkit-user-drag: none; -webkit-tap-highlight-color: transparent; user-select: text;\">O l<\/span><span class=\"NormalTextRun SCXW196488671 BCX0\" style=\"-webkit-user-drag: none; -webkit-tap-highlight-color: transparent; user-select: text;\">evantamento r<\/span><span class=\"NormalTextRun SCXW196488671 BCX0\" style=\"-webkit-user-drag: none; -webkit-tap-highlight-color: transparent; user-select: text;\">evelou<\/span><span class=\"NormalTextRun SCXW196488671 BCX0\" style=\"-webkit-user-drag: none; -webkit-tap-highlight-color: transparent; user-select: text;\"> que, em rela\u00e7\u00e3o as quest\u00f5es relativas \u00e0 igualdade de g\u00eanero, <\/span><span class=\"NormalTextRun SCXW196488671 BCX0\" style=\"-webkit-user-drag: none; -webkit-tap-highlight-color: transparent; user-select: text;\">o MPC-PR<\/span> <span class=\"NormalTextRun SCXW196488671 BCX0\" style=\"-webkit-user-drag: none; -webkit-tap-highlight-color: transparent; user-select: text;\">possui <\/span><span class=\"NormalTextRun SCXW196488671 BCX0\" style=\"-webkit-user-drag: none; -webkit-tap-highlight-color: transparent; user-select: text;\">65,6% dos cargos de lideran\u00e7a<\/span> <span class=\"NormalTextRun SCXW196488671 BCX0\" style=\"-webkit-user-drag: none; -webkit-tap-highlight-color: transparent; user-select: text;\">ocupados por mulheres<\/span><span class=\"NormalTextRun SCXW196488671 BCX0\" style=\"-webkit-user-drag: none; -webkit-tap-highlight-color: transparent; user-select: text;\">, sendo que a representa\u00e7\u00e3o feminina tamb\u00e9m \u00e9 maioria com um total de 32 <\/span><span class=\"NormalTextRun SCXW196488671 BCX0\" style=\"-webkit-user-drag: none; -webkit-tap-highlight-color: transparent; user-select: text;\">colaboradoras<\/span><span class=\"NormalTextRun SCXW196488671 BCX0\" style=\"-webkit-user-drag: none; -webkit-tap-highlight-color: transparent; user-select: text;\">.<\/span><\/span><span class=\"EOP SCXW196488671 BCX0\" style=\"-webkit-user-drag: none; -webkit-tap-highlight-color: transparent; user-select: text; font-size: 12pt; line-height: 28.5px; font-family: Arial, Arial_EmbeddedFont, Arial_MSFontService, sans-serif;\" data-ccp-props=\"{&quot;201341983&quot;:0,&quot;335551550&quot;:6,&quot;335551620&quot;:6,&quot;335559740&quot;:360}\">\u00a0<\/span><\/p><\/div><div class=\"OutlineElement Ltr SCXW196488671 BCX0\" style=\"-webkit-user-drag: none; -webkit-tap-highlight-color: transparent; user-select: text; clear: both; cursor: text; overflow: visible; position: relative; direction: ltr; font-family: 'Segoe UI', 'Segoe UI Web', Arial, Verdana, sans-serif; font-size: 12px; font-style: normal; font-variant-ligatures: normal; font-variant-caps: normal; font-weight: 400; letter-spacing: normal; background-color: #ffffff;\"><p class=\"Paragraph SCXW196488671 BCX0\" style=\"-webkit-user-drag: none; -webkit-tap-highlight-color: transparent; margin-bottom: 10.6667px; user-select: text; overflow-wrap: break-word; white-space-collapse: preserve; font-weight: normal; font-style: normal; font-kerning: none; background-color: transparent; color: windowtext; text-align: justify;\"><span class=\"TextRun SCXW196488671 BCX0\" lang=\"PT-BR\" style=\"-webkit-user-drag: none; -webkit-tap-highlight-color: transparent; user-select: text; font-variant: normal; font-size: 12pt; font-style: normal; line-height: 28.5px; font-family: Arial, Arial_EmbeddedFont, Arial_MSFontService, sans-serif; font-weight: normal;\" xml:lang=\"PT-BR\" data-contrast=\"auto\"><span class=\"NormalTextRun SCXW196488671 BCX0\" style=\"-webkit-user-drag: none; -webkit-tap-highlight-color: transparent; user-select: text;\">Outro importante dado constatado foi a diversidade de qualifica\u00e7\u00f5es<\/span><span class=\"NormalTextRun SCXW196488671 BCX0\" style=\"-webkit-user-drag: none; -webkit-tap-highlight-color: transparent; user-select: text;\"> por meio de<\/span> <span class=\"NormalTextRun SCXW196488671 BCX0\" style=\"-webkit-user-drag: none; -webkit-tap-highlight-color: transparent; user-select: text;\">doutorado, mestrado, especializa\u00e7\u00e3o e gradua\u00e7\u00e3o, <\/span><span class=\"NormalTextRun SCXW196488671 BCX0\" style=\"-webkit-user-drag: none; -webkit-tap-highlight-color: transparent; user-select: text;\">alcan\u00e7ando<\/span> <span class=\"NormalTextRun SCXW196488671 BCX0\" style=\"-webkit-user-drag: none; -webkit-tap-highlight-color: transparent; user-select: text;\">oito \u00e1reas de gradua\u00e7\u00e3o e 18 \u00e1reas de especializa\u00e7\u00e3o distintas<\/span><span class=\"NormalTextRun SCXW196488671 BCX0\" style=\"-webkit-user-drag: none; -webkit-tap-highlight-color: transparent; user-select: text;\">. Essa composi\u00e7\u00e3o multidisciplinar da equipe contribui de forma significativa para o aprimoramento das atividades realizadas, permitindo uma atu<\/span><span class=\"NormalTextRun SCXW196488671 BCX0\" style=\"-webkit-user-drag: none; -webkit-tap-highlight-color: transparent; user-select: text;\">a\u00e7\u00e3o mais eficiente, proativa e integrada <\/span><span class=\"NormalTextRun SCXW196488671 BCX0\" style=\"-webkit-user-drag: none; -webkit-tap-highlight-color: transparent; user-select: text;\">\u00e0<\/span><span class=\"NormalTextRun SCXW196488671 BCX0\" style=\"-webkit-user-drag: none; -webkit-tap-highlight-color: transparent; user-select: text;\">s demandas da sociedade.\u00a0<\/span><\/span><span class=\"EOP SCXW196488671 BCX0\" style=\"-webkit-user-drag: none; -webkit-tap-highlight-color: transparent; user-select: text; font-size: 12pt; line-height: 28.5px; font-family: Arial, Arial_EmbeddedFont, Arial_MSFontService, sans-serif;\" data-ccp-props=\"{&quot;201341983&quot;:0,&quot;335551550&quot;:6,&quot;335551620&quot;:6,&quot;335559740&quot;:360}\">\u00a0<\/span><\/p><\/div><div class=\"OutlineElement Ltr SCXW196488671 BCX0\" style=\"-webkit-user-drag: none; -webkit-tap-highlight-color: transparent; user-select: text; clear: both; cursor: text; overflow: visible; position: relative; direction: ltr; font-family: 'Segoe UI', 'Segoe UI Web', Arial, Verdana, sans-serif; font-size: 12px; font-style: normal; font-variant-ligatures: normal; font-variant-caps: normal; font-weight: 400; letter-spacing: normal; background-color: #ffffff;\"><p class=\"Paragraph SCXW196488671 BCX0\" style=\"-webkit-user-drag: none; -webkit-tap-highlight-color: transparent; margin-bottom: 10.6667px; user-select: text; overflow-wrap: break-word; white-space-collapse: preserve; font-weight: normal; font-style: normal; font-kerning: none; background-color: transparent; color: windowtext; text-align: justify;\"><span class=\"TextRun SCXW196488671 BCX0\" lang=\"PT-BR\" style=\"-webkit-user-drag: none; -webkit-tap-highlight-color: transparent; user-select: text; font-variant: normal; font-size: 12pt; font-style: normal; line-height: 28.5px; font-family: Arial, Arial_EmbeddedFont, Arial_MSFontService, sans-serif; font-weight: normal;\" xml:lang=\"PT-BR\" data-contrast=\"auto\">Al\u00e9m disso, a equipe tamb\u00e9m se destaca pela diversidade et\u00e1ria, com membros cuja faixa et\u00e1ria varia entre 18 e 65 anos, favorecendo uma rica troca de experi\u00eancias e perspectivas, tanto no ambiente institucional quanto no clima organizacional, o qual foi avaliado pelos servidores com m\u00e9dia de nota 9 em uma escala de 0 a 10.<\/span><span class=\"EOP SCXW196488671 BCX0\" style=\"-webkit-user-drag: none; -webkit-tap-highlight-color: transparent; user-select: text; font-size: 12pt; line-height: 28.5px; font-family: Arial, Arial_EmbeddedFont, Arial_MSFontService, sans-serif;\" data-ccp-props=\"{&quot;201341983&quot;:0,&quot;335551550&quot;:6,&quot;335551620&quot;:6,&quot;335559740&quot;:360}\">\u00a0<\/span><\/p><\/div><div class=\"OutlineElement Ltr SCXW196488671 BCX0\" style=\"-webkit-user-drag: none; -webkit-tap-highlight-color: transparent; user-select: text; clear: both; cursor: text; overflow: visible; position: relative; direction: ltr; font-family: 'Segoe UI', 'Segoe UI Web', Arial, Verdana, sans-serif; font-size: 12px; font-style: normal; font-variant-ligatures: normal; font-variant-caps: normal; font-weight: 400; letter-spacing: normal; background-color: #ffffff;\"><p class=\"Paragraph SCXW196488671 BCX0\" style=\"-webkit-user-drag: none; -webkit-tap-highlight-color: transparent; margin-bottom: 10.6667px; user-select: text; overflow-wrap: break-word; white-space-collapse: preserve; font-weight: normal; font-style: normal; font-kerning: none; background-color: transparent; color: windowtext; text-align: justify;\"><span class=\"TextRun SCXW196488671 BCX0\" lang=\"PT-BR\" style=\"-webkit-user-drag: none; -webkit-tap-highlight-color: transparent; user-select: text; font-variant: normal; font-size: 12pt; font-style: normal; line-height: 28.5px; font-family: Arial, Arial_EmbeddedFont, Arial_MSFontService, sans-serif; font-weight: normal;\" xml:lang=\"PT-BR\" data-contrast=\"auto\"><span class=\"NormalTextRun SCXW196488671 BCX0\" style=\"-webkit-user-drag: none; -webkit-tap-highlight-color: transparent; user-select: text;\">O diagn\u00f3stico institucional<\/span><span class=\"NormalTextRun SCXW196488671 BCX0\" style=\"-webkit-user-drag: none; -webkit-tap-highlight-color: transparent; user-select: text;\">, por sua vez, <\/span><span class=\"NormalTextRun SCXW196488671 BCX0\" style=\"-webkit-user-drag: none; -webkit-tap-highlight-color: transparent; user-select: text;\">evidencia que <\/span><span class=\"NormalTextRun SCXW196488671 BCX0\" style=\"-webkit-user-drag: none; -webkit-tap-highlight-color: transparent; user-select: text;\">o MPC-PR <\/span><span class=\"NormalTextRun SCXW196488671 BCX0\" style=\"-webkit-user-drag: none; -webkit-tap-highlight-color: transparent; user-select: text;\">possui uma<\/span><span class=\"NormalTextRun SCXW196488671 BCX0\" style=\"-webkit-user-drag: none; -webkit-tap-highlight-color: transparent; user-select: text;\"> estrutura organizacional s\u00f3lida e diversificada, <\/span><span class=\"NormalTextRun SCXW196488671 BCX0\" style=\"-webkit-user-drag: none; -webkit-tap-highlight-color: transparent; user-select: text;\">preocupada com a efici\u00eancia e equidade de suas a\u00e7\u00f5es, tanto internas quanto externas, <\/span><span class=\"NormalTextRun SCXW196488671 BCX0\" style=\"-webkit-user-drag: none; -webkit-tap-highlight-color: transparent; user-select: text;\">refor\u00e7a<\/span><span class=\"NormalTextRun SCXW196488671 BCX0\" style=\"-webkit-user-drag: none; -webkit-tap-highlight-color: transparent; user-select: text;\">ndo seu papel <\/span><span class=\"NormalTextRun SCXW196488671 BCX0\" style=\"-webkit-user-drag: none; -webkit-tap-highlight-color: transparent; user-select: text;\">estrat\u00e9gico no aprimoramento da gest\u00e3o p\u00fablica.<\/span><\/span><span class=\"EOP SCXW196488671 BCX0\" style=\"-webkit-user-drag: none; -webkit-tap-highlight-color: transparent; user-select: text; font-size: 12pt; line-height: 28.5px; font-family: Arial, Arial_EmbeddedFont, Arial_MSFontService, sans-serif;\" data-ccp-props=\"{&quot;201341983&quot;:0,&quot;335551550&quot;:6,&quot;335551620&quot;:6,&quot;335559740&quot;:360}\">\u00a0<\/span><\/p><\/div><div class=\"OutlineElement Ltr SCXW196488671 BCX0\" style=\"-webkit-user-drag: none; -webkit-tap-highlight-color: transparent; user-select: text; clear: both; cursor: text; overflow: visible; position: relative; direction: ltr; font-family: 'Segoe UI', 'Segoe UI Web', Arial, Verdana, sans-serif; font-size: 12px; font-style: normal; font-variant-ligatures: normal; font-variant-caps: normal; font-weight: 400; letter-spacing: normal; background-color: #ffffff;\"><p class=\"Paragraph SCXW196488671 BCX0\" style=\"-webkit-user-drag: none; -webkit-tap-highlight-color: transparent; margin-bottom: 10.6667px; user-select: text; overflow-wrap: break-word; white-space-collapse: preserve; font-weight: normal; font-style: normal; font-kerning: none; background-color: transparent; color: windowtext; text-align: justify;\"><span class=\"TextRun SCXW196488671 BCX0\" lang=\"PT-BR\" style=\"-webkit-user-drag: none; -webkit-tap-highlight-color: transparent; user-select: text; font-variant: normal; font-size: 12pt; font-style: normal; line-height: 28.5px; font-family: Arial, Arial_EmbeddedFont, Arial_MSFontService, sans-serif; font-weight: bold;\" xml:lang=\"PT-BR\" data-contrast=\"auto\">Metas e objetivos para 2025<\/span><span class=\"EOP SCXW196488671 BCX0\" style=\"-webkit-user-drag: none; -webkit-tap-highlight-color: transparent; user-select: text; font-size: 12pt; line-height: 28.5px; font-family: Arial, Arial_EmbeddedFont, Arial_MSFontService, sans-serif;\" data-ccp-props=\"{&quot;201341983&quot;:0,&quot;335551550&quot;:6,&quot;335551620&quot;:6,&quot;335559740&quot;:360}\">\u00a0<\/span><\/p><\/div><div class=\"OutlineElement Ltr SCXW196488671 BCX0\" style=\"-webkit-user-drag: none; -webkit-tap-highlight-color: transparent; user-select: text; clear: both; cursor: text; overflow: visible; position: relative; direction: ltr; font-family: 'Segoe UI', 'Segoe UI Web', Arial, Verdana, sans-serif; font-size: 12px; font-style: normal; font-variant-ligatures: normal; font-variant-caps: normal; font-weight: 400; letter-spacing: normal; background-color: #ffffff;\"><p class=\"Paragraph SCXW196488671 BCX0\" style=\"-webkit-user-drag: none; -webkit-tap-highlight-color: transparent; margin-bottom: 10.6667px; user-select: text; overflow-wrap: break-word; white-space-collapse: preserve; font-weight: normal; font-style: normal; font-kerning: none; background-color: transparent; color: windowtext; text-align: justify;\"><span class=\"TextRun SCXW196488671 BCX0\" lang=\"PT-BR\" style=\"-webkit-user-drag: none; -webkit-tap-highlight-color: transparent; user-select: text; font-variant: normal; font-size: 12pt; font-style: normal; line-height: 28.5px; font-family: Arial, Arial_EmbeddedFont, Arial_MSFontService, sans-serif; font-weight: normal;\" xml:lang=\"PT-BR\" data-contrast=\"auto\"><span class=\"NormalTextRun SCXW196488671 BCX0\" style=\"-webkit-user-drag: none; -webkit-tap-highlight-color: transparent; user-select: text;\">O <\/span><span class=\"NormalTextRun SCXW196488671 BCX0\" style=\"-webkit-user-drag: none; -webkit-tap-highlight-color: transparent; user-select: text;\">Plano de A\u00e7\u00e3o<\/span><span class=\"NormalTextRun SCXW196488671 BCX0\" style=\"-webkit-user-drag: none; -webkit-tap-highlight-color: transparent; user-select: text;\">, <\/span><span class=\"NormalTextRun SCXW196488671 BCX0\" style=\"-webkit-user-drag: none; -webkit-tap-highlight-color: transparent; user-select: text;\">elaborado pela gest\u00e3o do Procurador-Geral Gabriel Guy L\u00e9ger<\/span><span class=\"NormalTextRun SCXW196488671 BCX0\" style=\"-webkit-user-drag: none; -webkit-tap-highlight-color: transparent; user-select: text;\"> (<\/span><span class=\"NormalTextRun SCXW196488671 BCX0\" style=\"-webkit-user-drag: none; -webkit-tap-highlight-color: transparent; user-select: text;\">bi\u00eanio 2024-2026<\/span><span class=\"NormalTextRun SCXW196488671 BCX0\" style=\"-webkit-user-drag: none; -webkit-tap-highlight-color: transparent; user-select: text;\">)<\/span><span class=\"NormalTextRun SCXW196488671 BCX0\" style=\"-webkit-user-drag: none; -webkit-tap-highlight-color: transparent; user-select: text;\">, <\/span><span class=\"NormalTextRun SCXW196488671 BCX0\" style=\"-webkit-user-drag: none; -webkit-tap-highlight-color: transparent; user-select: text;\">contempla a\u00e7\u00f5es em diversas frentes de atua\u00e7\u00e3o do MPC-PR, <\/span><span class=\"NormalTextRun SCXW196488671 BCX0\" style=\"-webkit-user-drag: none; -webkit-tap-highlight-color: transparent; user-select: text;\">incluindo quest\u00f5es relacionadas \u00e0 promo\u00e7\u00e3o da acessibilidade e inclus\u00e3o, defesa do meio ambiente, <\/span><span class=\"NormalTextRun SCXW196488671 BCX0\" style=\"-webkit-user-drag: none; -webkit-tap-highlight-color: transparent; user-select: text;\">sustentabilidade financeira dos <\/span><span class=\"NormalTextRun SCXW196488671 BCX0\" style=\"-webkit-user-drag: none; -webkit-tap-highlight-color: transparent; user-select: text;\">M<\/span><span class=\"NormalTextRun SCXW196488671 BCX0\" style=\"-webkit-user-drag: none; -webkit-tap-highlight-color: transparent; user-select: text;\">unic\u00edpios, combate \u00e0 corrup\u00e7\u00e3o<\/span><span class=\"NormalTextRun SCXW196488671 BCX0\" style=\"-webkit-user-drag: none; -webkit-tap-highlight-color: transparent; user-select: text;\"> e fortalecimento do controle interno municipal.\u00a0<\/span><\/span><span class=\"EOP SCXW196488671 BCX0\" style=\"-webkit-user-drag: none; -webkit-tap-highlight-color: transparent; user-select: text; font-size: 12pt; line-height: 28.5px; font-family: Arial, Arial_EmbeddedFont, Arial_MSFontService, sans-serif;\" data-ccp-props=\"{&quot;201341983&quot;:0,&quot;335551550&quot;:6,&quot;335551620&quot;:6,&quot;335559740&quot;:360}\">\u00a0<\/span><\/p><\/div><div class=\"OutlineElement Ltr SCXW196488671 BCX0\" style=\"-webkit-user-drag: none; -webkit-tap-highlight-color: transparent; user-select: text; clear: both; cursor: text; overflow: visible; position: relative; direction: ltr; font-family: 'Segoe UI', 'Segoe UI Web', Arial, Verdana, sans-serif; font-size: 12px; font-style: normal; font-variant-ligatures: normal; font-variant-caps: normal; font-weight: 400; letter-spacing: normal; background-color: #ffffff;\"><p class=\"Paragraph SCXW196488671 BCX0\" style=\"-webkit-user-drag: none; -webkit-tap-highlight-color: transparent; margin-bottom: 10.6667px; user-select: text; overflow-wrap: break-word; white-space-collapse: preserve; font-weight: normal; font-style: normal; font-kerning: none; background-color: transparent; color: windowtext; text-align: justify;\"><span class=\"TextRun SCXW196488671 BCX0\" lang=\"PT-BR\" style=\"-webkit-user-drag: none; -webkit-tap-highlight-color: transparent; user-select: text; font-variant: normal; font-size: 12pt; font-style: normal; line-height: 28.5px; font-family: Arial, Arial_EmbeddedFont, Arial_MSFontService, sans-serif; font-weight: normal;\" xml:lang=\"PT-BR\" data-contrast=\"auto\"><span class=\"NormalTextRun SCXW196488671 BCX0\" style=\"-webkit-user-drag: none; -webkit-tap-highlight-color: transparent; user-select: text;\">O documento ainda prev\u00ea iniciativas voltadas ao aprimoramento da estrutura interna da institui\u00e7\u00e3o<\/span><span class=\"NormalTextRun SCXW196488671 BCX0\" style=\"-webkit-user-drag: none; -webkit-tap-highlight-color: transparent; user-select: text;\">, como <\/span><span class=\"NormalTextRun SCXW196488671 BCX0\" style=\"-webkit-user-drag: none; -webkit-tap-highlight-color: transparent; user-select: text;\">o incentivo a capacita\u00e7\u00e3o cont\u00ednua dos servidores e a moderniza\u00e7\u00e3o dos canais de comunica\u00e7\u00e3o com a sociedade.<\/span><\/span><span class=\"EOP SCXW196488671 BCX0\" style=\"-webkit-user-drag: none; -webkit-tap-highlight-color: transparent; user-select: text; font-size: 12pt; line-height: 28.5px; font-family: Arial, Arial_EmbeddedFont, Arial_MSFontService, sans-serif;\" data-ccp-props=\"{&quot;201341983&quot;:0,&quot;335551550&quot;:6,&quot;335551620&quot;:6,&quot;335559740&quot;:360}\">\u00a0<\/span><\/p><\/div><div class=\"OutlineElement Ltr SCXW196488671 BCX0\" style=\"-webkit-user-drag: none; -webkit-tap-highlight-color: transparent; user-select: text; clear: both; cursor: text; overflow: visible; position: relative; direction: ltr; font-family: 'Segoe UI', 'Segoe UI Web', Arial, Verdana, sans-serif; font-size: 12px; font-style: normal; font-variant-ligatures: normal; font-variant-caps: normal; font-weight: 400; letter-spacing: normal; background-color: #ffffff;\"><p class=\"Paragraph SCXW196488671 BCX0\" style=\"-webkit-user-drag: none; -webkit-tap-highlight-color: transparent; margin-bottom: 10.6667px; user-select: text; overflow-wrap: break-word; white-space-collapse: preserve; font-weight: normal; font-style: normal; font-kerning: none; background-color: transparent; color: windowtext; text-align: justify;\"><span class=\"TextRun SCXW196488671 BCX0\" lang=\"PT-BR\" style=\"-webkit-user-drag: none; -webkit-tap-highlight-color: transparent; user-select: text; font-variant: normal; font-size: 12pt; font-style: normal; line-height: 28.5px; font-family: Arial, Arial_EmbeddedFont, Arial_MSFontService, sans-serif; font-weight: normal;\" xml:lang=\"PT-BR\" data-contrast=\"auto\">Entre os principais eixos de atua\u00e7\u00e3o para 2025, destacam-se:<\/span><span class=\"EOP SCXW196488671 BCX0\" style=\"-webkit-user-drag: none; -webkit-tap-highlight-color: transparent; user-select: text; font-size: 12pt; line-height: 28.5px; font-family: Arial, Arial_EmbeddedFont, Arial_MSFontService, sans-serif;\" data-ccp-props=\"{&quot;201341983&quot;:0,&quot;335551550&quot;:6,&quot;335551620&quot;:6,&quot;335559740&quot;:360}\">\u00a0<\/span><\/p><\/div><div class=\"ListContainerWrapper SCXW196488671 BCX0\" style=\"-webkit-user-drag: none; -webkit-tap-highlight-color: transparent; user-select: text; position: relative; font-family: 'Segoe UI', 'Segoe UI Web', Arial, Verdana, sans-serif; font-size: 12px; font-style: normal; font-variant-ligatures: normal; font-variant-caps: normal; font-weight: 400; letter-spacing: normal; background-color: #ffffff;\"><ul><li><span class=\"TextRun SCXW196488671 BCX0\" lang=\"PT-BR\" style=\"-webkit-user-drag: none; -webkit-tap-highlight-color: transparent; user-select: text; font-size: 12pt; line-height: 28.5px; font-family: Arial, Arial_EmbeddedFont, Arial_MSFontService, sans-serif; font-weight: bold; font-variant-ligatures: none !important;\" xml:lang=\"PT-BR\" data-contrast=\"auto\"><span class=\"NormalTextRun SCXW196488671 BCX0\" style=\"-webkit-user-drag: none; -webkit-tap-highlight-color: transparent; user-select: text;\">Aprimoramento da Fiscaliza\u00e7\u00e3o <\/span><span class=\"NormalTextRun SCXW196488671 BCX0\" style=\"-webkit-user-drag: none; -webkit-tap-highlight-color: transparent; user-select: text;\">por meio de Projetos <\/span><span class=\"NormalTextRun SCXW196488671 BCX0\" style=\"-webkit-user-drag: none; -webkit-tap-highlight-color: transparent; user-select: text;\">Tem\u00e1tic<\/span><span class=\"NormalTextRun SCXW196488671 BCX0\" style=\"-webkit-user-drag: none; -webkit-tap-highlight-color: transparent; user-select: text;\">os<\/span><span class=\"NormalTextRun SCXW196488671 BCX0\" style=\"-webkit-user-drag: none; -webkit-tap-highlight-color: transparent; user-select: text;\">:<\/span><\/span><span class=\"TextRun SCXW196488671 BCX0\" lang=\"PT-BR\" style=\"-webkit-user-drag: none; -webkit-tap-highlight-color: transparent; user-select: text; font-size: 12pt; line-height: 28.5px; font-family: Arial, Arial_EmbeddedFont, Arial_MSFontService, sans-serif; font-variant-ligatures: none !important;\" xml:lang=\"PT-BR\" data-contrast=\"auto\"><span class=\"NormalTextRun SCXW196488671 BCX0\" style=\"-webkit-user-drag: none; -webkit-tap-highlight-color: transparent; user-select: text;\"> Desenvolvimento de <\/span><span class=\"NormalTextRun SCXW196488671 BCX0\" style=\"-webkit-user-drag: none; -webkit-tap-highlight-color: transparent; user-select: text;\">m\u00e9todos de avalia\u00e7\u00e3o para verifica\u00e7\u00e3o<\/span><span class=\"NormalTextRun SCXW196488671 BCX0\" style=\"-webkit-user-drag: none; -webkit-tap-highlight-color: transparent; user-select: text;\"> da qualidade e da efetividade das pol\u00edticas p\u00fablicas<\/span><span class=\"NormalTextRun SCXW196488671 BCX0\" style=\"-webkit-user-drag: none; -webkit-tap-highlight-color: transparent; user-select: text;\">.<\/span><\/span><span class=\"EOP SCXW196488671 BCX0\" style=\"-webkit-user-drag: none; -webkit-tap-highlight-color: transparent; user-select: text; font-size: 12pt; line-height: 28.5px; font-family: Arial, Arial_EmbeddedFont, Arial_MSFontService, sans-serif;\" data-ccp-props=\"{&quot;134233117&quot;:false,&quot;134233118&quot;:false,&quot;201341983&quot;:0,&quot;335551550&quot;:6,&quot;335551620&quot;:6,&quot;335559685&quot;:720,&quot;335559737&quot;:0,&quot;335559738&quot;:0,&quot;335559739&quot;:160,&quot;335559740&quot;:360,&quot;335559991&quot;:360}\">\u00a0<\/span><\/li><li><span class=\"TextRun SCXW196488671 BCX0\" lang=\"PT-BR\" style=\"-webkit-user-drag: none; -webkit-tap-highlight-color: transparent; user-select: text; font-size: 12pt; line-height: 28.5px; font-family: Arial, Arial_EmbeddedFont, Arial_MSFontService, sans-serif; font-weight: bold; font-variant-ligatures: none !important;\" xml:lang=\"PT-BR\" data-contrast=\"auto\"><span class=\"NormalTextRun SCXW196488671 BCX0\" style=\"-webkit-user-drag: none; -webkit-tap-highlight-color: transparent; user-select: text;\">Inova\u00e7\u00e3o e Te<\/span><span class=\"NormalTextRun SCXW196488671 BCX0\" style=\"-webkit-user-drag: none; -webkit-tap-highlight-color: transparent; user-select: text;\">cnologia<\/span><span class=\"NormalTextRun SCXW196488671 BCX0\" style=\"-webkit-user-drag: none; -webkit-tap-highlight-color: transparent; user-select: text;\"> no <\/span><span class=\"NormalTextRun SCXW196488671 BCX0\" style=\"-webkit-user-drag: none; -webkit-tap-highlight-color: transparent; user-select: text;\">Controle Externo: <\/span><\/span><span class=\"TextRun SCXW196488671 BCX0\" lang=\"PT-BR\" style=\"-webkit-user-drag: none; -webkit-tap-highlight-color: transparent; user-select: text; font-size: 12pt; line-height: 28.5px; font-family: Arial, Arial_EmbeddedFont, Arial_MSFontService, sans-serif; font-variant-ligatures: none !important;\" xml:lang=\"PT-BR\" data-contrast=\"auto\"><span class=\"NormalTextRun SCXW196488671 BCX0\" style=\"-webkit-user-drag: none; -webkit-tap-highlight-color: transparent; user-select: text;\">Expans\u00e3o do uso de intelig\u00eancia artificial<\/span> <span class=\"NormalTextRun SCXW196488671 BCX0\" style=\"-webkit-user-drag: none; -webkit-tap-highlight-color: transparent; user-select: text;\">e cruzamento de dados automatizado para aprimorar<\/span><span class=\"NormalTextRun SCXW196488671 BCX0\" style=\"-webkit-user-drag: none; -webkit-tap-highlight-color: transparent; user-select: text;\"> o<\/span><span class=\"NormalTextRun SCXW196488671 BCX0\" style=\"-webkit-user-drag: none; -webkit-tap-highlight-color: transparent; user-select: text;\"> processo de fiscaliza\u00e7\u00e3o.<\/span><\/span><span class=\"EOP SCXW196488671 BCX0\" style=\"-webkit-user-drag: none; -webkit-tap-highlight-color: transparent; user-select: text; font-size: 12pt; line-height: 28.5px; font-family: Arial, Arial_EmbeddedFont, Arial_MSFontService, sans-serif;\" data-ccp-props=\"{&quot;134233117&quot;:false,&quot;134233118&quot;:false,&quot;201341983&quot;:0,&quot;335551550&quot;:6,&quot;335551620&quot;:6,&quot;335559685&quot;:720,&quot;335559737&quot;:0,&quot;335559738&quot;:0,&quot;335559739&quot;:160,&quot;335559740&quot;:360,&quot;335559991&quot;:360}\">\u00a0<\/span><\/li><li><span class=\"TextRun SCXW196488671 BCX0\" lang=\"PT-BR\" style=\"-webkit-user-drag: none; -webkit-tap-highlight-color: transparent; user-select: text; font-size: 12pt; line-height: 28.5px; font-family: Arial, Arial_EmbeddedFont, Arial_MSFontService, sans-serif; font-weight: bold; font-variant-ligatures: none !important;\" xml:lang=\"PT-BR\" data-contrast=\"auto\">Parcerias Institucionais: <\/span><span class=\"TextRun SCXW196488671 BCX0\" lang=\"PT-BR\" style=\"-webkit-user-drag: none; -webkit-tap-highlight-color: transparent; user-select: text; font-size: 12pt; line-height: 28.5px; font-family: Arial, Arial_EmbeddedFont, Arial_MSFontService, sans-serif; font-variant-ligatures: none !important;\" xml:lang=\"PT-BR\" data-contrast=\"auto\">Amplia\u00e7\u00e3o da coopera\u00e7\u00e3o com entidades representativas do controle externo, Tribunais de Contas, Minist\u00e9rios P\u00fablicos de Contas, universidades e entidades do terceiro setor.<\/span><span class=\"EOP SCXW196488671 BCX0\" style=\"-webkit-user-drag: none; -webkit-tap-highlight-color: transparent; user-select: text; font-size: 12pt; line-height: 28.5px; font-family: Arial, Arial_EmbeddedFont, Arial_MSFontService, sans-serif;\" data-ccp-props=\"{&quot;134233117&quot;:false,&quot;134233118&quot;:false,&quot;201341983&quot;:0,&quot;335551550&quot;:6,&quot;335551620&quot;:6,&quot;335559685&quot;:720,&quot;335559737&quot;:0,&quot;335559738&quot;:0,&quot;335559739&quot;:160,&quot;335559740&quot;:360,&quot;335559991&quot;:360}\">\u00a0<\/span><\/li><li><span class=\"TextRun SCXW196488671 BCX0\" lang=\"PT-BR\" style=\"-webkit-user-drag: none; -webkit-tap-highlight-color: transparent; user-select: text; font-size: 12pt; line-height: 28.5px; font-family: Arial, Arial_EmbeddedFont, Arial_MSFontService, sans-serif; font-weight: bold; font-variant-ligatures: none !important;\" xml:lang=\"PT-BR\" data-contrast=\"auto\">Capacita\u00e7\u00e3o de Gestores e Servidores: <\/span><span class=\"TextRun SCXW196488671 BCX0\" lang=\"PT-BR\" style=\"-webkit-user-drag: none; -webkit-tap-highlight-color: transparent; user-select: text; font-size: 12pt; line-height: 28.5px; font-family: Arial, Arial_EmbeddedFont, Arial_MSFontService, sans-serif; font-variant-ligatures: none !important;\" xml:lang=\"PT-BR\" data-contrast=\"auto\"><span class=\"NormalTextRun SCXW196488671 BCX0\" style=\"-webkit-user-drag: none; -webkit-tap-highlight-color: transparent; user-select: text;\">Oferta de treinamentos cont\u00ednuos,<\/span><span class=\"NormalTextRun SCXW196488671 BCX0\" style=\"-webkit-user-drag: none; -webkit-tap-highlight-color: transparent; user-select: text;\"> por meio de<\/span><span class=\"NormalTextRun SCXW196488671 BCX0\" style=\"-webkit-user-drag: none; -webkit-tap-highlight-color: transparent; user-select: text;\"> cursos e semin\u00e1rios sobre temas <\/span><span class=\"NormalTextRun SCXW196488671 BCX0\" style=\"-webkit-user-drag: none; -webkit-tap-highlight-color: transparent; user-select: text;\">d<\/span><span class=\"NormalTextRun SCXW196488671 BCX0\" style=\"-webkit-user-drag: none; -webkit-tap-highlight-color: transparent; user-select: text;\">a atualidade <\/span><span class=\"NormalTextRun SCXW196488671 BCX0\" style=\"-webkit-user-drag: none; -webkit-tap-highlight-color: transparent; user-select: text;\">e<\/span><span class=\"NormalTextRun SCXW196488671 BCX0\" style=\"-webkit-user-drag: none; -webkit-tap-highlight-color: transparent; user-select: text;\"> de<\/span><span class=\"NormalTextRun SCXW196488671 BCX0\" style=\"-webkit-user-drag: none; -webkit-tap-highlight-color: transparent; user-select: text;\"> interesse i<\/span><span class=\"NormalTextRun SCXW196488671 BCX0\" style=\"-webkit-user-drag: none; -webkit-tap-highlight-color: transparent; user-select: text;\">nstitucional.\u00a0<\/span><\/span><span class=\"EOP SCXW196488671 BCX0\" style=\"-webkit-user-drag: none; -webkit-tap-highlight-color: transparent; user-select: text; font-size: 12pt; line-height: 28.5px; font-family: Arial, Arial_EmbeddedFont, Arial_MSFontService, sans-serif;\" data-ccp-props=\"{&quot;134233117&quot;:false,&quot;134233118&quot;:false,&quot;201341983&quot;:0,&quot;335551550&quot;:6,&quot;335551620&quot;:6,&quot;335559685&quot;:720,&quot;335559737&quot;:0,&quot;335559738&quot;:0,&quot;335559739&quot;:160,&quot;335559740&quot;:360,&quot;335559991&quot;:360}\">\u00a0<\/span><\/li><li><span class=\"TextRun SCXW196488671 BCX0\" lang=\"PT-BR\" style=\"-webkit-user-drag: none; -webkit-tap-highlight-color: transparent; user-select: text; font-size: 12pt; line-height: 28.5px; font-family: Arial, Arial_EmbeddedFont, Arial_MSFontService, sans-serif; font-weight: bold; font-variant-ligatures: none !important;\" xml:lang=\"PT-BR\" data-contrast=\"auto\">Amplia\u00e7\u00e3o da Transpar\u00eancia e do Controle Social:<\/span><span class=\"TextRun SCXW196488671 BCX0\" lang=\"PT-BR\" style=\"-webkit-user-drag: none; -webkit-tap-highlight-color: transparent; user-select: text; font-size: 12pt; line-height: 28.5px; font-family: Arial, Arial_EmbeddedFont, Arial_MSFontService, sans-serif; font-variant-ligatures: none !important;\" xml:lang=\"PT-BR\" data-contrast=\"auto\"><span class=\"NormalTextRun SCXW196488671 BCX0\" style=\"-webkit-user-drag: none; -webkit-tap-highlight-color: transparent; user-select: text;\"> Intensifica\u00e7\u00e3o das campanhas <\/span><span class=\"NormalTextRun SCXW196488671 BCX0\" style=\"-webkit-user-drag: none; -webkit-tap-highlight-color: transparent; user-select: text;\">educativas e <\/span><span class=\"NormalTextRun SCXW196488671 BCX0\" style=\"-webkit-user-drag: none; -webkit-tap-highlight-color: transparent; user-select: text;\">o aprimoramento dos canais de comunica\u00e7\u00e3o com a sociedade<\/span><span class=\"NormalTextRun SCXW196488671 BCX0\" style=\"-webkit-user-drag: none; -webkit-tap-highlight-color: transparent; user-select: text;\">.<\/span><\/span><span class=\"EOP SCXW196488671 BCX0\" style=\"-webkit-user-drag: none; -webkit-tap-highlight-color: transparent; user-select: text; font-size: 12pt; line-height: 28.5px; font-family: Arial, Arial_EmbeddedFont, Arial_MSFontService, sans-serif;\" data-ccp-props=\"{&quot;134233117&quot;:false,&quot;134233118&quot;:false,&quot;201341983&quot;:0,&quot;335551550&quot;:6,&quot;335551620&quot;:6,&quot;335559685&quot;:720,&quot;335559737&quot;:0,&quot;335559738&quot;:0,&quot;335559739&quot;:160,&quot;335559740&quot;:360,&quot;335559991&quot;:360}\">\u00a0<\/span><\/li><\/ul><p><span class=\"TextRun SCXW196488671 BCX0\" lang=\"PT-BR\" style=\"-webkit-user-drag: none; -webkit-tap-highlight-color: transparent; user-select: text; font-size: 12pt; line-height: 28.5px; font-family: Arial, Arial_EmbeddedFont, Arial_MSFontService, sans-serif; font-variant-ligatures: none !important;\" xml:lang=\"PT-BR\" data-contrast=\"auto\"><span class=\"NormalTextRun SCXW196488671 BCX0\" style=\"-webkit-user-drag: none; -webkit-tap-highlight-color: transparent; user-select: text;\">A partir dessas iniciativas, o MPC-PR <\/span><span class=\"NormalTextRun SCXW196488671 BCX0\" style=\"-webkit-user-drag: none; -webkit-tap-highlight-color: transparent; user-select: text;\">refor\u00e7a seu compromisso com a defesa dos interesses da sociedade, <\/span><span class=\"NormalTextRun SCXW196488671 BCX0\" style=\"-webkit-user-drag: none; -webkit-tap-highlight-color: transparent; user-select: text;\">contribuindo<\/span><span class=\"NormalTextRun SCXW196488671 BCX0\" style=\"-webkit-user-drag: none; -webkit-tap-highlight-color: transparent; user-select: text;\"> para a moderniza\u00e7\u00e3o da administra\u00e7\u00e3o p\u00fablica<\/span><span class=\"NormalTextRun SCXW196488671 BCX0\" style=\"-webkit-user-drag: none; -webkit-tap-highlight-color: transparent; user-select: text;\">, gerando inova\u00e7\u00f5es, promovendo fiscaliza\u00e7\u00f5es mais eficientes e a<\/span><span class=\"NormalTextRun SCXW196488671 BCX0\" style=\"-webkit-user-drag: none; -webkit-tap-highlight-color: transparent; user-select: text;\">mplia<\/span><span class=\"NormalTextRun SCXW196488671 BCX0\" style=\"-webkit-user-drag: none; -webkit-tap-highlight-color: transparent; user-select: text;\">ndo <\/span><span class=\"NormalTextRun SCXW196488671 BCX0\" style=\"-webkit-user-drag: none; -webkit-tap-highlight-color: transparent; user-select: text;\">a transpar\u00eancia <\/span><span class=\"NormalTextRun SCXW196488671 BCX0\" style=\"-webkit-user-drag: none; -webkit-tap-highlight-color: transparent; user-select: text;\">sobre os<\/span><span class=\"NormalTextRun SCXW196488671 BCX0\" style=\"-webkit-user-drag: none; -webkit-tap-highlight-color: transparent; user-select: text;\"> processo<\/span><span class=\"NormalTextRun SCXW196488671 BCX0\" style=\"-webkit-user-drag: none; -webkit-tap-highlight-color: transparent; user-select: text;\">s institucionais.\u00a0<\/span><\/span><span class=\"EOP SCXW196488671 BCX0\" style=\"-webkit-user-drag: none; -webkit-tap-highlight-color: transparent; user-select: text; font-size: 12pt; line-height: 28.5px; font-family: Arial, Arial_EmbeddedFont, Arial_MSFontService, sans-serif;\" data-ccp-props=\"{&quot;201341983&quot;:0,&quot;335551550&quot;:6,&quot;335551620&quot;:6,&quot;335559740&quot;:360}\">\u00a0<\/span><\/p><\/div><div class=\"OutlineElement Ltr SCXW196488671 BCX0\" style=\"-webkit-user-drag: none; -webkit-tap-highlight-color: transparent; user-select: text; clear: both; cursor: text; overflow: visible; position: relative; direction: ltr; font-family: 'Segoe UI', 'Segoe UI Web', Arial, Verdana, sans-serif; font-size: 12px; font-style: normal; font-variant-ligatures: normal; font-variant-caps: normal; font-weight: 400; letter-spacing: normal; background-color: #ffffff;\"><p class=\"Paragraph SCXW196488671 BCX0\" style=\"-webkit-user-drag: none; -webkit-tap-highlight-color: transparent; margin-bottom: 10.6667px; user-select: text; overflow-wrap: break-word; white-space-collapse: preserve; font-weight: normal; font-style: normal; font-kerning: none; background-color: transparent; color: windowtext; text-align: justify;\"><span class=\"TextRun SCXW196488671 BCX0\" lang=\"PT-BR\" style=\"-webkit-user-drag: none; -webkit-tap-highlight-color: transparent; user-select: text; font-variant: normal; font-size: 12pt; font-style: normal; line-height: 28.5px; font-family: Arial, Arial_EmbeddedFont, Arial_MSFontService, sans-serif; font-weight: normal;\" xml:lang=\"PT-BR\" data-contrast=\"auto\"><span class=\"NormalTextRun SCXW196488671 BCX0\" style=\"-webkit-user-drag: none; -webkit-tap-highlight-color: transparent; user-select: text;\">Para saber<\/span><span class=\"NormalTextRun SCXW196488671 BCX0\" style=\"-webkit-user-drag: none; -webkit-tap-highlight-color: transparent; user-select: text;\"> mais sobre as a\u00e7\u00f5es programadas para 2025<\/span><span class=\"NormalTextRun SCXW196488671 BCX0\" style=\"-webkit-user-drag: none; -webkit-tap-highlight-color: transparent; user-select: text;\">, acesse <\/span><span class=\"NormalTextRun SCXW196488671 BCX0\" style=\"-webkit-user-drag: none; -webkit-tap-highlight-color: transparent; user-select: text;\">o Plano de A\u00e7\u00e3o completo clicando <strong><a href=\"https:\/\/www.mpc.pr.gov.br\/wp-content\/uploads\/2025\/02\/Plano-de-Acoes-2025-MPC-CNPGC.pdf\">aqui<\/a><\/strong>. <\/span><\/span><\/p><\/div>\t\t\t\t\t\t\t\t<\/div>\n\t\t\t\t<\/div>\n\t\t\t\t\t<\/div>\n\t\t<\/div>\n\t\t\t\t\t<\/div>\n\t\t<\/section>\n\t\t\t\t<\/div>\n\t\t","protected":false},"excerpt":{"rendered":"<p>Acesso \u00e0 Informa\u00e7\u00e3o Di\u00e1rio Eletr\u00f4nico Sess\u00f5es do TCE-PR Servidores Atas de Reuni\u00e3o do Col\u00e9gio de Procuradores Atas de Reuni\u00e3o do Conselho Superior Planejamento Estrat\u00e9gico Plano de A\u00e7\u00e3o 2025 Plano Bianual Relat\u00f3rios de Atividades Relat\u00f3rio de Gest\u00e3o (Bi\u00eanios 2020-2022 e 2022-2024)\u200b Relat\u00f3rios dos Projetos de Atua\u00e7\u00e3o Especial Parceiros Institucionais Conv\u00eanios e Atos de Coopera\u00e7\u00e3o Plano de [&hellip;]<\/p>\n","protected":false},"author":1,"featured_media":0,"parent":0,"menu_order":0,"comment_status":"closed","ping_status":"closed","template":"elementor_header_footer","meta":{"_monsterinsights_skip_tracking":false,"_monsterinsights_sitenote_active":false,"_monsterinsights_sitenote_note":"","_monsterinsights_sitenote_category":0,"footnotes":""},"class_list":["post-22657","page","type-page","status-publish","hentry","entry"],"yoast_head":"<!-- This site is optimized with the Yoast SEO plugin v27.3 - https:\/\/yoast.com\/product\/yoast-seo-wordpress\/ -->\n<title>Plano de A\u00e7\u00e3o 2025 - Minist\u00e9rio P\u00fablico de Contas do Estado do Paran\u00e1<\/title>\n<meta name=\"robots\" content=\"index, follow, max-snippet:-1, max-image-preview:large, max-video-preview:-1\" \/>\n<link rel=\"canonical\" href=\"https:\/\/www.mpc.pr.gov.br\/index.php\/plano-de-acao-2025\/\" \/>\n<meta property=\"og:locale\" content=\"pt_BR\" \/>\n<meta property=\"og:type\" content=\"article\" \/>\n<meta property=\"og:title\" content=\"Plano de A\u00e7\u00e3o 2025 - Minist\u00e9rio P\u00fablico de Contas do Estado do Paran\u00e1\" \/>\n<meta property=\"og:description\" content=\"Acesso \u00e0 Informa\u00e7\u00e3o Di\u00e1rio Eletr\u00f4nico Sess\u00f5es do TCE-PR Servidores Atas de Reuni\u00e3o do Col\u00e9gio de Procuradores Atas de Reuni\u00e3o do Conselho Superior Planejamento Estrat\u00e9gico Plano de A\u00e7\u00e3o 2025 Plano Bianual Relat\u00f3rios de Atividades Relat\u00f3rio de Gest\u00e3o (Bi\u00eanios 2020-2022 e 2022-2024)\u200b Relat\u00f3rios dos Projetos de Atua\u00e7\u00e3o Especial Parceiros Institucionais Conv\u00eanios e Atos de Coopera\u00e7\u00e3o Plano de [&hellip;]\" \/>\n<meta property=\"og:url\" content=\"https:\/\/www.mpc.pr.gov.br\/index.php\/plano-de-acao-2025\/\" \/>\n<meta property=\"og:site_name\" content=\"Minist\u00e9rio P\u00fablico de Contas do Estado do Paran\u00e1\" \/>\n<meta property=\"article:publisher\" content=\"https:\/\/www.facebook.com\/mpc.pr\" \/>\n<meta property=\"article:modified_time\" content=\"2025-11-27T13:16:41+00:00\" \/>\n<meta property=\"og:image\" content=\"https:\/\/www.mpc.pr.gov.br\/wp-content\/uploads\/2025\/02\/Capa-Plano-de-Acao-2025.png\" \/>\n\t<meta property=\"og:image:width\" content=\"1920\" \/>\n\t<meta property=\"og:image:height\" content=\"1080\" \/>\n\t<meta property=\"og:image:type\" content=\"image\/png\" \/>\n<meta name=\"twitter:card\" content=\"summary_large_image\" \/>\n<meta name=\"twitter:label1\" content=\"Est. tempo de leitura\" \/>\n\t<meta name=\"twitter:data1\" content=\"4 minutos\" \/>\n<script type=\"application\/ld+json\" class=\"yoast-schema-graph\">{\"@context\":\"https:\\\/\\\/schema.org\",\"@graph\":[{\"@type\":\"WebPage\",\"@id\":\"https:\\\/\\\/www.mpc.pr.gov.br\\\/index.php\\\/plano-de-acao-2025\\\/\",\"url\":\"https:\\\/\\\/www.mpc.pr.gov.br\\\/index.php\\\/plano-de-acao-2025\\\/\",\"name\":\"Plano de A\u00e7\u00e3o 2025 - Minist\u00e9rio P\u00fablico de Contas do Estado do Paran\u00e1\",\"isPartOf\":{\"@id\":\"https:\\\/\\\/www.mpc.pr.gov.br\\\/#website\"},\"primaryImageOfPage\":{\"@id\":\"https:\\\/\\\/www.mpc.pr.gov.br\\\/index.php\\\/plano-de-acao-2025\\\/#primaryimage\"},\"image\":{\"@id\":\"https:\\\/\\\/www.mpc.pr.gov.br\\\/index.php\\\/plano-de-acao-2025\\\/#primaryimage\"},\"thumbnailUrl\":\"https:\\\/\\\/www.mpc.pr.gov.br\\\/wp-content\\\/uploads\\\/2025\\\/02\\\/Capa-Plano-de-Acao-2025-300x169.png\",\"datePublished\":\"2025-02-28T12:48:02+00:00\",\"dateModified\":\"2025-11-27T13:16:41+00:00\",\"breadcrumb\":{\"@id\":\"https:\\\/\\\/www.mpc.pr.gov.br\\\/index.php\\\/plano-de-acao-2025\\\/#breadcrumb\"},\"inLanguage\":\"pt-BR\",\"potentialAction\":[{\"@type\":\"ReadAction\",\"target\":[\"https:\\\/\\\/www.mpc.pr.gov.br\\\/index.php\\\/plano-de-acao-2025\\\/\"]}]},{\"@type\":\"ImageObject\",\"inLanguage\":\"pt-BR\",\"@id\":\"https:\\\/\\\/www.mpc.pr.gov.br\\\/index.php\\\/plano-de-acao-2025\\\/#primaryimage\",\"url\":\"https:\\\/\\\/www.mpc.pr.gov.br\\\/wp-content\\\/uploads\\\/2025\\\/02\\\/Capa-Plano-de-Acao-2025.png\",\"contentUrl\":\"https:\\\/\\\/www.mpc.pr.gov.br\\\/wp-content\\\/uploads\\\/2025\\\/02\\\/Capa-Plano-de-Acao-2025.png\",\"width\":1920,\"height\":1080},{\"@type\":\"BreadcrumbList\",\"@id\":\"https:\\\/\\\/www.mpc.pr.gov.br\\\/index.php\\\/plano-de-acao-2025\\\/#breadcrumb\",\"itemListElement\":[{\"@type\":\"ListItem\",\"position\":1,\"name\":\"In\u00edcio\",\"item\":\"https:\\\/\\\/www.mpc.pr.gov.br\\\/\"},{\"@type\":\"ListItem\",\"position\":2,\"name\":\"Plano de A\u00e7\u00e3o 2025\"}]},{\"@type\":\"WebSite\",\"@id\":\"https:\\\/\\\/www.mpc.pr.gov.br\\\/#website\",\"url\":\"https:\\\/\\\/www.mpc.pr.gov.br\\\/\",\"name\":\"Minist\u00e9rio P\u00fablico de Contas do Estado do Paran\u00e1\",\"description\":\"\",\"publisher\":{\"@id\":\"https:\\\/\\\/www.mpc.pr.gov.br\\\/#organization\"},\"potentialAction\":[{\"@type\":\"SearchAction\",\"target\":{\"@type\":\"EntryPoint\",\"urlTemplate\":\"https:\\\/\\\/www.mpc.pr.gov.br\\\/?s={search_term_string}\"},\"query-input\":{\"@type\":\"PropertyValueSpecification\",\"valueRequired\":true,\"valueName\":\"search_term_string\"}}],\"inLanguage\":\"pt-BR\"},{\"@type\":\"Organization\",\"@id\":\"https:\\\/\\\/www.mpc.pr.gov.br\\\/#organization\",\"name\":\"Minist\u00e9rio P\u00fablico de Contas do Estado do Paran\u00e1\",\"url\":\"https:\\\/\\\/www.mpc.pr.gov.br\\\/\",\"logo\":{\"@type\":\"ImageObject\",\"inLanguage\":\"pt-BR\",\"@id\":\"https:\\\/\\\/www.mpc.pr.gov.br\\\/#\\\/schema\\\/logo\\\/image\\\/\",\"url\":\"https:\\\/\\\/www.mpc.pr.gov.br\\\/wp-content\\\/uploads\\\/2020\\\/06\\\/99423647_1593460364143890_6706793420720963584_n-1-e1591387983167.png\",\"contentUrl\":\"https:\\\/\\\/www.mpc.pr.gov.br\\\/wp-content\\\/uploads\\\/2020\\\/06\\\/99423647_1593460364143890_6706793420720963584_n-1-e1591387983167.png\",\"width\":243,\"height\":73,\"caption\":\"Minist\u00e9rio P\u00fablico de Contas do Estado do Paran\u00e1\"},\"image\":{\"@id\":\"https:\\\/\\\/www.mpc.pr.gov.br\\\/#\\\/schema\\\/logo\\\/image\\\/\"},\"sameAs\":[\"https:\\\/\\\/www.facebook.com\\\/mpc.pr\",\"https:\\\/\\\/www.instagram.com\\\/mpc.pr\\\/?hl=pt-br\",\"https:\\\/\\\/www.youtube.com\\\/channel\\\/UCHri5oEM8DV0ztX57E0sBSw\"]}]}<\/script>\n<!-- \/ Yoast SEO plugin. -->","yoast_head_json":{"title":"Plano de A\u00e7\u00e3o 2025 - Minist\u00e9rio P\u00fablico de Contas do Estado do Paran\u00e1","robots":{"index":"index","follow":"follow","max-snippet":"max-snippet:-1","max-image-preview":"max-image-preview:large","max-video-preview":"max-video-preview:-1"},"canonical":"https:\/\/www.mpc.pr.gov.br\/index.php\/plano-de-acao-2025\/","og_locale":"pt_BR","og_type":"article","og_title":"Plano de A\u00e7\u00e3o 2025 - Minist\u00e9rio P\u00fablico de Contas do Estado do Paran\u00e1","og_description":"Acesso \u00e0 Informa\u00e7\u00e3o Di\u00e1rio Eletr\u00f4nico Sess\u00f5es do TCE-PR Servidores Atas de Reuni\u00e3o do Col\u00e9gio de Procuradores Atas de Reuni\u00e3o do Conselho Superior Planejamento Estrat\u00e9gico Plano de A\u00e7\u00e3o 2025 Plano Bianual Relat\u00f3rios de Atividades Relat\u00f3rio de Gest\u00e3o (Bi\u00eanios 2020-2022 e 2022-2024)\u200b Relat\u00f3rios dos Projetos de Atua\u00e7\u00e3o Especial Parceiros Institucionais Conv\u00eanios e Atos de Coopera\u00e7\u00e3o Plano de [&hellip;]","og_url":"https:\/\/www.mpc.pr.gov.br\/index.php\/plano-de-acao-2025\/","og_site_name":"Minist\u00e9rio P\u00fablico de Contas do Estado do Paran\u00e1","article_publisher":"https:\/\/www.facebook.com\/mpc.pr","article_modified_time":"2025-11-27T13:16:41+00:00","og_image":[{"width":1920,"height":1080,"url":"https:\/\/www.mpc.pr.gov.br\/wp-content\/uploads\/2025\/02\/Capa-Plano-de-Acao-2025.png","type":"image\/png"}],"twitter_card":"summary_large_image","twitter_misc":{"Est. tempo de leitura":"4 minutos"},"schema":{"@context":"https:\/\/schema.org","@graph":[{"@type":"WebPage","@id":"https:\/\/www.mpc.pr.gov.br\/index.php\/plano-de-acao-2025\/","url":"https:\/\/www.mpc.pr.gov.br\/index.php\/plano-de-acao-2025\/","name":"Plano de A\u00e7\u00e3o 2025 - Minist\u00e9rio P\u00fablico de Contas do Estado do Paran\u00e1","isPartOf":{"@id":"https:\/\/www.mpc.pr.gov.br\/#website"},"primaryImageOfPage":{"@id":"https:\/\/www.mpc.pr.gov.br\/index.php\/plano-de-acao-2025\/#primaryimage"},"image":{"@id":"https:\/\/www.mpc.pr.gov.br\/index.php\/plano-de-acao-2025\/#primaryimage"},"thumbnailUrl":"https:\/\/www.mpc.pr.gov.br\/wp-content\/uploads\/2025\/02\/Capa-Plano-de-Acao-2025-300x169.png","datePublished":"2025-02-28T12:48:02+00:00","dateModified":"2025-11-27T13:16:41+00:00","breadcrumb":{"@id":"https:\/\/www.mpc.pr.gov.br\/index.php\/plano-de-acao-2025\/#breadcrumb"},"inLanguage":"pt-BR","potentialAction":[{"@type":"ReadAction","target":["https:\/\/www.mpc.pr.gov.br\/index.php\/plano-de-acao-2025\/"]}]},{"@type":"ImageObject","inLanguage":"pt-BR","@id":"https:\/\/www.mpc.pr.gov.br\/index.php\/plano-de-acao-2025\/#primaryimage","url":"https:\/\/www.mpc.pr.gov.br\/wp-content\/uploads\/2025\/02\/Capa-Plano-de-Acao-2025.png","contentUrl":"https:\/\/www.mpc.pr.gov.br\/wp-content\/uploads\/2025\/02\/Capa-Plano-de-Acao-2025.png","width":1920,"height":1080},{"@type":"BreadcrumbList","@id":"https:\/\/www.mpc.pr.gov.br\/index.php\/plano-de-acao-2025\/#breadcrumb","itemListElement":[{"@type":"ListItem","position":1,"name":"In\u00edcio","item":"https:\/\/www.mpc.pr.gov.br\/"},{"@type":"ListItem","position":2,"name":"Plano de A\u00e7\u00e3o 2025"}]},{"@type":"WebSite","@id":"https:\/\/www.mpc.pr.gov.br\/#website","url":"https:\/\/www.mpc.pr.gov.br\/","name":"Minist\u00e9rio P\u00fablico de Contas do Estado do Paran\u00e1","description":"","publisher":{"@id":"https:\/\/www.mpc.pr.gov.br\/#organization"},"potentialAction":[{"@type":"SearchAction","target":{"@type":"EntryPoint","urlTemplate":"https:\/\/www.mpc.pr.gov.br\/?s={search_term_string}"},"query-input":{"@type":"PropertyValueSpecification","valueRequired":true,"valueName":"search_term_string"}}],"inLanguage":"pt-BR"},{"@type":"Organization","@id":"https:\/\/www.mpc.pr.gov.br\/#organization","name":"Minist\u00e9rio P\u00fablico de Contas do Estado do Paran\u00e1","url":"https:\/\/www.mpc.pr.gov.br\/","logo":{"@type":"ImageObject","inLanguage":"pt-BR","@id":"https:\/\/www.mpc.pr.gov.br\/#\/schema\/logo\/image\/","url":"https:\/\/www.mpc.pr.gov.br\/wp-content\/uploads\/2020\/06\/99423647_1593460364143890_6706793420720963584_n-1-e1591387983167.png","contentUrl":"https:\/\/www.mpc.pr.gov.br\/wp-content\/uploads\/2020\/06\/99423647_1593460364143890_6706793420720963584_n-1-e1591387983167.png","width":243,"height":73,"caption":"Minist\u00e9rio P\u00fablico de Contas do Estado do Paran\u00e1"},"image":{"@id":"https:\/\/www.mpc.pr.gov.br\/#\/schema\/logo\/image\/"},"sameAs":["https:\/\/www.facebook.com\/mpc.pr","https:\/\/www.instagram.com\/mpc.pr\/?hl=pt-br","https:\/\/www.youtube.com\/channel\/UCHri5oEM8DV0ztX57E0sBSw"]}]}},"rttpg_featured_image_url":null,"rttpg_author":{"display_name":"mpcontaspr","author_link":"https:\/\/www.mpc.pr.gov.br\/index.php\/author\/mpcontaspr\/"},"rttpg_comment":0,"rttpg_category":null,"rttpg_excerpt":"Acesso \u00e0 Informa\u00e7\u00e3o Di\u00e1rio Eletr\u00f4nico Sess\u00f5es do TCE-PR Servidores Atas de Reuni\u00e3o do Col\u00e9gio de Procuradores Atas de Reuni\u00e3o do Conselho Superior Planejamento Estrat\u00e9gico Plano de A\u00e7\u00e3o 2025 Plano Bianual Relat\u00f3rios de Atividades Relat\u00f3rio de Gest\u00e3o (Bi\u00eanios 2020-2022 e 2022-2024)\u200b Relat\u00f3rios dos Projetos de Atua\u00e7\u00e3o Especial Parceiros Institucionais Conv\u00eanios e Atos de Coopera\u00e7\u00e3o Plano de&hellip;","_links":{"self":[{"href":"https:\/\/www.mpc.pr.gov.br\/index.php\/wp-json\/wp\/v2\/pages\/22657","targetHints":{"allow":["GET"]}}],"collection":[{"href":"https:\/\/www.mpc.pr.gov.br\/index.php\/wp-json\/wp\/v2\/pages"}],"about":[{"href":"https:\/\/www.mpc.pr.gov.br\/index.php\/wp-json\/wp\/v2\/types\/page"}],"author":[{"embeddable":true,"href":"https:\/\/www.mpc.pr.gov.br\/index.php\/wp-json\/wp\/v2\/users\/1"}],"replies":[{"embeddable":true,"href":"https:\/\/www.mpc.pr.gov.br\/index.php\/wp-json\/wp\/v2\/comments?post=22657"}],"version-history":[{"count":16,"href":"https:\/\/www.mpc.pr.gov.br\/index.php\/wp-json\/wp\/v2\/pages\/22657\/revisions"}],"predecessor-version":[{"id":24898,"href":"https:\/\/www.mpc.pr.gov.br\/index.php\/wp-json\/wp\/v2\/pages\/22657\/revisions\/24898"}],"wp:attachment":[{"href":"https:\/\/www.mpc.pr.gov.br\/index.php\/wp-json\/wp\/v2\/media?parent=22657"}],"curies":[{"name":"wp","href":"https:\/\/api.w.org\/{rel}","templated":true}]}}