{"id":379,"date":"2020-06-12T16:14:01","date_gmt":"2020-06-12T19:14:01","guid":{"rendered":"http:\/\/www.mpc.pr.gov.br\/?page_id=379"},"modified":"2024-10-25T09:45:49","modified_gmt":"2024-10-25T12:45:49","slug":"colegio-de-procuradores","status":"publish","type":"page","link":"https:\/\/www.mpc.pr.gov.br\/index.php\/colegio-de-procuradores\/","title":{"rendered":"Col\u00e9gio de Procuradores"},"content":{"rendered":"\t\t<div data-elementor-type=\"wp-page\" data-elementor-id=\"379\" class=\"elementor elementor-379\">\n\t\t\t\t\t\t<section class=\"elementor-section elementor-top-section elementor-element elementor-element-75be0929 elementor-section-height-min-height elementor-section-boxed elementor-section-height-default elementor-section-items-middle\" data-id=\"75be0929\" data-element_type=\"section\" data-e-type=\"section\" data-settings=\"{&quot;shape_divider_top&quot;:&quot;opacity-tilt&quot;}\">\n\t\t\t\t\t<div class=\"elementor-shape elementor-shape-top\" aria-hidden=\"true\" data-negative=\"false\">\n\t\t\t<svg xmlns=\"http:\/\/www.w3.org\/2000\/svg\" viewBox=\"0 0 2600 131.1\" preserveAspectRatio=\"none\">\n\t<path class=\"elementor-shape-fill\" d=\"M0 0L2600 0 2600 69.1 0 0z\"\/>\n\t<path class=\"elementor-shape-fill\" style=\"opacity:0.5\" d=\"M0 0L2600 0 2600 69.1 0 69.1z\"\/>\n\t<path class=\"elementor-shape-fill\" style=\"opacity:0.25\" d=\"M2600 0L0 0 0 130.1 2600 69.1z\"\/>\n<\/svg>\t\t<\/div>\n\t\t\t\t\t<div class=\"elementor-container elementor-column-gap-default\">\n\t\t\t\t\t\t<\/div>\n\t\t<\/section>\n\t\t\t\t<section class=\"elementor-section elementor-inner-section elementor-element elementor-element-61b3526 elementor-section-boxed elementor-section-height-default elementor-section-height-default\" data-id=\"61b3526\" data-element_type=\"section\" data-e-type=\"section\">\n\t\t\t\t\t\t<div class=\"elementor-container elementor-column-gap-wide\">\n\t\t\t\t\t<div class=\"elementor-column elementor-col-50 elementor-inner-column elementor-element elementor-element-c562f29\" data-id=\"c562f29\" data-element_type=\"column\" data-e-type=\"column\" data-settings=\"{&quot;background_background&quot;:&quot;classic&quot;}\">\n\t\t\t<div class=\"elementor-widget-wrap elementor-element-populated\">\n\t\t\t\t\t\t<div class=\"elementor-element elementor-element-f9f87c0 elementor-widget elementor-widget-heading\" data-id=\"f9f87c0\" data-element_type=\"widget\" data-e-type=\"widget\" data-widget_type=\"heading.default\">\n\t\t\t\t<div class=\"elementor-widget-container\">\n\t\t\t\t\t<h2 class=\"elementor-heading-title elementor-size-default\">Institucional<\/h2>\t\t\t\t<\/div>\n\t\t\t\t<\/div>\n\t\t\t\t<div class=\"elementor-element elementor-element-a463333 elementor-align-justify elementor-widget elementor-widget-button\" data-id=\"a463333\" data-element_type=\"widget\" data-e-type=\"widget\" data-widget_type=\"button.default\">\n\t\t\t\t<div class=\"elementor-widget-container\">\n\t\t\t\t\t\t\t\t\t<div class=\"elementor-button-wrapper\">\n\t\t\t\t\t<a class=\"elementor-button elementor-button-link elementor-size-sm\" href=\"http:\/\/www.mpc.pr.gov.br\/index.php\/historico\/\">\n\t\t\t\t\t\t<span class=\"elementor-button-content-wrapper\">\n\t\t\t\t\t\t\t\t\t<span class=\"elementor-button-text\">Hist\u00f3rico<\/span>\n\t\t\t\t\t<\/span>\n\t\t\t\t\t<\/a>\n\t\t\t\t<\/div>\n\t\t\t\t\t\t\t\t<\/div>\n\t\t\t\t<\/div>\n\t\t\t\t<div class=\"elementor-element elementor-element-c819b90 elementor-widget elementor-widget-n-accordion\" data-id=\"c819b90\" data-element_type=\"widget\" data-e-type=\"widget\" data-settings=\"{&quot;default_state&quot;:&quot;all_collapsed&quot;,&quot;max_items_expended&quot;:&quot;one&quot;,&quot;n_accordion_animation_duration&quot;:{&quot;unit&quot;:&quot;ms&quot;,&quot;size&quot;:400,&quot;sizes&quot;:[]}}\" data-widget_type=\"nested-accordion.default\">\n\t\t\t\t<div class=\"elementor-widget-container\">\n\t\t\t\t\t\t\t<div class=\"e-n-accordion\" aria-label=\"Accordion. Open links with Enter or Space, close with Escape, and navigate with Arrow Keys\">\n\t\t\t\t\t\t<details id=\"e-n-accordion-item-2090\" class=\"e-n-accordion-item\" >\n\t\t\t\t<summary class=\"e-n-accordion-item-title\" data-accordion-index=\"1\" tabindex=\"0\" aria-expanded=\"false\" aria-controls=\"e-n-accordion-item-2090\" >\n\t\t\t\t\t<span class='e-n-accordion-item-title-header'><div class=\"e-n-accordion-item-title-text\"> Legisla\u00e7\u00e3o <\/div><\/span>\n\t\t\t\t\t\t\t<span class='e-n-accordion-item-title-icon'>\n\t\t\t<span class='e-opened' ><i aria-hidden=\"true\" class=\"fas fa-minus\"><\/i><\/span>\n\t\t\t<span class='e-closed'><i aria-hidden=\"true\" class=\"fas fa-chevron-down\"><\/i><\/span>\n\t\t<\/span>\n\n\t\t\t\t\t\t<\/summary>\n\t\t\t\t<div role=\"region\" aria-labelledby=\"e-n-accordion-item-2090\" class=\"elementor-element elementor-element-0ee964f e-con-full e-flex e-con e-child\" data-id=\"0ee964f\" data-element_type=\"container\" data-e-type=\"container\">\n\t\t\t\t<div class=\"elementor-element elementor-element-8f6f309 elementor-widget elementor-widget-text-editor\" data-id=\"8f6f309\" data-element_type=\"widget\" data-e-type=\"widget\" data-widget_type=\"text-editor.default\">\n\t\t\t\t<div class=\"elementor-widget-container\">\n\t\t\t\t\t\t\t\t\t<p><strong>As legisla\u00e7\u00f5es que regem o Minist\u00e9rio P\u00fablico de Contas s\u00e3o:<\/strong><\/p><p><em>\u2013<\/em> <a href=\"http:\/\/www.planalto.gov.br\/ccivil_03\/constituicao\/constituicao.htm\">Constitui\u00e7\u00e3o da Rep\u00fablica Federativa do Brasil de 1988<\/a><\/p><p><em>\u2013 <\/em><a href=\"http:\/\/www.planalto.gov.br\/ccivil_03\/leis\/l8625.htm\">Lei Org\u00e2nica Nacional do Minist\u00e9rio P\u00fablico <\/a><\/p><p><em>\u2013 <\/em><a href=\"https:\/\/www.legislacao.pr.gov.br\/legislacao\/listarAtosAno.do?action=iniciarProcesso&amp;tipoAto=10&amp;orgaoUnidade=1100&amp;retiraLista=true&amp;site=1\">Constitui\u00e7\u00e3o do Estado do Paran\u00e1<\/a><\/p><p><em>\u2013 <\/em><a href=\"http:\/\/www.mpc.pr.gov.br\/wp-content\/uploads\/2020\/06\/LEGISLA\u00c7\u00c3O-Organiza\u00e7\u00e3o-do-Minist\u00e9rio-P\u00fablico-de-Contas-do-Estado-do-Paran\u00e1.pdf\">Organiza\u00e7\u00e3o do Minist\u00e9rio P\u00fablico de Contas do Estado do Paran\u00e1<\/a><\/p><p><em>\u2013 <\/em><a href=\"https:\/\/www.legislacao.pr.gov.br\/legislacao\/pesquisarAto.do?action=exibir&amp;codAto=8042&amp;indice=1&amp;totalRegistros=1\">Lei Org\u00e2nica do Minist\u00e9rio P\u00fablico do Estado do Paran\u00e1<\/a><\/p><p><em>\u2013 <\/em><a href=\"https:\/\/www.legislacao.pr.gov.br\/legislacao\/pesquisarAto.do?action=exibir&amp;codAto=7482&amp;indice=1&amp;totalRegistros=3\">Lei Org\u00e2nica do Tribunal de Contas do Estado do Paran\u00e1<\/a><\/p>\t\t\t\t\t\t\t\t<\/div>\n\t\t\t\t<\/div>\n\t\t\t\t<\/div>\n\t\t\t\t\t<\/details>\n\t\t\t\t\t<\/div>\n\t\t\t\t\t\t<\/div>\n\t\t\t\t<\/div>\n\t\t\t\t<div class=\"elementor-element elementor-element-3f92293 elementor-widget elementor-widget-n-accordion\" data-id=\"3f92293\" data-element_type=\"widget\" data-e-type=\"widget\" data-settings=\"{&quot;default_state&quot;:&quot;all_collapsed&quot;,&quot;max_items_expended&quot;:&quot;one&quot;,&quot;n_accordion_animation_duration&quot;:{&quot;unit&quot;:&quot;ms&quot;,&quot;size&quot;:400,&quot;sizes&quot;:[]}}\" data-widget_type=\"nested-accordion.default\">\n\t\t\t\t<div class=\"elementor-widget-container\">\n\t\t\t\t\t\t\t<div class=\"e-n-accordion\" aria-label=\"Accordion. Open links with Enter or Space, close with Escape, and navigate with Arrow Keys\">\n\t\t\t\t\t\t<details id=\"e-n-accordion-item-6660\" class=\"e-n-accordion-item\" >\n\t\t\t\t<summary class=\"e-n-accordion-item-title\" data-accordion-index=\"1\" tabindex=\"0\" aria-expanded=\"false\" aria-controls=\"e-n-accordion-item-6660\" >\n\t\t\t\t\t<span class='e-n-accordion-item-title-header'><div class=\"e-n-accordion-item-title-text\"> Estrutura Organizacional <\/div><\/span>\n\t\t\t\t\t\t\t<span class='e-n-accordion-item-title-icon'>\n\t\t\t<span class='e-opened' ><i aria-hidden=\"true\" class=\"fas fa-minus\"><\/i><\/span>\n\t\t\t<span class='e-closed'><i aria-hidden=\"true\" class=\"fas fa-chevron-down\"><\/i><\/span>\n\t\t<\/span>\n\n\t\t\t\t\t\t<\/summary>\n\t\t\t\t<div role=\"region\" aria-labelledby=\"e-n-accordion-item-6660\" class=\"elementor-element elementor-element-829ef81 e-con-full e-flex e-con e-child\" data-id=\"829ef81\" data-element_type=\"container\" data-e-type=\"container\">\n\t\t\t\t<div class=\"elementor-element elementor-element-41e67df elementor-widget elementor-widget-text-editor\" data-id=\"41e67df\" data-element_type=\"widget\" data-e-type=\"widget\" data-widget_type=\"text-editor.default\">\n\t\t\t\t<div class=\"elementor-widget-container\">\n\t\t\t\t\t\t\t\t\t<p><em>\u2013 <\/em><a href=\"https:\/\/www.mpc.pr.gov.br\/wp-content\/uploads\/2024\/10\/Organograma-MPC-PR-2024.png\">Organograma<\/a><\/p><p><em>\u2013 <\/em><a href=\"http:\/\/www.mpc.pr.gov.br\/index.php\/colegio-de-procuradores\/\">Col\u00e9gio de Procuradores<\/a><\/p><p><em>\u2013 <\/em><a href=\"http:\/\/www.mpc.pr.gov.br\/index.php\/conselho-superior\/\">Conselho Superior<\/a><\/p><p><em>\u2013 <\/em><a href=\"http:\/\/www.mpc.pr.gov.br\/index.php\/procuradoria-geral\/\">Procuradoria-Geral<\/a><\/p><p><em>\u2013 <\/em><a href=\"http:\/\/www.mpc.pr.gov.br\/index.php\/procuradorias\/\">Procuradorias<\/a><\/p><p><em>\u2013 <\/em><a href=\"http:\/\/www.mpc.pr.gov.br\/index.php\/secretaria-do-ministerio-publico-de-contas\/\">Secretaria do Minist\u00e9rio P\u00fablico de Contas<\/a><\/p>\t\t\t\t\t\t\t\t<\/div>\n\t\t\t\t<\/div>\n\t\t\t\t<\/div>\n\t\t\t\t\t<\/details>\n\t\t\t\t\t<\/div>\n\t\t\t\t\t\t<\/div>\n\t\t\t\t<\/div>\n\t\t\t\t<div class=\"elementor-element elementor-element-fcd3ba2 elementor-align-justify elementor-widget elementor-widget-button\" data-id=\"fcd3ba2\" data-element_type=\"widget\" data-e-type=\"widget\" data-widget_type=\"button.default\">\n\t\t\t\t<div class=\"elementor-widget-container\">\n\t\t\t\t\t\t\t\t\t<div class=\"elementor-button-wrapper\">\n\t\t\t\t\t<a class=\"elementor-button elementor-button-link elementor-size-sm\" href=\"http:\/\/www.mpc.pr.gov.br\/index.php\/composicao\/\">\n\t\t\t\t\t\t<span class=\"elementor-button-content-wrapper\">\n\t\t\t\t\t\t\t\t\t<span class=\"elementor-button-text\">Composi\u00e7\u00e3o<\/span>\n\t\t\t\t\t<\/span>\n\t\t\t\t\t<\/a>\n\t\t\t\t<\/div>\n\t\t\t\t\t\t\t\t<\/div>\n\t\t\t\t<\/div>\n\t\t\t\t<div class=\"elementor-element elementor-element-ff64c55 elementor-align-justify elementor-widget elementor-widget-button\" data-id=\"ff64c55\" data-element_type=\"widget\" data-e-type=\"widget\" data-widget_type=\"button.default\">\n\t\t\t\t<div class=\"elementor-widget-container\">\n\t\t\t\t\t\t\t\t\t<div class=\"elementor-button-wrapper\">\n\t\t\t\t\t<a class=\"elementor-button elementor-button-link elementor-size-sm\" href=\"http:\/\/www.mpc.pr.gov.br\/index.php\/galeria-de-ex-procuradores\/\">\n\t\t\t\t\t\t<span class=\"elementor-button-content-wrapper\">\n\t\t\t\t\t\t\t\t\t<span class=\"elementor-button-text\">Galeria de Ex-Procuradores-Gerais<\/span>\n\t\t\t\t\t<\/span>\n\t\t\t\t\t<\/a>\n\t\t\t\t<\/div>\n\t\t\t\t\t\t\t\t<\/div>\n\t\t\t\t<\/div>\n\t\t\t\t<div class=\"elementor-element elementor-element-c2a0d38 elementor-widget elementor-widget-heading\" data-id=\"c2a0d38\" data-element_type=\"widget\" data-e-type=\"widget\" data-widget_type=\"heading.default\">\n\t\t\t\t<div class=\"elementor-widget-container\">\n\t\t\t\t\t<h2 class=\"elementor-heading-title elementor-size-default\">Atos Normativos<\/h2>\t\t\t\t<\/div>\n\t\t\t\t<\/div>\n\t\t\t\t<div class=\"elementor-element elementor-element-ab616d2 elementor-align-justify elementor-widget elementor-widget-button\" data-id=\"ab616d2\" data-element_type=\"widget\" data-e-type=\"widget\" data-widget_type=\"button.default\">\n\t\t\t\t<div class=\"elementor-widget-container\">\n\t\t\t\t\t\t\t\t\t<div class=\"elementor-button-wrapper\">\n\t\t\t\t\t<a class=\"elementor-button elementor-button-link elementor-size-sm\" href=\"https:\/\/www.mpc.pr.gov.br\/index.php\/regimento-interno\/\">\n\t\t\t\t\t\t<span class=\"elementor-button-content-wrapper\">\n\t\t\t\t\t\t\t\t\t<span class=\"elementor-button-text\">Regimento Interno<\/span>\n\t\t\t\t\t<\/span>\n\t\t\t\t\t<\/a>\n\t\t\t\t<\/div>\n\t\t\t\t\t\t\t\t<\/div>\n\t\t\t\t<\/div>\n\t\t\t\t<div class=\"elementor-element elementor-element-3fc536a elementor-align-justify elementor-widget elementor-widget-button\" data-id=\"3fc536a\" data-element_type=\"widget\" data-e-type=\"widget\" data-widget_type=\"button.default\">\n\t\t\t\t<div class=\"elementor-widget-container\">\n\t\t\t\t\t\t\t\t\t<div class=\"elementor-button-wrapper\">\n\t\t\t\t\t<a class=\"elementor-button elementor-button-link elementor-size-sm\" href=\"http:\/\/www.mpc.pr.gov.br\/index.php\/resolucoes\/\">\n\t\t\t\t\t\t<span class=\"elementor-button-content-wrapper\">\n\t\t\t\t\t\t\t\t\t<span class=\"elementor-button-text\">Resolu\u00e7\u00f5es<\/span>\n\t\t\t\t\t<\/span>\n\t\t\t\t\t<\/a>\n\t\t\t\t<\/div>\n\t\t\t\t\t\t\t\t<\/div>\n\t\t\t\t<\/div>\n\t\t\t\t<div class=\"elementor-element elementor-element-720099c elementor-align-justify elementor-widget elementor-widget-button\" data-id=\"720099c\" data-element_type=\"widget\" data-e-type=\"widget\" data-widget_type=\"button.default\">\n\t\t\t\t<div class=\"elementor-widget-container\">\n\t\t\t\t\t\t\t\t\t<div class=\"elementor-button-wrapper\">\n\t\t\t\t\t<a class=\"elementor-button elementor-button-link elementor-size-sm\" href=\"http:\/\/www.mpc.pr.gov.br\/index.php\/instrucoes-de-servico\/\">\n\t\t\t\t\t\t<span class=\"elementor-button-content-wrapper\">\n\t\t\t\t\t\t\t\t\t<span class=\"elementor-button-text\">Instru\u00e7\u00f5es de Servi\u00e7o<\/span>\n\t\t\t\t\t<\/span>\n\t\t\t\t\t<\/a>\n\t\t\t\t<\/div>\n\t\t\t\t\t\t\t\t<\/div>\n\t\t\t\t<\/div>\n\t\t\t\t<div class=\"elementor-element elementor-element-924209b elementor-align-justify elementor-widget elementor-widget-button\" data-id=\"924209b\" data-element_type=\"widget\" data-e-type=\"widget\" data-widget_type=\"button.default\">\n\t\t\t\t<div class=\"elementor-widget-container\">\n\t\t\t\t\t\t\t\t\t<div class=\"elementor-button-wrapper\">\n\t\t\t\t\t<a class=\"elementor-button elementor-button-link elementor-size-sm\" href=\"http:\/\/www.mpc.pr.gov.br\/index.php\/portarias\/\">\n\t\t\t\t\t\t<span class=\"elementor-button-content-wrapper\">\n\t\t\t\t\t\t\t\t\t<span class=\"elementor-button-text\">Portarias<\/span>\n\t\t\t\t\t<\/span>\n\t\t\t\t\t<\/a>\n\t\t\t\t<\/div>\n\t\t\t\t\t\t\t\t<\/div>\n\t\t\t\t<\/div>\n\t\t\t\t<div class=\"elementor-element elementor-element-ac48349 elementor-align-justify elementor-widget elementor-widget-button\" data-id=\"ac48349\" data-element_type=\"widget\" data-e-type=\"widget\" data-widget_type=\"button.default\">\n\t\t\t\t<div class=\"elementor-widget-container\">\n\t\t\t\t\t\t\t\t\t<div class=\"elementor-button-wrapper\">\n\t\t\t\t\t<a class=\"elementor-button elementor-button-link elementor-size-sm\" href=\"http:\/\/www.mpc.pr.gov.br\/index.php\/atos-de-designacao\/\">\n\t\t\t\t\t\t<span class=\"elementor-button-content-wrapper\">\n\t\t\t\t\t\t\t\t\t<span class=\"elementor-button-text\">Atos de Designa\u00e7\u00e3o<\/span>\n\t\t\t\t\t<\/span>\n\t\t\t\t\t<\/a>\n\t\t\t\t<\/div>\n\t\t\t\t\t\t\t\t<\/div>\n\t\t\t\t<\/div>\n\t\t\t\t<div class=\"elementor-element elementor-element-37eff21 elementor-align-justify elementor-widget elementor-widget-button\" data-id=\"37eff21\" data-element_type=\"widget\" data-e-type=\"widget\" data-widget_type=\"button.default\">\n\t\t\t\t<div class=\"elementor-widget-container\">\n\t\t\t\t\t\t\t\t\t<div class=\"elementor-button-wrapper\">\n\t\t\t\t\t<a class=\"elementor-button elementor-button-link elementor-size-sm\" href=\"http:\/\/www.mpc.pr.gov.br\/index.php\/atos-de-cooperacao\/\">\n\t\t\t\t\t\t<span class=\"elementor-button-content-wrapper\">\n\t\t\t\t\t\t\t\t\t<span class=\"elementor-button-text\">Atos de Coopera\u00e7\u00e3o<\/span>\n\t\t\t\t\t<\/span>\n\t\t\t\t\t<\/a>\n\t\t\t\t<\/div>\n\t\t\t\t\t\t\t\t<\/div>\n\t\t\t\t<\/div>\n\t\t\t\t\t<\/div>\n\t\t<\/div>\n\t\t\t\t<div class=\"elementor-column elementor-col-50 elementor-inner-column elementor-element elementor-element-5f19b13\" data-id=\"5f19b13\" data-element_type=\"column\" data-e-type=\"column\">\n\t\t\t<div class=\"elementor-widget-wrap elementor-element-populated\">\n\t\t\t\t\t\t<div class=\"elementor-element elementor-element-dea8b60 elementor-widget elementor-widget-heading\" data-id=\"dea8b60\" data-element_type=\"widget\" data-e-type=\"widget\" data-widget_type=\"heading.default\">\n\t\t\t\t<div class=\"elementor-widget-container\">\n\t\t\t\t\t<h2 class=\"elementor-heading-title elementor-size-default\">Col\u00e9gio de Procuradores<\/h2>\t\t\t\t<\/div>\n\t\t\t\t<\/div>\n\t\t\t\t<div class=\"elementor-element elementor-element-4ee64a9 elementor-widget elementor-widget-text-editor\" data-id=\"4ee64a9\" data-element_type=\"widget\" data-e-type=\"widget\" data-widget_type=\"text-editor.default\">\n\t\t\t\t<div class=\"elementor-widget-container\">\n\t\t\t\t\t\t\t\t\t<p>O Col\u00e9gio de Procuradores, \u00f3rg\u00e3o administrativo e deliberativo m\u00e1ximo do Minist\u00e9rio P\u00fablico de Contas. Comp\u00f5e\u2013se pelo Procurador\u2013Geral, seu presidente, e por todos os Procuradores em exerc\u00edcio.<\/p>\t\t\t\t\t\t\t\t<\/div>\n\t\t\t\t<\/div>\n\t\t\t\t<div class=\"elementor-element elementor-element-cc2d86f elementor-widget elementor-widget-text-editor\" data-id=\"cc2d86f\" data-element_type=\"widget\" data-e-type=\"widget\" data-widget_type=\"text-editor.default\">\n\t\t\t\t<div class=\"elementor-widget-container\">\n\t\t\t\t\t\t\t\t\t<p style=\"font-variant-ligatures: normal; font-variant-caps: normal; font-family: Roboto, sans-serif; font-size: 15px; font-style: normal; font-weight: 400; color: #000000; letter-spacing: 1px;\"><strong>GABRIEL GUY L\u00c9GER (Presidente)<\/strong><\/p><p style=\"font-variant-ligatures: normal; font-variant-caps: normal; font-family: Roboto, sans-serif; font-size: 15px; font-style: normal; font-weight: 400; color: #000000; letter-spacing: 1px;\"><strong>VAL\u00c9RIA BORBA\u00a0<\/strong><\/p><p style=\"font-variant-ligatures: normal; font-variant-caps: normal; font-family: Roboto, sans-serif; font-size: 15px; font-style: normal; font-weight: 400; color: #000000; letter-spacing: 1px;\"><strong>KATIA REGINA PUCHASKI<\/strong><\/p><p style=\"font-variant-ligatures: normal; font-variant-caps: normal; font-family: Roboto, sans-serif; font-size: 15px; font-style: normal; font-weight: 400; color: #000000; letter-spacing: 1px;\"><strong>ELIZA ANA ZENEDIN KONDO LANGNER<\/strong><\/p><p style=\"font-variant-ligatures: normal; font-variant-caps: normal; font-family: Roboto, sans-serif; font-size: 15px; font-style: normal; font-weight: 400; color: #000000; letter-spacing: 1px;\"><strong>MICHAEL RICHARD REINER<\/strong><\/p><p style=\"font-variant-ligatures: normal; font-variant-caps: normal; font-family: Roboto, sans-serif; font-size: 15px; font-style: normal; font-weight: 400; color: #000000; letter-spacing: 1px;\"><strong>FL\u00c1VIO DE AZAMBUJA BERTI<\/strong><\/p><p style=\"font-variant-ligatures: normal; font-variant-caps: normal; font-family: Roboto, sans-serif; font-size: 15px; font-style: normal; font-weight: 400; color: #000000; letter-spacing: 1px;\"><strong>JULIANA STERNADT REINER<\/strong><\/p>\t\t\t\t\t\t\t\t<\/div>\n\t\t\t\t<\/div>\n\t\t\t\t<div class=\"elementor-element elementor-element-baac991 elementor-widget elementor-widget-heading\" data-id=\"baac991\" data-element_type=\"widget\" data-e-type=\"widget\" data-widget_type=\"heading.default\">\n\t\t\t\t<div class=\"elementor-widget-container\">\n\t\t\t\t\t<h2 class=\"elementor-heading-title elementor-size-default\">S\u00e3o atribui\u00e7\u00f5es do Col\u00e9gio de Procuradores:<\/h2>\t\t\t\t<\/div>\n\t\t\t\t<\/div>\n\t\t\t\t<div class=\"elementor-element elementor-element-461e164 elementor-widget elementor-widget-text-editor\" data-id=\"461e164\" data-element_type=\"widget\" data-e-type=\"widget\" data-widget_type=\"text-editor.default\">\n\t\t\t\t<div class=\"elementor-widget-container\">\n\t\t\t\t\t\t\t\t\t<p>I \u2013 opinar, por solicita\u00e7\u00e3o do Procurador\u2013Geral ou de 3 (tr\u00eas) de seus integrantes, sobre mat\u00e9ria relativa \u00e0 autonomia do Minist\u00e9rio P\u00fablico de Contas e outras de interesse institucional;<\/p><p>II \u2013 dar posse aos membros do Conselho Superior;<\/p><p>III \u2013 propor ao Procurador\u2013Geral, por 4 (quatro) de seus membros, a estrutura\u00e7\u00e3o dos servi\u00e7os auxiliares, modifica\u00e7\u00f5es do Regimento Interno e provid\u00eancias relacionadas ao desempenho das fun\u00e7\u00f5es do Minist\u00e9rio P\u00fablico de Contas;<\/p><p>IV \u2013 aprovar orienta\u00e7\u00f5es interpretativas acerca de mat\u00e9rias afetas \u00e0s atribui\u00e7\u00f5es do Minist\u00e9rio P\u00fablico de Contas;<\/p><p>V \u2013 propor ao Governador do Estado a destitui\u00e7\u00e3o do Procurador\u2013Geral, ap\u00f3s regular procedimento disciplinado no Regimento Interno;<\/p><p>VI \u2013 deliberar sobre a distribui\u00e7\u00e3o dos encargos, atribui\u00e7\u00f5es e compet\u00eancias das Procuradorias de Contas;<\/p><p>VII \u2013 recomendar, por iniciativa de 4 (quatro) de seus membros, a instaura\u00e7\u00e3o de procedimento disciplinar contra membro do Minist\u00e9rio P\u00fablico de Contas;<\/p><p>VIII \u2013 rever, mediante requerimento de leg\u00edtimo interessado e nos termos deste Regimento Interno, decis\u00e3o de arquivamento de procedimento investigat\u00f3rio ou pe\u00e7as de informa\u00e7\u00e3o determinada pelo Conselho Superior, homologando\u2013a ou designando, desde logo, outro membro do Minist\u00e9rio P\u00fablico de Contas para promo\u00e7\u00e3o dos atos pertinentes;<\/p><p>IX \u2013 julgar recurso contra decis\u00e3o:<\/p><p>a) de vitaliciamento, ou n\u00e3o, de membro do Minist\u00e9rio P\u00fablico de Contas, em 30 (trinta) dias;<\/p><p>b) condenat\u00f3ria em procedimento administrativo\u2013disciplinar, salvo nos casos de sua compet\u00eancia origin\u00e1ria;<\/p><p>c) proferida em reclama\u00e7\u00e3o sobre o quadro geral de antig\u00fcidade;<\/p><p>d) proferida em reclama\u00e7\u00e3o contra a inadequa\u00e7\u00e3o ou irregularidade na distribui\u00e7\u00e3o ou declara\u00e7\u00e3o de suspei\u00e7\u00e3o ou impedimento firmada por membro do Minist\u00e9rio P\u00fablico, na forma dos artigos 7\u00ba, XXVIII, e 57, \u00a7 2\u00ba, deste Regimento.<\/p><p>X \u2013 deliberar, por iniciativa de 4 (quatro) de seus integrantes ou do Procurador\u2013Geral, que este aju\u00edze a\u00e7\u00e3o civil de decreta\u00e7\u00e3o de perda do cargo de membro do Minist\u00e9rio P\u00fablico de Contas vital\u00edcio, nos casos previstos em lei;<\/p><p>XI \u2013 deliberar sobre quest\u00f5es institucionais e administrativas;<\/p><p>XII \u2013 emitir atos normativos complementares referentes ao seu funcionamento;<\/p><p>XIII \u2013 regulamentar as formas de atribui\u00e7\u00e3o e apura\u00e7\u00e3o do m\u00e9rito dos membros do Minist\u00e9rio P\u00fablico de Contas;<\/p><p>XIV \u2013 regulamentar as elei\u00e7\u00f5es do Conselho Superior e para Procurador\u2013Geral;<\/p><p>XV \u2013 declarar a investidura no cargo de Procurador\u2013Geral do candidato mais votado, na hip\u00f3tese do artigo 6\u00ba, \u00a7 9\u00ba, do Regimento Interno;<\/p><p>XVI \u2013 aprovar a proposta de regulamento para o exerc\u00edcio da atividade de estagi\u00e1rio;<\/p><p>XVII \u2013 aprovar proposta de aprimoramento administrativo e de pessoal a ser apresentada pelo Procurador\u2013Geral ao Presidente do Tribunal, na forma do artigo 150, IV, da Lei Complementar n.\u00ba 113\/05;<\/p><p>XVIII \u2013 deliberar acerca das propostas de Resolu\u00e7\u00e3o, Prejulgado, Uniformiza\u00e7\u00e3o de Jurisprud\u00eancia e Incidente de Inconstitucionalidade, a serem apresentadas pelo Procurador\u2013 Geral;<\/p><p>XIX \u2013 regulamentar a forma de presta\u00e7\u00e3o dos servi\u00e7os de assessoramento jur\u00eddico e t\u00e9cnico \u00e0s Procuradorias de Contas;<\/p><p>XX \u2013 indicar os membros do Minist\u00e9rio P\u00fablico de Contas que integrar\u00e3o a Comiss\u00e3o de Concurso para ingresso na carreira;<\/p><p>XXI \u2013 desempenhar outras atribui\u00e7\u00f5es que lhe sejam conferidas por lei.<\/p>\t\t\t\t\t\t\t\t<\/div>\n\t\t\t\t<\/div>\n\t\t\t\t\t<\/div>\n\t\t<\/div>\n\t\t\t\t\t<\/div>\n\t\t<\/section>\n\t\t\t\t<\/div>\n\t\t","protected":false},"excerpt":{"rendered":"<p>Institucional Hist\u00f3rico Legisla\u00e7\u00e3o As legisla\u00e7\u00f5es que regem o Minist\u00e9rio P\u00fablico de Contas s\u00e3o: \u2013 Constitui\u00e7\u00e3o da Rep\u00fablica Federativa do Brasil de 1988 \u2013 Lei Org\u00e2nica Nacional do Minist\u00e9rio P\u00fablico \u2013 Constitui\u00e7\u00e3o do Estado do Paran\u00e1 \u2013 Organiza\u00e7\u00e3o do Minist\u00e9rio P\u00fablico de Contas do Estado do Paran\u00e1 \u2013 Lei Org\u00e2nica do Minist\u00e9rio P\u00fablico do Estado do [&hellip;]<\/p>\n","protected":false},"author":1,"featured_media":0,"parent":0,"menu_order":0,"comment_status":"closed","ping_status":"closed","template":"elementor_header_footer","meta":{"_monsterinsights_skip_tracking":false,"_monsterinsights_sitenote_active":false,"_monsterinsights_sitenote_note":"","_monsterinsights_sitenote_category":0,"footnotes":""},"class_list":["post-379","page","type-page","status-publish","hentry","entry"],"yoast_head":"<!-- This site is optimized with the Yoast SEO plugin v27.3 - https:\/\/yoast.com\/product\/yoast-seo-wordpress\/ -->\n<title>Col\u00e9gio de Procuradores - Minist\u00e9rio P\u00fablico de Contas do Estado do Paran\u00e1<\/title>\n<meta name=\"robots\" content=\"index, follow, max-snippet:-1, max-image-preview:large, max-video-preview:-1\" \/>\n<link rel=\"canonical\" href=\"https:\/\/www.mpc.pr.gov.br\/index.php\/colegio-de-procuradores\/\" \/>\n<meta property=\"og:locale\" content=\"pt_BR\" \/>\n<meta property=\"og:type\" content=\"article\" \/>\n<meta property=\"og:title\" content=\"Col\u00e9gio de Procuradores - Minist\u00e9rio P\u00fablico de Contas do Estado do Paran\u00e1\" \/>\n<meta property=\"og:description\" content=\"Institucional Hist\u00f3rico Legisla\u00e7\u00e3o As legisla\u00e7\u00f5es que regem o Minist\u00e9rio P\u00fablico de Contas s\u00e3o: \u2013 Constitui\u00e7\u00e3o da Rep\u00fablica Federativa do Brasil de 1988 \u2013 Lei Org\u00e2nica Nacional do Minist\u00e9rio P\u00fablico \u2013 Constitui\u00e7\u00e3o do Estado do Paran\u00e1 \u2013 Organiza\u00e7\u00e3o do Minist\u00e9rio P\u00fablico de Contas do Estado do Paran\u00e1 \u2013 Lei Org\u00e2nica do Minist\u00e9rio P\u00fablico do Estado do [&hellip;]\" \/>\n<meta property=\"og:url\" content=\"https:\/\/www.mpc.pr.gov.br\/index.php\/colegio-de-procuradores\/\" \/>\n<meta property=\"og:site_name\" content=\"Minist\u00e9rio P\u00fablico de Contas do Estado do Paran\u00e1\" \/>\n<meta property=\"article:publisher\" content=\"https:\/\/www.facebook.com\/mpc.pr\" \/>\n<meta property=\"article:modified_time\" content=\"2024-10-25T12:45:49+00:00\" \/>\n<meta name=\"twitter:card\" content=\"summary_large_image\" \/>\n<meta name=\"twitter:label1\" content=\"Est. tempo de leitura\" \/>\n\t<meta name=\"twitter:data1\" content=\"4 minutos\" \/>\n<script type=\"application\/ld+json\" class=\"yoast-schema-graph\">{\"@context\":\"https:\\\/\\\/schema.org\",\"@graph\":[{\"@type\":\"WebPage\",\"@id\":\"https:\\\/\\\/www.mpc.pr.gov.br\\\/index.php\\\/colegio-de-procuradores\\\/\",\"url\":\"https:\\\/\\\/www.mpc.pr.gov.br\\\/index.php\\\/colegio-de-procuradores\\\/\",\"name\":\"Col\u00e9gio de Procuradores - Minist\u00e9rio P\u00fablico de Contas do Estado do Paran\u00e1\",\"isPartOf\":{\"@id\":\"https:\\\/\\\/www.mpc.pr.gov.br\\\/#website\"},\"datePublished\":\"2020-06-12T19:14:01+00:00\",\"dateModified\":\"2024-10-25T12:45:49+00:00\",\"breadcrumb\":{\"@id\":\"https:\\\/\\\/www.mpc.pr.gov.br\\\/index.php\\\/colegio-de-procuradores\\\/#breadcrumb\"},\"inLanguage\":\"pt-BR\",\"potentialAction\":[{\"@type\":\"ReadAction\",\"target\":[\"https:\\\/\\\/www.mpc.pr.gov.br\\\/index.php\\\/colegio-de-procuradores\\\/\"]}]},{\"@type\":\"BreadcrumbList\",\"@id\":\"https:\\\/\\\/www.mpc.pr.gov.br\\\/index.php\\\/colegio-de-procuradores\\\/#breadcrumb\",\"itemListElement\":[{\"@type\":\"ListItem\",\"position\":1,\"name\":\"In\u00edcio\",\"item\":\"https:\\\/\\\/www.mpc.pr.gov.br\\\/\"},{\"@type\":\"ListItem\",\"position\":2,\"name\":\"Col\u00e9gio de Procuradores\"}]},{\"@type\":\"WebSite\",\"@id\":\"https:\\\/\\\/www.mpc.pr.gov.br\\\/#website\",\"url\":\"https:\\\/\\\/www.mpc.pr.gov.br\\\/\",\"name\":\"Minist\u00e9rio P\u00fablico de Contas do Estado do Paran\u00e1\",\"description\":\"\",\"publisher\":{\"@id\":\"https:\\\/\\\/www.mpc.pr.gov.br\\\/#organization\"},\"potentialAction\":[{\"@type\":\"SearchAction\",\"target\":{\"@type\":\"EntryPoint\",\"urlTemplate\":\"https:\\\/\\\/www.mpc.pr.gov.br\\\/?s={search_term_string}\"},\"query-input\":{\"@type\":\"PropertyValueSpecification\",\"valueRequired\":true,\"valueName\":\"search_term_string\"}}],\"inLanguage\":\"pt-BR\"},{\"@type\":\"Organization\",\"@id\":\"https:\\\/\\\/www.mpc.pr.gov.br\\\/#organization\",\"name\":\"Minist\u00e9rio P\u00fablico de Contas do Estado do Paran\u00e1\",\"url\":\"https:\\\/\\\/www.mpc.pr.gov.br\\\/\",\"logo\":{\"@type\":\"ImageObject\",\"inLanguage\":\"pt-BR\",\"@id\":\"https:\\\/\\\/www.mpc.pr.gov.br\\\/#\\\/schema\\\/logo\\\/image\\\/\",\"url\":\"https:\\\/\\\/www.mpc.pr.gov.br\\\/wp-content\\\/uploads\\\/2020\\\/06\\\/99423647_1593460364143890_6706793420720963584_n-1-e1591387983167.png\",\"contentUrl\":\"https:\\\/\\\/www.mpc.pr.gov.br\\\/wp-content\\\/uploads\\\/2020\\\/06\\\/99423647_1593460364143890_6706793420720963584_n-1-e1591387983167.png\",\"width\":243,\"height\":73,\"caption\":\"Minist\u00e9rio P\u00fablico de Contas do Estado do Paran\u00e1\"},\"image\":{\"@id\":\"https:\\\/\\\/www.mpc.pr.gov.br\\\/#\\\/schema\\\/logo\\\/image\\\/\"},\"sameAs\":[\"https:\\\/\\\/www.facebook.com\\\/mpc.pr\",\"https:\\\/\\\/www.instagram.com\\\/mpc.pr\\\/?hl=pt-br\",\"https:\\\/\\\/www.youtube.com\\\/channel\\\/UCHri5oEM8DV0ztX57E0sBSw\"]}]}<\/script>\n<!-- \/ Yoast SEO plugin. -->","yoast_head_json":{"title":"Col\u00e9gio de Procuradores - Minist\u00e9rio P\u00fablico de Contas do Estado do Paran\u00e1","robots":{"index":"index","follow":"follow","max-snippet":"max-snippet:-1","max-image-preview":"max-image-preview:large","max-video-preview":"max-video-preview:-1"},"canonical":"https:\/\/www.mpc.pr.gov.br\/index.php\/colegio-de-procuradores\/","og_locale":"pt_BR","og_type":"article","og_title":"Col\u00e9gio de Procuradores - Minist\u00e9rio P\u00fablico de Contas do Estado do Paran\u00e1","og_description":"Institucional Hist\u00f3rico Legisla\u00e7\u00e3o As legisla\u00e7\u00f5es que regem o Minist\u00e9rio P\u00fablico de Contas s\u00e3o: \u2013 Constitui\u00e7\u00e3o da Rep\u00fablica Federativa do Brasil de 1988 \u2013 Lei Org\u00e2nica Nacional do Minist\u00e9rio P\u00fablico \u2013 Constitui\u00e7\u00e3o do Estado do Paran\u00e1 \u2013 Organiza\u00e7\u00e3o do Minist\u00e9rio P\u00fablico de Contas do Estado do Paran\u00e1 \u2013 Lei Org\u00e2nica do Minist\u00e9rio P\u00fablico do Estado do [&hellip;]","og_url":"https:\/\/www.mpc.pr.gov.br\/index.php\/colegio-de-procuradores\/","og_site_name":"Minist\u00e9rio P\u00fablico de Contas do Estado do Paran\u00e1","article_publisher":"https:\/\/www.facebook.com\/mpc.pr","article_modified_time":"2024-10-25T12:45:49+00:00","twitter_card":"summary_large_image","twitter_misc":{"Est. tempo de leitura":"4 minutos"},"schema":{"@context":"https:\/\/schema.org","@graph":[{"@type":"WebPage","@id":"https:\/\/www.mpc.pr.gov.br\/index.php\/colegio-de-procuradores\/","url":"https:\/\/www.mpc.pr.gov.br\/index.php\/colegio-de-procuradores\/","name":"Col\u00e9gio de Procuradores - Minist\u00e9rio P\u00fablico de Contas do Estado do Paran\u00e1","isPartOf":{"@id":"https:\/\/www.mpc.pr.gov.br\/#website"},"datePublished":"2020-06-12T19:14:01+00:00","dateModified":"2024-10-25T12:45:49+00:00","breadcrumb":{"@id":"https:\/\/www.mpc.pr.gov.br\/index.php\/colegio-de-procuradores\/#breadcrumb"},"inLanguage":"pt-BR","potentialAction":[{"@type":"ReadAction","target":["https:\/\/www.mpc.pr.gov.br\/index.php\/colegio-de-procuradores\/"]}]},{"@type":"BreadcrumbList","@id":"https:\/\/www.mpc.pr.gov.br\/index.php\/colegio-de-procuradores\/#breadcrumb","itemListElement":[{"@type":"ListItem","position":1,"name":"In\u00edcio","item":"https:\/\/www.mpc.pr.gov.br\/"},{"@type":"ListItem","position":2,"name":"Col\u00e9gio de Procuradores"}]},{"@type":"WebSite","@id":"https:\/\/www.mpc.pr.gov.br\/#website","url":"https:\/\/www.mpc.pr.gov.br\/","name":"Minist\u00e9rio P\u00fablico de Contas do Estado do Paran\u00e1","description":"","publisher":{"@id":"https:\/\/www.mpc.pr.gov.br\/#organization"},"potentialAction":[{"@type":"SearchAction","target":{"@type":"EntryPoint","urlTemplate":"https:\/\/www.mpc.pr.gov.br\/?s={search_term_string}"},"query-input":{"@type":"PropertyValueSpecification","valueRequired":true,"valueName":"search_term_string"}}],"inLanguage":"pt-BR"},{"@type":"Organization","@id":"https:\/\/www.mpc.pr.gov.br\/#organization","name":"Minist\u00e9rio P\u00fablico de Contas do Estado do Paran\u00e1","url":"https:\/\/www.mpc.pr.gov.br\/","logo":{"@type":"ImageObject","inLanguage":"pt-BR","@id":"https:\/\/www.mpc.pr.gov.br\/#\/schema\/logo\/image\/","url":"https:\/\/www.mpc.pr.gov.br\/wp-content\/uploads\/2020\/06\/99423647_1593460364143890_6706793420720963584_n-1-e1591387983167.png","contentUrl":"https:\/\/www.mpc.pr.gov.br\/wp-content\/uploads\/2020\/06\/99423647_1593460364143890_6706793420720963584_n-1-e1591387983167.png","width":243,"height":73,"caption":"Minist\u00e9rio P\u00fablico de Contas do Estado do Paran\u00e1"},"image":{"@id":"https:\/\/www.mpc.pr.gov.br\/#\/schema\/logo\/image\/"},"sameAs":["https:\/\/www.facebook.com\/mpc.pr","https:\/\/www.instagram.com\/mpc.pr\/?hl=pt-br","https:\/\/www.youtube.com\/channel\/UCHri5oEM8DV0ztX57E0sBSw"]}]}},"rttpg_featured_image_url":null,"rttpg_author":{"display_name":"mpcontaspr","author_link":"https:\/\/www.mpc.pr.gov.br\/index.php\/author\/mpcontaspr\/"},"rttpg_comment":0,"rttpg_category":null,"rttpg_excerpt":"Institucional Hist\u00f3rico Legisla\u00e7\u00e3o As legisla\u00e7\u00f5es que regem o Minist\u00e9rio P\u00fablico de Contas s\u00e3o: \u2013 Constitui\u00e7\u00e3o da Rep\u00fablica Federativa do Brasil de 1988 \u2013 Lei Org\u00e2nica Nacional do Minist\u00e9rio P\u00fablico \u2013 Constitui\u00e7\u00e3o do Estado do Paran\u00e1 \u2013 Organiza\u00e7\u00e3o do Minist\u00e9rio P\u00fablico de Contas do Estado do Paran\u00e1 \u2013 Lei Org\u00e2nica do Minist\u00e9rio P\u00fablico do Estado do&hellip;","_links":{"self":[{"href":"https:\/\/www.mpc.pr.gov.br\/index.php\/wp-json\/wp\/v2\/pages\/379","targetHints":{"allow":["GET"]}}],"collection":[{"href":"https:\/\/www.mpc.pr.gov.br\/index.php\/wp-json\/wp\/v2\/pages"}],"about":[{"href":"https:\/\/www.mpc.pr.gov.br\/index.php\/wp-json\/wp\/v2\/types\/page"}],"author":[{"embeddable":true,"href":"https:\/\/www.mpc.pr.gov.br\/index.php\/wp-json\/wp\/v2\/users\/1"}],"replies":[{"embeddable":true,"href":"https:\/\/www.mpc.pr.gov.br\/index.php\/wp-json\/wp\/v2\/comments?post=379"}],"version-history":[{"count":54,"href":"https:\/\/www.mpc.pr.gov.br\/index.php\/wp-json\/wp\/v2\/pages\/379\/revisions"}],"predecessor-version":[{"id":21723,"href":"https:\/\/www.mpc.pr.gov.br\/index.php\/wp-json\/wp\/v2\/pages\/379\/revisions\/21723"}],"wp:attachment":[{"href":"https:\/\/www.mpc.pr.gov.br\/index.php\/wp-json\/wp\/v2\/media?parent=379"}],"curies":[{"name":"wp","href":"https:\/\/api.w.org\/{rel}","templated":true}]}}