{"id":387,"date":"2020-06-12T16:42:45","date_gmt":"2020-06-12T19:42:45","guid":{"rendered":"http:\/\/www.mpc.pr.gov.br\/?page_id=387"},"modified":"2026-04-22T14:02:01","modified_gmt":"2026-04-22T17:02:01","slug":"conselho-superior","status":"publish","type":"page","link":"https:\/\/www.mpc.pr.gov.br\/index.php\/conselho-superior\/","title":{"rendered":"Conselho Superior"},"content":{"rendered":"\t\t<div data-elementor-type=\"wp-page\" data-elementor-id=\"387\" class=\"elementor elementor-387\">\n\t\t\t\t\t\t<section class=\"elementor-section elementor-top-section elementor-element elementor-element-75be0929 elementor-section-height-min-height elementor-section-boxed elementor-section-height-default elementor-section-items-middle\" data-id=\"75be0929\" data-element_type=\"section\" data-e-type=\"section\" data-settings=\"{&quot;shape_divider_top&quot;:&quot;opacity-tilt&quot;}\">\n\t\t\t\t\t<div class=\"elementor-shape elementor-shape-top\" aria-hidden=\"true\" data-negative=\"false\">\n\t\t\t<svg xmlns=\"http:\/\/www.w3.org\/2000\/svg\" viewBox=\"0 0 2600 131.1\" preserveAspectRatio=\"none\">\n\t<path class=\"elementor-shape-fill\" d=\"M0 0L2600 0 2600 69.1 0 0z\"\/>\n\t<path class=\"elementor-shape-fill\" style=\"opacity:0.5\" d=\"M0 0L2600 0 2600 69.1 0 69.1z\"\/>\n\t<path class=\"elementor-shape-fill\" style=\"opacity:0.25\" d=\"M2600 0L0 0 0 130.1 2600 69.1z\"\/>\n<\/svg>\t\t<\/div>\n\t\t\t\t\t<div class=\"elementor-container elementor-column-gap-default\">\n\t\t\t\t\t\t<\/div>\n\t\t<\/section>\n\t\t\t\t<section class=\"elementor-section elementor-inner-section elementor-element elementor-element-61b3526 elementor-section-boxed elementor-section-height-default elementor-section-height-default\" data-id=\"61b3526\" data-element_type=\"section\" data-e-type=\"section\">\n\t\t\t\t\t\t<div class=\"elementor-container elementor-column-gap-wide\">\n\t\t\t\t\t<div class=\"elementor-column elementor-col-50 elementor-inner-column elementor-element elementor-element-11a2f94\" data-id=\"11a2f94\" data-element_type=\"column\" data-e-type=\"column\" data-settings=\"{&quot;background_background&quot;:&quot;classic&quot;}\">\n\t\t\t<div class=\"elementor-widget-wrap elementor-element-populated\">\n\t\t\t\t\t\t<div class=\"elementor-element elementor-element-08db5eb elementor-widget elementor-widget-heading\" data-id=\"08db5eb\" data-element_type=\"widget\" data-e-type=\"widget\" data-widget_type=\"heading.default\">\n\t\t\t\t<div class=\"elementor-widget-container\">\n\t\t\t\t\t<h2 class=\"elementor-heading-title elementor-size-default\">Institucional<\/h2>\t\t\t\t<\/div>\n\t\t\t\t<\/div>\n\t\t\t\t<div class=\"elementor-element elementor-element-ed6bb1e elementor-align-justify elementor-widget elementor-widget-button\" data-id=\"ed6bb1e\" data-element_type=\"widget\" data-e-type=\"widget\" data-widget_type=\"button.default\">\n\t\t\t\t<div class=\"elementor-widget-container\">\n\t\t\t\t\t\t\t\t\t<div class=\"elementor-button-wrapper\">\n\t\t\t\t\t<a class=\"elementor-button elementor-button-link elementor-size-sm\" href=\"http:\/\/www.mpc.pr.gov.br\/index.php\/historico\/\">\n\t\t\t\t\t\t<span class=\"elementor-button-content-wrapper\">\n\t\t\t\t\t\t\t\t\t<span class=\"elementor-button-text\">Hist\u00f3rico<\/span>\n\t\t\t\t\t<\/span>\n\t\t\t\t\t<\/a>\n\t\t\t\t<\/div>\n\t\t\t\t\t\t\t\t<\/div>\n\t\t\t\t<\/div>\n\t\t\t\t<div class=\"elementor-element elementor-element-df32e61 elementor-widget elementor-widget-n-accordion\" data-id=\"df32e61\" data-element_type=\"widget\" data-e-type=\"widget\" data-settings=\"{&quot;default_state&quot;:&quot;all_collapsed&quot;,&quot;max_items_expended&quot;:&quot;one&quot;,&quot;n_accordion_animation_duration&quot;:{&quot;unit&quot;:&quot;ms&quot;,&quot;size&quot;:400,&quot;sizes&quot;:[]}}\" data-widget_type=\"nested-accordion.default\">\n\t\t\t\t<div class=\"elementor-widget-container\">\n\t\t\t\t\t\t\t<div class=\"e-n-accordion\" aria-label=\"Accordion. Open links with Enter or Space, close with Escape, and navigate with Arrow Keys\">\n\t\t\t\t\t\t<details id=\"e-n-accordion-item-2340\" class=\"e-n-accordion-item\" >\n\t\t\t\t<summary class=\"e-n-accordion-item-title\" data-accordion-index=\"1\" tabindex=\"0\" aria-expanded=\"false\" aria-controls=\"e-n-accordion-item-2340\" >\n\t\t\t\t\t<span class='e-n-accordion-item-title-header'><div class=\"e-n-accordion-item-title-text\"> Legisla\u00e7\u00e3o <\/div><\/span>\n\t\t\t\t\t\t\t<span class='e-n-accordion-item-title-icon'>\n\t\t\t<span class='e-opened' ><i aria-hidden=\"true\" class=\"fas fa-minus\"><\/i><\/span>\n\t\t\t<span class='e-closed'><i aria-hidden=\"true\" class=\"fas fa-chevron-down\"><\/i><\/span>\n\t\t<\/span>\n\n\t\t\t\t\t\t<\/summary>\n\t\t\t\t<div role=\"region\" aria-labelledby=\"e-n-accordion-item-2340\" class=\"elementor-element elementor-element-58b7199 e-con-full e-flex e-con e-child\" data-id=\"58b7199\" data-element_type=\"container\" data-e-type=\"container\">\n\t\t\t\t<div class=\"elementor-element elementor-element-5ebca7b elementor-widget elementor-widget-text-editor\" data-id=\"5ebca7b\" data-element_type=\"widget\" data-e-type=\"widget\" data-widget_type=\"text-editor.default\">\n\t\t\t\t<div class=\"elementor-widget-container\">\n\t\t\t\t\t\t\t\t\t<p><strong>As legisla\u00e7\u00f5es que regem o Minist\u00e9rio P\u00fablico de Contas s\u00e3o:<\/strong><\/p><p><em>\u2013<\/em> <a href=\"http:\/\/www.planalto.gov.br\/ccivil_03\/constituicao\/constituicao.htm\">Constitui\u00e7\u00e3o da Rep\u00fablica Federativa do Brasil de 1988<\/a><\/p><p><em>\u2013 <\/em><a href=\"http:\/\/www.planalto.gov.br\/ccivil_03\/leis\/l8625.htm\">Lei Org\u00e2nica Nacional do Minist\u00e9rio P\u00fablico <\/a><\/p><p><em>\u2013 <\/em><a href=\"https:\/\/www.legislacao.pr.gov.br\/legislacao\/listarAtosAno.do?action=iniciarProcesso&amp;tipoAto=10&amp;orgaoUnidade=1100&amp;retiraLista=true&amp;site=1\">Constitui\u00e7\u00e3o do Estado do Paran\u00e1<\/a><\/p><p><em>\u2013 <\/em><a href=\"http:\/\/www.mpc.pr.gov.br\/wp-content\/uploads\/2020\/06\/LEGISLA\u00c7\u00c3O-Organiza\u00e7\u00e3o-do-Minist\u00e9rio-P\u00fablico-de-Contas-do-Estado-do-Paran\u00e1.pdf\">Organiza\u00e7\u00e3o do Minist\u00e9rio P\u00fablico de Contas do Estado do Paran\u00e1<\/a><\/p><p><em>\u2013 <\/em><a href=\"https:\/\/www.legislacao.pr.gov.br\/legislacao\/pesquisarAto.do?action=exibir&amp;codAto=8042&amp;indice=1&amp;totalRegistros=1\">Lei Org\u00e2nica do Minist\u00e9rio P\u00fablico do Estado do Paran\u00e1<\/a><\/p><p><em>\u2013 <\/em><a href=\"https:\/\/www.legislacao.pr.gov.br\/legislacao\/pesquisarAto.do?action=exibir&amp;codAto=7482&amp;indice=1&amp;totalRegistros=3\">Lei Org\u00e2nica do Tribunal de Contas do Estado do Paran\u00e1<\/a><\/p>\t\t\t\t\t\t\t\t<\/div>\n\t\t\t\t<\/div>\n\t\t\t\t<\/div>\n\t\t\t\t\t<\/details>\n\t\t\t\t\t<\/div>\n\t\t\t\t\t\t<\/div>\n\t\t\t\t<\/div>\n\t\t\t\t<div class=\"elementor-element elementor-element-757b1d4 elementor-widget elementor-widget-n-accordion\" data-id=\"757b1d4\" data-element_type=\"widget\" data-e-type=\"widget\" data-settings=\"{&quot;default_state&quot;:&quot;all_collapsed&quot;,&quot;max_items_expended&quot;:&quot;one&quot;,&quot;n_accordion_animation_duration&quot;:{&quot;unit&quot;:&quot;ms&quot;,&quot;size&quot;:400,&quot;sizes&quot;:[]}}\" data-widget_type=\"nested-accordion.default\">\n\t\t\t\t<div class=\"elementor-widget-container\">\n\t\t\t\t\t\t\t<div class=\"e-n-accordion\" aria-label=\"Accordion. Open links with Enter or Space, close with Escape, and navigate with Arrow Keys\">\n\t\t\t\t\t\t<details id=\"e-n-accordion-item-1230\" class=\"e-n-accordion-item\" >\n\t\t\t\t<summary class=\"e-n-accordion-item-title\" data-accordion-index=\"1\" tabindex=\"0\" aria-expanded=\"false\" aria-controls=\"e-n-accordion-item-1230\" >\n\t\t\t\t\t<span class='e-n-accordion-item-title-header'><div class=\"e-n-accordion-item-title-text\"> Estrutura Organizacional <\/div><\/span>\n\t\t\t\t\t\t\t<span class='e-n-accordion-item-title-icon'>\n\t\t\t<span class='e-opened' ><i aria-hidden=\"true\" class=\"fas fa-minus\"><\/i><\/span>\n\t\t\t<span class='e-closed'><i aria-hidden=\"true\" class=\"fas fa-chevron-down\"><\/i><\/span>\n\t\t<\/span>\n\n\t\t\t\t\t\t<\/summary>\n\t\t\t\t<div role=\"region\" aria-labelledby=\"e-n-accordion-item-1230\" class=\"elementor-element elementor-element-ee53288 e-con-full e-flex e-con e-child\" data-id=\"ee53288\" data-element_type=\"container\" data-e-type=\"container\">\n\t\t\t\t<div class=\"elementor-element elementor-element-6ca6ade elementor-widget elementor-widget-text-editor\" data-id=\"6ca6ade\" data-element_type=\"widget\" data-e-type=\"widget\" data-widget_type=\"text-editor.default\">\n\t\t\t\t<div class=\"elementor-widget-container\">\n\t\t\t\t\t\t\t\t\t<p><em>\u2013 <\/em><a href=\"https:\/\/www.mpc.pr.gov.br\/wp-content\/uploads\/2024\/10\/Organograma-MPC-PR-2024.png\">Organograma<\/a><\/p><p><em>\u2013 <\/em><a href=\"http:\/\/www.mpc.pr.gov.br\/index.php\/colegio-de-procuradores\/\">Col\u00e9gio de Procuradores<\/a><\/p><p><em>\u2013 <\/em><a href=\"http:\/\/www.mpc.pr.gov.br\/index.php\/conselho-superior\/\">Conselho Superior<\/a><\/p><p><em>\u2013 <\/em><a href=\"http:\/\/www.mpc.pr.gov.br\/index.php\/procuradoria-geral\/\">Procuradoria-Geral<\/a><\/p><p><em>\u2013 <\/em><a href=\"http:\/\/www.mpc.pr.gov.br\/index.php\/procuradorias\/\">Procuradorias<\/a><\/p><p><em>\u2013 <\/em><a href=\"http:\/\/www.mpc.pr.gov.br\/index.php\/secretaria-do-ministerio-publico-de-contas\/\">Secretaria do Minist\u00e9rio P\u00fablico de Contas<\/a><\/p>\t\t\t\t\t\t\t\t<\/div>\n\t\t\t\t<\/div>\n\t\t\t\t<\/div>\n\t\t\t\t\t<\/details>\n\t\t\t\t\t<\/div>\n\t\t\t\t\t\t<\/div>\n\t\t\t\t<\/div>\n\t\t\t\t<div class=\"elementor-element elementor-element-0805fd2 elementor-align-justify elementor-widget elementor-widget-button\" data-id=\"0805fd2\" data-element_type=\"widget\" data-e-type=\"widget\" data-widget_type=\"button.default\">\n\t\t\t\t<div class=\"elementor-widget-container\">\n\t\t\t\t\t\t\t\t\t<div class=\"elementor-button-wrapper\">\n\t\t\t\t\t<a class=\"elementor-button elementor-button-link elementor-size-sm\" href=\"http:\/\/www.mpc.pr.gov.br\/index.php\/composicao\/\">\n\t\t\t\t\t\t<span class=\"elementor-button-content-wrapper\">\n\t\t\t\t\t\t\t\t\t<span class=\"elementor-button-text\">Composi\u00e7\u00e3o<\/span>\n\t\t\t\t\t<\/span>\n\t\t\t\t\t<\/a>\n\t\t\t\t<\/div>\n\t\t\t\t\t\t\t\t<\/div>\n\t\t\t\t<\/div>\n\t\t\t\t<div class=\"elementor-element elementor-element-9e0157c elementor-align-justify elementor-widget elementor-widget-button\" data-id=\"9e0157c\" data-element_type=\"widget\" data-e-type=\"widget\" data-widget_type=\"button.default\">\n\t\t\t\t<div class=\"elementor-widget-container\">\n\t\t\t\t\t\t\t\t\t<div class=\"elementor-button-wrapper\">\n\t\t\t\t\t<a class=\"elementor-button elementor-button-link elementor-size-sm\" href=\"http:\/\/www.mpc.pr.gov.br\/index.php\/galeria-de-ex-procuradores\/\">\n\t\t\t\t\t\t<span class=\"elementor-button-content-wrapper\">\n\t\t\t\t\t\t\t\t\t<span class=\"elementor-button-text\">Galeria de Ex-Procuradores-Gerais<\/span>\n\t\t\t\t\t<\/span>\n\t\t\t\t\t<\/a>\n\t\t\t\t<\/div>\n\t\t\t\t\t\t\t\t<\/div>\n\t\t\t\t<\/div>\n\t\t\t\t<div class=\"elementor-element elementor-element-d06e9c8 elementor-widget elementor-widget-heading\" data-id=\"d06e9c8\" data-element_type=\"widget\" data-e-type=\"widget\" data-widget_type=\"heading.default\">\n\t\t\t\t<div class=\"elementor-widget-container\">\n\t\t\t\t\t<h2 class=\"elementor-heading-title elementor-size-default\">Atos Normativos<\/h2>\t\t\t\t<\/div>\n\t\t\t\t<\/div>\n\t\t\t\t<div class=\"elementor-element elementor-element-61f6665 elementor-align-justify elementor-widget elementor-widget-button\" data-id=\"61f6665\" data-element_type=\"widget\" data-e-type=\"widget\" data-widget_type=\"button.default\">\n\t\t\t\t<div class=\"elementor-widget-container\">\n\t\t\t\t\t\t\t\t\t<div class=\"elementor-button-wrapper\">\n\t\t\t\t\t<a class=\"elementor-button elementor-button-link elementor-size-sm\" href=\"https:\/\/www.mpc.pr.gov.br\/index.php\/regimento-interno\/\">\n\t\t\t\t\t\t<span class=\"elementor-button-content-wrapper\">\n\t\t\t\t\t\t\t\t\t<span class=\"elementor-button-text\">Regimento Interno<\/span>\n\t\t\t\t\t<\/span>\n\t\t\t\t\t<\/a>\n\t\t\t\t<\/div>\n\t\t\t\t\t\t\t\t<\/div>\n\t\t\t\t<\/div>\n\t\t\t\t<div class=\"elementor-element elementor-element-86e6986 elementor-align-justify elementor-widget elementor-widget-button\" data-id=\"86e6986\" data-element_type=\"widget\" data-e-type=\"widget\" data-widget_type=\"button.default\">\n\t\t\t\t<div class=\"elementor-widget-container\">\n\t\t\t\t\t\t\t\t\t<div class=\"elementor-button-wrapper\">\n\t\t\t\t\t<a class=\"elementor-button elementor-button-link elementor-size-sm\" href=\"http:\/\/www.mpc.pr.gov.br\/index.php\/resolucoes\/\">\n\t\t\t\t\t\t<span class=\"elementor-button-content-wrapper\">\n\t\t\t\t\t\t\t\t\t<span class=\"elementor-button-text\">Resolu\u00e7\u00f5es<\/span>\n\t\t\t\t\t<\/span>\n\t\t\t\t\t<\/a>\n\t\t\t\t<\/div>\n\t\t\t\t\t\t\t\t<\/div>\n\t\t\t\t<\/div>\n\t\t\t\t<div class=\"elementor-element elementor-element-94a788e elementor-align-justify elementor-widget elementor-widget-button\" data-id=\"94a788e\" data-element_type=\"widget\" data-e-type=\"widget\" data-widget_type=\"button.default\">\n\t\t\t\t<div class=\"elementor-widget-container\">\n\t\t\t\t\t\t\t\t\t<div class=\"elementor-button-wrapper\">\n\t\t\t\t\t<a class=\"elementor-button elementor-button-link elementor-size-sm\" href=\"http:\/\/www.mpc.pr.gov.br\/index.php\/instrucoes-de-servico\/\">\n\t\t\t\t\t\t<span class=\"elementor-button-content-wrapper\">\n\t\t\t\t\t\t\t\t\t<span class=\"elementor-button-text\">Instru\u00e7\u00f5es de Servi\u00e7o<\/span>\n\t\t\t\t\t<\/span>\n\t\t\t\t\t<\/a>\n\t\t\t\t<\/div>\n\t\t\t\t\t\t\t\t<\/div>\n\t\t\t\t<\/div>\n\t\t\t\t<div class=\"elementor-element elementor-element-57f3b48 elementor-align-justify elementor-widget elementor-widget-button\" data-id=\"57f3b48\" data-element_type=\"widget\" data-e-type=\"widget\" data-widget_type=\"button.default\">\n\t\t\t\t<div class=\"elementor-widget-container\">\n\t\t\t\t\t\t\t\t\t<div class=\"elementor-button-wrapper\">\n\t\t\t\t\t<a class=\"elementor-button elementor-button-link elementor-size-sm\" href=\"http:\/\/www.mpc.pr.gov.br\/index.php\/portarias\/\">\n\t\t\t\t\t\t<span class=\"elementor-button-content-wrapper\">\n\t\t\t\t\t\t\t\t\t<span class=\"elementor-button-text\">Portarias<\/span>\n\t\t\t\t\t<\/span>\n\t\t\t\t\t<\/a>\n\t\t\t\t<\/div>\n\t\t\t\t\t\t\t\t<\/div>\n\t\t\t\t<\/div>\n\t\t\t\t<div class=\"elementor-element elementor-element-252237c elementor-align-justify elementor-widget elementor-widget-button\" data-id=\"252237c\" data-element_type=\"widget\" data-e-type=\"widget\" data-widget_type=\"button.default\">\n\t\t\t\t<div class=\"elementor-widget-container\">\n\t\t\t\t\t\t\t\t\t<div class=\"elementor-button-wrapper\">\n\t\t\t\t\t<a class=\"elementor-button elementor-button-link elementor-size-sm\" href=\"http:\/\/www.mpc.pr.gov.br\/index.php\/atos-de-designacao\/\">\n\t\t\t\t\t\t<span class=\"elementor-button-content-wrapper\">\n\t\t\t\t\t\t\t\t\t<span class=\"elementor-button-text\">Atos de Designa\u00e7\u00e3o<\/span>\n\t\t\t\t\t<\/span>\n\t\t\t\t\t<\/a>\n\t\t\t\t<\/div>\n\t\t\t\t\t\t\t\t<\/div>\n\t\t\t\t<\/div>\n\t\t\t\t<div class=\"elementor-element elementor-element-52a0b24 elementor-align-justify elementor-widget elementor-widget-button\" data-id=\"52a0b24\" data-element_type=\"widget\" data-e-type=\"widget\" data-widget_type=\"button.default\">\n\t\t\t\t<div class=\"elementor-widget-container\">\n\t\t\t\t\t\t\t\t\t<div class=\"elementor-button-wrapper\">\n\t\t\t\t\t<a class=\"elementor-button elementor-button-link elementor-size-sm\" href=\"http:\/\/www.mpc.pr.gov.br\/index.php\/atos-de-cooperacao\/\">\n\t\t\t\t\t\t<span class=\"elementor-button-content-wrapper\">\n\t\t\t\t\t\t\t\t\t<span class=\"elementor-button-text\">Atos de Coopera\u00e7\u00e3o<\/span>\n\t\t\t\t\t<\/span>\n\t\t\t\t\t<\/a>\n\t\t\t\t<\/div>\n\t\t\t\t\t\t\t\t<\/div>\n\t\t\t\t<\/div>\n\t\t\t\t\t<\/div>\n\t\t<\/div>\n\t\t\t\t<div class=\"elementor-column elementor-col-50 elementor-inner-column elementor-element elementor-element-5f19b13\" data-id=\"5f19b13\" data-element_type=\"column\" data-e-type=\"column\">\n\t\t\t<div class=\"elementor-widget-wrap elementor-element-populated\">\n\t\t\t\t\t\t<div class=\"elementor-element elementor-element-dea8b60 elementor-widget elementor-widget-heading\" data-id=\"dea8b60\" data-element_type=\"widget\" data-e-type=\"widget\" data-widget_type=\"heading.default\">\n\t\t\t\t<div class=\"elementor-widget-container\">\n\t\t\t\t\t<h2 class=\"elementor-heading-title elementor-size-default\">Conselho Superior<\/h2>\t\t\t\t<\/div>\n\t\t\t\t<\/div>\n\t\t\t\t<div class=\"elementor-element elementor-element-4ee64a9 elementor-widget elementor-widget-text-editor\" data-id=\"4ee64a9\" data-element_type=\"widget\" data-e-type=\"widget\" data-widget_type=\"text-editor.default\">\n\t\t\t\t<div class=\"elementor-widget-container\">\n\t\t\t\t\t\t\t\t\t<p>O Conselho Superior do Minist\u00e9rio P\u00fablico de Contas, incumbido de fiscalizar e superintender a atua\u00e7\u00e3o do Minist\u00e9rio P\u00fablico de Contas, bem como velar pelos seus princ\u00edpios institucionais. \u00c9 integrado pelo Procurador\u2013Geral, seu presidente, e por mais 2 (dois) Procuradores vital\u00edcios n\u00e3o afastados da carreira, para mandato de 2 (dois) anos com renova\u00e7\u00e3o de dois membros a cada ano (art. 18 do Regimento Interno do MPC).<\/p><p><b>GABRIEL GUY L\u00c9GER <\/b><b>(Presidente)<\/b><\/p><p><b>KATIA REGINA PUCHASKI<\/b><\/p><p><b>ELIZA ANA ZENEDIN KONDO LANGNER<\/b><\/p><p><b>JULIANA STERNADT REINER (1\u00aa Suplente)<\/b><\/p><p><b>VAL\u00c9RIA BORBA (2\u00aa Suplente)<\/b><\/p>\t\t\t\t\t\t\t\t<\/div>\n\t\t\t\t<\/div>\n\t\t\t\t<div class=\"elementor-element elementor-element-baac991 elementor-widget elementor-widget-heading\" data-id=\"baac991\" data-element_type=\"widget\" data-e-type=\"widget\" data-widget_type=\"heading.default\">\n\t\t\t\t<div class=\"elementor-widget-container\">\n\t\t\t\t\t<h2 class=\"elementor-heading-title elementor-size-default\">S\u00e3o atribui\u00e7\u00f5es do Conselho Superior:<\/h2>\t\t\t\t<\/div>\n\t\t\t\t<\/div>\n\t\t\t\t<div class=\"elementor-element elementor-element-461e164 elementor-widget elementor-widget-text-editor\" data-id=\"461e164\" data-element_type=\"widget\" data-e-type=\"widget\" data-widget_type=\"text-editor.default\">\n\t\t\t\t<div class=\"elementor-widget-container\">\n\t\t\t\t\t\t\t\t\t<p>I \u2013 aprovar a cria\u00e7\u00e3o de Comiss\u00f5es Especiais Tempor\u00e1rias e indicar os membros do Minist\u00e9rio P\u00fablico de Contas que as integrar\u00e3o;<\/p><p>II \u2013 determinar, atrav\u00e9s de junta m\u00e9dica, a verifica\u00e7\u00e3o de incapacidade f\u00edsica, mental ou moral de membro do Minist\u00e9rio P\u00fablico de Contas, facultando\u2013se ao avaliado tamb\u00e9m indicar profissionais para este fim;<\/p><p>III \u2013 deliberar sobre a promo\u00e7\u00e3o de arquivamento de procedimento investigat\u00f3rio ou pe\u00e7as de informa\u00e7\u00f5es, baixando os respectivos atos regulamentares;<\/p><p><span data-olk-copy-source=\"MessageBody\">IV \u2013 decidir, mediante o qu\u00f3rum de dois ter\u00e7os de seus membros, sobre a disponibilidade de membros do Minist\u00e9rio P\u00fablico de Contas, fundada em motivo de interesse p\u00fablico, assegurada ampla defesa;<\/span> (Reda\u00e7\u00e3o dada pela Resolu\u00e7\u00e3o n\u00ba 03, de 28 de julho de 2023, do Col\u00e9gio de Procuradores);<\/p><p>V \u2013 aprovar o quadro geral de antig\u00fcidade do Minist\u00e9rio P\u00fablico de Contas e decidir sobre as reclama\u00e7\u00f5es formuladas, cabendo recurso ao Col\u00e9gio de Procuradores;<\/p><p>VI \u2013 sugerir ao Procurador\u2013Geral a edi\u00e7\u00e3o de recomenda\u00e7\u00f5es, sem car\u00e1ter vinculativo, aos \u00f3rg\u00e3os do Minist\u00e9rio P\u00fablico de Contas para o desempenho de suas fun\u00e7\u00f5es e ado\u00e7\u00e3o das medidas convenientes ao aprimoramento dos servi\u00e7os, bem como aquelas referentes \u00e0 estrutura do Minist\u00e9rio P\u00fablico;<\/p><p>VII \u2013 emitir atos normativos complementares referentes ao seu funcionamento e compet\u00eancias;<\/p><p>VIII \u2013 deliberar acerca do afastamento do exerc\u00edcio do cargo de membro do Minist\u00e9rio P\u00fablico de Contas indiciado em processo disciplinar, sem preju\u00edzo do subs\u00eddio e vantagens;<\/p><p>IX \u2013 solicitar informa\u00e7\u00f5es ao Procurador\u2013Geral sobre a conduta e atua\u00e7\u00e3o funcional dos membros do Minist\u00e9rio P\u00fablico de Contas e seus servidores;<\/p><p>X \u2013 opinar sobre assuntos de interesse do Minist\u00e9rio P\u00fablico de Contas, quando solicitado pelo Procurador\u2013Geral;<\/p><p><span data-olk-copy-source=\"MessageBody\">XI \u2013 decidir, mediante o qu\u00f3rum de dois ter\u00e7os de seus membros, sobre a perman\u00eancia, no est\u00e1gio probat\u00f3rio, de membro do Minist\u00e9rio P\u00fablico de Contas e sobre o seu vitaliciamento, propondo sua exonera\u00e7\u00e3o quando entender que n\u00e3o foram preenchidos os requisitos do est\u00e1gio;<\/span> (Reda\u00e7\u00e3o dada pela Resolu\u00e7\u00e3o n\u00ba 03, de 28 de julho de 2023, do Col\u00e9gio de Procuradores);<\/p><p>XII \u2013 decidir, por 4 (quatro) votos, sobre a perman\u00eancia, no est\u00e1gio probat\u00f3rio, de membro do Minist\u00e9rio P\u00fablico de Contas e sobre o seu vitaliciamento, propondo sua exonera\u00e7\u00e3o quando entender que n\u00e3o foram preenchidos os requisitos do est\u00e1gio;<\/p><p>XIII \u2013 instaurar, mediante provoca\u00e7\u00e3o, e decidir processo disciplinar contra membro do Minist\u00e9rio P\u00fablico de Contas, indicando as san\u00e7\u00f5es cab\u00edveis;<\/p><p>XIV \u2013 regulamentar os procedimentos atinentes \u00e0 expedi\u00e7\u00e3o de recomenda\u00e7\u00f5es e compromissos de ajustamento realizados pelos \u00f3rg\u00e3os de execu\u00e7\u00e3o do Minist\u00e9rio P\u00fablico;<\/p><p>XV \u2013 apreciar a designa\u00e7\u00e3o de membro do Minist\u00e9rio P\u00fablico de Contas para exercer fun\u00e7\u00f5es afetas a outro membro da institui\u00e7\u00e3o;<\/p><p>XVI \u2013 aprovar proposta de abertura de Concurso P\u00fablico para o cargo de Procurador do Minist\u00e9rio P\u00fablico de Contas, bem como regulamentar a extens\u00e3o do requisito de inscri\u00e7\u00e3o referente ao exerc\u00edcio de atividade jur\u00eddica;<\/p><p>XVII \u2013 deliberar sobre a decis\u00e3o do Procurador\u2013Geral acerca da interrup\u00e7\u00e3o de f\u00e9rias e de outras licen\u00e7as volunt\u00e1rias, exceto quando formulada a pedido;<\/p><p>XVIII \u2013 adotar, em ato pr\u00f3prio e no que couber, as regulamenta\u00e7\u00f5es referentes aos direitos e veda\u00e7\u00f5es dos membros do Minist\u00e9rio P\u00fablico, com base nas diretrizes e resolu\u00e7\u00f5es editadas pelo Conselho Nacional do Minist\u00e9rio P\u00fablico (CNMP).<\/p><p>Por fim, destaca-se que as fun\u00e7\u00f5es de Corregedoria do Minist\u00e9rio P\u00fablico de Contas s\u00e3o exercidas pelo Conselho Superior.<\/p>\t\t\t\t\t\t\t\t<\/div>\n\t\t\t\t<\/div>\n\t\t\t\t\t<\/div>\n\t\t<\/div>\n\t\t\t\t\t<\/div>\n\t\t<\/section>\n\t\t\t\t<\/div>\n\t\t","protected":false},"excerpt":{"rendered":"<p>Institucional Hist\u00f3rico Legisla\u00e7\u00e3o As legisla\u00e7\u00f5es que regem o Minist\u00e9rio P\u00fablico de Contas s\u00e3o: \u2013 Constitui\u00e7\u00e3o da Rep\u00fablica Federativa do Brasil de 1988 \u2013 Lei Org\u00e2nica Nacional do Minist\u00e9rio P\u00fablico \u2013 Constitui\u00e7\u00e3o do Estado do Paran\u00e1 \u2013 Organiza\u00e7\u00e3o do Minist\u00e9rio P\u00fablico de Contas do Estado do Paran\u00e1 \u2013 Lei Org\u00e2nica do Minist\u00e9rio P\u00fablico do Estado do [&hellip;]<\/p>\n","protected":false},"author":1,"featured_media":0,"parent":0,"menu_order":0,"comment_status":"closed","ping_status":"closed","template":"elementor_header_footer","meta":{"_monsterinsights_skip_tracking":false,"_monsterinsights_sitenote_active":false,"_monsterinsights_sitenote_note":"","_monsterinsights_sitenote_category":0,"footnotes":""},"class_list":["post-387","page","type-page","status-publish","hentry","entry"],"yoast_head":"<!-- This site is optimized with the Yoast SEO plugin v27.3 - https:\/\/yoast.com\/product\/yoast-seo-wordpress\/ -->\n<title>Conselho Superior - Minist\u00e9rio P\u00fablico de Contas do Estado do Paran\u00e1<\/title>\n<meta name=\"robots\" content=\"index, follow, max-snippet:-1, max-image-preview:large, max-video-preview:-1\" \/>\n<link rel=\"canonical\" href=\"https:\/\/www.mpc.pr.gov.br\/index.php\/conselho-superior\/\" \/>\n<meta property=\"og:locale\" content=\"pt_BR\" \/>\n<meta property=\"og:type\" content=\"article\" \/>\n<meta property=\"og:title\" content=\"Conselho Superior - Minist\u00e9rio P\u00fablico de Contas do Estado do Paran\u00e1\" \/>\n<meta property=\"og:description\" content=\"Institucional Hist\u00f3rico Legisla\u00e7\u00e3o As legisla\u00e7\u00f5es que regem o Minist\u00e9rio P\u00fablico de Contas s\u00e3o: \u2013 Constitui\u00e7\u00e3o da Rep\u00fablica Federativa do Brasil de 1988 \u2013 Lei Org\u00e2nica Nacional do Minist\u00e9rio P\u00fablico \u2013 Constitui\u00e7\u00e3o do Estado do Paran\u00e1 \u2013 Organiza\u00e7\u00e3o do Minist\u00e9rio P\u00fablico de Contas do Estado do Paran\u00e1 \u2013 Lei Org\u00e2nica do Minist\u00e9rio P\u00fablico do Estado do [&hellip;]\" \/>\n<meta property=\"og:url\" content=\"https:\/\/www.mpc.pr.gov.br\/index.php\/conselho-superior\/\" \/>\n<meta property=\"og:site_name\" content=\"Minist\u00e9rio P\u00fablico de Contas do Estado do Paran\u00e1\" \/>\n<meta property=\"article:publisher\" content=\"https:\/\/www.facebook.com\/mpc.pr\" \/>\n<meta property=\"article:modified_time\" content=\"2026-04-22T17:02:01+00:00\" \/>\n<meta name=\"twitter:card\" content=\"summary_large_image\" \/>\n<meta name=\"twitter:label1\" content=\"Est. tempo de leitura\" \/>\n\t<meta name=\"twitter:data1\" content=\"5 minutos\" \/>\n<script type=\"application\/ld+json\" class=\"yoast-schema-graph\">{\"@context\":\"https:\\\/\\\/schema.org\",\"@graph\":[{\"@type\":\"WebPage\",\"@id\":\"https:\\\/\\\/www.mpc.pr.gov.br\\\/index.php\\\/conselho-superior\\\/\",\"url\":\"https:\\\/\\\/www.mpc.pr.gov.br\\\/index.php\\\/conselho-superior\\\/\",\"name\":\"Conselho Superior - Minist\u00e9rio P\u00fablico de Contas do Estado do Paran\u00e1\",\"isPartOf\":{\"@id\":\"https:\\\/\\\/www.mpc.pr.gov.br\\\/#website\"},\"datePublished\":\"2020-06-12T19:42:45+00:00\",\"dateModified\":\"2026-04-22T17:02:01+00:00\",\"breadcrumb\":{\"@id\":\"https:\\\/\\\/www.mpc.pr.gov.br\\\/index.php\\\/conselho-superior\\\/#breadcrumb\"},\"inLanguage\":\"pt-BR\",\"potentialAction\":[{\"@type\":\"ReadAction\",\"target\":[\"https:\\\/\\\/www.mpc.pr.gov.br\\\/index.php\\\/conselho-superior\\\/\"]}]},{\"@type\":\"BreadcrumbList\",\"@id\":\"https:\\\/\\\/www.mpc.pr.gov.br\\\/index.php\\\/conselho-superior\\\/#breadcrumb\",\"itemListElement\":[{\"@type\":\"ListItem\",\"position\":1,\"name\":\"In\u00edcio\",\"item\":\"https:\\\/\\\/www.mpc.pr.gov.br\\\/\"},{\"@type\":\"ListItem\",\"position\":2,\"name\":\"Conselho Superior\"}]},{\"@type\":\"WebSite\",\"@id\":\"https:\\\/\\\/www.mpc.pr.gov.br\\\/#website\",\"url\":\"https:\\\/\\\/www.mpc.pr.gov.br\\\/\",\"name\":\"Minist\u00e9rio P\u00fablico de Contas do Estado do Paran\u00e1\",\"description\":\"\",\"publisher\":{\"@id\":\"https:\\\/\\\/www.mpc.pr.gov.br\\\/#organization\"},\"potentialAction\":[{\"@type\":\"SearchAction\",\"target\":{\"@type\":\"EntryPoint\",\"urlTemplate\":\"https:\\\/\\\/www.mpc.pr.gov.br\\\/?s={search_term_string}\"},\"query-input\":{\"@type\":\"PropertyValueSpecification\",\"valueRequired\":true,\"valueName\":\"search_term_string\"}}],\"inLanguage\":\"pt-BR\"},{\"@type\":\"Organization\",\"@id\":\"https:\\\/\\\/www.mpc.pr.gov.br\\\/#organization\",\"name\":\"Minist\u00e9rio P\u00fablico de Contas do Estado do Paran\u00e1\",\"url\":\"https:\\\/\\\/www.mpc.pr.gov.br\\\/\",\"logo\":{\"@type\":\"ImageObject\",\"inLanguage\":\"pt-BR\",\"@id\":\"https:\\\/\\\/www.mpc.pr.gov.br\\\/#\\\/schema\\\/logo\\\/image\\\/\",\"url\":\"https:\\\/\\\/www.mpc.pr.gov.br\\\/wp-content\\\/uploads\\\/2020\\\/06\\\/99423647_1593460364143890_6706793420720963584_n-1-e1591387983167.png\",\"contentUrl\":\"https:\\\/\\\/www.mpc.pr.gov.br\\\/wp-content\\\/uploads\\\/2020\\\/06\\\/99423647_1593460364143890_6706793420720963584_n-1-e1591387983167.png\",\"width\":243,\"height\":73,\"caption\":\"Minist\u00e9rio P\u00fablico de Contas do Estado do Paran\u00e1\"},\"image\":{\"@id\":\"https:\\\/\\\/www.mpc.pr.gov.br\\\/#\\\/schema\\\/logo\\\/image\\\/\"},\"sameAs\":[\"https:\\\/\\\/www.facebook.com\\\/mpc.pr\",\"https:\\\/\\\/www.instagram.com\\\/mpc.pr\\\/?hl=pt-br\",\"https:\\\/\\\/www.youtube.com\\\/channel\\\/UCHri5oEM8DV0ztX57E0sBSw\"]}]}<\/script>\n<!-- \/ Yoast SEO plugin. -->","yoast_head_json":{"title":"Conselho Superior - Minist\u00e9rio P\u00fablico de Contas do Estado do Paran\u00e1","robots":{"index":"index","follow":"follow","max-snippet":"max-snippet:-1","max-image-preview":"max-image-preview:large","max-video-preview":"max-video-preview:-1"},"canonical":"https:\/\/www.mpc.pr.gov.br\/index.php\/conselho-superior\/","og_locale":"pt_BR","og_type":"article","og_title":"Conselho Superior - Minist\u00e9rio P\u00fablico de Contas do Estado do Paran\u00e1","og_description":"Institucional Hist\u00f3rico Legisla\u00e7\u00e3o As legisla\u00e7\u00f5es que regem o Minist\u00e9rio P\u00fablico de Contas s\u00e3o: \u2013 Constitui\u00e7\u00e3o da Rep\u00fablica Federativa do Brasil de 1988 \u2013 Lei Org\u00e2nica Nacional do Minist\u00e9rio P\u00fablico \u2013 Constitui\u00e7\u00e3o do Estado do Paran\u00e1 \u2013 Organiza\u00e7\u00e3o do Minist\u00e9rio P\u00fablico de Contas do Estado do Paran\u00e1 \u2013 Lei Org\u00e2nica do Minist\u00e9rio P\u00fablico do Estado do [&hellip;]","og_url":"https:\/\/www.mpc.pr.gov.br\/index.php\/conselho-superior\/","og_site_name":"Minist\u00e9rio P\u00fablico de Contas do Estado do Paran\u00e1","article_publisher":"https:\/\/www.facebook.com\/mpc.pr","article_modified_time":"2026-04-22T17:02:01+00:00","twitter_card":"summary_large_image","twitter_misc":{"Est. tempo de leitura":"5 minutos"},"schema":{"@context":"https:\/\/schema.org","@graph":[{"@type":"WebPage","@id":"https:\/\/www.mpc.pr.gov.br\/index.php\/conselho-superior\/","url":"https:\/\/www.mpc.pr.gov.br\/index.php\/conselho-superior\/","name":"Conselho Superior - Minist\u00e9rio P\u00fablico de Contas do Estado do Paran\u00e1","isPartOf":{"@id":"https:\/\/www.mpc.pr.gov.br\/#website"},"datePublished":"2020-06-12T19:42:45+00:00","dateModified":"2026-04-22T17:02:01+00:00","breadcrumb":{"@id":"https:\/\/www.mpc.pr.gov.br\/index.php\/conselho-superior\/#breadcrumb"},"inLanguage":"pt-BR","potentialAction":[{"@type":"ReadAction","target":["https:\/\/www.mpc.pr.gov.br\/index.php\/conselho-superior\/"]}]},{"@type":"BreadcrumbList","@id":"https:\/\/www.mpc.pr.gov.br\/index.php\/conselho-superior\/#breadcrumb","itemListElement":[{"@type":"ListItem","position":1,"name":"In\u00edcio","item":"https:\/\/www.mpc.pr.gov.br\/"},{"@type":"ListItem","position":2,"name":"Conselho Superior"}]},{"@type":"WebSite","@id":"https:\/\/www.mpc.pr.gov.br\/#website","url":"https:\/\/www.mpc.pr.gov.br\/","name":"Minist\u00e9rio P\u00fablico de Contas do Estado do Paran\u00e1","description":"","publisher":{"@id":"https:\/\/www.mpc.pr.gov.br\/#organization"},"potentialAction":[{"@type":"SearchAction","target":{"@type":"EntryPoint","urlTemplate":"https:\/\/www.mpc.pr.gov.br\/?s={search_term_string}"},"query-input":{"@type":"PropertyValueSpecification","valueRequired":true,"valueName":"search_term_string"}}],"inLanguage":"pt-BR"},{"@type":"Organization","@id":"https:\/\/www.mpc.pr.gov.br\/#organization","name":"Minist\u00e9rio P\u00fablico de Contas do Estado do Paran\u00e1","url":"https:\/\/www.mpc.pr.gov.br\/","logo":{"@type":"ImageObject","inLanguage":"pt-BR","@id":"https:\/\/www.mpc.pr.gov.br\/#\/schema\/logo\/image\/","url":"https:\/\/www.mpc.pr.gov.br\/wp-content\/uploads\/2020\/06\/99423647_1593460364143890_6706793420720963584_n-1-e1591387983167.png","contentUrl":"https:\/\/www.mpc.pr.gov.br\/wp-content\/uploads\/2020\/06\/99423647_1593460364143890_6706793420720963584_n-1-e1591387983167.png","width":243,"height":73,"caption":"Minist\u00e9rio P\u00fablico de Contas do Estado do Paran\u00e1"},"image":{"@id":"https:\/\/www.mpc.pr.gov.br\/#\/schema\/logo\/image\/"},"sameAs":["https:\/\/www.facebook.com\/mpc.pr","https:\/\/www.instagram.com\/mpc.pr\/?hl=pt-br","https:\/\/www.youtube.com\/channel\/UCHri5oEM8DV0ztX57E0sBSw"]}]}},"rttpg_featured_image_url":null,"rttpg_author":{"display_name":"mpcontaspr","author_link":"https:\/\/www.mpc.pr.gov.br\/index.php\/author\/mpcontaspr\/"},"rttpg_comment":0,"rttpg_category":null,"rttpg_excerpt":"Institucional Hist\u00f3rico Legisla\u00e7\u00e3o As legisla\u00e7\u00f5es que regem o Minist\u00e9rio P\u00fablico de Contas s\u00e3o: \u2013 Constitui\u00e7\u00e3o da Rep\u00fablica Federativa do Brasil de 1988 \u2013 Lei Org\u00e2nica Nacional do Minist\u00e9rio P\u00fablico \u2013 Constitui\u00e7\u00e3o do Estado do Paran\u00e1 \u2013 Organiza\u00e7\u00e3o do Minist\u00e9rio P\u00fablico de Contas do Estado do Paran\u00e1 \u2013 Lei Org\u00e2nica do Minist\u00e9rio P\u00fablico do Estado do&hellip;","_links":{"self":[{"href":"https:\/\/www.mpc.pr.gov.br\/index.php\/wp-json\/wp\/v2\/pages\/387","targetHints":{"allow":["GET"]}}],"collection":[{"href":"https:\/\/www.mpc.pr.gov.br\/index.php\/wp-json\/wp\/v2\/pages"}],"about":[{"href":"https:\/\/www.mpc.pr.gov.br\/index.php\/wp-json\/wp\/v2\/types\/page"}],"author":[{"embeddable":true,"href":"https:\/\/www.mpc.pr.gov.br\/index.php\/wp-json\/wp\/v2\/users\/1"}],"replies":[{"embeddable":true,"href":"https:\/\/www.mpc.pr.gov.br\/index.php\/wp-json\/wp\/v2\/comments?post=387"}],"version-history":[{"count":59,"href":"https:\/\/www.mpc.pr.gov.br\/index.php\/wp-json\/wp\/v2\/pages\/387\/revisions"}],"predecessor-version":[{"id":25678,"href":"https:\/\/www.mpc.pr.gov.br\/index.php\/wp-json\/wp\/v2\/pages\/387\/revisions\/25678"}],"wp:attachment":[{"href":"https:\/\/www.mpc.pr.gov.br\/index.php\/wp-json\/wp\/v2\/media?parent=387"}],"curies":[{"name":"wp","href":"https:\/\/api.w.org\/{rel}","templated":true}]}}