{"id":637,"date":"2020-06-15T15:36:04","date_gmt":"2020-06-15T18:36:04","guid":{"rendered":"http:\/\/www.mpc.pr.gov.br\/?page_id=637"},"modified":"2024-10-25T09:50:16","modified_gmt":"2024-10-25T12:50:16","slug":"atos-de-designacao","status":"publish","type":"page","link":"https:\/\/www.mpc.pr.gov.br\/index.php\/atos-de-designacao\/","title":{"rendered":"Atos de Designa\u00e7\u00e3o"},"content":{"rendered":"\t\t<div data-elementor-type=\"wp-page\" data-elementor-id=\"637\" class=\"elementor elementor-637\">\n\t\t\t\t\t\t<section class=\"elementor-section elementor-top-section elementor-element elementor-element-75be0929 elementor-section-height-min-height elementor-section-boxed elementor-section-height-default elementor-section-items-middle\" data-id=\"75be0929\" data-element_type=\"section\" data-e-type=\"section\" data-settings=\"{&quot;shape_divider_top&quot;:&quot;opacity-tilt&quot;}\">\n\t\t\t\t\t<div class=\"elementor-shape elementor-shape-top\" aria-hidden=\"true\" data-negative=\"false\">\n\t\t\t<svg xmlns=\"http:\/\/www.w3.org\/2000\/svg\" viewBox=\"0 0 2600 131.1\" preserveAspectRatio=\"none\">\n\t<path class=\"elementor-shape-fill\" d=\"M0 0L2600 0 2600 69.1 0 0z\"\/>\n\t<path class=\"elementor-shape-fill\" style=\"opacity:0.5\" d=\"M0 0L2600 0 2600 69.1 0 69.1z\"\/>\n\t<path class=\"elementor-shape-fill\" style=\"opacity:0.25\" d=\"M2600 0L0 0 0 130.1 2600 69.1z\"\/>\n<\/svg>\t\t<\/div>\n\t\t\t\t\t<div class=\"elementor-container elementor-column-gap-default\">\n\t\t\t\t\t\t<\/div>\n\t\t<\/section>\n\t\t\t\t<section class=\"elementor-section elementor-inner-section elementor-element elementor-element-61b3526 elementor-section-boxed elementor-section-height-default elementor-section-height-default\" data-id=\"61b3526\" data-element_type=\"section\" data-e-type=\"section\">\n\t\t\t\t\t\t<div class=\"elementor-container elementor-column-gap-wide\">\n\t\t\t\t\t<div class=\"elementor-column elementor-col-50 elementor-inner-column elementor-element elementor-element-886916e\" data-id=\"886916e\" data-element_type=\"column\" data-e-type=\"column\" data-settings=\"{&quot;background_background&quot;:&quot;classic&quot;}\">\n\t\t\t<div class=\"elementor-widget-wrap elementor-element-populated\">\n\t\t\t\t\t\t<div class=\"elementor-element elementor-element-63f58a6 elementor-widget elementor-widget-heading\" data-id=\"63f58a6\" data-element_type=\"widget\" data-e-type=\"widget\" data-widget_type=\"heading.default\">\n\t\t\t\t<div class=\"elementor-widget-container\">\n\t\t\t\t\t<h2 class=\"elementor-heading-title elementor-size-default\">Institucional<\/h2>\t\t\t\t<\/div>\n\t\t\t\t<\/div>\n\t\t\t\t<div class=\"elementor-element elementor-element-71cad93 elementor-align-justify elementor-widget elementor-widget-button\" data-id=\"71cad93\" data-element_type=\"widget\" data-e-type=\"widget\" data-widget_type=\"button.default\">\n\t\t\t\t<div class=\"elementor-widget-container\">\n\t\t\t\t\t\t\t\t\t<div class=\"elementor-button-wrapper\">\n\t\t\t\t\t<a class=\"elementor-button elementor-button-link elementor-size-sm\" href=\"http:\/\/www.mpc.pr.gov.br\/index.php\/historico\/\">\n\t\t\t\t\t\t<span class=\"elementor-button-content-wrapper\">\n\t\t\t\t\t\t\t\t\t<span class=\"elementor-button-text\">Hist\u00f3rico<\/span>\n\t\t\t\t\t<\/span>\n\t\t\t\t\t<\/a>\n\t\t\t\t<\/div>\n\t\t\t\t\t\t\t\t<\/div>\n\t\t\t\t<\/div>\n\t\t\t\t<div class=\"elementor-element elementor-element-662c9fb elementor-widget elementor-widget-n-accordion\" data-id=\"662c9fb\" data-element_type=\"widget\" data-e-type=\"widget\" data-settings=\"{&quot;default_state&quot;:&quot;all_collapsed&quot;,&quot;max_items_expended&quot;:&quot;one&quot;,&quot;n_accordion_animation_duration&quot;:{&quot;unit&quot;:&quot;ms&quot;,&quot;size&quot;:400,&quot;sizes&quot;:[]}}\" data-widget_type=\"nested-accordion.default\">\n\t\t\t\t<div class=\"elementor-widget-container\">\n\t\t\t\t\t\t\t<div class=\"e-n-accordion\" aria-label=\"Accordion. Open links with Enter or Space, close with Escape, and navigate with Arrow Keys\">\n\t\t\t\t\t\t<details id=\"e-n-accordion-item-1070\" class=\"e-n-accordion-item\" >\n\t\t\t\t<summary class=\"e-n-accordion-item-title\" data-accordion-index=\"1\" tabindex=\"0\" aria-expanded=\"false\" aria-controls=\"e-n-accordion-item-1070\" >\n\t\t\t\t\t<span class='e-n-accordion-item-title-header'><div class=\"e-n-accordion-item-title-text\"> Legisla\u00e7\u00e3o <\/div><\/span>\n\t\t\t\t\t\t\t<span class='e-n-accordion-item-title-icon'>\n\t\t\t<span class='e-opened' ><i aria-hidden=\"true\" class=\"fas fa-minus\"><\/i><\/span>\n\t\t\t<span class='e-closed'><i aria-hidden=\"true\" class=\"fas fa-chevron-down\"><\/i><\/span>\n\t\t<\/span>\n\n\t\t\t\t\t\t<\/summary>\n\t\t\t\t<div role=\"region\" aria-labelledby=\"e-n-accordion-item-1070\" class=\"elementor-element elementor-element-a72ef1c e-con-full e-flex e-con e-child\" data-id=\"a72ef1c\" data-element_type=\"container\" data-e-type=\"container\">\n\t\t\t\t<div class=\"elementor-element elementor-element-bb80c2f elementor-widget elementor-widget-text-editor\" data-id=\"bb80c2f\" data-element_type=\"widget\" data-e-type=\"widget\" data-widget_type=\"text-editor.default\">\n\t\t\t\t<div class=\"elementor-widget-container\">\n\t\t\t\t\t\t\t\t\t<p><strong>As legisla\u00e7\u00f5es que regem o Minist\u00e9rio P\u00fablico de Contas s\u00e3o:<\/strong><\/p><p><em>\u2013<\/em> <a href=\"http:\/\/www.planalto.gov.br\/ccivil_03\/constituicao\/constituicao.htm\">Constitui\u00e7\u00e3o da Rep\u00fablica Federativa do Brasil de 1988<\/a><\/p><p><em>\u2013 <\/em><a href=\"http:\/\/www.planalto.gov.br\/ccivil_03\/leis\/l8625.htm\">Lei Org\u00e2nica Nacional do Minist\u00e9rio P\u00fablico <\/a><\/p><p><em>\u2013 <\/em><a href=\"https:\/\/www.legislacao.pr.gov.br\/legislacao\/listarAtosAno.do?action=iniciarProcesso&amp;tipoAto=10&amp;orgaoUnidade=1100&amp;retiraLista=true&amp;site=1\">Constitui\u00e7\u00e3o do Estado do Paran\u00e1<\/a><\/p><p><em>\u2013 <\/em><a href=\"http:\/\/www.mpc.pr.gov.br\/wp-content\/uploads\/2020\/06\/LEGISLA\u00c7\u00c3O-Organiza\u00e7\u00e3o-do-Minist\u00e9rio-P\u00fablico-de-Contas-do-Estado-do-Paran\u00e1.pdf\">Organiza\u00e7\u00e3o do Minist\u00e9rio P\u00fablico de Contas do Estado do Paran\u00e1<\/a><\/p><p><em>\u2013 <\/em><a href=\"https:\/\/www.legislacao.pr.gov.br\/legislacao\/pesquisarAto.do?action=exibir&amp;codAto=8042&amp;indice=1&amp;totalRegistros=1\">Lei Org\u00e2nica do Minist\u00e9rio P\u00fablico do Estado do Paran\u00e1<\/a><\/p><p><em>\u2013 <\/em><a href=\"https:\/\/www.legislacao.pr.gov.br\/legislacao\/pesquisarAto.do?action=exibir&amp;codAto=7482&amp;indice=1&amp;totalRegistros=3\">Lei Org\u00e2nica do Tribunal de Contas do Estado do Paran\u00e1<\/a><\/p>\t\t\t\t\t\t\t\t<\/div>\n\t\t\t\t<\/div>\n\t\t\t\t<\/div>\n\t\t\t\t\t<\/details>\n\t\t\t\t\t<\/div>\n\t\t\t\t\t\t<\/div>\n\t\t\t\t<\/div>\n\t\t\t\t<div class=\"elementor-element elementor-element-aaf4aad elementor-widget elementor-widget-n-accordion\" data-id=\"aaf4aad\" data-element_type=\"widget\" data-e-type=\"widget\" data-settings=\"{&quot;default_state&quot;:&quot;all_collapsed&quot;,&quot;max_items_expended&quot;:&quot;one&quot;,&quot;n_accordion_animation_duration&quot;:{&quot;unit&quot;:&quot;ms&quot;,&quot;size&quot;:400,&quot;sizes&quot;:[]}}\" data-widget_type=\"nested-accordion.default\">\n\t\t\t\t<div class=\"elementor-widget-container\">\n\t\t\t\t\t\t\t<div class=\"e-n-accordion\" aria-label=\"Accordion. Open links with Enter or Space, close with Escape, and navigate with Arrow Keys\">\n\t\t\t\t\t\t<details id=\"e-n-accordion-item-1790\" class=\"e-n-accordion-item\" >\n\t\t\t\t<summary class=\"e-n-accordion-item-title\" data-accordion-index=\"1\" tabindex=\"0\" aria-expanded=\"false\" aria-controls=\"e-n-accordion-item-1790\" >\n\t\t\t\t\t<span class='e-n-accordion-item-title-header'><div class=\"e-n-accordion-item-title-text\"> Estrutura Organizacional <\/div><\/span>\n\t\t\t\t\t\t\t<span class='e-n-accordion-item-title-icon'>\n\t\t\t<span class='e-opened' ><i aria-hidden=\"true\" class=\"fas fa-minus\"><\/i><\/span>\n\t\t\t<span class='e-closed'><i aria-hidden=\"true\" class=\"fas fa-chevron-down\"><\/i><\/span>\n\t\t<\/span>\n\n\t\t\t\t\t\t<\/summary>\n\t\t\t\t<div role=\"region\" aria-labelledby=\"e-n-accordion-item-1790\" class=\"elementor-element elementor-element-54c6fec e-con-full e-flex e-con e-child\" data-id=\"54c6fec\" data-element_type=\"container\" data-e-type=\"container\">\n\t\t\t\t<div class=\"elementor-element elementor-element-b4d7d69 elementor-widget elementor-widget-text-editor\" data-id=\"b4d7d69\" data-element_type=\"widget\" data-e-type=\"widget\" data-widget_type=\"text-editor.default\">\n\t\t\t\t<div class=\"elementor-widget-container\">\n\t\t\t\t\t\t\t\t\t<p><em>\u2013 <\/em><a href=\"https:\/\/www.mpc.pr.gov.br\/wp-content\/uploads\/2024\/10\/Organograma-MPC-PR-2024.png\">Organograma<\/a><\/p><p><em>\u2013 <\/em><a href=\"http:\/\/www.mpc.pr.gov.br\/index.php\/colegio-de-procuradores\/\">Col\u00e9gio de Procuradores<\/a><\/p><p><em>\u2013 <\/em><a href=\"http:\/\/www.mpc.pr.gov.br\/index.php\/conselho-superior\/\">Conselho Superior<\/a><\/p><p><em>\u2013 <\/em><a href=\"http:\/\/www.mpc.pr.gov.br\/index.php\/procuradoria-geral\/\">Procuradoria-Geral<\/a><\/p><p><em>\u2013 <\/em><a href=\"http:\/\/www.mpc.pr.gov.br\/index.php\/procuradorias\/\">Procuradorias<\/a><\/p><p><em>\u2013 <\/em><a href=\"http:\/\/www.mpc.pr.gov.br\/index.php\/secretaria-do-ministerio-publico-de-contas\/\">Secretaria do Minist\u00e9rio P\u00fablico de Contas<\/a><\/p>\t\t\t\t\t\t\t\t<\/div>\n\t\t\t\t<\/div>\n\t\t\t\t<\/div>\n\t\t\t\t\t<\/details>\n\t\t\t\t\t<\/div>\n\t\t\t\t\t\t<\/div>\n\t\t\t\t<\/div>\n\t\t\t\t<div class=\"elementor-element elementor-element-9ac6e09 elementor-align-justify elementor-widget elementor-widget-button\" data-id=\"9ac6e09\" data-element_type=\"widget\" data-e-type=\"widget\" data-widget_type=\"button.default\">\n\t\t\t\t<div class=\"elementor-widget-container\">\n\t\t\t\t\t\t\t\t\t<div class=\"elementor-button-wrapper\">\n\t\t\t\t\t<a class=\"elementor-button elementor-button-link elementor-size-sm\" href=\"http:\/\/www.mpc.pr.gov.br\/index.php\/composicao\/\">\n\t\t\t\t\t\t<span class=\"elementor-button-content-wrapper\">\n\t\t\t\t\t\t\t\t\t<span class=\"elementor-button-text\">Composi\u00e7\u00e3o<\/span>\n\t\t\t\t\t<\/span>\n\t\t\t\t\t<\/a>\n\t\t\t\t<\/div>\n\t\t\t\t\t\t\t\t<\/div>\n\t\t\t\t<\/div>\n\t\t\t\t<div class=\"elementor-element elementor-element-758d46f elementor-align-justify elementor-widget elementor-widget-button\" data-id=\"758d46f\" data-element_type=\"widget\" data-e-type=\"widget\" data-widget_type=\"button.default\">\n\t\t\t\t<div class=\"elementor-widget-container\">\n\t\t\t\t\t\t\t\t\t<div class=\"elementor-button-wrapper\">\n\t\t\t\t\t<a class=\"elementor-button elementor-button-link elementor-size-sm\" href=\"http:\/\/www.mpc.pr.gov.br\/index.php\/galeria-de-ex-procuradores\/\">\n\t\t\t\t\t\t<span class=\"elementor-button-content-wrapper\">\n\t\t\t\t\t\t\t\t\t<span class=\"elementor-button-text\">Galeria de Ex-Procuradores<\/span>\n\t\t\t\t\t<\/span>\n\t\t\t\t\t<\/a>\n\t\t\t\t<\/div>\n\t\t\t\t\t\t\t\t<\/div>\n\t\t\t\t<\/div>\n\t\t\t\t<div class=\"elementor-element elementor-element-83f7aad elementor-widget elementor-widget-heading\" data-id=\"83f7aad\" data-element_type=\"widget\" data-e-type=\"widget\" data-widget_type=\"heading.default\">\n\t\t\t\t<div class=\"elementor-widget-container\">\n\t\t\t\t\t<h2 class=\"elementor-heading-title elementor-size-default\">Atos Normativos<\/h2>\t\t\t\t<\/div>\n\t\t\t\t<\/div>\n\t\t\t\t<div class=\"elementor-element elementor-element-39ca839 elementor-align-justify elementor-widget elementor-widget-button\" data-id=\"39ca839\" data-element_type=\"widget\" data-e-type=\"widget\" data-widget_type=\"button.default\">\n\t\t\t\t<div class=\"elementor-widget-container\">\n\t\t\t\t\t\t\t\t\t<div class=\"elementor-button-wrapper\">\n\t\t\t\t\t<a class=\"elementor-button elementor-button-link elementor-size-sm\" href=\"https:\/\/www.mpc.pr.gov.br\/index.php\/regimento-interno\/\">\n\t\t\t\t\t\t<span class=\"elementor-button-content-wrapper\">\n\t\t\t\t\t\t\t\t\t<span class=\"elementor-button-text\">Regimento Interno<\/span>\n\t\t\t\t\t<\/span>\n\t\t\t\t\t<\/a>\n\t\t\t\t<\/div>\n\t\t\t\t\t\t\t\t<\/div>\n\t\t\t\t<\/div>\n\t\t\t\t<div class=\"elementor-element elementor-element-a78fde3 elementor-align-justify elementor-widget elementor-widget-button\" data-id=\"a78fde3\" data-element_type=\"widget\" data-e-type=\"widget\" data-widget_type=\"button.default\">\n\t\t\t\t<div class=\"elementor-widget-container\">\n\t\t\t\t\t\t\t\t\t<div class=\"elementor-button-wrapper\">\n\t\t\t\t\t<a class=\"elementor-button elementor-button-link elementor-size-sm\" href=\"http:\/\/www.mpc.pr.gov.br\/index.php\/resolucoes\/\">\n\t\t\t\t\t\t<span class=\"elementor-button-content-wrapper\">\n\t\t\t\t\t\t\t\t\t<span class=\"elementor-button-text\">Resolu\u00e7\u00f5es<\/span>\n\t\t\t\t\t<\/span>\n\t\t\t\t\t<\/a>\n\t\t\t\t<\/div>\n\t\t\t\t\t\t\t\t<\/div>\n\t\t\t\t<\/div>\n\t\t\t\t<div class=\"elementor-element elementor-element-a6d6fc7 elementor-align-justify elementor-widget elementor-widget-button\" data-id=\"a6d6fc7\" data-element_type=\"widget\" data-e-type=\"widget\" data-widget_type=\"button.default\">\n\t\t\t\t<div class=\"elementor-widget-container\">\n\t\t\t\t\t\t\t\t\t<div class=\"elementor-button-wrapper\">\n\t\t\t\t\t<a class=\"elementor-button elementor-button-link elementor-size-sm\" href=\"http:\/\/www.mpc.pr.gov.br\/index.php\/instrucoes-de-servico\/\">\n\t\t\t\t\t\t<span class=\"elementor-button-content-wrapper\">\n\t\t\t\t\t\t\t\t\t<span class=\"elementor-button-text\">Instru\u00e7\u00f5es de Servi\u00e7o<\/span>\n\t\t\t\t\t<\/span>\n\t\t\t\t\t<\/a>\n\t\t\t\t<\/div>\n\t\t\t\t\t\t\t\t<\/div>\n\t\t\t\t<\/div>\n\t\t\t\t<div class=\"elementor-element elementor-element-14ccca2 elementor-align-justify elementor-widget elementor-widget-button\" data-id=\"14ccca2\" data-element_type=\"widget\" data-e-type=\"widget\" data-widget_type=\"button.default\">\n\t\t\t\t<div class=\"elementor-widget-container\">\n\t\t\t\t\t\t\t\t\t<div class=\"elementor-button-wrapper\">\n\t\t\t\t\t<a class=\"elementor-button elementor-button-link elementor-size-sm\" href=\"http:\/\/www.mpc.pr.gov.br\/index.php\/portarias\/\">\n\t\t\t\t\t\t<span class=\"elementor-button-content-wrapper\">\n\t\t\t\t\t\t\t\t\t<span class=\"elementor-button-text\">Portarias<\/span>\n\t\t\t\t\t<\/span>\n\t\t\t\t\t<\/a>\n\t\t\t\t<\/div>\n\t\t\t\t\t\t\t\t<\/div>\n\t\t\t\t<\/div>\n\t\t\t\t<div class=\"elementor-element elementor-element-e5bca4a elementor-align-justify elementor-widget elementor-widget-button\" data-id=\"e5bca4a\" data-element_type=\"widget\" data-e-type=\"widget\" data-widget_type=\"button.default\">\n\t\t\t\t<div class=\"elementor-widget-container\">\n\t\t\t\t\t\t\t\t\t<div class=\"elementor-button-wrapper\">\n\t\t\t\t\t<a class=\"elementor-button elementor-button-link elementor-size-sm\" href=\"http:\/\/www.mpc.pr.gov.br\/index.php\/atos-de-designacao\/\">\n\t\t\t\t\t\t<span class=\"elementor-button-content-wrapper\">\n\t\t\t\t\t\t\t\t\t<span class=\"elementor-button-text\">Atos de Designa\u00e7\u00e3o<\/span>\n\t\t\t\t\t<\/span>\n\t\t\t\t\t<\/a>\n\t\t\t\t<\/div>\n\t\t\t\t\t\t\t\t<\/div>\n\t\t\t\t<\/div>\n\t\t\t\t<div class=\"elementor-element elementor-element-95cc20c elementor-align-justify elementor-widget elementor-widget-button\" data-id=\"95cc20c\" data-element_type=\"widget\" data-e-type=\"widget\" data-widget_type=\"button.default\">\n\t\t\t\t<div class=\"elementor-widget-container\">\n\t\t\t\t\t\t\t\t\t<div class=\"elementor-button-wrapper\">\n\t\t\t\t\t<a class=\"elementor-button elementor-button-link elementor-size-sm\" href=\"http:\/\/www.mpc.pr.gov.br\/index.php\/atos-de-cooperacao\/\">\n\t\t\t\t\t\t<span class=\"elementor-button-content-wrapper\">\n\t\t\t\t\t\t\t\t\t<span class=\"elementor-button-text\">Atos de Coopera\u00e7\u00e3o<\/span>\n\t\t\t\t\t<\/span>\n\t\t\t\t\t<\/a>\n\t\t\t\t<\/div>\n\t\t\t\t\t\t\t\t<\/div>\n\t\t\t\t<\/div>\n\t\t\t\t\t<\/div>\n\t\t<\/div>\n\t\t\t\t<div class=\"elementor-column elementor-col-50 elementor-inner-column elementor-element elementor-element-5f19b13\" data-id=\"5f19b13\" data-element_type=\"column\" data-e-type=\"column\">\n\t\t\t<div class=\"elementor-widget-wrap elementor-element-populated\">\n\t\t\t\t\t\t<div class=\"elementor-element elementor-element-dea8b60 elementor-widget elementor-widget-heading\" data-id=\"dea8b60\" data-element_type=\"widget\" data-e-type=\"widget\" data-widget_type=\"heading.default\">\n\t\t\t\t<div class=\"elementor-widget-container\">\n\t\t\t\t\t<h2 class=\"elementor-heading-title elementor-size-default\">Atos de Designa\u00e7\u00e3o<\/h2>\t\t\t\t<\/div>\n\t\t\t\t<\/div>\n\t\t\t\t<div class=\"elementor-element elementor-element-4ee64a9 elementor-widget elementor-widget-text-editor\" data-id=\"4ee64a9\" data-element_type=\"widget\" data-e-type=\"widget\" data-widget_type=\"text-editor.default\">\n\t\t\t\t<div class=\"elementor-widget-container\">\n\t\t\t\t\t\t\t\t\t<p>Os\u00a0Atos de Designa\u00e7\u00e3o do Minist\u00e9rio P\u00fablico de Contas s\u00e3o expedidos pela sua Procuradoria-Geral, a fim de designar membros e servidores para determinadas atribui\u00e7\u00f5es.<\/p>\t\t\t\t\t\t\t\t<\/div>\n\t\t\t\t<\/div>\n\t\t\t\t<div class=\"elementor-element elementor-element-3566986 elementor-widget elementor-widget-eael-advanced-data-table\" data-id=\"3566986\" data-element_type=\"widget\" data-e-type=\"widget\" data-widget_type=\"eael-advanced-data-table.default\">\n\t\t\t\t<div class=\"elementor-widget-container\">\n\t\t\t\t\t<div class=\"ea-advanced-data-table-wrap\" data-id=\"3566986\"><div class=\"ea-advanced-data-table-search-wrap ea-advanced-data-table-search-right\"><input type=\"search\" placeholder=\"Search\" class=\"ea-advanced-data-table-search\"><\/div><div class=\"ea-advanced-data-table-wrap-inner\">\n                <table class=\"ea-advanced-data-table ea-advanced-data-table-static ea-advanced-data-table-3566986 ea-advanced-data-table-sortable ea-advanced-data-table-paginated ea-advanced-data-table-searchable\" data-id=\"3566986\" data-items-per-page=\"10\"><thead><tr><th style=\"width: 42px\"><p>N\u00daMERO<\/p><\/th><th style=\"width: 56px\"><p>DATA DE PUBLICA\u00c7\u00c3O<\/p><\/th><th style=\"width: 711px\"><p>EMENTA<\/p><\/th><th><p>VISUALIZAR<\/p><\/th><\/tr><\/thead><tbody><tr><td><p>1.2024<\/p><\/td><td><p>7.6.2024<\/p><\/td><td><p>Designa como substituto para atuar \u00e0 frente do MPC\/PR, durante o per\u00edodo de 10 de junho de 2024 a 05 de julho de 2024, o Procurador de Contas Fl\u00e1vio de Azambuja Berti.<\/p><\/td><td><p><a href=\"https:\/\/www.mpc.pr.gov.br\/wp-content\/uploads\/2024\/06\/Ato-de-Designacao-1.2024.pdf\" target=\"_blank\">Visualizar<\/a><\/p><\/td><\/tr><tr><td><p>1.2021<\/p><\/td><td><p>10.2.2021<\/p><\/td><td><p>Designa, excepcionalmente, pelo prazo de 1 (um) ano, a contar da publica\u00e7\u00e3o, o titular da 4\u00aa Procuradoria de Contas para atuar nos processos de atos sujeitos a registro provenientes do munic\u00edpio de Paranagu\u00e1, abrangendo a regular manifesta\u00e7\u00e3o, a ci\u00eancia de eventual decis\u00e3o j\u00e1 prolatada, o exame do interesse recursal, a interposi\u00e7\u00e3o dos recursos e o manejo das medidas impugnat\u00f3rias que entender necess\u00e1rias.&nbsp;<\/p><\/td><td><p><a href=\"http:\/\/www.mpc.pr.gov.br\/wp-content\/uploads\/2021\/02\/Ato-de-Designacao-01-2021.pdf\" target=\"_blank\">Visualizar<\/a><\/p><\/td><\/tr><tr><td><p>3.2019<\/p><\/td><td><p>8.7.2019<\/p><\/td><td><p>Designa como substituto para atuar \u00e0 frente do MPC\/PR at\u00e9 o dia 22\/julho\/2019 o Procurador Gabriel Guy L\u00e9ger.<\/p><\/td><td><p><a href=\"http:\/\/www.mpc.pr.gov.br\/wp-content\/uploads\/2020\/07\/ato-designa\u00e7\u00e3o-03-2019.pdf\" target=\"_blank\">Visualizar<\/a><\/p><\/td><\/tr><tr><td><p>2.2019<\/p><\/td><td><p>8.5.2019<\/p><\/td><td><p>Designa como substituto para atuar \u00e0 frente do MPC\/PR at\u00e9 o dia 17\/maio\/2019 o Procurador Gabriel Guy L\u00e9ger.<\/p><\/td><td><p><a href=\"http:\/\/www.mpc.pr.gov.br\/wp-content\/uploads\/2020\/07\/ato-designa\u00e7\u00e3o-02-2019.pdf\" target=\"_blank\">Visualizar<\/a><\/p><\/td><\/tr><tr><td><p>1.2019<\/p><\/td><td><p>7.3.2019<\/p><\/td><td><p>Designa membros do MPC\/PR para representar a institui\u00e7\u00e3o junto a Rede de Controle da Gest\u00e3o P\u00fablica do Paran\u00e1 para as reuni\u00f5es e encontros do ano de 2019.<\/p><\/td><td><p><a href=\"http:\/\/www.mpc.pr.gov.br\/wp-content\/uploads\/2020\/07\/ato-designa\u00e7\u00e3o-01-2019.pdf\" target=\"_blank\">Visualizar<\/a><\/p><\/td><\/tr><tr><td><p>5.2018<\/p><\/td><td><p>18.10.2018<\/p><\/td><td><p><strong>Retifica o Ato n\u00ba 4\/2018.<\/strong> Desinga o Procurador Gabriel Guy L\u00e9ger como Procurador-Geral Substituto nos per\u00edodos de 15\/10\/2018 a 23\/10\/2018 em face do afastamento legal do titular da pasta.<\/p><\/td><td><p><a href=\"http:\/\/www.mpc.pr.gov.br\/wp-content\/uploads\/2020\/07\/ATO-05-2018-RETIFICA\u00c7\u00c3O-ato-04.pdf\" target=\"_blank\">Visualizar<\/a><\/p><\/td><\/tr><tr><td><p>3.2018<\/p><\/td><td><p>5.7.2018<\/p><\/td><td><p>Designar o Procurador Gabriel Guy L\u00e9ger como Procurador-Geral Substituto nos per\u00edodos de 09\/07\/2018 a 22\/07\/2018 em face de f\u00e9rias do titular signat\u00e1rio.<\/p><\/td><td><p><a href=\"http:\/\/www.mpc.pr.gov.br\/wp-content\/uploads\/2020\/07\/ato-designa\u00e7\u00e3o-03-2018.pdf\" target=\"_blank\">Visualizar<\/a><\/p><\/td><\/tr><tr><td><p>2.2018<\/p><\/td><td><p>11.4.2028<\/p><\/td><td><p>Designar o Procurador Gabriel Guy L\u00e9ger como Procurador-Geral Substituto nos per\u00edodos de 09\/12\/2017 a 17\/12\/2017 e de 05\/02\/2018 a 17\/02\/2018.<\/p><\/td><td><p><a href=\"http:\/\/www.mpc.pr.gov.br\/wp-content\/uploads\/2020\/07\/ato-designa\u00e7\u00e3o-02-2018.pdf\" target=\"_blank\">Visualizar<\/a><\/p><\/td><\/tr><\/tbody><\/table>\n            <\/div><div class=\"ea-advanced-data-table-pagination ea-advanced-data-table-pagination-button clearfix\"><\/div><\/div>\t\t\t\t<\/div>\n\t\t\t\t<\/div>\n\t\t\t\t\t<\/div>\n\t\t<\/div>\n\t\t\t\t\t<\/div>\n\t\t<\/section>\n\t\t\t\t<\/div>\n\t\t","protected":false},"excerpt":{"rendered":"<p>Institucional Hist\u00f3rico Legisla\u00e7\u00e3o As legisla\u00e7\u00f5es que regem o Minist\u00e9rio P\u00fablico de Contas s\u00e3o: \u2013 Constitui\u00e7\u00e3o da Rep\u00fablica Federativa do Brasil de 1988 \u2013 Lei Org\u00e2nica Nacional do Minist\u00e9rio P\u00fablico \u2013 Constitui\u00e7\u00e3o do Estado do Paran\u00e1 \u2013 Organiza\u00e7\u00e3o do Minist\u00e9rio P\u00fablico de Contas do Estado do Paran\u00e1 \u2013 Lei Org\u00e2nica do Minist\u00e9rio P\u00fablico do Estado do [&hellip;]<\/p>\n","protected":false},"author":1,"featured_media":0,"parent":0,"menu_order":0,"comment_status":"closed","ping_status":"closed","template":"elementor_header_footer","meta":{"_monsterinsights_skip_tracking":false,"_monsterinsights_sitenote_active":false,"_monsterinsights_sitenote_note":"","_monsterinsights_sitenote_category":0,"footnotes":""},"class_list":["post-637","page","type-page","status-publish","hentry","entry"],"yoast_head":"<!-- This site is optimized with the Yoast SEO plugin v27.3 - https:\/\/yoast.com\/product\/yoast-seo-wordpress\/ -->\n<title>Atos de Designa\u00e7\u00e3o - Minist\u00e9rio P\u00fablico de Contas do Estado do Paran\u00e1<\/title>\n<meta name=\"robots\" content=\"index, follow, max-snippet:-1, max-image-preview:large, max-video-preview:-1\" \/>\n<link rel=\"canonical\" href=\"https:\/\/www.mpc.pr.gov.br\/index.php\/atos-de-designacao\/\" \/>\n<meta property=\"og:locale\" content=\"pt_BR\" \/>\n<meta property=\"og:type\" content=\"article\" \/>\n<meta property=\"og:title\" content=\"Atos de Designa\u00e7\u00e3o - Minist\u00e9rio P\u00fablico de Contas do Estado do Paran\u00e1\" \/>\n<meta property=\"og:description\" content=\"Institucional Hist\u00f3rico Legisla\u00e7\u00e3o As legisla\u00e7\u00f5es que regem o Minist\u00e9rio P\u00fablico de Contas s\u00e3o: \u2013 Constitui\u00e7\u00e3o da Rep\u00fablica Federativa do Brasil de 1988 \u2013 Lei Org\u00e2nica Nacional do Minist\u00e9rio P\u00fablico \u2013 Constitui\u00e7\u00e3o do Estado do Paran\u00e1 \u2013 Organiza\u00e7\u00e3o do Minist\u00e9rio P\u00fablico de Contas do Estado do Paran\u00e1 \u2013 Lei Org\u00e2nica do Minist\u00e9rio P\u00fablico do Estado do [&hellip;]\" \/>\n<meta property=\"og:url\" content=\"https:\/\/www.mpc.pr.gov.br\/index.php\/atos-de-designacao\/\" \/>\n<meta property=\"og:site_name\" content=\"Minist\u00e9rio P\u00fablico de Contas do Estado do Paran\u00e1\" \/>\n<meta property=\"article:publisher\" content=\"https:\/\/www.facebook.com\/mpc.pr\" \/>\n<meta property=\"article:modified_time\" content=\"2024-10-25T12:50:16+00:00\" \/>\n<meta name=\"twitter:card\" content=\"summary_large_image\" \/>\n<meta name=\"twitter:label1\" content=\"Est. tempo de leitura\" \/>\n\t<meta name=\"twitter:data1\" content=\"3 minutos\" \/>\n<script type=\"application\/ld+json\" class=\"yoast-schema-graph\">{\"@context\":\"https:\\\/\\\/schema.org\",\"@graph\":[{\"@type\":\"WebPage\",\"@id\":\"https:\\\/\\\/www.mpc.pr.gov.br\\\/index.php\\\/atos-de-designacao\\\/\",\"url\":\"https:\\\/\\\/www.mpc.pr.gov.br\\\/index.php\\\/atos-de-designacao\\\/\",\"name\":\"Atos de Designa\u00e7\u00e3o - Minist\u00e9rio P\u00fablico de Contas do Estado do Paran\u00e1\",\"isPartOf\":{\"@id\":\"https:\\\/\\\/www.mpc.pr.gov.br\\\/#website\"},\"datePublished\":\"2020-06-15T18:36:04+00:00\",\"dateModified\":\"2024-10-25T12:50:16+00:00\",\"breadcrumb\":{\"@id\":\"https:\\\/\\\/www.mpc.pr.gov.br\\\/index.php\\\/atos-de-designacao\\\/#breadcrumb\"},\"inLanguage\":\"pt-BR\",\"potentialAction\":[{\"@type\":\"ReadAction\",\"target\":[\"https:\\\/\\\/www.mpc.pr.gov.br\\\/index.php\\\/atos-de-designacao\\\/\"]}]},{\"@type\":\"BreadcrumbList\",\"@id\":\"https:\\\/\\\/www.mpc.pr.gov.br\\\/index.php\\\/atos-de-designacao\\\/#breadcrumb\",\"itemListElement\":[{\"@type\":\"ListItem\",\"position\":1,\"name\":\"In\u00edcio\",\"item\":\"https:\\\/\\\/www.mpc.pr.gov.br\\\/\"},{\"@type\":\"ListItem\",\"position\":2,\"name\":\"Atos de Designa\u00e7\u00e3o\"}]},{\"@type\":\"WebSite\",\"@id\":\"https:\\\/\\\/www.mpc.pr.gov.br\\\/#website\",\"url\":\"https:\\\/\\\/www.mpc.pr.gov.br\\\/\",\"name\":\"Minist\u00e9rio P\u00fablico de Contas do Estado do Paran\u00e1\",\"description\":\"\",\"publisher\":{\"@id\":\"https:\\\/\\\/www.mpc.pr.gov.br\\\/#organization\"},\"potentialAction\":[{\"@type\":\"SearchAction\",\"target\":{\"@type\":\"EntryPoint\",\"urlTemplate\":\"https:\\\/\\\/www.mpc.pr.gov.br\\\/?s={search_term_string}\"},\"query-input\":{\"@type\":\"PropertyValueSpecification\",\"valueRequired\":true,\"valueName\":\"search_term_string\"}}],\"inLanguage\":\"pt-BR\"},{\"@type\":\"Organization\",\"@id\":\"https:\\\/\\\/www.mpc.pr.gov.br\\\/#organization\",\"name\":\"Minist\u00e9rio P\u00fablico de Contas do Estado do Paran\u00e1\",\"url\":\"https:\\\/\\\/www.mpc.pr.gov.br\\\/\",\"logo\":{\"@type\":\"ImageObject\",\"inLanguage\":\"pt-BR\",\"@id\":\"https:\\\/\\\/www.mpc.pr.gov.br\\\/#\\\/schema\\\/logo\\\/image\\\/\",\"url\":\"https:\\\/\\\/www.mpc.pr.gov.br\\\/wp-content\\\/uploads\\\/2020\\\/06\\\/99423647_1593460364143890_6706793420720963584_n-1-e1591387983167.png\",\"contentUrl\":\"https:\\\/\\\/www.mpc.pr.gov.br\\\/wp-content\\\/uploads\\\/2020\\\/06\\\/99423647_1593460364143890_6706793420720963584_n-1-e1591387983167.png\",\"width\":243,\"height\":73,\"caption\":\"Minist\u00e9rio P\u00fablico de Contas do Estado do Paran\u00e1\"},\"image\":{\"@id\":\"https:\\\/\\\/www.mpc.pr.gov.br\\\/#\\\/schema\\\/logo\\\/image\\\/\"},\"sameAs\":[\"https:\\\/\\\/www.facebook.com\\\/mpc.pr\",\"https:\\\/\\\/www.instagram.com\\\/mpc.pr\\\/?hl=pt-br\",\"https:\\\/\\\/www.youtube.com\\\/channel\\\/UCHri5oEM8DV0ztX57E0sBSw\"]}]}<\/script>\n<!-- \/ Yoast SEO plugin. -->","yoast_head_json":{"title":"Atos de Designa\u00e7\u00e3o - Minist\u00e9rio P\u00fablico de Contas do Estado do Paran\u00e1","robots":{"index":"index","follow":"follow","max-snippet":"max-snippet:-1","max-image-preview":"max-image-preview:large","max-video-preview":"max-video-preview:-1"},"canonical":"https:\/\/www.mpc.pr.gov.br\/index.php\/atos-de-designacao\/","og_locale":"pt_BR","og_type":"article","og_title":"Atos de Designa\u00e7\u00e3o - Minist\u00e9rio P\u00fablico de Contas do Estado do Paran\u00e1","og_description":"Institucional Hist\u00f3rico Legisla\u00e7\u00e3o As legisla\u00e7\u00f5es que regem o Minist\u00e9rio P\u00fablico de Contas s\u00e3o: \u2013 Constitui\u00e7\u00e3o da Rep\u00fablica Federativa do Brasil de 1988 \u2013 Lei Org\u00e2nica Nacional do Minist\u00e9rio P\u00fablico \u2013 Constitui\u00e7\u00e3o do Estado do Paran\u00e1 \u2013 Organiza\u00e7\u00e3o do Minist\u00e9rio P\u00fablico de Contas do Estado do Paran\u00e1 \u2013 Lei Org\u00e2nica do Minist\u00e9rio P\u00fablico do Estado do [&hellip;]","og_url":"https:\/\/www.mpc.pr.gov.br\/index.php\/atos-de-designacao\/","og_site_name":"Minist\u00e9rio P\u00fablico de Contas do Estado do Paran\u00e1","article_publisher":"https:\/\/www.facebook.com\/mpc.pr","article_modified_time":"2024-10-25T12:50:16+00:00","twitter_card":"summary_large_image","twitter_misc":{"Est. tempo de leitura":"3 minutos"},"schema":{"@context":"https:\/\/schema.org","@graph":[{"@type":"WebPage","@id":"https:\/\/www.mpc.pr.gov.br\/index.php\/atos-de-designacao\/","url":"https:\/\/www.mpc.pr.gov.br\/index.php\/atos-de-designacao\/","name":"Atos de Designa\u00e7\u00e3o - Minist\u00e9rio P\u00fablico de Contas do Estado do Paran\u00e1","isPartOf":{"@id":"https:\/\/www.mpc.pr.gov.br\/#website"},"datePublished":"2020-06-15T18:36:04+00:00","dateModified":"2024-10-25T12:50:16+00:00","breadcrumb":{"@id":"https:\/\/www.mpc.pr.gov.br\/index.php\/atos-de-designacao\/#breadcrumb"},"inLanguage":"pt-BR","potentialAction":[{"@type":"ReadAction","target":["https:\/\/www.mpc.pr.gov.br\/index.php\/atos-de-designacao\/"]}]},{"@type":"BreadcrumbList","@id":"https:\/\/www.mpc.pr.gov.br\/index.php\/atos-de-designacao\/#breadcrumb","itemListElement":[{"@type":"ListItem","position":1,"name":"In\u00edcio","item":"https:\/\/www.mpc.pr.gov.br\/"},{"@type":"ListItem","position":2,"name":"Atos de Designa\u00e7\u00e3o"}]},{"@type":"WebSite","@id":"https:\/\/www.mpc.pr.gov.br\/#website","url":"https:\/\/www.mpc.pr.gov.br\/","name":"Minist\u00e9rio P\u00fablico de Contas do Estado do Paran\u00e1","description":"","publisher":{"@id":"https:\/\/www.mpc.pr.gov.br\/#organization"},"potentialAction":[{"@type":"SearchAction","target":{"@type":"EntryPoint","urlTemplate":"https:\/\/www.mpc.pr.gov.br\/?s={search_term_string}"},"query-input":{"@type":"PropertyValueSpecification","valueRequired":true,"valueName":"search_term_string"}}],"inLanguage":"pt-BR"},{"@type":"Organization","@id":"https:\/\/www.mpc.pr.gov.br\/#organization","name":"Minist\u00e9rio P\u00fablico de Contas do Estado do Paran\u00e1","url":"https:\/\/www.mpc.pr.gov.br\/","logo":{"@type":"ImageObject","inLanguage":"pt-BR","@id":"https:\/\/www.mpc.pr.gov.br\/#\/schema\/logo\/image\/","url":"https:\/\/www.mpc.pr.gov.br\/wp-content\/uploads\/2020\/06\/99423647_1593460364143890_6706793420720963584_n-1-e1591387983167.png","contentUrl":"https:\/\/www.mpc.pr.gov.br\/wp-content\/uploads\/2020\/06\/99423647_1593460364143890_6706793420720963584_n-1-e1591387983167.png","width":243,"height":73,"caption":"Minist\u00e9rio P\u00fablico de Contas do Estado do Paran\u00e1"},"image":{"@id":"https:\/\/www.mpc.pr.gov.br\/#\/schema\/logo\/image\/"},"sameAs":["https:\/\/www.facebook.com\/mpc.pr","https:\/\/www.instagram.com\/mpc.pr\/?hl=pt-br","https:\/\/www.youtube.com\/channel\/UCHri5oEM8DV0ztX57E0sBSw"]}]}},"rttpg_featured_image_url":null,"rttpg_author":{"display_name":"mpcontaspr","author_link":"https:\/\/www.mpc.pr.gov.br\/index.php\/author\/mpcontaspr\/"},"rttpg_comment":0,"rttpg_category":null,"rttpg_excerpt":"Institucional Hist\u00f3rico Legisla\u00e7\u00e3o As legisla\u00e7\u00f5es que regem o Minist\u00e9rio P\u00fablico de Contas s\u00e3o: \u2013 Constitui\u00e7\u00e3o da Rep\u00fablica Federativa do Brasil de 1988 \u2013 Lei Org\u00e2nica Nacional do Minist\u00e9rio P\u00fablico \u2013 Constitui\u00e7\u00e3o do Estado do Paran\u00e1 \u2013 Organiza\u00e7\u00e3o do Minist\u00e9rio P\u00fablico de Contas do Estado do Paran\u00e1 \u2013 Lei Org\u00e2nica do Minist\u00e9rio P\u00fablico do Estado do&hellip;","_links":{"self":[{"href":"https:\/\/www.mpc.pr.gov.br\/index.php\/wp-json\/wp\/v2\/pages\/637","targetHints":{"allow":["GET"]}}],"collection":[{"href":"https:\/\/www.mpc.pr.gov.br\/index.php\/wp-json\/wp\/v2\/pages"}],"about":[{"href":"https:\/\/www.mpc.pr.gov.br\/index.php\/wp-json\/wp\/v2\/types\/page"}],"author":[{"embeddable":true,"href":"https:\/\/www.mpc.pr.gov.br\/index.php\/wp-json\/wp\/v2\/users\/1"}],"replies":[{"embeddable":true,"href":"https:\/\/www.mpc.pr.gov.br\/index.php\/wp-json\/wp\/v2\/comments?post=637"}],"version-history":[{"count":43,"href":"https:\/\/www.mpc.pr.gov.br\/index.php\/wp-json\/wp\/v2\/pages\/637\/revisions"}],"predecessor-version":[{"id":21756,"href":"https:\/\/www.mpc.pr.gov.br\/index.php\/wp-json\/wp\/v2\/pages\/637\/revisions\/21756"}],"wp:attachment":[{"href":"https:\/\/www.mpc.pr.gov.br\/index.php\/wp-json\/wp\/v2\/media?parent=637"}],"curies":[{"name":"wp","href":"https:\/\/api.w.org\/{rel}","templated":true}]}}