{"id":904,"date":"2020-06-17T15:12:46","date_gmt":"2020-06-17T18:12:46","guid":{"rendered":"http:\/\/www.mpc.pr.gov.br\/?page_id=904"},"modified":"2026-01-21T15:16:55","modified_gmt":"2026-01-21T18:16:55","slug":"convenios-e-atos-de-cooperacao","status":"publish","type":"page","link":"https:\/\/www.mpc.pr.gov.br\/index.php\/convenios-e-atos-de-cooperacao\/","title":{"rendered":"Conv\u00eanios e Atos de Coopera\u00e7\u00e3o"},"content":{"rendered":"\t\t<div data-elementor-type=\"wp-page\" data-elementor-id=\"904\" class=\"elementor elementor-904\">\n\t\t\t\t\t\t<section class=\"elementor-section elementor-top-section elementor-element elementor-element-75be0929 elementor-section-height-min-height elementor-section-boxed elementor-section-height-default elementor-section-items-middle\" data-id=\"75be0929\" data-element_type=\"section\" data-e-type=\"section\" data-settings=\"{&quot;shape_divider_top&quot;:&quot;opacity-tilt&quot;}\">\n\t\t\t\t\t<div class=\"elementor-shape elementor-shape-top\" aria-hidden=\"true\" data-negative=\"false\">\n\t\t\t<svg xmlns=\"http:\/\/www.w3.org\/2000\/svg\" viewBox=\"0 0 2600 131.1\" preserveAspectRatio=\"none\">\n\t<path class=\"elementor-shape-fill\" d=\"M0 0L2600 0 2600 69.1 0 0z\"\/>\n\t<path class=\"elementor-shape-fill\" style=\"opacity:0.5\" d=\"M0 0L2600 0 2600 69.1 0 69.1z\"\/>\n\t<path class=\"elementor-shape-fill\" style=\"opacity:0.25\" d=\"M2600 0L0 0 0 130.1 2600 69.1z\"\/>\n<\/svg>\t\t<\/div>\n\t\t\t\t\t<div class=\"elementor-container elementor-column-gap-default\">\n\t\t\t\t\t\t<\/div>\n\t\t<\/section>\n\t\t\t\t<section class=\"elementor-section elementor-inner-section elementor-element elementor-element-61b3526 elementor-section-boxed elementor-section-height-default elementor-section-height-default\" data-id=\"61b3526\" data-element_type=\"section\" data-e-type=\"section\">\n\t\t\t\t\t\t<div class=\"elementor-container elementor-column-gap-wide\">\n\t\t\t\t\t<div class=\"elementor-column elementor-col-50 elementor-inner-column elementor-element elementor-element-32bb8ed\" data-id=\"32bb8ed\" data-element_type=\"column\" data-e-type=\"column\" data-settings=\"{&quot;background_background&quot;:&quot;classic&quot;}\">\n\t\t\t<div class=\"elementor-widget-wrap elementor-element-populated\">\n\t\t\t\t\t\t<div class=\"elementor-element elementor-element-ff73aae elementor-align-justify elementor-widget elementor-widget-button\" data-id=\"ff73aae\" data-element_type=\"widget\" data-e-type=\"widget\" data-widget_type=\"button.default\">\n\t\t\t\t<div class=\"elementor-widget-container\">\n\t\t\t\t\t\t\t\t\t<div class=\"elementor-button-wrapper\">\n\t\t\t\t\t<a class=\"elementor-button elementor-button-link elementor-size-sm\" href=\"http:\/\/www.mpc.pr.gov.br\/index.php\/acesso-a-informacao\/\">\n\t\t\t\t\t\t<span class=\"elementor-button-content-wrapper\">\n\t\t\t\t\t\t\t\t\t<span class=\"elementor-button-text\">Acesso \u00e0 Informa\u00e7\u00e3o<\/span>\n\t\t\t\t\t<\/span>\n\t\t\t\t\t<\/a>\n\t\t\t\t<\/div>\n\t\t\t\t\t\t\t\t<\/div>\n\t\t\t\t<\/div>\n\t\t\t\t<div class=\"elementor-element elementor-element-2a1a59c elementor-align-justify elementor-widget elementor-widget-button\" data-id=\"2a1a59c\" data-element_type=\"widget\" data-e-type=\"widget\" data-widget_type=\"button.default\">\n\t\t\t\t<div class=\"elementor-widget-container\">\n\t\t\t\t\t\t\t\t\t<div class=\"elementor-button-wrapper\">\n\t\t\t\t\t<a class=\"elementor-button elementor-button-link elementor-size-sm\" href=\"https:\/\/www1.tce.pr.gov.br\/transparencia\/diario-eletronico\/\">\n\t\t\t\t\t\t<span class=\"elementor-button-content-wrapper\">\n\t\t\t\t\t\t\t\t\t<span class=\"elementor-button-text\">Di\u00e1rio Eletr\u00f4nico<\/span>\n\t\t\t\t\t<\/span>\n\t\t\t\t\t<\/a>\n\t\t\t\t<\/div>\n\t\t\t\t\t\t\t\t<\/div>\n\t\t\t\t<\/div>\n\t\t\t\t<div class=\"elementor-element elementor-element-7d8c235 elementor-align-justify elementor-widget elementor-widget-button\" data-id=\"7d8c235\" data-element_type=\"widget\" data-e-type=\"widget\" data-widget_type=\"button.default\">\n\t\t\t\t<div class=\"elementor-widget-container\">\n\t\t\t\t\t\t\t\t\t<div class=\"elementor-button-wrapper\">\n\t\t\t\t\t<a class=\"elementor-button elementor-button-link elementor-size-sm\" href=\"https:\/\/www1.tce.pr.gov.br\/transparencia\/sessoes\/?tpTribunal=P\">\n\t\t\t\t\t\t<span class=\"elementor-button-content-wrapper\">\n\t\t\t\t\t\t\t\t\t<span class=\"elementor-button-text\">Sess\u00f5es do TCE-PR<\/span>\n\t\t\t\t\t<\/span>\n\t\t\t\t\t<\/a>\n\t\t\t\t<\/div>\n\t\t\t\t\t\t\t\t<\/div>\n\t\t\t\t<\/div>\n\t\t\t\t<div class=\"elementor-element elementor-element-71a4664 elementor-align-justify elementor-widget elementor-widget-button\" data-id=\"71a4664\" data-element_type=\"widget\" data-e-type=\"widget\" data-widget_type=\"button.default\">\n\t\t\t\t<div class=\"elementor-widget-container\">\n\t\t\t\t\t\t\t\t\t<div class=\"elementor-button-wrapper\">\n\t\t\t\t\t<a class=\"elementor-button elementor-button-link elementor-size-sm\" href=\"http:\/\/www.mpc.pr.gov.br\/index.php\/servidores\/\">\n\t\t\t\t\t\t<span class=\"elementor-button-content-wrapper\">\n\t\t\t\t\t\t\t\t\t<span class=\"elementor-button-text\">Servidores<\/span>\n\t\t\t\t\t<\/span>\n\t\t\t\t\t<\/a>\n\t\t\t\t<\/div>\n\t\t\t\t\t\t\t\t<\/div>\n\t\t\t\t<\/div>\n\t\t\t\t<div class=\"elementor-element elementor-element-bb58476 elementor-align-justify elementor-widget elementor-widget-button\" data-id=\"bb58476\" data-element_type=\"widget\" data-e-type=\"widget\" data-widget_type=\"button.default\">\n\t\t\t\t<div class=\"elementor-widget-container\">\n\t\t\t\t\t\t\t\t\t<div class=\"elementor-button-wrapper\">\n\t\t\t\t\t<a class=\"elementor-button elementor-button-link elementor-size-sm\" href=\"http:\/\/www.mpc.pr.gov.br\/index.php\/atas-de-reuniao-do-colegio-de-procuradores\/\">\n\t\t\t\t\t\t<span class=\"elementor-button-content-wrapper\">\n\t\t\t\t\t\t\t\t\t<span class=\"elementor-button-text\">Atas de Reuni\u00e3o do Col\u00e9gio de Procuradores<\/span>\n\t\t\t\t\t<\/span>\n\t\t\t\t\t<\/a>\n\t\t\t\t<\/div>\n\t\t\t\t\t\t\t\t<\/div>\n\t\t\t\t<\/div>\n\t\t\t\t<div class=\"elementor-element elementor-element-7580237 elementor-align-justify elementor-widget elementor-widget-button\" data-id=\"7580237\" data-element_type=\"widget\" data-e-type=\"widget\" data-widget_type=\"button.default\">\n\t\t\t\t<div class=\"elementor-widget-container\">\n\t\t\t\t\t\t\t\t\t<div class=\"elementor-button-wrapper\">\n\t\t\t\t\t<a class=\"elementor-button elementor-button-link elementor-size-sm\" href=\"http:\/\/www.mpc.pr.gov.br\/index.php\/atas-de-reuniao-do-conselho-superior\/\">\n\t\t\t\t\t\t<span class=\"elementor-button-content-wrapper\">\n\t\t\t\t\t\t\t\t\t<span class=\"elementor-button-text\">Atas de Reuni\u00e3o do Conselho Superior<\/span>\n\t\t\t\t\t<\/span>\n\t\t\t\t\t<\/a>\n\t\t\t\t<\/div>\n\t\t\t\t\t\t\t\t<\/div>\n\t\t\t\t<\/div>\n\t\t\t\t<div class=\"elementor-element elementor-element-dd637c2 elementor-align-justify elementor-widget elementor-widget-button\" data-id=\"dd637c2\" data-element_type=\"widget\" data-e-type=\"widget\" data-widget_type=\"button.default\">\n\t\t\t\t<div class=\"elementor-widget-container\">\n\t\t\t\t\t\t\t\t\t<div class=\"elementor-button-wrapper\">\n\t\t\t\t\t<a class=\"elementor-button elementor-button-link elementor-size-sm\" href=\"http:\/\/www.mpc.pr.gov.br\/index.php\/planejamento-estrategico\/\">\n\t\t\t\t\t\t<span class=\"elementor-button-content-wrapper\">\n\t\t\t\t\t\t\t\t\t<span class=\"elementor-button-text\">Planejamento Estrat\u00e9gico<\/span>\n\t\t\t\t\t<\/span>\n\t\t\t\t\t<\/a>\n\t\t\t\t<\/div>\n\t\t\t\t\t\t\t\t<\/div>\n\t\t\t\t<\/div>\n\t\t\t\t<div class=\"elementor-element elementor-element-5e86b87 elementor-align-justify elementor-widget elementor-widget-button\" data-id=\"5e86b87\" data-element_type=\"widget\" data-e-type=\"widget\" data-widget_type=\"button.default\">\n\t\t\t\t<div class=\"elementor-widget-container\">\n\t\t\t\t\t\t\t\t\t<div class=\"elementor-button-wrapper\">\n\t\t\t\t\t<a class=\"elementor-button elementor-button-link elementor-size-sm\" href=\"https:\/\/www.mpc.pr.gov.br\/index.php\/plano-de-acao-2025\/\">\n\t\t\t\t\t\t<span class=\"elementor-button-content-wrapper\">\n\t\t\t\t\t\t\t\t\t<span class=\"elementor-button-text\">Plano de A\u00e7\u00e3o 2025<\/span>\n\t\t\t\t\t<\/span>\n\t\t\t\t\t<\/a>\n\t\t\t\t<\/div>\n\t\t\t\t\t\t\t\t<\/div>\n\t\t\t\t<\/div>\n\t\t\t\t<div class=\"elementor-element elementor-element-2a127b0 elementor-align-justify elementor-widget elementor-widget-button\" data-id=\"2a127b0\" data-element_type=\"widget\" data-e-type=\"widget\" data-widget_type=\"button.default\">\n\t\t\t\t<div class=\"elementor-widget-container\">\n\t\t\t\t\t\t\t\t\t<div class=\"elementor-button-wrapper\">\n\t\t\t\t\t<a class=\"elementor-button elementor-button-link elementor-size-sm\" href=\"http:\/\/www.mpc.pr.gov.br\/index.php\/plano-bianual\/\">\n\t\t\t\t\t\t<span class=\"elementor-button-content-wrapper\">\n\t\t\t\t\t\t\t\t\t<span class=\"elementor-button-text\">Plano Bianual<\/span>\n\t\t\t\t\t<\/span>\n\t\t\t\t\t<\/a>\n\t\t\t\t<\/div>\n\t\t\t\t\t\t\t\t<\/div>\n\t\t\t\t<\/div>\n\t\t\t\t<div class=\"elementor-element elementor-element-b4fe188 elementor-align-justify elementor-widget elementor-widget-button\" data-id=\"b4fe188\" data-element_type=\"widget\" data-e-type=\"widget\" data-widget_type=\"button.default\">\n\t\t\t\t<div class=\"elementor-widget-container\">\n\t\t\t\t\t\t\t\t\t<div class=\"elementor-button-wrapper\">\n\t\t\t\t\t<a class=\"elementor-button elementor-button-link elementor-size-sm\" href=\"http:\/\/www.mpc.pr.gov.br\/index.php\/relatorios-de-atividades\/\">\n\t\t\t\t\t\t<span class=\"elementor-button-content-wrapper\">\n\t\t\t\t\t\t\t\t\t<span class=\"elementor-button-text\">Relat\u00f3rios de Atividades<\/span>\n\t\t\t\t\t<\/span>\n\t\t\t\t\t<\/a>\n\t\t\t\t<\/div>\n\t\t\t\t\t\t\t\t<\/div>\n\t\t\t\t<\/div>\n\t\t\t\t<div class=\"elementor-element elementor-element-390902b elementor-align-justify elementor-widget elementor-widget-button\" data-id=\"390902b\" data-element_type=\"widget\" data-e-type=\"widget\" data-widget_type=\"button.default\">\n\t\t\t\t<div class=\"elementor-widget-container\">\n\t\t\t\t\t\t\t\t\t<div class=\"elementor-button-wrapper\">\n\t\t\t\t\t<a class=\"elementor-button elementor-button-link elementor-size-sm\" href=\"https:\/\/www.mpc.pr.gov.br\/index.php\/relatorio-de-gestao-bienios-2020-2022-e-2022-2024\/\">\n\t\t\t\t\t\t<span class=\"elementor-button-content-wrapper\">\n\t\t\t\t\t\t\t\t\t<span class=\"elementor-button-text\">Relat\u00f3rio de Gest\u00e3o (Bi\u00eanios 2020-2022 e 2022-2024)\u200b<\/span>\n\t\t\t\t\t<\/span>\n\t\t\t\t\t<\/a>\n\t\t\t\t<\/div>\n\t\t\t\t\t\t\t\t<\/div>\n\t\t\t\t<\/div>\n\t\t\t\t<div class=\"elementor-element elementor-element-464f8db elementor-align-justify elementor-widget elementor-widget-button\" data-id=\"464f8db\" data-element_type=\"widget\" data-e-type=\"widget\" data-widget_type=\"button.default\">\n\t\t\t\t<div class=\"elementor-widget-container\">\n\t\t\t\t\t\t\t\t\t<div class=\"elementor-button-wrapper\">\n\t\t\t\t\t<a class=\"elementor-button elementor-button-link elementor-size-sm\" href=\"http:\/\/www.mpc.pr.gov.br\/index.php\/relatorios-dos-projetos-de-atuacao-especial\/\">\n\t\t\t\t\t\t<span class=\"elementor-button-content-wrapper\">\n\t\t\t\t\t\t\t\t\t<span class=\"elementor-button-text\">Relat\u00f3rios dos Projetos de Atua\u00e7\u00e3o Especial<\/span>\n\t\t\t\t\t<\/span>\n\t\t\t\t\t<\/a>\n\t\t\t\t<\/div>\n\t\t\t\t\t\t\t\t<\/div>\n\t\t\t\t<\/div>\n\t\t\t\t<div class=\"elementor-element elementor-element-bbd2bf6 elementor-align-justify elementor-widget elementor-widget-button\" data-id=\"bbd2bf6\" data-element_type=\"widget\" data-e-type=\"widget\" data-widget_type=\"button.default\">\n\t\t\t\t<div class=\"elementor-widget-container\">\n\t\t\t\t\t\t\t\t\t<div class=\"elementor-button-wrapper\">\n\t\t\t\t\t<a class=\"elementor-button elementor-button-link elementor-size-sm\" href=\"http:\/\/www.mpc.pr.gov.br\/index.php\/parceiros-institucionais\/\">\n\t\t\t\t\t\t<span class=\"elementor-button-content-wrapper\">\n\t\t\t\t\t\t\t\t\t<span class=\"elementor-button-text\">Parceiros Institucionais<\/span>\n\t\t\t\t\t<\/span>\n\t\t\t\t\t<\/a>\n\t\t\t\t<\/div>\n\t\t\t\t\t\t\t\t<\/div>\n\t\t\t\t<\/div>\n\t\t\t\t<div class=\"elementor-element elementor-element-184bbdd elementor-align-justify elementor-widget elementor-widget-button\" data-id=\"184bbdd\" data-element_type=\"widget\" data-e-type=\"widget\" data-widget_type=\"button.default\">\n\t\t\t\t<div class=\"elementor-widget-container\">\n\t\t\t\t\t\t\t\t\t<div class=\"elementor-button-wrapper\">\n\t\t\t\t\t<a class=\"elementor-button elementor-button-link elementor-size-sm\" href=\"http:\/\/www.mpc.pr.gov.br\/index.php\/convenios-e-atos-de-cooperacao\/\">\n\t\t\t\t\t\t<span class=\"elementor-button-content-wrapper\">\n\t\t\t\t\t\t\t\t\t<span class=\"elementor-button-text\">Conv\u00eanios e Atos de Coopera\u00e7\u00e3o<\/span>\n\t\t\t\t\t<\/span>\n\t\t\t\t\t<\/a>\n\t\t\t\t<\/div>\n\t\t\t\t\t\t\t\t<\/div>\n\t\t\t\t<\/div>\n\t\t\t\t\t<\/div>\n\t\t<\/div>\n\t\t\t\t<div class=\"elementor-column elementor-col-50 elementor-inner-column elementor-element elementor-element-5f19b13\" data-id=\"5f19b13\" data-element_type=\"column\" data-e-type=\"column\">\n\t\t\t<div class=\"elementor-widget-wrap elementor-element-populated\">\n\t\t\t\t\t\t<div class=\"elementor-element elementor-element-eb62a1b elementor-widget elementor-widget-heading\" data-id=\"eb62a1b\" data-element_type=\"widget\" data-e-type=\"widget\" data-widget_type=\"heading.default\">\n\t\t\t\t<div class=\"elementor-widget-container\">\n\t\t\t\t\t<h2 class=\"elementor-heading-title elementor-size-default\">Conv\u00eanios e Atos de Coopera\u00e7\u00e3o<\/h2>\t\t\t\t<\/div>\n\t\t\t\t<\/div>\n\t\t\t\t<div class=\"elementor-element elementor-element-4ee64a9 elementor-widget elementor-widget-text-editor\" data-id=\"4ee64a9\" data-element_type=\"widget\" data-e-type=\"widget\" data-widget_type=\"text-editor.default\">\n\t\t\t\t<div class=\"elementor-widget-container\">\n\t\t\t\t\t\t\t\t\t<p>Os Conv\u00eanios e Atos de Coopera\u00e7\u00e3o s\u00e3o celebrados entre o Minist\u00e9rio P\u00fablico de Contas e institui\u00e7\u00f5es e unidades da Administra\u00e7\u00e3o P\u00fablica, a fim de estabelecer parcerias e acordos de coopera\u00e7\u00e3o m\u00fatua.<\/p>\t\t\t\t\t\t\t\t<\/div>\n\t\t\t\t<\/div>\n\t\t\t\t<div class=\"elementor-element elementor-element-cf37aac elementor-tabs-view-vertical elementor-widget elementor-widget-tabs\" data-id=\"cf37aac\" data-element_type=\"widget\" data-e-type=\"widget\" data-widget_type=\"tabs.default\">\n\t\t\t\t<div class=\"elementor-widget-container\">\n\t\t\t\t\t\t\t<div class=\"elementor-tabs\">\n\t\t\t<div class=\"elementor-tabs-wrapper\" role=\"tablist\" >\n\t\t\t\t\t\t\t\t\t<div id=\"elementor-tab-title-2171\" class=\"elementor-tab-title elementor-tab-desktop-title\" aria-selected=\"true\" data-tab=\"1\" role=\"tab\" tabindex=\"0\" aria-controls=\"elementor-tab-content-2171\" aria-expanded=\"false\">Acordo de Coopera\u00e7\u00e3o celebrado entre a RESOLVEGOV e o MPC-PR<\/div>\n\t\t\t\t\t\t\t\t\t<div id=\"elementor-tab-title-2172\" class=\"elementor-tab-title elementor-tab-desktop-title\" aria-selected=\"false\" data-tab=\"2\" role=\"tab\" tabindex=\"-1\" aria-controls=\"elementor-tab-content-2172\" aria-expanded=\"false\">Acordo de Coopera\u00e7\u00e3o celebrado entre a UVB e o MPC-PR<\/div>\n\t\t\t\t\t\t\t\t\t<div id=\"elementor-tab-title-2173\" class=\"elementor-tab-title elementor-tab-desktop-title\" aria-selected=\"false\" data-tab=\"3\" role=\"tab\" tabindex=\"-1\" aria-controls=\"elementor-tab-content-2173\" aria-expanded=\"false\">Acordo de Coopera\u00e7\u00e3o celebrado entre o Conaci e o MPC-PR<\/div>\n\t\t\t\t\t\t\t\t\t<div id=\"elementor-tab-title-2174\" class=\"elementor-tab-title elementor-tab-desktop-title\" aria-selected=\"false\" data-tab=\"4\" role=\"tab\" tabindex=\"-1\" aria-controls=\"elementor-tab-content-2174\" aria-expanded=\"false\">Acordo de Coopera\u00e7\u00e3o celebrado entre a AFISCOPR e o MPC-PR<\/div>\n\t\t\t\t\t\t\t\t\t<div id=\"elementor-tab-title-2175\" class=\"elementor-tab-title elementor-tab-desktop-title\" aria-selected=\"false\" data-tab=\"5\" role=\"tab\" tabindex=\"-1\" aria-controls=\"elementor-tab-content-2175\" aria-expanded=\"false\">Acordo de Coopera\u00e7\u00e3o celebrado entre a CGM-SP e o MPC-PR<\/div>\n\t\t\t\t\t\t\t\t\t<div id=\"elementor-tab-title-2176\" class=\"elementor-tab-title elementor-tab-desktop-title\" aria-selected=\"false\" data-tab=\"6\" role=\"tab\" tabindex=\"-1\" aria-controls=\"elementor-tab-content-2176\" aria-expanded=\"false\">Ato de Coopera\u00e7\u00e3o celebrado entre o MPC-MG e o MPC-PR<\/div>\n\t\t\t\t\t\t\t\t\t<div id=\"elementor-tab-title-2177\" class=\"elementor-tab-title elementor-tab-desktop-title\" aria-selected=\"false\" data-tab=\"7\" role=\"tab\" tabindex=\"-1\" aria-controls=\"elementor-tab-content-2177\" aria-expanded=\"false\">Ato de Coopera\u00e7\u00e3o celebrado entre o TCE-PR, MPC-PR e UniBrasil<\/div>\n\t\t\t\t\t\t\t\t\t<div id=\"elementor-tab-title-2178\" class=\"elementor-tab-title elementor-tab-desktop-title\" aria-selected=\"false\" data-tab=\"8\" role=\"tab\" tabindex=\"-1\" aria-controls=\"elementor-tab-content-2178\" aria-expanded=\"false\">Ato de Colabora\u00e7\u00e3o celebrado entre o MPPR e MPC-PR<\/div>\n\t\t\t\t\t\t\t<\/div>\n\t\t\t<div class=\"elementor-tabs-content-wrapper\" role=\"tablist\" aria-orientation=\"vertical\">\n\t\t\t\t\t\t\t\t\t<div class=\"elementor-tab-title elementor-tab-mobile-title\" aria-selected=\"true\" data-tab=\"1\" role=\"tab\" tabindex=\"0\" aria-controls=\"elementor-tab-content-2171\" aria-expanded=\"false\">Acordo de Coopera\u00e7\u00e3o celebrado entre a RESOLVEGOV e o MPC-PR<\/div>\n\t\t\t\t\t<div id=\"elementor-tab-content-2171\" class=\"elementor-tab-content elementor-clearfix\" data-tab=\"1\" role=\"tabpanel\" aria-labelledby=\"elementor-tab-title-2171\" tabindex=\"0\" hidden=\"false\"><p><img decoding=\"async\" class=\"wp-image-25126 alignleft\" src=\"https:\/\/www.mpc.pr.gov.br\/wp-content\/uploads\/2026\/01\/Logo-ResolveGov-2-300x300.png\" alt=\"\" width=\"91\" height=\"91\" srcset=\"https:\/\/www.mpc.pr.gov.br\/wp-content\/uploads\/2026\/01\/Logo-ResolveGov-2-300x300.png 300w, https:\/\/www.mpc.pr.gov.br\/wp-content\/uploads\/2026\/01\/Logo-ResolveGov-2-150x150.png 150w, https:\/\/www.mpc.pr.gov.br\/wp-content\/uploads\/2026\/01\/Logo-ResolveGov-2.png 500w\" sizes=\"(max-width: 91px) 100vw, 91px\" \/><\/p><p><img decoding=\"async\" class=\" wp-image-36\" src=\"https:\/\/www.mpc.pr.gov.br\/wp-content\/uploads\/2020\/06\/99423647_1593460364143890_6706793420720963584_n-1-e1591387945293-300x91.png\" alt=\"LOGO MPC-PR\" width=\"128\" height=\"39\" \/><\/p><p>\u00a0<\/p><p>Acordo de Coopera\u00e7\u00e3o\u00a0 que entre si celebram a RESOLVEGOV, com nome empresarial Jabez Gest\u00e3o de Ativos LTDA, e o Minist\u00e9rio P\u00fablico de Contas do Estado do Paran\u00e1.<\/p><p>Constitui objeto do presente Termo de Coopera\u00e7\u00e3o T\u00e9cnica o estabelecimento de mecanismos formais de coopera\u00e7\u00e3o institucional e tecnol\u00f3gica entre o Minist\u00e9rio P\u00fablico de Contas do Estado do Paran\u00e1, doravante denominado MPC\/PR, e a empresa ResolveGov, visando ampliar o uso de tecnologias inovadoras de an\u00e1lise de dados, intelig\u00eancia artificial e automa\u00e7\u00e3o, de modo a aperfei\u00e7oar a fiscaliza\u00e7\u00e3o e o controle de contrata\u00e7\u00f5es p\u00fablicas; prevenir e combater a corrup\u00e7\u00e3o; promover a transpar\u00eancia e a \u00e9tica p\u00fablica; fortalecer os sistemas de controle interno, externo e social; apoiar a dissemina\u00e7\u00e3o de boas pr\u00e1ticas de integridade no \u00e2mbito da gest\u00e3o p\u00fablica.<\/p><p>As atividades desenvolvidas no \u00e2mbito desta coopera\u00e7\u00e3o observar\u00e3o os princ\u00edpios da legalidade, impessoalidade, moralidade, publicidade e efici\u00eancia, e ser\u00e3o regidas por instrumentos espec\u00edficos, conforme a natureza e os objetivos de cada a\u00e7\u00e3o.<\/p><p><strong>Firmado em 26 de setembro de 2026.<\/strong><\/p><p>Acesse a integra do documento clicando <a href=\"https:\/\/www.mpc.pr.gov.br\/wp-content\/uploads\/2026\/01\/Acordo-de-Cooperacao-Revelagov-e-MPC-PR.pdf\">aqui<\/a>.\u00a0<\/p><\/div>\n\t\t\t\t\t\t\t\t\t<div class=\"elementor-tab-title elementor-tab-mobile-title\" aria-selected=\"false\" data-tab=\"2\" role=\"tab\" tabindex=\"-1\" aria-controls=\"elementor-tab-content-2172\" aria-expanded=\"false\">Acordo de Coopera\u00e7\u00e3o celebrado entre a UVB e o MPC-PR<\/div>\n\t\t\t\t\t<div id=\"elementor-tab-content-2172\" class=\"elementor-tab-content elementor-clearfix\" data-tab=\"2\" role=\"tabpanel\" aria-labelledby=\"elementor-tab-title-2172\" tabindex=\"0\" hidden=\"hidden\"><p><img decoding=\"async\" class=\"alignright\" src=\"http:\/\/www.mpc.pr.gov.br\/wp-content\/uploads\/2020\/06\/99423647_1593460364143890_6706793420720963584_n-1-e1591387983167.png\" alt=\"\" width=\"153\" height=\"46\" \/><img loading=\"lazy\" decoding=\"async\" class=\" wp-image-23989 alignright\" src=\"https:\/\/www.mpc.pr.gov.br\/wp-content\/uploads\/2025\/07\/Logo-UVB-e1751649626354-300x99.png\" alt=\"\" width=\"124\" height=\"41\" srcset=\"https:\/\/www.mpc.pr.gov.br\/wp-content\/uploads\/2025\/07\/Logo-UVB-e1751649626354-300x99.png 300w, https:\/\/www.mpc.pr.gov.br\/wp-content\/uploads\/2025\/07\/Logo-UVB-e1751649626354.png 392w\" sizes=\"(max-width: 124px) 100vw, 124px\" \/>Acordo de Coopera\u00e7\u00e3o\u00a0 que entre si celebram a Uni\u00e3o dos Vereadores do Brasil (UVB) e o Minist\u00e9rio P\u00fablico de Contas do Estado do Paran\u00e1.<\/p><p>Constitui objeto do presente Termo de Coopera\u00e7\u00e3o T\u00e9cnica\u00a0o estabelecimento de mecanismos formais de articula\u00e7\u00e3o e coopera\u00e7\u00e3o institucional, visando ampliar as a\u00e7\u00f5es institucionais e promover a coopera\u00e7\u00e3o t\u00e9cnica com vistas ao aprimoramento das respectivas atribui\u00e7\u00f5es, por meio do desenvolvimento de projetos, capacita\u00e7\u00f5es e a\u00e7\u00f5es integradas, que possam contribuir para a preven\u00e7\u00e3o e o combate \u00e0 corrup\u00e7\u00e3o no legislativo, para a promo\u00e7\u00e3o da transpar\u00eancia e da \u00e9tica p\u00fablica do legislativo, para o fomento do controle social e para o fortalecimento e fomento da gest\u00e3o p\u00fablica e da integridade p\u00fablica e privada, com maior efetividade na prote\u00e7\u00e3o dos recursos p\u00fablicos.<\/p><p><strong>Firmado em 25 de junho de 2025.<\/strong><\/p><p>Acesse a integra do documento clicando <a href=\"https:\/\/www.mpc.pr.gov.br\/wp-content\/uploads\/2025\/07\/Termo-de-Cooperacao-MPC-PR-e-UVB-2025.pdf\">aqui<\/a>.\u00a0<\/p><\/div>\n\t\t\t\t\t\t\t\t\t<div class=\"elementor-tab-title elementor-tab-mobile-title\" aria-selected=\"false\" data-tab=\"3\" role=\"tab\" tabindex=\"-1\" aria-controls=\"elementor-tab-content-2173\" aria-expanded=\"false\">Acordo de Coopera\u00e7\u00e3o celebrado entre o Conaci e o MPC-PR<\/div>\n\t\t\t\t\t<div id=\"elementor-tab-content-2173\" class=\"elementor-tab-content elementor-clearfix\" data-tab=\"3\" role=\"tabpanel\" aria-labelledby=\"elementor-tab-title-2173\" tabindex=\"0\" hidden=\"hidden\"><p><img loading=\"lazy\" decoding=\"async\" class=\" wp-image-23547 alignright\" src=\"https:\/\/www.mpc.pr.gov.br\/wp-content\/uploads\/2025\/05\/Logo-Conaci-e1747679297652-300x234.png\" alt=\"\" width=\"69\" height=\"54\" srcset=\"https:\/\/www.mpc.pr.gov.br\/wp-content\/uploads\/2025\/05\/Logo-Conaci-e1747679297652-300x234.png 300w, https:\/\/www.mpc.pr.gov.br\/wp-content\/uploads\/2025\/05\/Logo-Conaci-e1747679297652.png 396w\" sizes=\"(max-width: 69px) 100vw, 69px\" \/><img loading=\"lazy\" decoding=\"async\" class=\" wp-image-36 alignright\" src=\"http:\/\/www.mpc.pr.gov.br\/wp-content\/uploads\/2020\/06\/99423647_1593460364143890_6706793420720963584_n-1-e1591387983167.png\" alt=\"\" width=\"153\" height=\"46\" \/><\/p><p>Acordo de Coopera\u00e7\u00e3o\u00a0 que entre si celebram o Conselho Nacional de Controle Interno (Conaci) e o Minist\u00e9rio P\u00fablico de Contas do Estado do Paran\u00e1.<\/p><p>Constitui objeto do presente Termo de Coopera\u00e7\u00e3o T\u00e9cnica o estabelecimento de<br \/>mecanismos de colabora\u00e7\u00e3o entre o CONACI e o MPC\/PR, visando ampliar as a\u00e7\u00f5es<br \/>institucionais e promover a coopera\u00e7\u00e3o t\u00e9cnica com vistas ao aprimoramento das<br \/>respectivas atribui\u00e7\u00f5es, por meio do desenvolvimento de projetos, capacita\u00e7\u00f5es e a\u00e7\u00f5es<br \/>integradas, que possam contribuir para a preven\u00e7\u00e3o e o combate \u00e0 corrup\u00e7\u00e3o, para a<br \/>promo\u00e7\u00e3o da transpar\u00eancia e da \u00e9tica p\u00fablica, para o fomento do controle social e para o fortalecimento da gest\u00e3o p\u00fablica e da integridade p\u00fablica e privada, com maior<br \/>efetividade na prote\u00e7\u00e3o dos recursos p\u00fablicos.\u00a0<\/p><p><strong>Firmado em 23 de abril de 2025.<\/strong><\/p><p>Acesse a integra do documento clicando <a href=\"https:\/\/www.mpc.pr.gov.br\/wp-content\/uploads\/2025\/05\/Termo-de-Cooperacao-Tecnica-n.-2-2025-Conaci-e-MPC-PR.pdf\">aqui<\/a>.\u00a0<\/p><\/div>\n\t\t\t\t\t\t\t\t\t<div class=\"elementor-tab-title elementor-tab-mobile-title\" aria-selected=\"false\" data-tab=\"4\" role=\"tab\" tabindex=\"-1\" aria-controls=\"elementor-tab-content-2174\" aria-expanded=\"false\">Acordo de Coopera\u00e7\u00e3o celebrado entre a AFISCOPR e o MPC-PR<\/div>\n\t\t\t\t\t<div id=\"elementor-tab-content-2174\" class=\"elementor-tab-content elementor-clearfix\" data-tab=\"4\" role=\"tabpanel\" aria-labelledby=\"elementor-tab-title-2174\" tabindex=\"0\" hidden=\"hidden\"><p><img loading=\"lazy\" decoding=\"async\" class=\"wp-image-23440 alignright\" src=\"https:\/\/www.mpc.pr.gov.br\/wp-content\/uploads\/2025\/04\/Logo-AFISCOPR-300x300.png\" alt=\"\" width=\"131\" height=\"131\" srcset=\"https:\/\/www.mpc.pr.gov.br\/wp-content\/uploads\/2025\/04\/Logo-AFISCOPR-300x300.png 300w, https:\/\/www.mpc.pr.gov.br\/wp-content\/uploads\/2025\/04\/Logo-AFISCOPR-150x150.png 150w, https:\/\/www.mpc.pr.gov.br\/wp-content\/uploads\/2025\/04\/Logo-AFISCOPR.png 500w\" sizes=\"(max-width: 131px) 100vw, 131px\" \/><img loading=\"lazy\" decoding=\"async\" class=\" wp-image-36 alignright\" src=\"http:\/\/www.mpc.pr.gov.br\/wp-content\/uploads\/2020\/06\/99423647_1593460364143890_6706793420720963584_n-1-e1591387983167.png\" alt=\"\" width=\"153\" height=\"46\" \/><\/p><p>Acordo de Coopera\u00e7\u00e3o\u00a0 que entre si celebram a Associa\u00e7\u00e3o dos Auditores e Fiscais Tribut\u00e1rios Municipais do Paran\u00e1 (AFISCOPR) e o Minist\u00e9rio P\u00fablico de Contas do Estado do Paran\u00e1.<\/p><p>Constitui objeto do presente Termo de Coopera\u00e7\u00e3o T\u00e9cnica o estabelecimento de um<br \/>sistema de colabora\u00e7\u00e3o, funcional e administrativa, com o fim de proporcionar a\u00e7\u00f5es<br \/>que garantam o bom funcionamento das Administra\u00e7\u00f5es Tribut\u00e1rias dos Munic\u00edpios<br \/>paranaenses, bem como assegurarem a devida autonomia funcional dos servidores<br \/>efetivos integrantes dos Fiscos municipais, e, tamb\u00e9m colaborarem para o efetivo<br \/>combate \u00e0 sonega\u00e7\u00e3o fiscal.<\/p><p><strong>Firmado em 23 de abril de 2025.<\/strong><\/p><p>Acesse a integra do documento clicando <a href=\"https:\/\/www.mpc.pr.gov.br\/wp-content\/uploads\/2025\/04\/Termo-de-Cooperacao-Tecnica-1-2025-MPC-PR-e-AFISCO-PR.2.pdf.pdf\">aqui<\/a>.\u00a0<\/p><\/div>\n\t\t\t\t\t\t\t\t\t<div class=\"elementor-tab-title elementor-tab-mobile-title\" aria-selected=\"false\" data-tab=\"5\" role=\"tab\" tabindex=\"-1\" aria-controls=\"elementor-tab-content-2175\" aria-expanded=\"false\">Acordo de Coopera\u00e7\u00e3o celebrado entre a CGM-SP e o MPC-PR<\/div>\n\t\t\t\t\t<div id=\"elementor-tab-content-2175\" class=\"elementor-tab-content elementor-clearfix\" data-tab=\"5\" role=\"tabpanel\" aria-labelledby=\"elementor-tab-title-2175\" tabindex=\"0\" hidden=\"hidden\"><p><img loading=\"lazy\" decoding=\"async\" class=\" wp-image-9788 alignright\" src=\"http:\/\/www.mpc.pr.gov.br\/wp-content\/uploads\/2020\/07\/CONTROLADORIA-GERAL-DO-MUNIC\u00cdPIO.png\" alt=\"\" width=\"136\" height=\"57\" \/><img loading=\"lazy\" decoding=\"async\" class=\" wp-image-36 alignright\" src=\"http:\/\/www.mpc.pr.gov.br\/wp-content\/uploads\/2020\/06\/99423647_1593460364143890_6706793420720963584_n-1-e1591387983167.png\" alt=\"\" width=\"153\" height=\"46\" \/><\/p><p>Acordo de Coopera\u00e7\u00e3o\u00a0 que entre si celebram a Prefeitura do munic\u00edpio de S\u00e3o Paulo, por meio da sua Controladoria-Geral e o Minist\u00e9rio P\u00fablico de Contas do Estado do Paran\u00e1.<\/p><p>Constitui objeto do presente Acordo de Coopera\u00e7\u00e3o o estabelecimento do mecanismo de coopera\u00e7\u00e3o entre a CGM e o MPC-PR, visando ao desenvolvimento de projetos e a\u00e7\u00f5es que possam contribuir para a preven\u00e7\u00e3o e o combate \u00e0 corrup\u00e7\u00e3o, para a promo\u00e7\u00e3o da transpar\u00eancia e da \u00e9tica p\u00fablica, para o fomento do controle do controle social e para o fortalecimento da gest\u00e3o p\u00fablica.<\/p><p><strong>Firmado em 3 de junho de 2014.<\/strong><\/p><p>Acesse a integra do documento clicando <a href=\"http:\/\/www.mpc.pr.gov.br\/wp-content\/uploads\/2020\/07\/Acordo-de-Coopera\u00e7\u00e3o-CGM-SP-e-MPC-PR.pdf\">aqui<\/a>.\u00a0<\/p><\/div>\n\t\t\t\t\t\t\t\t\t<div class=\"elementor-tab-title elementor-tab-mobile-title\" aria-selected=\"false\" data-tab=\"6\" role=\"tab\" tabindex=\"-1\" aria-controls=\"elementor-tab-content-2176\" aria-expanded=\"false\">Ato de Coopera\u00e7\u00e3o celebrado entre o MPC-MG e o MPC-PR<\/div>\n\t\t\t\t\t<div id=\"elementor-tab-content-2176\" class=\"elementor-tab-content elementor-clearfix\" data-tab=\"6\" role=\"tabpanel\" aria-labelledby=\"elementor-tab-title-2176\" tabindex=\"0\" hidden=\"hidden\"><p><img loading=\"lazy\" decoding=\"async\" class=\"wp-image-9792 alignright\" src=\"http:\/\/www.mpc.pr.gov.br\/wp-content\/uploads\/2020\/07\/logo-mpc-mg.png\" alt=\"\" width=\"96\" height=\"96\" \/><img loading=\"lazy\" decoding=\"async\" class=\"wp-image-36 alignright\" src=\"http:\/\/www.mpc.pr.gov.br\/wp-content\/uploads\/2020\/06\/99423647_1593460364143890_6706793420720963584_n-1-e1591387983167.png\" alt=\"\" width=\"162\" height=\"49\" \/><\/p><p>Ato de Coopera\u00e7\u00e3o\u00a0 T\u00e9cnica que entre si celebram o Minist\u00e9rio P\u00fablico de Contas do Estado de Minhas Gerais e\u00a0 o Minist\u00e9rio P\u00fablico de Contas do Estado do Paran\u00e1.<\/p><p>O presente instrumento tem por objeto o desenvolvimento de a\u00e7\u00f5es conjuntas e de proveito rec\u00edproco, visando ao aprimoramento das atribui\u00e7\u00f5es constitucionais e legais dos \u00f3rg\u00e3os signat\u00e1rios, mediante o interc\u00e2mbio de informa\u00e7\u00f5es e conhecimentos t\u00e9cnicos e a promo\u00e7\u00e3o de atividades de coopera\u00e7\u00e3o t\u00e9cnica e cient\u00edfica.<\/p><p><strong>Firmado em 27 de maio de 2014.<\/strong><\/p><p>Acesse a integra do documento clicando <a href=\"http:\/\/www.mpc.pr.gov.br\/wp-content\/uploads\/2020\/07\/Ato-de-Coopera\u00e7\u00e3o-24-2014-MPC-MG-MPC-PR.pdf\">aqui<\/a>.\u00a0<\/p><\/div>\n\t\t\t\t\t\t\t\t\t<div class=\"elementor-tab-title elementor-tab-mobile-title\" aria-selected=\"false\" data-tab=\"7\" role=\"tab\" tabindex=\"-1\" aria-controls=\"elementor-tab-content-2177\" aria-expanded=\"false\">Ato de Coopera\u00e7\u00e3o celebrado entre o TCE-PR, MPC-PR e UniBrasil<\/div>\n\t\t\t\t\t<div id=\"elementor-tab-content-2177\" class=\"elementor-tab-content elementor-clearfix\" data-tab=\"7\" role=\"tabpanel\" aria-labelledby=\"elementor-tab-title-2177\" tabindex=\"0\" hidden=\"hidden\"><p><img loading=\"lazy\" decoding=\"async\" class=\"wp-image-9779 alignright\" src=\"http:\/\/www.mpc.pr.gov.br\/wp-content\/uploads\/2020\/07\/logo-tce-pr.png\" alt=\"\" width=\"126\" height=\"40\" \/><img loading=\"lazy\" decoding=\"async\" class=\"wp-image-36 alignright\" src=\"http:\/\/www.mpc.pr.gov.br\/wp-content\/uploads\/2020\/06\/99423647_1593460364143890_6706793420720963584_n-1-e1591387983167.png\" alt=\"\" width=\"123\" height=\"37\" \/><img loading=\"lazy\" decoding=\"async\" class=\"wp-image-9780 alignright\" src=\"http:\/\/www.mpc.pr.gov.br\/wp-content\/uploads\/2020\/07\/logo_colorido.png\" alt=\"\" width=\"98\" height=\"41\" srcset=\"https:\/\/www.mpc.pr.gov.br\/wp-content\/uploads\/2020\/07\/logo_colorido.png 800w, https:\/\/www.mpc.pr.gov.br\/wp-content\/uploads\/2020\/07\/logo_colorido-300x125.png 300w, https:\/\/www.mpc.pr.gov.br\/wp-content\/uploads\/2020\/07\/logo_colorido-768x320.png 768w\" sizes=\"(max-width: 98px) 100vw, 98px\" \/><\/p><p>Ato de Coopera\u00e7\u00e3o T\u00e9cnica que entre si celebram o Tribunal de Contas do Estado do Paran\u00e1, Minist\u00e9rio P\u00fablico de Contas do Estado do Paran\u00e1 e o Centro Universit\u00e1rio UniBrasil<\/p><p><span style=\"font-size: 14px;\">Este Termo de Coopera\u00e7\u00e3o T\u00e9cnica estabelece Coopera\u00e7\u00e3o Rec\u00edproca entre as partes visando ao desenvolvimento de atividades conjuntas, capazes de propiciar a plena operacionaliza\u00e7\u00e3o da Lei n\u00b0 11.788, de 25 de setembro de 2008, que disp\u00f5e sobre a atividade de est\u00e1gio, bem corno o contido na Lei 9394196, que estabelece as Diretrizes e Bases da Educa\u00e7\u00e3o Nacional, e na sua regulamenta\u00e7\u00e3o, relacionados ao Est\u00e1gio Curricular obrigat\u00f3rio, entendido o Est\u00e1gio como uma Estrat\u00e9gia de Profissionaliza\u00e7\u00e3o, que complementa o Processo Ensino-Aprendizagem.<\/span><\/p><p><strong>Firmado em 10 de dezembro de 2010.<\/strong><\/p><p>Acesse a integra do documento clicando <a href=\"http:\/\/www.mpc.pr.gov.br\/wp-content\/uploads\/2020\/07\/Termo-de-coopera\u00e7\u00e3o-t\u00e9cnica-UNIBRASIL.pdf\">aqui<\/a>.\u00a0<\/p><\/div>\n\t\t\t\t\t\t\t\t\t<div class=\"elementor-tab-title elementor-tab-mobile-title\" aria-selected=\"false\" data-tab=\"8\" role=\"tab\" tabindex=\"-1\" aria-controls=\"elementor-tab-content-2178\" aria-expanded=\"false\">Ato de Colabora\u00e7\u00e3o celebrado entre o MPPR e MPC-PR<\/div>\n\t\t\t\t\t<div id=\"elementor-tab-content-2178\" class=\"elementor-tab-content elementor-clearfix\" data-tab=\"8\" role=\"tabpanel\" aria-labelledby=\"elementor-tab-title-2178\" tabindex=\"0\" hidden=\"hidden\"><table width=\"279\"><tbody><tr><td width=\"279\"><a href=\"mailto:pironti@pirontimoura.com\">pironti@pirontimoura.com\u00a0<\/a><\/td><\/tr><\/tbody><\/table><p><img loading=\"lazy\" decoding=\"async\" class=\"alignnone wp-image-36 alignright\" src=\"http:\/\/www.mpc.pr.gov.br\/wp-content\/uploads\/2020\/06\/99423647_1593460364143890_6706793420720963584_n-1-e1591387945293-300x91.png\" alt=\"\" width=\"135\" height=\"41\" data-wp-editing=\"1\" \/><img loading=\"lazy\" decoding=\"async\" class=\"wp-image-1041 alignnone alignright\" src=\"http:\/\/www.mpc.pr.gov.br\/wp-content\/uploads\/2020\/06\/LOGO-MPPR-300x94.png\" alt=\"\" width=\"151\" height=\"47\" srcset=\"https:\/\/www.mpc.pr.gov.br\/wp-content\/uploads\/2020\/06\/LOGO-MPPR-300x94.png 300w, https:\/\/www.mpc.pr.gov.br\/wp-content\/uploads\/2020\/06\/LOGO-MPPR.png 512w\" sizes=\"(max-width: 151px) 100vw, 151px\" \/><\/p><p>Ato de Colabora\u00e7\u00e3o que entre si celebram o Minist\u00e9rio P\u00fablico do Estado do Paran\u00e1 e o Minist\u00e9rio P\u00fablico junto ao Tribunal de Contas do Estado do Paran\u00e1.<\/p><p>O objeto do presente Ato de Colabora\u00e7\u00e3o \u00e9 a conjuga\u00e7\u00e3o de esfor\u00e7os visando \u00e0 manuten\u00e7\u00e3o da ordem jur\u00eddica no Estado do Paran\u00e1, mediante o interc\u00e2mbio de informa\u00e7\u00f5es entre os \u00d3rg\u00e3os signat\u00e1rios, no sentido de auxiliar o desempenho de suas atribui\u00e7\u00f5es constitucionais e legais, na defesa da ordem jur\u00eddica, do regime democr\u00e1tico e dos interesses sociais e individuais indispon\u00edveis.<\/p><p>A colabora\u00e7\u00e3o objeto do presente ato poder\u00e1 ser prestada mediante a remessa de atos processuais ou outros que expressem o posicionamento jur\u00eddico de cada Institui\u00e7\u00e3o a respeito de assuntos de natureza comum.<br \/>Poder\u00e3o as Institui\u00e7\u00f5es ainda, por meio dos representantes acima nomeados, ou por outra pessoa por eles designada, adotar provid\u00eancias de orienta\u00e7\u00e3o comum, no \u00e2mbito da esfera de atua\u00e7\u00e3o de cada Institui\u00e7\u00e3o, sempre que, havendo ind\u00edcios de irregularidade, fizerem-se necess\u00e1rias investiga\u00e7\u00f5es ou a imposi\u00e7\u00e3o da lei.<\/p><p><strong>Firmado em 9 de setembro de 2009.<\/strong><\/p><p>Acesse a integra do documento clicando <a href=\"http:\/\/www.mpc.pr.gov.br\/wp-content\/uploads\/2020\/07\/Conv\u00eanio-MPC-e-MPE_2009.pdf\">aqui<\/a>.\u00a0<\/p><\/div>\n\t\t\t\t\t\t\t<\/div>\n\t\t<\/div>\n\t\t\t\t\t\t<\/div>\n\t\t\t\t<\/div>\n\t\t\t\t\t<\/div>\n\t\t<\/div>\n\t\t\t\t\t<\/div>\n\t\t<\/section>\n\t\t\t\t<\/div>\n\t\t","protected":false},"excerpt":{"rendered":"<p>Acesso \u00e0 Informa\u00e7\u00e3o Di\u00e1rio Eletr\u00f4nico Sess\u00f5es do TCE-PR Servidores Atas de Reuni\u00e3o do Col\u00e9gio de Procuradores Atas de Reuni\u00e3o do Conselho Superior Planejamento Estrat\u00e9gico Plano de A\u00e7\u00e3o 2025 Plano Bianual Relat\u00f3rios de Atividades Relat\u00f3rio de Gest\u00e3o (Bi\u00eanios 2020-2022 e 2022-2024)\u200b Relat\u00f3rios dos Projetos de Atua\u00e7\u00e3o Especial Parceiros Institucionais Conv\u00eanios e Atos de Coopera\u00e7\u00e3o Conv\u00eanios e [&hellip;]<\/p>\n","protected":false},"author":1,"featured_media":0,"parent":0,"menu_order":0,"comment_status":"closed","ping_status":"closed","template":"elementor_header_footer","meta":{"_monsterinsights_skip_tracking":false,"_monsterinsights_sitenote_active":false,"_monsterinsights_sitenote_note":"","_monsterinsights_sitenote_category":0,"footnotes":""},"class_list":["post-904","page","type-page","status-publish","hentry","entry"],"yoast_head":"<!-- This site is optimized with the Yoast SEO plugin v27.3 - https:\/\/yoast.com\/product\/yoast-seo-wordpress\/ -->\n<title>Conv\u00eanios e Atos de Coopera\u00e7\u00e3o - Minist\u00e9rio P\u00fablico de Contas do Estado do Paran\u00e1<\/title>\n<meta name=\"robots\" content=\"index, follow, max-snippet:-1, max-image-preview:large, max-video-preview:-1\" \/>\n<link rel=\"canonical\" href=\"https:\/\/www.mpc.pr.gov.br\/index.php\/convenios-e-atos-de-cooperacao\/\" \/>\n<meta property=\"og:locale\" content=\"pt_BR\" \/>\n<meta property=\"og:type\" content=\"article\" \/>\n<meta property=\"og:title\" content=\"Conv\u00eanios e Atos de Coopera\u00e7\u00e3o - Minist\u00e9rio P\u00fablico de Contas do Estado do Paran\u00e1\" \/>\n<meta property=\"og:description\" content=\"Acesso \u00e0 Informa\u00e7\u00e3o Di\u00e1rio Eletr\u00f4nico Sess\u00f5es do TCE-PR Servidores Atas de Reuni\u00e3o do Col\u00e9gio de Procuradores Atas de Reuni\u00e3o do Conselho Superior Planejamento Estrat\u00e9gico Plano de A\u00e7\u00e3o 2025 Plano Bianual Relat\u00f3rios de Atividades Relat\u00f3rio de Gest\u00e3o (Bi\u00eanios 2020-2022 e 2022-2024)\u200b Relat\u00f3rios dos Projetos de Atua\u00e7\u00e3o Especial Parceiros Institucionais Conv\u00eanios e Atos de Coopera\u00e7\u00e3o Conv\u00eanios e [&hellip;]\" \/>\n<meta property=\"og:url\" content=\"https:\/\/www.mpc.pr.gov.br\/index.php\/convenios-e-atos-de-cooperacao\/\" \/>\n<meta property=\"og:site_name\" content=\"Minist\u00e9rio P\u00fablico de Contas do Estado do Paran\u00e1\" \/>\n<meta property=\"article:publisher\" content=\"https:\/\/www.facebook.com\/mpc.pr\" \/>\n<meta property=\"article:modified_time\" content=\"2026-01-21T18:16:55+00:00\" \/>\n<meta property=\"og:image\" content=\"https:\/\/www.mpc.pr.gov.br\/wp-content\/uploads\/2026\/01\/Logo-ResolveGov-2.png\" \/>\n\t<meta property=\"og:image:width\" content=\"500\" \/>\n\t<meta property=\"og:image:height\" content=\"500\" \/>\n\t<meta property=\"og:image:type\" content=\"image\/png\" \/>\n<meta name=\"twitter:card\" content=\"summary_large_image\" \/>\n<meta name=\"twitter:label1\" content=\"Est. tempo de leitura\" \/>\n\t<meta name=\"twitter:data1\" content=\"11 minutos\" \/>\n<script type=\"application\/ld+json\" class=\"yoast-schema-graph\">{\"@context\":\"https:\\\/\\\/schema.org\",\"@graph\":[{\"@type\":\"WebPage\",\"@id\":\"https:\\\/\\\/www.mpc.pr.gov.br\\\/index.php\\\/convenios-e-atos-de-cooperacao\\\/\",\"url\":\"https:\\\/\\\/www.mpc.pr.gov.br\\\/index.php\\\/convenios-e-atos-de-cooperacao\\\/\",\"name\":\"Conv\u00eanios e Atos de Coopera\u00e7\u00e3o - Minist\u00e9rio P\u00fablico de Contas do Estado do Paran\u00e1\",\"isPartOf\":{\"@id\":\"https:\\\/\\\/www.mpc.pr.gov.br\\\/#website\"},\"primaryImageOfPage\":{\"@id\":\"https:\\\/\\\/www.mpc.pr.gov.br\\\/index.php\\\/convenios-e-atos-de-cooperacao\\\/#primaryimage\"},\"image\":{\"@id\":\"https:\\\/\\\/www.mpc.pr.gov.br\\\/index.php\\\/convenios-e-atos-de-cooperacao\\\/#primaryimage\"},\"thumbnailUrl\":\"https:\\\/\\\/www.mpc.pr.gov.br\\\/wp-content\\\/uploads\\\/2026\\\/01\\\/Logo-ResolveGov-2-300x300.png\",\"datePublished\":\"2020-06-17T18:12:46+00:00\",\"dateModified\":\"2026-01-21T18:16:55+00:00\",\"breadcrumb\":{\"@id\":\"https:\\\/\\\/www.mpc.pr.gov.br\\\/index.php\\\/convenios-e-atos-de-cooperacao\\\/#breadcrumb\"},\"inLanguage\":\"pt-BR\",\"potentialAction\":[{\"@type\":\"ReadAction\",\"target\":[\"https:\\\/\\\/www.mpc.pr.gov.br\\\/index.php\\\/convenios-e-atos-de-cooperacao\\\/\"]}]},{\"@type\":\"ImageObject\",\"inLanguage\":\"pt-BR\",\"@id\":\"https:\\\/\\\/www.mpc.pr.gov.br\\\/index.php\\\/convenios-e-atos-de-cooperacao\\\/#primaryimage\",\"url\":\"https:\\\/\\\/www.mpc.pr.gov.br\\\/wp-content\\\/uploads\\\/2026\\\/01\\\/Logo-ResolveGov-2.png\",\"contentUrl\":\"https:\\\/\\\/www.mpc.pr.gov.br\\\/wp-content\\\/uploads\\\/2026\\\/01\\\/Logo-ResolveGov-2.png\",\"width\":500,\"height\":500},{\"@type\":\"BreadcrumbList\",\"@id\":\"https:\\\/\\\/www.mpc.pr.gov.br\\\/index.php\\\/convenios-e-atos-de-cooperacao\\\/#breadcrumb\",\"itemListElement\":[{\"@type\":\"ListItem\",\"position\":1,\"name\":\"In\u00edcio\",\"item\":\"https:\\\/\\\/www.mpc.pr.gov.br\\\/\"},{\"@type\":\"ListItem\",\"position\":2,\"name\":\"Conv\u00eanios e Atos de Coopera\u00e7\u00e3o\"}]},{\"@type\":\"WebSite\",\"@id\":\"https:\\\/\\\/www.mpc.pr.gov.br\\\/#website\",\"url\":\"https:\\\/\\\/www.mpc.pr.gov.br\\\/\",\"name\":\"Minist\u00e9rio P\u00fablico de Contas do Estado do Paran\u00e1\",\"description\":\"\",\"publisher\":{\"@id\":\"https:\\\/\\\/www.mpc.pr.gov.br\\\/#organization\"},\"potentialAction\":[{\"@type\":\"SearchAction\",\"target\":{\"@type\":\"EntryPoint\",\"urlTemplate\":\"https:\\\/\\\/www.mpc.pr.gov.br\\\/?s={search_term_string}\"},\"query-input\":{\"@type\":\"PropertyValueSpecification\",\"valueRequired\":true,\"valueName\":\"search_term_string\"}}],\"inLanguage\":\"pt-BR\"},{\"@type\":\"Organization\",\"@id\":\"https:\\\/\\\/www.mpc.pr.gov.br\\\/#organization\",\"name\":\"Minist\u00e9rio P\u00fablico de Contas do Estado do Paran\u00e1\",\"url\":\"https:\\\/\\\/www.mpc.pr.gov.br\\\/\",\"logo\":{\"@type\":\"ImageObject\",\"inLanguage\":\"pt-BR\",\"@id\":\"https:\\\/\\\/www.mpc.pr.gov.br\\\/#\\\/schema\\\/logo\\\/image\\\/\",\"url\":\"https:\\\/\\\/www.mpc.pr.gov.br\\\/wp-content\\\/uploads\\\/2020\\\/06\\\/99423647_1593460364143890_6706793420720963584_n-1-e1591387983167.png\",\"contentUrl\":\"https:\\\/\\\/www.mpc.pr.gov.br\\\/wp-content\\\/uploads\\\/2020\\\/06\\\/99423647_1593460364143890_6706793420720963584_n-1-e1591387983167.png\",\"width\":243,\"height\":73,\"caption\":\"Minist\u00e9rio P\u00fablico de Contas do Estado do Paran\u00e1\"},\"image\":{\"@id\":\"https:\\\/\\\/www.mpc.pr.gov.br\\\/#\\\/schema\\\/logo\\\/image\\\/\"},\"sameAs\":[\"https:\\\/\\\/www.facebook.com\\\/mpc.pr\",\"https:\\\/\\\/www.instagram.com\\\/mpc.pr\\\/?hl=pt-br\",\"https:\\\/\\\/www.youtube.com\\\/channel\\\/UCHri5oEM8DV0ztX57E0sBSw\"]}]}<\/script>\n<!-- \/ Yoast SEO plugin. -->","yoast_head_json":{"title":"Conv\u00eanios e Atos de Coopera\u00e7\u00e3o - Minist\u00e9rio P\u00fablico de Contas do Estado do Paran\u00e1","robots":{"index":"index","follow":"follow","max-snippet":"max-snippet:-1","max-image-preview":"max-image-preview:large","max-video-preview":"max-video-preview:-1"},"canonical":"https:\/\/www.mpc.pr.gov.br\/index.php\/convenios-e-atos-de-cooperacao\/","og_locale":"pt_BR","og_type":"article","og_title":"Conv\u00eanios e Atos de Coopera\u00e7\u00e3o - Minist\u00e9rio P\u00fablico de Contas do Estado do Paran\u00e1","og_description":"Acesso \u00e0 Informa\u00e7\u00e3o Di\u00e1rio Eletr\u00f4nico Sess\u00f5es do TCE-PR Servidores Atas de Reuni\u00e3o do Col\u00e9gio de Procuradores Atas de Reuni\u00e3o do Conselho Superior Planejamento Estrat\u00e9gico Plano de A\u00e7\u00e3o 2025 Plano Bianual Relat\u00f3rios de Atividades Relat\u00f3rio de Gest\u00e3o (Bi\u00eanios 2020-2022 e 2022-2024)\u200b Relat\u00f3rios dos Projetos de Atua\u00e7\u00e3o Especial Parceiros Institucionais Conv\u00eanios e Atos de Coopera\u00e7\u00e3o Conv\u00eanios e [&hellip;]","og_url":"https:\/\/www.mpc.pr.gov.br\/index.php\/convenios-e-atos-de-cooperacao\/","og_site_name":"Minist\u00e9rio P\u00fablico de Contas do Estado do Paran\u00e1","article_publisher":"https:\/\/www.facebook.com\/mpc.pr","article_modified_time":"2026-01-21T18:16:55+00:00","og_image":[{"width":500,"height":500,"url":"https:\/\/www.mpc.pr.gov.br\/wp-content\/uploads\/2026\/01\/Logo-ResolveGov-2.png","type":"image\/png"}],"twitter_card":"summary_large_image","twitter_misc":{"Est. tempo de leitura":"11 minutos"},"schema":{"@context":"https:\/\/schema.org","@graph":[{"@type":"WebPage","@id":"https:\/\/www.mpc.pr.gov.br\/index.php\/convenios-e-atos-de-cooperacao\/","url":"https:\/\/www.mpc.pr.gov.br\/index.php\/convenios-e-atos-de-cooperacao\/","name":"Conv\u00eanios e Atos de Coopera\u00e7\u00e3o - Minist\u00e9rio P\u00fablico de Contas do Estado do Paran\u00e1","isPartOf":{"@id":"https:\/\/www.mpc.pr.gov.br\/#website"},"primaryImageOfPage":{"@id":"https:\/\/www.mpc.pr.gov.br\/index.php\/convenios-e-atos-de-cooperacao\/#primaryimage"},"image":{"@id":"https:\/\/www.mpc.pr.gov.br\/index.php\/convenios-e-atos-de-cooperacao\/#primaryimage"},"thumbnailUrl":"https:\/\/www.mpc.pr.gov.br\/wp-content\/uploads\/2026\/01\/Logo-ResolveGov-2-300x300.png","datePublished":"2020-06-17T18:12:46+00:00","dateModified":"2026-01-21T18:16:55+00:00","breadcrumb":{"@id":"https:\/\/www.mpc.pr.gov.br\/index.php\/convenios-e-atos-de-cooperacao\/#breadcrumb"},"inLanguage":"pt-BR","potentialAction":[{"@type":"ReadAction","target":["https:\/\/www.mpc.pr.gov.br\/index.php\/convenios-e-atos-de-cooperacao\/"]}]},{"@type":"ImageObject","inLanguage":"pt-BR","@id":"https:\/\/www.mpc.pr.gov.br\/index.php\/convenios-e-atos-de-cooperacao\/#primaryimage","url":"https:\/\/www.mpc.pr.gov.br\/wp-content\/uploads\/2026\/01\/Logo-ResolveGov-2.png","contentUrl":"https:\/\/www.mpc.pr.gov.br\/wp-content\/uploads\/2026\/01\/Logo-ResolveGov-2.png","width":500,"height":500},{"@type":"BreadcrumbList","@id":"https:\/\/www.mpc.pr.gov.br\/index.php\/convenios-e-atos-de-cooperacao\/#breadcrumb","itemListElement":[{"@type":"ListItem","position":1,"name":"In\u00edcio","item":"https:\/\/www.mpc.pr.gov.br\/"},{"@type":"ListItem","position":2,"name":"Conv\u00eanios e Atos de Coopera\u00e7\u00e3o"}]},{"@type":"WebSite","@id":"https:\/\/www.mpc.pr.gov.br\/#website","url":"https:\/\/www.mpc.pr.gov.br\/","name":"Minist\u00e9rio P\u00fablico de Contas do Estado do Paran\u00e1","description":"","publisher":{"@id":"https:\/\/www.mpc.pr.gov.br\/#organization"},"potentialAction":[{"@type":"SearchAction","target":{"@type":"EntryPoint","urlTemplate":"https:\/\/www.mpc.pr.gov.br\/?s={search_term_string}"},"query-input":{"@type":"PropertyValueSpecification","valueRequired":true,"valueName":"search_term_string"}}],"inLanguage":"pt-BR"},{"@type":"Organization","@id":"https:\/\/www.mpc.pr.gov.br\/#organization","name":"Minist\u00e9rio P\u00fablico de Contas do Estado do Paran\u00e1","url":"https:\/\/www.mpc.pr.gov.br\/","logo":{"@type":"ImageObject","inLanguage":"pt-BR","@id":"https:\/\/www.mpc.pr.gov.br\/#\/schema\/logo\/image\/","url":"https:\/\/www.mpc.pr.gov.br\/wp-content\/uploads\/2020\/06\/99423647_1593460364143890_6706793420720963584_n-1-e1591387983167.png","contentUrl":"https:\/\/www.mpc.pr.gov.br\/wp-content\/uploads\/2020\/06\/99423647_1593460364143890_6706793420720963584_n-1-e1591387983167.png","width":243,"height":73,"caption":"Minist\u00e9rio P\u00fablico de Contas do Estado do Paran\u00e1"},"image":{"@id":"https:\/\/www.mpc.pr.gov.br\/#\/schema\/logo\/image\/"},"sameAs":["https:\/\/www.facebook.com\/mpc.pr","https:\/\/www.instagram.com\/mpc.pr\/?hl=pt-br","https:\/\/www.youtube.com\/channel\/UCHri5oEM8DV0ztX57E0sBSw"]}]}},"rttpg_featured_image_url":null,"rttpg_author":{"display_name":"mpcontaspr","author_link":"https:\/\/www.mpc.pr.gov.br\/index.php\/author\/mpcontaspr\/"},"rttpg_comment":0,"rttpg_category":null,"rttpg_excerpt":"Acesso \u00e0 Informa\u00e7\u00e3o Di\u00e1rio Eletr\u00f4nico Sess\u00f5es do TCE-PR Servidores Atas de Reuni\u00e3o do Col\u00e9gio de Procuradores Atas de Reuni\u00e3o do Conselho Superior Planejamento Estrat\u00e9gico Plano de A\u00e7\u00e3o 2025 Plano Bianual Relat\u00f3rios de Atividades Relat\u00f3rio de Gest\u00e3o (Bi\u00eanios 2020-2022 e 2022-2024)\u200b Relat\u00f3rios dos Projetos de Atua\u00e7\u00e3o Especial Parceiros Institucionais Conv\u00eanios e Atos de Coopera\u00e7\u00e3o Conv\u00eanios e&hellip;","_links":{"self":[{"href":"https:\/\/www.mpc.pr.gov.br\/index.php\/wp-json\/wp\/v2\/pages\/904","targetHints":{"allow":["GET"]}}],"collection":[{"href":"https:\/\/www.mpc.pr.gov.br\/index.php\/wp-json\/wp\/v2\/pages"}],"about":[{"href":"https:\/\/www.mpc.pr.gov.br\/index.php\/wp-json\/wp\/v2\/types\/page"}],"author":[{"embeddable":true,"href":"https:\/\/www.mpc.pr.gov.br\/index.php\/wp-json\/wp\/v2\/users\/1"}],"replies":[{"embeddable":true,"href":"https:\/\/www.mpc.pr.gov.br\/index.php\/wp-json\/wp\/v2\/comments?post=904"}],"version-history":[{"count":71,"href":"https:\/\/www.mpc.pr.gov.br\/index.php\/wp-json\/wp\/v2\/pages\/904\/revisions"}],"predecessor-version":[{"id":25129,"href":"https:\/\/www.mpc.pr.gov.br\/index.php\/wp-json\/wp\/v2\/pages\/904\/revisions\/25129"}],"wp:attachment":[{"href":"https:\/\/www.mpc.pr.gov.br\/index.php\/wp-json\/wp\/v2\/media?parent=904"}],"curies":[{"name":"wp","href":"https:\/\/api.w.org\/{rel}","templated":true}]}}